{"id":99812,"date":"2020-01-24T16:34:58","date_gmt":"2020-01-24T15:34:58","guid":{"rendered":"https:\/\/tourtravelandmore.com\/tours\/non class\u00e9\/visite-privee-a-pied-de-vigo\/"},"modified":"2020-01-24T16:34:58","modified_gmt":"2020-01-24T15:34:58","slug":"visite-privee-a-pied-de-vigo","status":"publish","type":"product","link":"https:\/\/tourtravelandmore.com\/fr\/tours\/espagne-fr\/vigo-fr\/visite-privee-a-pied-de-vigo\/","title":{"rendered":"Visite priv\u00e9e \u00e0 pied de Vigo"},"content":{"rendered":"<h2>Description<\/h2>\n<p>Laissez-vous s\u00e9duire par l&#8217;une des plus belles villes de Pontevedra, on parle bien s\u00fbr de Vigo. C&#8217;est un lieu magique, plein de myst\u00e8res et de l\u00e9gendes, avec l&#8217;\u00e9quilibre parfait entre la ville et la nature. Profitez de cette visite priv\u00e9e \u00e0 pied de Vigo pour d\u00e9couvrir les sites les plus importants de cette ville unique.<\/p>\n<p>Cette visite priv\u00e9e \u00e0 pied de Vigo est con\u00e7ue pour ceux qui souhaitent profiter au maximum de la ville de Vigo. Sans manquer les d\u00e9tails les plus importants qui font de cette ville l&#8217;un des sites touristiques les plus importants de toute la Galice.<\/p>\n<p>Avec nous, vous d\u00e9couvrirez la beaut\u00e9 du paysage. D\u00e9couvrez l&#8217;histoire qui r\u00e9sonne dans ses rues. Ainsi que les \u00eatres fantastiques qui se cachent dans tous les coins de la ville en attendant que le soleil disparaisse pour pouvoir faire le leur. Si vous aimez les histoires d&#8217;horreur, les personnages l\u00e9gendaires et la magie, alors nous vous assurons \u00e0 l&#8217;avance que vous \u00eates au bon endroit.<\/p>\n<h2>Sites d&#8217;int\u00e9r\u00eat et monuments<\/h2>\n<p>Le point de rendez-vous avec votre guide sur la Plaza Puerta del Sol (place de la Porte du Soleil) qui est situ\u00e9e au c\u0153ur de Vigo. Si votre h\u00f4tel est situ\u00e9 dans le centre-ville, nous pouvons organiser une prise en charge \u00e0 pied \u00e0 partir de l\u00e0. Sinon, juste en dessous de la c\u00e9l\u00e8bre escultura del Sireno (sculpture de Siren Man), nous nous retrouverons ici!<\/p>\n<p>A partir de ce moment, la r\u00e9alit\u00e9 et la mythologie galicienne commenceront \u00e0 s&#8217;entrem\u00ealer. Cr\u00e9er une atmosph\u00e8re id\u00e9ale pour laisser libre cours \u00e0 l&#8217;imagination et plonger dans l&#8217;univers mythique de la Galice.<\/p>\n<p>Au cours de la visite, vous appr\u00e9cierez non seulement la beaut\u00e9 architecturale et naturelle du paysage, vous d\u00e9couvrirez \u00e9galement les fables et les croyances d&#8217;une culture. Il s&#8217;agit de Meigas, mouras, vampires et losbishomes (Wolfmen), sont quelques-uns des personnages qui appara\u00eetront de temps en temps dans la narration de votre guide. Dont l&#8217;existence est \u00e9troitement li\u00e9e \u00e0 la r\u00e9gion puisqu&#8217;elles contribuent \u00e0 expliquer certains \u00e9v\u00e9nements ou festivit\u00e9s qui sont encore c\u00e9l\u00e9br\u00e9s selon les traditions et les croyances de ses habitants.<\/p>\n<p>L&#8217;un des endroits incontournables de notre itin\u00e9raire est la Fortaleza de San Sebasti\u00e1n (Forteresse Saint-S\u00e9bastien). Il est cach\u00e9 dans une petite colline qui se dresse au centre-ville de la ville. C&#8217;est une forteresse presque secr\u00e8te qui a \u00e9t\u00e9 pendant de nombreuses ann\u00e9es la principale d\u00e9fense de Vigo. Cependant, c&#8217;est aujourd&#8217;hui l&#8217;un des points de vue les plus spectaculaires d&#8217;o\u00f9 vous pouvez voir toute la splendeur de cette ville c\u00f4ti\u00e8re.<br \/>\nLa tourn\u00e9e continue &#8230;<\/p>\n<p>Ensuite, nous irons dans la vieille ville. Nous d\u00e9couvrirons la l\u00e9gende de l&#8217;olivier. Il est repr\u00e9sent\u00e9 dans le bouclier h\u00e9raldique de la ville et qui a une histoire incroyable, pleine de foi, de Templiers et de la promesse de rester ferme jusqu&#8217;\u00e0 la fin des temps &#8230; De cela et bien d&#8217;autres choses, nous en parlerons en d\u00e9tail pendant cette belle tourn\u00e9e.<\/p>\n<p>Enfin, nous ferons une promenade dans le port de Vigo. Nous visiterons la gare maritime et traverserons les avenues paysag\u00e8res d&#8217;el n\u00e1utico (le nautique). Pendant que nous \u00e9coutons les histoires fantastiques de tr\u00e9sors engloutis, de pirates et de naufrages, qui restent inconnus sur cette c\u00f4te.<\/p>\n<p>D\u00e9couvrez toutes nos visites priv\u00e9es de Vigo ici!<\/p>\n","protected":false},"excerpt":{"rendered":"<p>Visite priv\u00e9e \u00e0 pied de Vigo. Monuments et sites les plus importants. Saisissez cette occasion pour faire connaissance avec Vigo dans cette exp\u00e9rience unique. Guide touristique officiel priv\u00e9 pour une exp\u00e9rience de marche.<\/p>\n","protected":false},"featured_media":97140,"comment_status":"open","ping_status":"closed","template":"","meta":{"_acf_changed":false},"product_brand":[],"product_cat":[3541,3591],"product_tag":[],"class_list":{"0":"post-99812","1":"product","2":"type-product","3":"status-publish","4":"has-post-thumbnail","6":"product_cat-espagne-fr","7":"product_cat-vigo-fr","9":"first","10":"instock","11":"shipping-taxable","12":"purchasable","13":"product-type-simple"},"acf":[],"yoast_head":"<!-- This site is optimized with the Yoast SEO Premium plugin v25.3.1 (Yoast SEO v25.3.1) - https:\/\/yoast.com\/wordpress\/plugins\/seo\/ -->\n<title>Visite priv\u00e9e \u00e0 pied de Vigo - Guide touristique officiel priv\u00e9 pour une visite \u00e0 pied<\/title>\n<meta name=\"description\" content=\"Visite priv\u00e9e \u00e0 pied de Vigo. Monuments et sites les plus importants. Saisissez cette occasion pour faire connaissance avec Vigo dans cette exp\u00e9rience unique.\" \/>\n<meta name=\"robots\" content=\"index, follow, max-snippet:-1, max-image-preview:large, max-video-preview:-1\" \/>\n<link rel=\"canonical\" href=\"https:\/\/tourtravelandmore.com\/fr\/tours\/espagne-fr\/vigo-fr\/visite-privee-a-pied-de-vigo\/\" \/>\n<meta property=\"og:locale\" content=\"fr_FR\" \/>\n<meta property=\"og:type\" content=\"article\" \/>\n<meta property=\"og:title\" content=\"Visite priv\u00e9e \u00e0 pied de Vigo\" \/>\n<meta property=\"og:description\" content=\"Visite priv\u00e9e \u00e0 pied de Vigo. Monuments et sites les plus importants. Saisissez cette occasion pour faire connaissance avec Vigo dans cette exp\u00e9rience unique.\" \/>\n<meta property=\"og:url\" content=\"https:\/\/tourtravelandmore.com\/fr\/tours\/espagne-fr\/vigo-fr\/visite-privee-a-pied-de-vigo\/\" \/>\n<meta property=\"og:site_name\" content=\"Tour Travel And More\" \/>\n<meta property=\"article:publisher\" content=\"https:\/\/www.facebook.com\/tourtravelandmore\/\" \/>\n<meta property=\"og:image\" content=\"https:\/\/tourtravelandmore.com\/wp-content\/uploads\/2020\/01\/vigo1.jpg\" \/>\n\t<meta property=\"og:image:width\" content=\"910\" \/>\n\t<meta property=\"og:image:height\" content=\"607\" \/>\n\t<meta property=\"og:image:type\" content=\"image\/jpeg\" \/>\n<meta name=\"twitter:card\" content=\"summary_large_image\" \/>\n<meta name=\"twitter:site\" content=\"@TourTravel_More\" \/>\n<meta name=\"twitter:label1\" content=\"Dur\u00e9e de lecture estim\u00e9e\" \/>\n\t<meta name=\"twitter:data1\" content=\"3 minutes\" \/>\n<script type=\"application\/ld+json\" class=\"yoast-schema-graph\">{\"@context\":\"https:\/\/schema.org\",\"@graph\":[{\"@type\":\"WebPage\",\"@id\":\"https:\/\/tourtravelandmore.com\/fr\/tours\/espagne-fr\/vigo-fr\/visite-privee-a-pied-de-vigo\/\",\"url\":\"https:\/\/tourtravelandmore.com\/fr\/tours\/espagne-fr\/vigo-fr\/visite-privee-a-pied-de-vigo\/\",\"name\":\"Visite priv\u00e9e \u00e0 pied de Vigo - Guide touristique officiel priv\u00e9 pour une visite \u00e0 pied\",\"isPartOf\":{\"@id\":\"https:\/\/tourtravelandmore.com\/fr\/#website\"},\"primaryImageOfPage\":{\"@id\":\"https:\/\/tourtravelandmore.com\/fr\/tours\/espagne-fr\/vigo-fr\/visite-privee-a-pied-de-vigo\/#primaryimage\"},\"image\":{\"@id\":\"https:\/\/tourtravelandmore.com\/fr\/tours\/espagne-fr\/vigo-fr\/visite-privee-a-pied-de-vigo\/#primaryimage\"},\"thumbnailUrl\":\"https:\/\/tourtravelandmore.com\/wp-content\/uploads\/2020\/01\/vigo1.jpg\",\"datePublished\":\"2020-01-24T15:34:58+00:00\",\"description\":\"Visite priv\u00e9e \u00e0 pied de Vigo. Monuments et sites les plus importants. Saisissez cette occasion pour faire connaissance avec Vigo dans cette exp\u00e9rience unique.\",\"breadcrumb\":{\"@id\":\"https:\/\/tourtravelandmore.com\/fr\/tours\/espagne-fr\/vigo-fr\/visite-privee-a-pied-de-vigo\/#breadcrumb\"},\"inLanguage\":\"fr-FR\",\"potentialAction\":[{\"@type\":\"ReadAction\",\"target\":[\"https:\/\/tourtravelandmore.com\/fr\/tours\/espagne-fr\/vigo-fr\/visite-privee-a-pied-de-vigo\/\"]}]},{\"@type\":\"ImageObject\",\"inLanguage\":\"fr-FR\",\"@id\":\"https:\/\/tourtravelandmore.com\/fr\/tours\/espagne-fr\/vigo-fr\/visite-privee-a-pied-de-vigo\/#primaryimage\",\"url\":\"https:\/\/tourtravelandmore.com\/wp-content\/uploads\/2020\/01\/vigo1.jpg\",\"contentUrl\":\"https:\/\/tourtravelandmore.com\/wp-content\/uploads\/2020\/01\/vigo1.jpg\",\"width\":910,\"height\":607},{\"@type\":\"BreadcrumbList\",\"@id\":\"https:\/\/tourtravelandmore.com\/fr\/tours\/espagne-fr\/vigo-fr\/visite-privee-a-pied-de-vigo\/#breadcrumb\",\"itemListElement\":[{\"@type\":\"ListItem\",\"position\":1,\"name\":\"Home\",\"item\":\"https:\/\/tourtravelandmore.com\/fr\/\"},{\"@type\":\"ListItem\",\"position\":2,\"name\":\"Tours\",\"item\":\"https:\/\/tourtravelandmore.com\/fr\/tours\/\"},{\"@type\":\"ListItem\",\"position\":3,\"name\":\"Visite priv\u00e9e \u00e0 pied de Vigo\"}]},{\"@type\":\"WebSite\",\"@id\":\"https:\/\/tourtravelandmore.com\/fr\/#website\",\"url\":\"https:\/\/tourtravelandmore.com\/fr\/\",\"name\":\"Tour Travel And More\",\"description\":\"Private sightseeing tours and luxury transfers in Spain\",\"publisher\":{\"@id\":\"https:\/\/tourtravelandmore.com\/fr\/#organization\"},\"potentialAction\":[{\"@type\":\"SearchAction\",\"target\":{\"@type\":\"EntryPoint\",\"urlTemplate\":\"https:\/\/tourtravelandmore.com\/fr\/?s={search_term_string}\"},\"query-input\":{\"@type\":\"PropertyValueSpecification\",\"valueRequired\":true,\"valueName\":\"search_term_string\"}}],\"inLanguage\":\"fr-FR\"},{\"@type\":\"Organization\",\"@id\":\"https:\/\/tourtravelandmore.com\/fr\/#organization\",\"name\":\"Tour Travel And More\",\"url\":\"https:\/\/tourtravelandmore.com\/fr\/\",\"logo\":{\"@type\":\"ImageObject\",\"inLanguage\":\"fr-FR\",\"@id\":\"https:\/\/tourtravelandmore.com\/fr\/#\/schema\/logo\/image\/\",\"url\":\"https:\/\/tourtravelandmore.com\/wp-content\/uploads\/2022\/12\/cropped-logo-cabecera-new.png\",\"contentUrl\":\"https:\/\/tourtravelandmore.com\/wp-content\/uploads\/2022\/12\/cropped-logo-cabecera-new.png\",\"width\":430,\"height\":61,\"caption\":\"Tour Travel And More\"},\"image\":{\"@id\":\"https:\/\/tourtravelandmore.com\/fr\/#\/schema\/logo\/image\/\"},\"sameAs\":[\"https:\/\/www.facebook.com\/tourtravelandmore\/\",\"https:\/\/x.com\/TourTravel_More\"]}]}<\/script>\n<!-- \/ Yoast SEO Premium plugin. -->","yoast_head_json":{"title":"Visite priv\u00e9e \u00e0 pied de Vigo - Guide touristique officiel priv\u00e9 pour une visite \u00e0 pied","description":"Visite priv\u00e9e \u00e0 pied de Vigo. Monuments et sites les plus importants. Saisissez cette occasion pour faire connaissance avec Vigo dans cette exp\u00e9rience unique.","robots":{"index":"index","follow":"follow","max-snippet":"max-snippet:-1","max-image-preview":"max-image-preview:large","max-video-preview":"max-video-preview:-1"},"canonical":"https:\/\/tourtravelandmore.com\/fr\/tours\/espagne-fr\/vigo-fr\/visite-privee-a-pied-de-vigo\/","og_locale":"fr_FR","og_type":"article","og_title":"Visite priv\u00e9e \u00e0 pied de Vigo","og_description":"Visite priv\u00e9e \u00e0 pied de Vigo. Monuments et sites les plus importants. Saisissez cette occasion pour faire connaissance avec Vigo dans cette exp\u00e9rience unique.","og_url":"https:\/\/tourtravelandmore.com\/fr\/tours\/espagne-fr\/vigo-fr\/visite-privee-a-pied-de-vigo\/","og_site_name":"Tour Travel And More","article_publisher":"https:\/\/www.facebook.com\/tourtravelandmore\/","og_image":[{"width":910,"height":607,"url":"https:\/\/tourtravelandmore.com\/wp-content\/uploads\/2020\/01\/vigo1.jpg","type":"image\/jpeg"}],"twitter_card":"summary_large_image","twitter_site":"@TourTravel_More","twitter_misc":{"Dur\u00e9e de lecture estim\u00e9e":"3 minutes"},"schema":{"@context":"https:\/\/schema.org","@graph":[{"@type":"WebPage","@id":"https:\/\/tourtravelandmore.com\/fr\/tours\/espagne-fr\/vigo-fr\/visite-privee-a-pied-de-vigo\/","url":"https:\/\/tourtravelandmore.com\/fr\/tours\/espagne-fr\/vigo-fr\/visite-privee-a-pied-de-vigo\/","name":"Visite priv\u00e9e \u00e0 pied de Vigo - Guide touristique officiel priv\u00e9 pour une visite \u00e0 pied","isPartOf":{"@id":"https:\/\/tourtravelandmore.com\/fr\/#website"},"primaryImageOfPage":{"@id":"https:\/\/tourtravelandmore.com\/fr\/tours\/espagne-fr\/vigo-fr\/visite-privee-a-pied-de-vigo\/#primaryimage"},"image":{"@id":"https:\/\/tourtravelandmore.com\/fr\/tours\/espagne-fr\/vigo-fr\/visite-privee-a-pied-de-vigo\/#primaryimage"},"thumbnailUrl":"https:\/\/tourtravelandmore.com\/wp-content\/uploads\/2020\/01\/vigo1.jpg","datePublished":"2020-01-24T15:34:58+00:00","description":"Visite priv\u00e9e \u00e0 pied de Vigo. Monuments et sites les plus importants. Saisissez cette occasion pour faire connaissance avec Vigo dans cette exp\u00e9rience unique.","breadcrumb":{"@id":"https:\/\/tourtravelandmore.com\/fr\/tours\/espagne-fr\/vigo-fr\/visite-privee-a-pied-de-vigo\/#breadcrumb"},"inLanguage":"fr-FR","potentialAction":[{"@type":"ReadAction","target":["https:\/\/tourtravelandmore.com\/fr\/tours\/espagne-fr\/vigo-fr\/visite-privee-a-pied-de-vigo\/"]}]},{"@type":"ImageObject","inLanguage":"fr-FR","@id":"https:\/\/tourtravelandmore.com\/fr\/tours\/espagne-fr\/vigo-fr\/visite-privee-a-pied-de-vigo\/#primaryimage","url":"https:\/\/tourtravelandmore.com\/wp-content\/uploads\/2020\/01\/vigo1.jpg","contentUrl":"https:\/\/tourtravelandmore.com\/wp-content\/uploads\/2020\/01\/vigo1.jpg","width":910,"height":607},{"@type":"BreadcrumbList","@id":"https:\/\/tourtravelandmore.com\/fr\/tours\/espagne-fr\/vigo-fr\/visite-privee-a-pied-de-vigo\/#breadcrumb","itemListElement":[{"@type":"ListItem","position":1,"name":"Home","item":"https:\/\/tourtravelandmore.com\/fr\/"},{"@type":"ListItem","position":2,"name":"Tours","item":"https:\/\/tourtravelandmore.com\/fr\/tours\/"},{"@type":"ListItem","position":3,"name":"Visite priv\u00e9e \u00e0 pied de Vigo"}]},{"@type":"WebSite","@id":"https:\/\/tourtravelandmore.com\/fr\/#website","url":"https:\/\/tourtravelandmore.com\/fr\/","name":"Tour Travel And More","description":"Private sightseeing tours and luxury transfers in Spain","publisher":{"@id":"https:\/\/tourtravelandmore.com\/fr\/#organization"},"potentialAction":[{"@type":"SearchAction","target":{"@type":"EntryPoint","urlTemplate":"https:\/\/tourtravelandmore.com\/fr\/?s={search_term_string}"},"query-input":{"@type":"PropertyValueSpecification","valueRequired":true,"valueName":"search_term_string"}}],"inLanguage":"fr-FR"},{"@type":"Organization","@id":"https:\/\/tourtravelandmore.com\/fr\/#organization","name":"Tour Travel And More","url":"https:\/\/tourtravelandmore.com\/fr\/","logo":{"@type":"ImageObject","inLanguage":"fr-FR","@id":"https:\/\/tourtravelandmore.com\/fr\/#\/schema\/logo\/image\/","url":"https:\/\/tourtravelandmore.com\/wp-content\/uploads\/2022\/12\/cropped-logo-cabecera-new.png","contentUrl":"https:\/\/tourtravelandmore.com\/wp-content\/uploads\/2022\/12\/cropped-logo-cabecera-new.png","width":430,"height":61,"caption":"Tour Travel And More"},"image":{"@id":"https:\/\/tourtravelandmore.com\/fr\/#\/schema\/logo\/image\/"},"sameAs":["https:\/\/www.facebook.com\/tourtravelandmore\/","https:\/\/x.com\/TourTravel_More"]}]}},"_links":{"self":[{"href":"https:\/\/tourtravelandmore.com\/fr\/wp-json\/wp\/v2\/product\/99812","targetHints":{"allow":["GET"]}}],"collection":[{"href":"https:\/\/tourtravelandmore.com\/fr\/wp-json\/wp\/v2\/product"}],"about":[{"href":"https:\/\/tourtravelandmore.com\/fr\/wp-json\/wp\/v2\/types\/product"}],"replies":[{"embeddable":true,"href":"https:\/\/tourtravelandmore.com\/fr\/wp-json\/wp\/v2\/comments?post=99812"}],"wp:featuredmedia":[{"embeddable":true,"href":"https:\/\/tourtravelandmore.com\/fr\/wp-json\/wp\/v2\/media\/97140"}],"wp:attachment":[{"href":"https:\/\/tourtravelandmore.com\/fr\/wp-json\/wp\/v2\/media?parent=99812"}],"wp:term":[{"taxonomy":"product_brand","embeddable":true,"href":"https:\/\/tourtravelandmore.com\/fr\/wp-json\/wp\/v2\/product_brand?post=99812"},{"taxonomy":"product_cat","embeddable":true,"href":"https:\/\/tourtravelandmore.com\/fr\/wp-json\/wp\/v2\/product_cat?post=99812"},{"taxonomy":"product_tag","embeddable":true,"href":"https:\/\/tourtravelandmore.com\/fr\/wp-json\/wp\/v2\/product_tag?post=99812"}],"curies":[{"name":"wp","href":"https:\/\/api.w.org\/{rel}","templated":true}]}}