{"id":99458,"date":"2020-07-28T11:52:18","date_gmt":"2020-07-28T09:52:18","guid":{"rendered":"https:\/\/tourtravelandmore.com\/tours\/non class\u00e9\/excursion-a-terre-visite-privee-du-patrimoine-mondial-a-tenerife\/"},"modified":"2020-07-28T11:52:18","modified_gmt":"2020-07-28T09:52:18","slug":"excursion-a-terre-visite-privee-du-patrimoine-mondial-a-tenerife","status":"publish","type":"product","link":"https:\/\/tourtravelandmore.com\/fr\/tours\/espagne-fr\/tenerife-fr\/excursion-a-terre-visite-privee-du-patrimoine-mondial-a-tenerife\/","title":{"rendered":"Excursion \u00e0 terre: visite priv\u00e9e du patrimoine mondial \u00e0 Tenerife"},"content":{"rendered":"<h2>Description<\/h2>\n<p>Tenerife, c&#8217;est bien plus que des plages et des plages volcaniques. Les sites sp\u00e9ciaux du patrimoine mondial situ\u00e9s \u00e0 Tenerife sont un must \u00e0 visiter. C&#8217;est pourquoi cette visite priv\u00e9e du patrimoine mondial \u00e0 Tenerife est parfaite pour vous.<\/p>\n<p>Nous organiserons une prise en charge confortable depuis n&#8217;importe quel endroit de l&#8217;\u00eele. Selon l&#8217;endroit o\u00f9 vous vous trouvez, nous commencerons par La Laguna ou par le parc national du Teide.<\/p>\n<p>La ville de San Cristobal de La Laguna est situ\u00e9e dans la partie nord de l&#8217;\u00eele. C&#8217;est une partie vraiment unique \u00e0 visiter.<\/p>\n<p>Concernant le parc national du Teide. Il n&#8217;y a vraiment pas de mots pour expliquer \u00e0 quel point cet endroit est incroyable. Le mont Teide est un volcan actif.<\/p>\n<p>Nous organiserons un arr\u00eat pour le d\u00e9jeuner et votre chauffeur-guide priv\u00e9 vous ram\u00e8nera \u00e0 votre h\u00f4tel ou lieu de votre choix \u00e0 Tenerife. Vous profiterez des meilleurs sites avec cette visite priv\u00e9e du patrimoine mondial \u00e0 Tenerife.<\/p>\n<h2>Sites d&#8217;int\u00e9r\u00eat et monuments<\/h2>\n<p>Tout d&#8217;abord, nous organiserons une prise en charge priv\u00e9e avec votre chauffeur-guide. Nous nous dirigerons ensuite vers La Laguna et le parc national du Teide.<\/p>\n<p>Les deux sites sont d\u00e9clar\u00e9s sites du patrimoine mondial et ils sont prot\u00e9g\u00e9s par l&#8217;UNESCO.<\/p>\n<p>Il y a beaucoup \u00e0 voir dans ces deux endroits, nous prendrons donc en consid\u00e9ration vos donn\u00e9es personnelles. Si vous avez des exigences particuli\u00e8res, veuillez nous en informer.<\/p>\n<p>\u00c0 La Laguna, profitez;<\/p>\n<ul>\n<li>Cath\u00e9drale de La Laguna<\/li>\n<li>Universit\u00e9 de La Laguna<\/li>\n<li>Real Santuario del Sant\u00edsimo Cristo de La Laguna<\/li>\n<li>Vieille ville de La Laguna<\/li>\n<\/ul>\n<p>Pour le parc national du Teide, nous avons deux options diff\u00e9rentes. Nous pouvons vous emmener au Teide sans monter au sommet ou nous pouvons organiser une visite au sommet y compris le Teleferic. Cette derni\u00e8re visite comprendrait des trajets t\u00e9l\u00e9f\u00e9riques aller-retour, c&#8217;est-\u00e0-dire monter au sommet et redescendre!<\/p>\n<p>Nous pouvons personnaliser cette visite en fonction de vos propres besoins.<\/p>\n<p>Apr\u00e8s avoir visit\u00e9 les deux sites, notre chauffeur-guide vous ram\u00e8nera \u00e0 l&#8217;endroit de votre choix sur l&#8217;\u00eele.<\/p>\n<p>Jetez un \u0153il \u00e0 nos circuits priv\u00e9s \u00e0 Tenerife!<\/p>\n","protected":false},"excerpt":{"rendered":"<p>Profitez de cette excursion priv\u00e9e d&#8217;une journ\u00e9e enti\u00e8rement personnalis\u00e9e pour d\u00e9couvrir La Laguna et le parc national du Teide \u00e0 Tenerife. Profitez de la d\u00e9couverte de ces beaux endroits qui ont \u00e9t\u00e9 d\u00e9clar\u00e9s sites du patrimoine mondial par l&#8217;UNESCO. Vous aurez \u00e0 votre enti\u00e8re disposition un v\u00e9hicule de luxe priv\u00e9 avec chauffeur \/ guide.<\/p>\n","protected":false},"featured_media":95616,"comment_status":"open","ping_status":"closed","template":"","meta":{"_acf_changed":false},"product_brand":[],"product_cat":[3581],"product_tag":[],"class_list":{"0":"post-99458","1":"product","2":"type-product","3":"status-publish","4":"has-post-thumbnail","6":"product_cat-tenerife-fr","8":"first","9":"instock","10":"shipping-taxable","11":"purchasable","12":"product-type-simple"},"acf":[],"yoast_head":"<!-- This site is optimized with the Yoast SEO Premium plugin v25.3.1 (Yoast SEO v25.3.1) - https:\/\/yoast.com\/wordpress\/plugins\/seo\/ -->\n<title>Visite priv\u00e9e du patrimoine mondial \u00e0 Tenerife - Chauffeur-guide priv\u00e9<\/title>\n<meta name=\"description\" content=\"Visite priv\u00e9e du patrimoine mondial \u00e0 Tenerife. Parc national de la Laguna et du Teide. V\u00e9hicule priv\u00e9 avec chauffeur-guide. Prise en charge sur l&#039;\u00eele de Tenerife.\" \/>\n<meta name=\"robots\" content=\"index, follow, max-snippet:-1, max-image-preview:large, max-video-preview:-1\" \/>\n<link rel=\"canonical\" href=\"https:\/\/tourtravelandmore.com\/fr\/tours\/espagne-fr\/tenerife-fr\/excursion-a-terre-visite-privee-du-patrimoine-mondial-a-tenerife\/\" \/>\n<meta property=\"og:locale\" content=\"fr_FR\" \/>\n<meta property=\"og:type\" content=\"article\" \/>\n<meta property=\"og:title\" content=\"Excursion \u00e0 terre: visite priv\u00e9e du patrimoine mondial \u00e0 Tenerife\" \/>\n<meta property=\"og:description\" content=\"Visite priv\u00e9e du patrimoine mondial \u00e0 Tenerife. Parc national de la Laguna et du Teide. V\u00e9hicule priv\u00e9 avec chauffeur-guide. Prise en charge sur l&#039;\u00eele de Tenerife.\" \/>\n<meta property=\"og:url\" content=\"https:\/\/tourtravelandmore.com\/fr\/tours\/espagne-fr\/tenerife-fr\/excursion-a-terre-visite-privee-du-patrimoine-mondial-a-tenerife\/\" \/>\n<meta property=\"og:site_name\" content=\"Tour Travel And More\" \/>\n<meta property=\"article:publisher\" content=\"https:\/\/www.facebook.com\/tourtravelandmore\/\" \/>\n<meta property=\"og:image\" content=\"https:\/\/tourtravelandmore.com\/wp-content\/uploads\/2019\/02\/teide.jpg\" \/>\n\t<meta property=\"og:image:width\" content=\"1000\" \/>\n\t<meta property=\"og:image:height\" content=\"667\" \/>\n\t<meta property=\"og:image:type\" content=\"image\/jpeg\" \/>\n<meta name=\"twitter:card\" content=\"summary_large_image\" \/>\n<meta name=\"twitter:site\" content=\"@TourTravel_More\" \/>\n<meta name=\"twitter:label1\" content=\"Dur\u00e9e de lecture estim\u00e9e\" \/>\n\t<meta name=\"twitter:data1\" content=\"2 minutes\" \/>\n<script type=\"application\/ld+json\" class=\"yoast-schema-graph\">{\"@context\":\"https:\/\/schema.org\",\"@graph\":[{\"@type\":\"WebPage\",\"@id\":\"https:\/\/tourtravelandmore.com\/fr\/tours\/espagne-fr\/tenerife-fr\/excursion-a-terre-visite-privee-du-patrimoine-mondial-a-tenerife\/\",\"url\":\"https:\/\/tourtravelandmore.com\/fr\/tours\/espagne-fr\/tenerife-fr\/excursion-a-terre-visite-privee-du-patrimoine-mondial-a-tenerife\/\",\"name\":\"Visite priv\u00e9e du patrimoine mondial \u00e0 Tenerife - Chauffeur-guide priv\u00e9\",\"isPartOf\":{\"@id\":\"https:\/\/tourtravelandmore.com\/fr\/#website\"},\"primaryImageOfPage\":{\"@id\":\"https:\/\/tourtravelandmore.com\/fr\/tours\/espagne-fr\/tenerife-fr\/excursion-a-terre-visite-privee-du-patrimoine-mondial-a-tenerife\/#primaryimage\"},\"image\":{\"@id\":\"https:\/\/tourtravelandmore.com\/fr\/tours\/espagne-fr\/tenerife-fr\/excursion-a-terre-visite-privee-du-patrimoine-mondial-a-tenerife\/#primaryimage\"},\"thumbnailUrl\":\"https:\/\/tourtravelandmore.com\/wp-content\/uploads\/2019\/02\/teide.jpg\",\"datePublished\":\"2020-07-28T09:52:18+00:00\",\"description\":\"Visite priv\u00e9e du patrimoine mondial \u00e0 Tenerife. Parc national de la Laguna et du Teide. V\u00e9hicule priv\u00e9 avec chauffeur-guide. Prise en charge sur l'\u00eele de Tenerife.\",\"breadcrumb\":{\"@id\":\"https:\/\/tourtravelandmore.com\/fr\/tours\/espagne-fr\/tenerife-fr\/excursion-a-terre-visite-privee-du-patrimoine-mondial-a-tenerife\/#breadcrumb\"},\"inLanguage\":\"fr-FR\",\"potentialAction\":[{\"@type\":\"ReadAction\",\"target\":[\"https:\/\/tourtravelandmore.com\/fr\/tours\/espagne-fr\/tenerife-fr\/excursion-a-terre-visite-privee-du-patrimoine-mondial-a-tenerife\/\"]}]},{\"@type\":\"ImageObject\",\"inLanguage\":\"fr-FR\",\"@id\":\"https:\/\/tourtravelandmore.com\/fr\/tours\/espagne-fr\/tenerife-fr\/excursion-a-terre-visite-privee-du-patrimoine-mondial-a-tenerife\/#primaryimage\",\"url\":\"https:\/\/tourtravelandmore.com\/wp-content\/uploads\/2019\/02\/teide.jpg\",\"contentUrl\":\"https:\/\/tourtravelandmore.com\/wp-content\/uploads\/2019\/02\/teide.jpg\",\"width\":1000,\"height\":667},{\"@type\":\"BreadcrumbList\",\"@id\":\"https:\/\/tourtravelandmore.com\/fr\/tours\/espagne-fr\/tenerife-fr\/excursion-a-terre-visite-privee-du-patrimoine-mondial-a-tenerife\/#breadcrumb\",\"itemListElement\":[{\"@type\":\"ListItem\",\"position\":1,\"name\":\"Home\",\"item\":\"https:\/\/tourtravelandmore.com\/fr\/\"},{\"@type\":\"ListItem\",\"position\":2,\"name\":\"Tours\",\"item\":\"https:\/\/tourtravelandmore.com\/fr\/tours\/\"},{\"@type\":\"ListItem\",\"position\":3,\"name\":\"Excursion \u00e0 terre: visite priv\u00e9e du patrimoine mondial \u00e0 Tenerife\"}]},{\"@type\":\"WebSite\",\"@id\":\"https:\/\/tourtravelandmore.com\/fr\/#website\",\"url\":\"https:\/\/tourtravelandmore.com\/fr\/\",\"name\":\"Tour Travel And More\",\"description\":\"Private sightseeing tours and luxury transfers in Spain\",\"publisher\":{\"@id\":\"https:\/\/tourtravelandmore.com\/fr\/#organization\"},\"potentialAction\":[{\"@type\":\"SearchAction\",\"target\":{\"@type\":\"EntryPoint\",\"urlTemplate\":\"https:\/\/tourtravelandmore.com\/fr\/?s={search_term_string}\"},\"query-input\":{\"@type\":\"PropertyValueSpecification\",\"valueRequired\":true,\"valueName\":\"search_term_string\"}}],\"inLanguage\":\"fr-FR\"},{\"@type\":\"Organization\",\"@id\":\"https:\/\/tourtravelandmore.com\/fr\/#organization\",\"name\":\"Tour Travel And More\",\"url\":\"https:\/\/tourtravelandmore.com\/fr\/\",\"logo\":{\"@type\":\"ImageObject\",\"inLanguage\":\"fr-FR\",\"@id\":\"https:\/\/tourtravelandmore.com\/fr\/#\/schema\/logo\/image\/\",\"url\":\"https:\/\/tourtravelandmore.com\/wp-content\/uploads\/2022\/12\/cropped-logo-cabecera-new.png\",\"contentUrl\":\"https:\/\/tourtravelandmore.com\/wp-content\/uploads\/2022\/12\/cropped-logo-cabecera-new.png\",\"width\":430,\"height\":61,\"caption\":\"Tour Travel And More\"},\"image\":{\"@id\":\"https:\/\/tourtravelandmore.com\/fr\/#\/schema\/logo\/image\/\"},\"sameAs\":[\"https:\/\/www.facebook.com\/tourtravelandmore\/\",\"https:\/\/x.com\/TourTravel_More\"]}]}<\/script>\n<!-- \/ Yoast SEO Premium plugin. -->","yoast_head_json":{"title":"Visite priv\u00e9e du patrimoine mondial \u00e0 Tenerife - Chauffeur-guide priv\u00e9","description":"Visite priv\u00e9e du patrimoine mondial \u00e0 Tenerife. Parc national de la Laguna et du Teide. V\u00e9hicule priv\u00e9 avec chauffeur-guide. Prise en charge sur l'\u00eele de Tenerife.","robots":{"index":"index","follow":"follow","max-snippet":"max-snippet:-1","max-image-preview":"max-image-preview:large","max-video-preview":"max-video-preview:-1"},"canonical":"https:\/\/tourtravelandmore.com\/fr\/tours\/espagne-fr\/tenerife-fr\/excursion-a-terre-visite-privee-du-patrimoine-mondial-a-tenerife\/","og_locale":"fr_FR","og_type":"article","og_title":"Excursion \u00e0 terre: visite priv\u00e9e du patrimoine mondial \u00e0 Tenerife","og_description":"Visite priv\u00e9e du patrimoine mondial \u00e0 Tenerife. Parc national de la Laguna et du Teide. V\u00e9hicule priv\u00e9 avec chauffeur-guide. Prise en charge sur l'\u00eele de Tenerife.","og_url":"https:\/\/tourtravelandmore.com\/fr\/tours\/espagne-fr\/tenerife-fr\/excursion-a-terre-visite-privee-du-patrimoine-mondial-a-tenerife\/","og_site_name":"Tour Travel And More","article_publisher":"https:\/\/www.facebook.com\/tourtravelandmore\/","og_image":[{"width":1000,"height":667,"url":"https:\/\/tourtravelandmore.com\/wp-content\/uploads\/2019\/02\/teide.jpg","type":"image\/jpeg"}],"twitter_card":"summary_large_image","twitter_site":"@TourTravel_More","twitter_misc":{"Dur\u00e9e de lecture estim\u00e9e":"2 minutes"},"schema":{"@context":"https:\/\/schema.org","@graph":[{"@type":"WebPage","@id":"https:\/\/tourtravelandmore.com\/fr\/tours\/espagne-fr\/tenerife-fr\/excursion-a-terre-visite-privee-du-patrimoine-mondial-a-tenerife\/","url":"https:\/\/tourtravelandmore.com\/fr\/tours\/espagne-fr\/tenerife-fr\/excursion-a-terre-visite-privee-du-patrimoine-mondial-a-tenerife\/","name":"Visite priv\u00e9e du patrimoine mondial \u00e0 Tenerife - Chauffeur-guide priv\u00e9","isPartOf":{"@id":"https:\/\/tourtravelandmore.com\/fr\/#website"},"primaryImageOfPage":{"@id":"https:\/\/tourtravelandmore.com\/fr\/tours\/espagne-fr\/tenerife-fr\/excursion-a-terre-visite-privee-du-patrimoine-mondial-a-tenerife\/#primaryimage"},"image":{"@id":"https:\/\/tourtravelandmore.com\/fr\/tours\/espagne-fr\/tenerife-fr\/excursion-a-terre-visite-privee-du-patrimoine-mondial-a-tenerife\/#primaryimage"},"thumbnailUrl":"https:\/\/tourtravelandmore.com\/wp-content\/uploads\/2019\/02\/teide.jpg","datePublished":"2020-07-28T09:52:18+00:00","description":"Visite priv\u00e9e du patrimoine mondial \u00e0 Tenerife. Parc national de la Laguna et du Teide. V\u00e9hicule priv\u00e9 avec chauffeur-guide. Prise en charge sur l'\u00eele de Tenerife.","breadcrumb":{"@id":"https:\/\/tourtravelandmore.com\/fr\/tours\/espagne-fr\/tenerife-fr\/excursion-a-terre-visite-privee-du-patrimoine-mondial-a-tenerife\/#breadcrumb"},"inLanguage":"fr-FR","potentialAction":[{"@type":"ReadAction","target":["https:\/\/tourtravelandmore.com\/fr\/tours\/espagne-fr\/tenerife-fr\/excursion-a-terre-visite-privee-du-patrimoine-mondial-a-tenerife\/"]}]},{"@type":"ImageObject","inLanguage":"fr-FR","@id":"https:\/\/tourtravelandmore.com\/fr\/tours\/espagne-fr\/tenerife-fr\/excursion-a-terre-visite-privee-du-patrimoine-mondial-a-tenerife\/#primaryimage","url":"https:\/\/tourtravelandmore.com\/wp-content\/uploads\/2019\/02\/teide.jpg","contentUrl":"https:\/\/tourtravelandmore.com\/wp-content\/uploads\/2019\/02\/teide.jpg","width":1000,"height":667},{"@type":"BreadcrumbList","@id":"https:\/\/tourtravelandmore.com\/fr\/tours\/espagne-fr\/tenerife-fr\/excursion-a-terre-visite-privee-du-patrimoine-mondial-a-tenerife\/#breadcrumb","itemListElement":[{"@type":"ListItem","position":1,"name":"Home","item":"https:\/\/tourtravelandmore.com\/fr\/"},{"@type":"ListItem","position":2,"name":"Tours","item":"https:\/\/tourtravelandmore.com\/fr\/tours\/"},{"@type":"ListItem","position":3,"name":"Excursion \u00e0 terre: visite priv\u00e9e du patrimoine mondial \u00e0 Tenerife"}]},{"@type":"WebSite","@id":"https:\/\/tourtravelandmore.com\/fr\/#website","url":"https:\/\/tourtravelandmore.com\/fr\/","name":"Tour Travel And More","description":"Private sightseeing tours and luxury transfers in Spain","publisher":{"@id":"https:\/\/tourtravelandmore.com\/fr\/#organization"},"potentialAction":[{"@type":"SearchAction","target":{"@type":"EntryPoint","urlTemplate":"https:\/\/tourtravelandmore.com\/fr\/?s={search_term_string}"},"query-input":{"@type":"PropertyValueSpecification","valueRequired":true,"valueName":"search_term_string"}}],"inLanguage":"fr-FR"},{"@type":"Organization","@id":"https:\/\/tourtravelandmore.com\/fr\/#organization","name":"Tour Travel And More","url":"https:\/\/tourtravelandmore.com\/fr\/","logo":{"@type":"ImageObject","inLanguage":"fr-FR","@id":"https:\/\/tourtravelandmore.com\/fr\/#\/schema\/logo\/image\/","url":"https:\/\/tourtravelandmore.com\/wp-content\/uploads\/2022\/12\/cropped-logo-cabecera-new.png","contentUrl":"https:\/\/tourtravelandmore.com\/wp-content\/uploads\/2022\/12\/cropped-logo-cabecera-new.png","width":430,"height":61,"caption":"Tour Travel And More"},"image":{"@id":"https:\/\/tourtravelandmore.com\/fr\/#\/schema\/logo\/image\/"},"sameAs":["https:\/\/www.facebook.com\/tourtravelandmore\/","https:\/\/x.com\/TourTravel_More"]}]}},"_links":{"self":[{"href":"https:\/\/tourtravelandmore.com\/fr\/wp-json\/wp\/v2\/product\/99458","targetHints":{"allow":["GET"]}}],"collection":[{"href":"https:\/\/tourtravelandmore.com\/fr\/wp-json\/wp\/v2\/product"}],"about":[{"href":"https:\/\/tourtravelandmore.com\/fr\/wp-json\/wp\/v2\/types\/product"}],"replies":[{"embeddable":true,"href":"https:\/\/tourtravelandmore.com\/fr\/wp-json\/wp\/v2\/comments?post=99458"}],"wp:featuredmedia":[{"embeddable":true,"href":"https:\/\/tourtravelandmore.com\/fr\/wp-json\/wp\/v2\/media\/95616"}],"wp:attachment":[{"href":"https:\/\/tourtravelandmore.com\/fr\/wp-json\/wp\/v2\/media?parent=99458"}],"wp:term":[{"taxonomy":"product_brand","embeddable":true,"href":"https:\/\/tourtravelandmore.com\/fr\/wp-json\/wp\/v2\/product_brand?post=99458"},{"taxonomy":"product_cat","embeddable":true,"href":"https:\/\/tourtravelandmore.com\/fr\/wp-json\/wp\/v2\/product_cat?post=99458"},{"taxonomy":"product_tag","embeddable":true,"href":"https:\/\/tourtravelandmore.com\/fr\/wp-json\/wp\/v2\/product_tag?post=99458"}],"curies":[{"name":"wp","href":"https:\/\/api.w.org\/{rel}","templated":true}]}}