{"id":99418,"date":"2019-01-07T13:19:43","date_gmt":"2019-01-07T12:19:43","guid":{"rendered":"https:\/\/tourtravelandmore.com\/tours\/non class\u00e9\/excursion-a-terre-visite-privee-du-mont-teide\/"},"modified":"2019-01-07T13:19:43","modified_gmt":"2019-01-07T12:19:43","slug":"excursion-a-terre-visite-privee-du-mont-teide","status":"publish","type":"product","link":"https:\/\/tourtravelandmore.com\/fr\/tours\/espagne-fr\/tenerife-fr\/excursion-a-terre-visite-privee-du-mont-teide\/","title":{"rendered":"Excursion \u00e0 terre: visite priv\u00e9e du mont Teide"},"content":{"rendered":"<h2>Description<\/h2>\n<p>Le mont Teide est un volcan situ\u00e9 \u00e0 Tenerife. Il est \u00e9galement connu comme le point le plus \u00e9lev\u00e9 au-dessus du niveau de la mer en Espagne. Laissez-nous vous emmener dans cette visite priv\u00e9e du mont Teide. Le sommet culmine \u00e0 3718 m\u00e8tres d&#8217;altitude.<\/p>\n<p>Laissez notre chauffeur-guide vous emmener dans cette visite priv\u00e9e unique. Nous avons 3 diff\u00e9rentes meilleures options de vente dont vous pouvez profiter. Si vous le souhaitez, nous pouvons personnaliser la visite en fonction de vos propres besoins.<\/p>\n<p>Par exemple, nous pouvons profiter d&#8217;une visite nocturne pour profiter des \u00e9toiles et de la ligne d&#8217;horizon, d&#8217;une visite matinale ou de tout ce \u00e0 quoi vous pouvez penser! Nous avons des experts dans de nombreux domaines qui sont des professionnels du Mont Teide.<\/p>\n<p>Le mont Teide est un volcan actif qui a \u00e9clat\u00e9 pour la derni\u00e8re fois en 1909. Les environs du mont Teide sont le parc national du Teide. Vous pouvez trouver plus de 18 900 hectares ici. C&#8217;est un site du patrimoine mondial par l&#8217;UNESCO depuis 2007. Plus de 3 millions de personnes visitent le parc national chaque ann\u00e9e.<\/p>\n<p>Demandez \u00e0 notre chauffeur-guide priv\u00e9 de venir vous chercher \u00e0 votre h\u00f4tel ou \u00e0 votre choix sur l&#8217;\u00eele. Nous pouvons toujours venir vous chercher au port de croisi\u00e8re. Faites-nous savoir o\u00f9 vous souhaitez \u00eatre pris en charge et nous organiserons cela pour vous.<\/p>\n<h2>Sites d&#8217;int\u00e9r\u00eat et monuments<\/h2>\n<p>Apr\u00e8s une prise en charge confortable \u00e0 l&#8217;endroit de votre choix, nous commencerons cette visite priv\u00e9e du mont Teide.<\/p>\n<p>Une fois arriv\u00e9 au mont Teide, la visite se poursuivra uniquement avec votre guide et vous profiterez d&#8217;une belle randonn\u00e9e. Cette randonn\u00e9e sera une randonn\u00e9e mod\u00e9r\u00e9e. La promenade vous m\u00e8nera vers le volcan Teide. Profitez de la promenade \u00e0 travers une s\u00e9rie de grands sommets et rochers et m\u00eame le rocher Chincado. Pendant votre randonn\u00e9e, vous passerez par La Cascada.<\/p>\n<p>Voici 3 exemples de circuits que nous pouvons vous proposer. Comme nous l&#8217;avons d\u00e9j\u00e0 dit, nous pouvons personnaliser n&#8217;importe quelle visite en fonction de vos propres d\u00e9sirs.<\/p>\n<p>Sans aller au sommet. Profiter du parc national et avoir une bonne vue sur ce qu&#8217;il a \u00e0 offrir. La dur\u00e9e totale est de 6 heures.<br \/>\nAller au sommet avec le fameux t\u00e9l\u00e9f\u00e9rique. C&#8217;est un t\u00e9l\u00e9f\u00e9rique aller-retour pour aller et revenir du sommet. La dur\u00e9e totale sera de 8 heures.<br \/>\nPour les plus aventureux. Cette option est g\u00e9niale! Montez au sommet \u00e0 pied, profitez de la vue imprenable. En descendant, prenez le t\u00e9l\u00e9f\u00e9rique. C&#8217;est une exp\u00e9rience compl\u00e8te avec un randonneur expert \u00e0 vos c\u00f4t\u00e9s. Cette dur\u00e9e totale sera de 9 heures.<\/p>\n<p>Quelle que soit l&#8217;option choisie, ce sera vraiment une exp\u00e9rience unique. Contactez-nous avec notre formulaire de r\u00e9servation ou en cliquant ici. Nous sommes s\u00fbrs de rendre votre exp\u00e9rience m\u00e9morable \u00e0 tous points de vue!<\/p>\n","protected":false},"excerpt":{"rendered":"<p>Profitez de cette visite priv\u00e9e enti\u00e8rement personnalis\u00e9e du mont Teide, le plus haut sommet d&#8217;Espagne. Profitez de ce magnifique parc national et de ses magnifiques sites. Profitez de cette occasion pour d\u00e9couvrir la plus haute montagne de Tenerife dans cette exp\u00e9rience avec votre propre chauffeur \/ guide priv\u00e9 dans un v\u00e9hicule de luxe avec chauffeur. Personnalisez votre propre exp\u00e9rience avec nous.<\/p>\n","protected":false},"featured_media":95419,"comment_status":"open","ping_status":"closed","template":"","meta":{"_acf_changed":false},"product_brand":[],"product_cat":[3581],"product_tag":[],"class_list":{"0":"post-99418","1":"product","2":"type-product","3":"status-publish","4":"has-post-thumbnail","6":"product_cat-tenerife-fr","8":"first","9":"instock","10":"shipping-taxable","11":"purchasable","12":"product-type-simple"},"acf":[],"yoast_head":"<!-- This site is optimized with the Yoast SEO Premium plugin v25.3.1 (Yoast SEO v25.3.1) - https:\/\/yoast.com\/wordpress\/plugins\/seo\/ -->\n<title>Visite priv\u00e9e du mont Teide - Excursion \u00e0 terre - Chauffeur-guide priv\u00e9<\/title>\n<meta name=\"description\" content=\"Visite priv\u00e9e du mont Teide enti\u00e8rement personnalis\u00e9e. V\u00e9hicule priv\u00e9 avec chauffeur-guide. Prise en charge depuis n&#039;importe quel endroit de Tenerife, y compris le port de croisi\u00e8re.\" \/>\n<meta name=\"robots\" content=\"index, follow, max-snippet:-1, max-image-preview:large, max-video-preview:-1\" \/>\n<link rel=\"canonical\" href=\"https:\/\/tourtravelandmore.com\/fr\/tours\/espagne-fr\/tenerife-fr\/excursion-a-terre-visite-privee-du-mont-teide\/\" \/>\n<meta property=\"og:locale\" content=\"fr_FR\" \/>\n<meta property=\"og:type\" content=\"article\" \/>\n<meta property=\"og:title\" content=\"Excursion \u00e0 terre: visite priv\u00e9e du mont Teide\" \/>\n<meta property=\"og:description\" content=\"Visite priv\u00e9e du mont Teide enti\u00e8rement personnalis\u00e9e. V\u00e9hicule priv\u00e9 avec chauffeur-guide. Prise en charge depuis n&#039;importe quel endroit de Tenerife, y compris le port de croisi\u00e8re.\" \/>\n<meta property=\"og:url\" content=\"https:\/\/tourtravelandmore.com\/fr\/tours\/espagne-fr\/tenerife-fr\/excursion-a-terre-visite-privee-du-mont-teide\/\" \/>\n<meta property=\"og:site_name\" content=\"Tour Travel And More\" \/>\n<meta property=\"article:publisher\" content=\"https:\/\/www.facebook.com\/tourtravelandmore\/\" \/>\n<meta property=\"og:image\" content=\"https:\/\/tourtravelandmore.com\/wp-content\/uploads\/2019\/01\/teide-2.jpg\" \/>\n\t<meta property=\"og:image:width\" content=\"1024\" \/>\n\t<meta property=\"og:image:height\" content=\"575\" \/>\n\t<meta property=\"og:image:type\" content=\"image\/jpeg\" \/>\n<meta name=\"twitter:card\" content=\"summary_large_image\" \/>\n<meta name=\"twitter:site\" content=\"@TourTravel_More\" \/>\n<meta name=\"twitter:label1\" content=\"Dur\u00e9e de lecture estim\u00e9e\" \/>\n\t<meta name=\"twitter:data1\" content=\"2 minutes\" \/>\n<script type=\"application\/ld+json\" class=\"yoast-schema-graph\">{\"@context\":\"https:\/\/schema.org\",\"@graph\":[{\"@type\":\"WebPage\",\"@id\":\"https:\/\/tourtravelandmore.com\/fr\/tours\/espagne-fr\/tenerife-fr\/excursion-a-terre-visite-privee-du-mont-teide\/\",\"url\":\"https:\/\/tourtravelandmore.com\/fr\/tours\/espagne-fr\/tenerife-fr\/excursion-a-terre-visite-privee-du-mont-teide\/\",\"name\":\"Visite priv\u00e9e du mont Teide - Excursion \u00e0 terre - Chauffeur-guide priv\u00e9\",\"isPartOf\":{\"@id\":\"https:\/\/tourtravelandmore.com\/fr\/#website\"},\"primaryImageOfPage\":{\"@id\":\"https:\/\/tourtravelandmore.com\/fr\/tours\/espagne-fr\/tenerife-fr\/excursion-a-terre-visite-privee-du-mont-teide\/#primaryimage\"},\"image\":{\"@id\":\"https:\/\/tourtravelandmore.com\/fr\/tours\/espagne-fr\/tenerife-fr\/excursion-a-terre-visite-privee-du-mont-teide\/#primaryimage\"},\"thumbnailUrl\":\"https:\/\/tourtravelandmore.com\/wp-content\/uploads\/2019\/01\/teide-2.jpg\",\"datePublished\":\"2019-01-07T12:19:43+00:00\",\"description\":\"Visite priv\u00e9e du mont Teide enti\u00e8rement personnalis\u00e9e. V\u00e9hicule priv\u00e9 avec chauffeur-guide. Prise en charge depuis n'importe quel endroit de Tenerife, y compris le port de croisi\u00e8re.\",\"breadcrumb\":{\"@id\":\"https:\/\/tourtravelandmore.com\/fr\/tours\/espagne-fr\/tenerife-fr\/excursion-a-terre-visite-privee-du-mont-teide\/#breadcrumb\"},\"inLanguage\":\"fr-FR\",\"potentialAction\":[{\"@type\":\"ReadAction\",\"target\":[\"https:\/\/tourtravelandmore.com\/fr\/tours\/espagne-fr\/tenerife-fr\/excursion-a-terre-visite-privee-du-mont-teide\/\"]}]},{\"@type\":\"ImageObject\",\"inLanguage\":\"fr-FR\",\"@id\":\"https:\/\/tourtravelandmore.com\/fr\/tours\/espagne-fr\/tenerife-fr\/excursion-a-terre-visite-privee-du-mont-teide\/#primaryimage\",\"url\":\"https:\/\/tourtravelandmore.com\/wp-content\/uploads\/2019\/01\/teide-2.jpg\",\"contentUrl\":\"https:\/\/tourtravelandmore.com\/wp-content\/uploads\/2019\/01\/teide-2.jpg\",\"width\":1024,\"height\":575},{\"@type\":\"BreadcrumbList\",\"@id\":\"https:\/\/tourtravelandmore.com\/fr\/tours\/espagne-fr\/tenerife-fr\/excursion-a-terre-visite-privee-du-mont-teide\/#breadcrumb\",\"itemListElement\":[{\"@type\":\"ListItem\",\"position\":1,\"name\":\"Home\",\"item\":\"https:\/\/tourtravelandmore.com\/fr\/\"},{\"@type\":\"ListItem\",\"position\":2,\"name\":\"Tours\",\"item\":\"https:\/\/tourtravelandmore.com\/fr\/tours\/\"},{\"@type\":\"ListItem\",\"position\":3,\"name\":\"Excursion \u00e0 terre: visite priv\u00e9e du mont Teide\"}]},{\"@type\":\"WebSite\",\"@id\":\"https:\/\/tourtravelandmore.com\/fr\/#website\",\"url\":\"https:\/\/tourtravelandmore.com\/fr\/\",\"name\":\"Tour Travel And More\",\"description\":\"Private sightseeing tours and luxury transfers in Spain\",\"publisher\":{\"@id\":\"https:\/\/tourtravelandmore.com\/fr\/#organization\"},\"potentialAction\":[{\"@type\":\"SearchAction\",\"target\":{\"@type\":\"EntryPoint\",\"urlTemplate\":\"https:\/\/tourtravelandmore.com\/fr\/?s={search_term_string}\"},\"query-input\":{\"@type\":\"PropertyValueSpecification\",\"valueRequired\":true,\"valueName\":\"search_term_string\"}}],\"inLanguage\":\"fr-FR\"},{\"@type\":\"Organization\",\"@id\":\"https:\/\/tourtravelandmore.com\/fr\/#organization\",\"name\":\"Tour Travel And More\",\"url\":\"https:\/\/tourtravelandmore.com\/fr\/\",\"logo\":{\"@type\":\"ImageObject\",\"inLanguage\":\"fr-FR\",\"@id\":\"https:\/\/tourtravelandmore.com\/fr\/#\/schema\/logo\/image\/\",\"url\":\"https:\/\/tourtravelandmore.com\/wp-content\/uploads\/2022\/12\/cropped-logo-cabecera-new.png\",\"contentUrl\":\"https:\/\/tourtravelandmore.com\/wp-content\/uploads\/2022\/12\/cropped-logo-cabecera-new.png\",\"width\":430,\"height\":61,\"caption\":\"Tour Travel And More\"},\"image\":{\"@id\":\"https:\/\/tourtravelandmore.com\/fr\/#\/schema\/logo\/image\/\"},\"sameAs\":[\"https:\/\/www.facebook.com\/tourtravelandmore\/\",\"https:\/\/x.com\/TourTravel_More\"]}]}<\/script>\n<!-- \/ Yoast SEO Premium plugin. -->","yoast_head_json":{"title":"Visite priv\u00e9e du mont Teide - Excursion \u00e0 terre - Chauffeur-guide priv\u00e9","description":"Visite priv\u00e9e du mont Teide enti\u00e8rement personnalis\u00e9e. V\u00e9hicule priv\u00e9 avec chauffeur-guide. Prise en charge depuis n'importe quel endroit de Tenerife, y compris le port de croisi\u00e8re.","robots":{"index":"index","follow":"follow","max-snippet":"max-snippet:-1","max-image-preview":"max-image-preview:large","max-video-preview":"max-video-preview:-1"},"canonical":"https:\/\/tourtravelandmore.com\/fr\/tours\/espagne-fr\/tenerife-fr\/excursion-a-terre-visite-privee-du-mont-teide\/","og_locale":"fr_FR","og_type":"article","og_title":"Excursion \u00e0 terre: visite priv\u00e9e du mont Teide","og_description":"Visite priv\u00e9e du mont Teide enti\u00e8rement personnalis\u00e9e. V\u00e9hicule priv\u00e9 avec chauffeur-guide. Prise en charge depuis n'importe quel endroit de Tenerife, y compris le port de croisi\u00e8re.","og_url":"https:\/\/tourtravelandmore.com\/fr\/tours\/espagne-fr\/tenerife-fr\/excursion-a-terre-visite-privee-du-mont-teide\/","og_site_name":"Tour Travel And More","article_publisher":"https:\/\/www.facebook.com\/tourtravelandmore\/","og_image":[{"width":1024,"height":575,"url":"https:\/\/tourtravelandmore.com\/wp-content\/uploads\/2019\/01\/teide-2.jpg","type":"image\/jpeg"}],"twitter_card":"summary_large_image","twitter_site":"@TourTravel_More","twitter_misc":{"Dur\u00e9e de lecture estim\u00e9e":"2 minutes"},"schema":{"@context":"https:\/\/schema.org","@graph":[{"@type":"WebPage","@id":"https:\/\/tourtravelandmore.com\/fr\/tours\/espagne-fr\/tenerife-fr\/excursion-a-terre-visite-privee-du-mont-teide\/","url":"https:\/\/tourtravelandmore.com\/fr\/tours\/espagne-fr\/tenerife-fr\/excursion-a-terre-visite-privee-du-mont-teide\/","name":"Visite priv\u00e9e du mont Teide - Excursion \u00e0 terre - Chauffeur-guide priv\u00e9","isPartOf":{"@id":"https:\/\/tourtravelandmore.com\/fr\/#website"},"primaryImageOfPage":{"@id":"https:\/\/tourtravelandmore.com\/fr\/tours\/espagne-fr\/tenerife-fr\/excursion-a-terre-visite-privee-du-mont-teide\/#primaryimage"},"image":{"@id":"https:\/\/tourtravelandmore.com\/fr\/tours\/espagne-fr\/tenerife-fr\/excursion-a-terre-visite-privee-du-mont-teide\/#primaryimage"},"thumbnailUrl":"https:\/\/tourtravelandmore.com\/wp-content\/uploads\/2019\/01\/teide-2.jpg","datePublished":"2019-01-07T12:19:43+00:00","description":"Visite priv\u00e9e du mont Teide enti\u00e8rement personnalis\u00e9e. V\u00e9hicule priv\u00e9 avec chauffeur-guide. Prise en charge depuis n'importe quel endroit de Tenerife, y compris le port de croisi\u00e8re.","breadcrumb":{"@id":"https:\/\/tourtravelandmore.com\/fr\/tours\/espagne-fr\/tenerife-fr\/excursion-a-terre-visite-privee-du-mont-teide\/#breadcrumb"},"inLanguage":"fr-FR","potentialAction":[{"@type":"ReadAction","target":["https:\/\/tourtravelandmore.com\/fr\/tours\/espagne-fr\/tenerife-fr\/excursion-a-terre-visite-privee-du-mont-teide\/"]}]},{"@type":"ImageObject","inLanguage":"fr-FR","@id":"https:\/\/tourtravelandmore.com\/fr\/tours\/espagne-fr\/tenerife-fr\/excursion-a-terre-visite-privee-du-mont-teide\/#primaryimage","url":"https:\/\/tourtravelandmore.com\/wp-content\/uploads\/2019\/01\/teide-2.jpg","contentUrl":"https:\/\/tourtravelandmore.com\/wp-content\/uploads\/2019\/01\/teide-2.jpg","width":1024,"height":575},{"@type":"BreadcrumbList","@id":"https:\/\/tourtravelandmore.com\/fr\/tours\/espagne-fr\/tenerife-fr\/excursion-a-terre-visite-privee-du-mont-teide\/#breadcrumb","itemListElement":[{"@type":"ListItem","position":1,"name":"Home","item":"https:\/\/tourtravelandmore.com\/fr\/"},{"@type":"ListItem","position":2,"name":"Tours","item":"https:\/\/tourtravelandmore.com\/fr\/tours\/"},{"@type":"ListItem","position":3,"name":"Excursion \u00e0 terre: visite priv\u00e9e du mont Teide"}]},{"@type":"WebSite","@id":"https:\/\/tourtravelandmore.com\/fr\/#website","url":"https:\/\/tourtravelandmore.com\/fr\/","name":"Tour Travel And More","description":"Private sightseeing tours and luxury transfers in Spain","publisher":{"@id":"https:\/\/tourtravelandmore.com\/fr\/#organization"},"potentialAction":[{"@type":"SearchAction","target":{"@type":"EntryPoint","urlTemplate":"https:\/\/tourtravelandmore.com\/fr\/?s={search_term_string}"},"query-input":{"@type":"PropertyValueSpecification","valueRequired":true,"valueName":"search_term_string"}}],"inLanguage":"fr-FR"},{"@type":"Organization","@id":"https:\/\/tourtravelandmore.com\/fr\/#organization","name":"Tour Travel And More","url":"https:\/\/tourtravelandmore.com\/fr\/","logo":{"@type":"ImageObject","inLanguage":"fr-FR","@id":"https:\/\/tourtravelandmore.com\/fr\/#\/schema\/logo\/image\/","url":"https:\/\/tourtravelandmore.com\/wp-content\/uploads\/2022\/12\/cropped-logo-cabecera-new.png","contentUrl":"https:\/\/tourtravelandmore.com\/wp-content\/uploads\/2022\/12\/cropped-logo-cabecera-new.png","width":430,"height":61,"caption":"Tour Travel And More"},"image":{"@id":"https:\/\/tourtravelandmore.com\/fr\/#\/schema\/logo\/image\/"},"sameAs":["https:\/\/www.facebook.com\/tourtravelandmore\/","https:\/\/x.com\/TourTravel_More"]}]}},"_links":{"self":[{"href":"https:\/\/tourtravelandmore.com\/fr\/wp-json\/wp\/v2\/product\/99418","targetHints":{"allow":["GET"]}}],"collection":[{"href":"https:\/\/tourtravelandmore.com\/fr\/wp-json\/wp\/v2\/product"}],"about":[{"href":"https:\/\/tourtravelandmore.com\/fr\/wp-json\/wp\/v2\/types\/product"}],"replies":[{"embeddable":true,"href":"https:\/\/tourtravelandmore.com\/fr\/wp-json\/wp\/v2\/comments?post=99418"}],"wp:featuredmedia":[{"embeddable":true,"href":"https:\/\/tourtravelandmore.com\/fr\/wp-json\/wp\/v2\/media\/95419"}],"wp:attachment":[{"href":"https:\/\/tourtravelandmore.com\/fr\/wp-json\/wp\/v2\/media?parent=99418"}],"wp:term":[{"taxonomy":"product_brand","embeddable":true,"href":"https:\/\/tourtravelandmore.com\/fr\/wp-json\/wp\/v2\/product_brand?post=99418"},{"taxonomy":"product_cat","embeddable":true,"href":"https:\/\/tourtravelandmore.com\/fr\/wp-json\/wp\/v2\/product_cat?post=99418"},{"taxonomy":"product_tag","embeddable":true,"href":"https:\/\/tourtravelandmore.com\/fr\/wp-json\/wp\/v2\/product_tag?post=99418"}],"curies":[{"name":"wp","href":"https:\/\/api.w.org\/{rel}","templated":true}]}}