{"id":99357,"date":"2020-07-23T20:56:41","date_gmt":"2020-07-23T18:56:41","guid":{"rendered":"https:\/\/tourtravelandmore.com\/tours\/non class\u00e9\/visite-privee-a-pied-de-las-palmas\/"},"modified":"2020-07-23T20:56:41","modified_gmt":"2020-07-23T18:56:41","slug":"visite-privee-a-pied-de-las-palmas","status":"publish","type":"product","link":"https:\/\/tourtravelandmore.com\/fr\/tours\/espagne-fr\/grancanaria-fr\/visite-privee-a-pied-de-las-palmas\/","title":{"rendered":"Visite priv\u00e9e \u00e0 pied de Las Palmas"},"content":{"rendered":"<h2>Description<\/h2>\n<p>Une visite \u00e0 pied est une merveilleuse fa\u00e7on de d\u00e9couvrir une ville. Cette visite priv\u00e9e \u00e0 pied de Las Palmas n&#8217;est pas diff\u00e9rente. Notre guide priv\u00e9 vous attendra pour vous aider \u00e0 explorer sa merveilleuse ville.<\/p>\n<p>Cette visite priv\u00e9e \u00e0 pied de Las Palmas commencera \u00e0 partir d&#8217;un point de rencontre situ\u00e9 au centre de Las Palmas. Nous avons la possibilit\u00e9 d&#8217;organiser un v\u00e9hicule priv\u00e9 avec un chauffeur-guide si vous pr\u00e9f\u00e9rez. D\u00e9couvrez cette tourn\u00e9e ici!<\/p>\n<p>Tout d&#8217;abord, nous organiserons le point de rendez-vous. Si votre h\u00f4tel est situ\u00e9 dans le centre-ville, veuillez nous en informer. Une fois que vous aurez rencontr\u00e9 notre guide, nous commencerons cette visite priv\u00e9e \u00e0 pied.<\/p>\n<p>Avec une visite \u00e0 pied, vous avez toujours une meilleure id\u00e9e de la ville. Fl\u00e2ner dans ses rues, se rapprocher de la culture. Notre guide priv\u00e9 et expert vous attend pour vous faire visiter!<\/p>\n<h2>Sites d&#8217;int\u00e9r\u00eat et monuments<\/h2>\n<p>Cette visite priv\u00e9e \u00e0 pied commencera \u00e0 un point de rencontre central \u00e0 Las Palmas.<\/p>\n<p>Une fois que nous avons d\u00e9termin\u00e9 ce point de rencontre, nous pouvons organiser l&#8217;itin\u00e9raire exact avec plus de d\u00e9tails. En attendant, voici quelques exemples des sites les plus importants que la ville a \u00e0 offrir lors de cette visite \u00e0 pied.<\/p>\n<ul>\n<li>Plage de Las Canteras; cette r\u00e9gion est bien connue pour la plong\u00e9e avec tuba<\/li>\n<li>Vue de la Casa de Colon<\/li>\n<li>Cath\u00e9drale de Las Palmas: cath\u00e9drale catholique<\/li>\n<li>Vegueta<\/li>\n<li>Vue du Museo Canario<\/li>\n<li>Calle Triana<\/li>\n<li>Parc San Telmo<\/li>\n<li>Plaza de Santa Ana<\/li>\n<li>Beaucoup plus!<\/li>\n<\/ul>\n<p>Enfin, cette visite priv\u00e9e se terminera \u00e0 un point central de Las Palmas. Nous pouvons modifier cette proposition en fonction de vos propres besoins. Cela signifie que nous pouvons organiser un v\u00e9hicule priv\u00e9 pour vous ou venir vous chercher pour une excursion \u00e0 terre si vous le souhaitez. Tout ce que vous avez \u00e0 faire est de contacter nos experts en voyages. Nous vous contacterons ensuite pour organiser la meilleure proposition possible pour vous.<\/p>\n","protected":false},"excerpt":{"rendered":"<p>Profitez de cette visite priv\u00e9e \u00e0 pied enti\u00e8rement personnalis\u00e9e de Las Palmas, la ville principale de Gran Canaria. Apprenez \u00e0 conna\u00eetre les plus beaux sites de l&#8217;\u00eele et sa ville principale avec votre guide officiel. Profitez de cette occasion pour d\u00e9couvrir Gran Canaria dans cette exp\u00e9rience \u00e0 votre rythme et visiter les endroits les plus \u00e9tonnants. Personnalisez votre propre exp\u00e9rience avec nous.<\/p>\n","protected":false},"featured_media":95470,"comment_status":"open","ping_status":"closed","template":"","meta":{"_acf_changed":false},"product_brand":[],"product_cat":[3578],"product_tag":[],"class_list":{"0":"post-99357","1":"product","2":"type-product","3":"status-publish","4":"has-post-thumbnail","6":"product_cat-grancanaria-fr","8":"first","9":"instock","10":"shipping-taxable","11":"purchasable","12":"product-type-simple"},"acf":[],"yoast_head":"<!-- This site is optimized with the Yoast SEO Premium plugin v25.3.1 (Yoast SEO v25.3.1) - https:\/\/yoast.com\/wordpress\/plugins\/seo\/ -->\n<title>Visite priv\u00e9e \u00e0 pied de Las Palmas - Prise en charge priv\u00e9e avec guide<\/title>\n<meta name=\"description\" content=\"Visite priv\u00e9e \u00e0 pied priv\u00e9e de Las Palmas enti\u00e8rement personnalis\u00e9e. Explorez Las Palmas avec un guide priv\u00e9. Point de rencontre \u00e0 Las Palmas.\" \/>\n<meta name=\"robots\" content=\"index, follow, max-snippet:-1, max-image-preview:large, max-video-preview:-1\" \/>\n<link rel=\"canonical\" href=\"https:\/\/tourtravelandmore.com\/fr\/tours\/espagne-fr\/grancanaria-fr\/visite-privee-a-pied-de-las-palmas\/\" \/>\n<meta property=\"og:locale\" content=\"fr_FR\" \/>\n<meta property=\"og:type\" content=\"article\" \/>\n<meta property=\"og:title\" content=\"Visite priv\u00e9e \u00e0 pied de Las Palmas\" \/>\n<meta property=\"og:description\" content=\"Visite priv\u00e9e \u00e0 pied priv\u00e9e de Las Palmas enti\u00e8rement personnalis\u00e9e. Explorez Las Palmas avec un guide priv\u00e9. Point de rencontre \u00e0 Las Palmas.\" \/>\n<meta property=\"og:url\" content=\"https:\/\/tourtravelandmore.com\/fr\/tours\/espagne-fr\/grancanaria-fr\/visite-privee-a-pied-de-las-palmas\/\" \/>\n<meta property=\"og:site_name\" content=\"Tour Travel And More\" \/>\n<meta property=\"article:publisher\" content=\"https:\/\/www.facebook.com\/tourtravelandmore\/\" \/>\n<meta property=\"og:image\" content=\"https:\/\/tourtravelandmore.com\/wp-content\/uploads\/2019\/01\/las-palmas-1340736_960_720.jpg\" \/>\n\t<meta property=\"og:image:width\" content=\"960\" \/>\n\t<meta property=\"og:image:height\" content=\"640\" \/>\n\t<meta property=\"og:image:type\" content=\"image\/jpeg\" \/>\n<meta name=\"twitter:card\" content=\"summary_large_image\" \/>\n<meta name=\"twitter:site\" content=\"@TourTravel_More\" \/>\n<meta name=\"twitter:label1\" content=\"Dur\u00e9e de lecture estim\u00e9e\" \/>\n\t<meta name=\"twitter:data1\" content=\"2 minutes\" \/>\n<script type=\"application\/ld+json\" class=\"yoast-schema-graph\">{\"@context\":\"https:\/\/schema.org\",\"@graph\":[{\"@type\":\"WebPage\",\"@id\":\"https:\/\/tourtravelandmore.com\/fr\/tours\/espagne-fr\/grancanaria-fr\/visite-privee-a-pied-de-las-palmas\/\",\"url\":\"https:\/\/tourtravelandmore.com\/fr\/tours\/espagne-fr\/grancanaria-fr\/visite-privee-a-pied-de-las-palmas\/\",\"name\":\"Visite priv\u00e9e \u00e0 pied de Las Palmas - Prise en charge priv\u00e9e avec guide\",\"isPartOf\":{\"@id\":\"https:\/\/tourtravelandmore.com\/fr\/#website\"},\"primaryImageOfPage\":{\"@id\":\"https:\/\/tourtravelandmore.com\/fr\/tours\/espagne-fr\/grancanaria-fr\/visite-privee-a-pied-de-las-palmas\/#primaryimage\"},\"image\":{\"@id\":\"https:\/\/tourtravelandmore.com\/fr\/tours\/espagne-fr\/grancanaria-fr\/visite-privee-a-pied-de-las-palmas\/#primaryimage\"},\"thumbnailUrl\":\"https:\/\/tourtravelandmore.com\/wp-content\/uploads\/2019\/01\/las-palmas-1340736_960_720.jpg\",\"datePublished\":\"2020-07-23T18:56:41+00:00\",\"description\":\"Visite priv\u00e9e \u00e0 pied priv\u00e9e de Las Palmas enti\u00e8rement personnalis\u00e9e. Explorez Las Palmas avec un guide priv\u00e9. Point de rencontre \u00e0 Las Palmas.\",\"breadcrumb\":{\"@id\":\"https:\/\/tourtravelandmore.com\/fr\/tours\/espagne-fr\/grancanaria-fr\/visite-privee-a-pied-de-las-palmas\/#breadcrumb\"},\"inLanguage\":\"fr-FR\",\"potentialAction\":[{\"@type\":\"ReadAction\",\"target\":[\"https:\/\/tourtravelandmore.com\/fr\/tours\/espagne-fr\/grancanaria-fr\/visite-privee-a-pied-de-las-palmas\/\"]}]},{\"@type\":\"ImageObject\",\"inLanguage\":\"fr-FR\",\"@id\":\"https:\/\/tourtravelandmore.com\/fr\/tours\/espagne-fr\/grancanaria-fr\/visite-privee-a-pied-de-las-palmas\/#primaryimage\",\"url\":\"https:\/\/tourtravelandmore.com\/wp-content\/uploads\/2019\/01\/las-palmas-1340736_960_720.jpg\",\"contentUrl\":\"https:\/\/tourtravelandmore.com\/wp-content\/uploads\/2019\/01\/las-palmas-1340736_960_720.jpg\",\"width\":960,\"height\":640},{\"@type\":\"BreadcrumbList\",\"@id\":\"https:\/\/tourtravelandmore.com\/fr\/tours\/espagne-fr\/grancanaria-fr\/visite-privee-a-pied-de-las-palmas\/#breadcrumb\",\"itemListElement\":[{\"@type\":\"ListItem\",\"position\":1,\"name\":\"Home\",\"item\":\"https:\/\/tourtravelandmore.com\/fr\/\"},{\"@type\":\"ListItem\",\"position\":2,\"name\":\"Tours\",\"item\":\"https:\/\/tourtravelandmore.com\/fr\/tours\/\"},{\"@type\":\"ListItem\",\"position\":3,\"name\":\"Visite priv\u00e9e \u00e0 pied de Las Palmas\"}]},{\"@type\":\"WebSite\",\"@id\":\"https:\/\/tourtravelandmore.com\/fr\/#website\",\"url\":\"https:\/\/tourtravelandmore.com\/fr\/\",\"name\":\"Tour Travel And More\",\"description\":\"Private sightseeing tours and luxury transfers in Spain\",\"publisher\":{\"@id\":\"https:\/\/tourtravelandmore.com\/fr\/#organization\"},\"potentialAction\":[{\"@type\":\"SearchAction\",\"target\":{\"@type\":\"EntryPoint\",\"urlTemplate\":\"https:\/\/tourtravelandmore.com\/fr\/?s={search_term_string}\"},\"query-input\":{\"@type\":\"PropertyValueSpecification\",\"valueRequired\":true,\"valueName\":\"search_term_string\"}}],\"inLanguage\":\"fr-FR\"},{\"@type\":\"Organization\",\"@id\":\"https:\/\/tourtravelandmore.com\/fr\/#organization\",\"name\":\"Tour Travel And More\",\"url\":\"https:\/\/tourtravelandmore.com\/fr\/\",\"logo\":{\"@type\":\"ImageObject\",\"inLanguage\":\"fr-FR\",\"@id\":\"https:\/\/tourtravelandmore.com\/fr\/#\/schema\/logo\/image\/\",\"url\":\"https:\/\/tourtravelandmore.com\/wp-content\/uploads\/2022\/12\/cropped-logo-cabecera-new.png\",\"contentUrl\":\"https:\/\/tourtravelandmore.com\/wp-content\/uploads\/2022\/12\/cropped-logo-cabecera-new.png\",\"width\":430,\"height\":61,\"caption\":\"Tour Travel And More\"},\"image\":{\"@id\":\"https:\/\/tourtravelandmore.com\/fr\/#\/schema\/logo\/image\/\"},\"sameAs\":[\"https:\/\/www.facebook.com\/tourtravelandmore\/\",\"https:\/\/x.com\/TourTravel_More\"]}]}<\/script>\n<!-- \/ Yoast SEO Premium plugin. -->","yoast_head_json":{"title":"Visite priv\u00e9e \u00e0 pied de Las Palmas - Prise en charge priv\u00e9e avec guide","description":"Visite priv\u00e9e \u00e0 pied priv\u00e9e de Las Palmas enti\u00e8rement personnalis\u00e9e. Explorez Las Palmas avec un guide priv\u00e9. Point de rencontre \u00e0 Las Palmas.","robots":{"index":"index","follow":"follow","max-snippet":"max-snippet:-1","max-image-preview":"max-image-preview:large","max-video-preview":"max-video-preview:-1"},"canonical":"https:\/\/tourtravelandmore.com\/fr\/tours\/espagne-fr\/grancanaria-fr\/visite-privee-a-pied-de-las-palmas\/","og_locale":"fr_FR","og_type":"article","og_title":"Visite priv\u00e9e \u00e0 pied de Las Palmas","og_description":"Visite priv\u00e9e \u00e0 pied priv\u00e9e de Las Palmas enti\u00e8rement personnalis\u00e9e. Explorez Las Palmas avec un guide priv\u00e9. Point de rencontre \u00e0 Las Palmas.","og_url":"https:\/\/tourtravelandmore.com\/fr\/tours\/espagne-fr\/grancanaria-fr\/visite-privee-a-pied-de-las-palmas\/","og_site_name":"Tour Travel And More","article_publisher":"https:\/\/www.facebook.com\/tourtravelandmore\/","og_image":[{"width":960,"height":640,"url":"https:\/\/tourtravelandmore.com\/wp-content\/uploads\/2019\/01\/las-palmas-1340736_960_720.jpg","type":"image\/jpeg"}],"twitter_card":"summary_large_image","twitter_site":"@TourTravel_More","twitter_misc":{"Dur\u00e9e de lecture estim\u00e9e":"2 minutes"},"schema":{"@context":"https:\/\/schema.org","@graph":[{"@type":"WebPage","@id":"https:\/\/tourtravelandmore.com\/fr\/tours\/espagne-fr\/grancanaria-fr\/visite-privee-a-pied-de-las-palmas\/","url":"https:\/\/tourtravelandmore.com\/fr\/tours\/espagne-fr\/grancanaria-fr\/visite-privee-a-pied-de-las-palmas\/","name":"Visite priv\u00e9e \u00e0 pied de Las Palmas - Prise en charge priv\u00e9e avec guide","isPartOf":{"@id":"https:\/\/tourtravelandmore.com\/fr\/#website"},"primaryImageOfPage":{"@id":"https:\/\/tourtravelandmore.com\/fr\/tours\/espagne-fr\/grancanaria-fr\/visite-privee-a-pied-de-las-palmas\/#primaryimage"},"image":{"@id":"https:\/\/tourtravelandmore.com\/fr\/tours\/espagne-fr\/grancanaria-fr\/visite-privee-a-pied-de-las-palmas\/#primaryimage"},"thumbnailUrl":"https:\/\/tourtravelandmore.com\/wp-content\/uploads\/2019\/01\/las-palmas-1340736_960_720.jpg","datePublished":"2020-07-23T18:56:41+00:00","description":"Visite priv\u00e9e \u00e0 pied priv\u00e9e de Las Palmas enti\u00e8rement personnalis\u00e9e. Explorez Las Palmas avec un guide priv\u00e9. Point de rencontre \u00e0 Las Palmas.","breadcrumb":{"@id":"https:\/\/tourtravelandmore.com\/fr\/tours\/espagne-fr\/grancanaria-fr\/visite-privee-a-pied-de-las-palmas\/#breadcrumb"},"inLanguage":"fr-FR","potentialAction":[{"@type":"ReadAction","target":["https:\/\/tourtravelandmore.com\/fr\/tours\/espagne-fr\/grancanaria-fr\/visite-privee-a-pied-de-las-palmas\/"]}]},{"@type":"ImageObject","inLanguage":"fr-FR","@id":"https:\/\/tourtravelandmore.com\/fr\/tours\/espagne-fr\/grancanaria-fr\/visite-privee-a-pied-de-las-palmas\/#primaryimage","url":"https:\/\/tourtravelandmore.com\/wp-content\/uploads\/2019\/01\/las-palmas-1340736_960_720.jpg","contentUrl":"https:\/\/tourtravelandmore.com\/wp-content\/uploads\/2019\/01\/las-palmas-1340736_960_720.jpg","width":960,"height":640},{"@type":"BreadcrumbList","@id":"https:\/\/tourtravelandmore.com\/fr\/tours\/espagne-fr\/grancanaria-fr\/visite-privee-a-pied-de-las-palmas\/#breadcrumb","itemListElement":[{"@type":"ListItem","position":1,"name":"Home","item":"https:\/\/tourtravelandmore.com\/fr\/"},{"@type":"ListItem","position":2,"name":"Tours","item":"https:\/\/tourtravelandmore.com\/fr\/tours\/"},{"@type":"ListItem","position":3,"name":"Visite priv\u00e9e \u00e0 pied de Las Palmas"}]},{"@type":"WebSite","@id":"https:\/\/tourtravelandmore.com\/fr\/#website","url":"https:\/\/tourtravelandmore.com\/fr\/","name":"Tour Travel And More","description":"Private sightseeing tours and luxury transfers in Spain","publisher":{"@id":"https:\/\/tourtravelandmore.com\/fr\/#organization"},"potentialAction":[{"@type":"SearchAction","target":{"@type":"EntryPoint","urlTemplate":"https:\/\/tourtravelandmore.com\/fr\/?s={search_term_string}"},"query-input":{"@type":"PropertyValueSpecification","valueRequired":true,"valueName":"search_term_string"}}],"inLanguage":"fr-FR"},{"@type":"Organization","@id":"https:\/\/tourtravelandmore.com\/fr\/#organization","name":"Tour Travel And More","url":"https:\/\/tourtravelandmore.com\/fr\/","logo":{"@type":"ImageObject","inLanguage":"fr-FR","@id":"https:\/\/tourtravelandmore.com\/fr\/#\/schema\/logo\/image\/","url":"https:\/\/tourtravelandmore.com\/wp-content\/uploads\/2022\/12\/cropped-logo-cabecera-new.png","contentUrl":"https:\/\/tourtravelandmore.com\/wp-content\/uploads\/2022\/12\/cropped-logo-cabecera-new.png","width":430,"height":61,"caption":"Tour Travel And More"},"image":{"@id":"https:\/\/tourtravelandmore.com\/fr\/#\/schema\/logo\/image\/"},"sameAs":["https:\/\/www.facebook.com\/tourtravelandmore\/","https:\/\/x.com\/TourTravel_More"]}]}},"_links":{"self":[{"href":"https:\/\/tourtravelandmore.com\/fr\/wp-json\/wp\/v2\/product\/99357","targetHints":{"allow":["GET"]}}],"collection":[{"href":"https:\/\/tourtravelandmore.com\/fr\/wp-json\/wp\/v2\/product"}],"about":[{"href":"https:\/\/tourtravelandmore.com\/fr\/wp-json\/wp\/v2\/types\/product"}],"replies":[{"embeddable":true,"href":"https:\/\/tourtravelandmore.com\/fr\/wp-json\/wp\/v2\/comments?post=99357"}],"wp:featuredmedia":[{"embeddable":true,"href":"https:\/\/tourtravelandmore.com\/fr\/wp-json\/wp\/v2\/media\/95470"}],"wp:attachment":[{"href":"https:\/\/tourtravelandmore.com\/fr\/wp-json\/wp\/v2\/media?parent=99357"}],"wp:term":[{"taxonomy":"product_brand","embeddable":true,"href":"https:\/\/tourtravelandmore.com\/fr\/wp-json\/wp\/v2\/product_brand?post=99357"},{"taxonomy":"product_cat","embeddable":true,"href":"https:\/\/tourtravelandmore.com\/fr\/wp-json\/wp\/v2\/product_cat?post=99357"},{"taxonomy":"product_tag","embeddable":true,"href":"https:\/\/tourtravelandmore.com\/fr\/wp-json\/wp\/v2\/product_tag?post=99357"}],"curies":[{"name":"wp","href":"https:\/\/api.w.org\/{rel}","templated":true}]}}