{"id":98981,"date":"2017-01-24T10:36:24","date_gmt":"2017-01-24T09:36:24","guid":{"rendered":"https:\/\/tourtravelandmore.com\/tours\/non%20class\u00e9\/visite-privee-du-camino-de-santiago\/"},"modified":"2024-12-09T16:35:21","modified_gmt":"2024-12-09T15:35:21","slug":"visite-privee-du-camino-de-santiago","status":"publish","type":"product","link":"https:\/\/tourtravelandmore.com\/fr\/tours\/espagne-fr\/santiagodecompsotela-fr\/visite-privee-du-camino-de-santiago\/","title":{"rendered":"Visite priv\u00e9e : Les derniers kilom\u00e8tres du Camino de Santiago"},"content":{"rendered":"<h2>Visite priv\u00e9e : Les derniers kilom\u00e8tres du Camino de Santiago Description<\/h2>\n<p>D\u00e9couvrez le dernier tron\u00e7on du Camino de Santiago gr\u00e2ce \u00e0 notre circuit priv\u00e9 exclusif. Parcourez les 5 ou 10 derniers kilom\u00e8tres de ce l\u00e9gendaire chemin de p\u00e8lerinage, dont le point culminant est l&#8217;impressionnante cath\u00e9drale de Saint-Jacques-de-Compostelle. Que vous choisissiez l&#8217;option de 3 ou 4 heures, vous serez immerg\u00e9 dans l&#8217;atmosph\u00e8re spirituelle et les paysages \u00e9poustouflants qui font du Camino un voyage inoubliable.<\/p>\n<p>Avec notre service, vous serez pris en charge \u00e0 votre h\u00f4tel et conduit \u00e0 votre point de d\u00e9part. Pour l&#8217;option de 5 kilom\u00e8tres, vous commencerez \u00e0 <b><strong>Monte do Gozo<\/strong><\/b> ou <b><strong>Salera de Abaixo<\/strong><\/b>, tandis que l&#8217;option de 10 kilom\u00e8tres commencera \u00e0 <b><strong>Lavacolla<\/strong><\/b> ou <b><strong>Villestro<\/strong><\/b>. De l\u00e0, vous embarquerez pour votre marche avec un guide comp\u00e9tent qui enrichira votre exp\u00e9rience en vous faisant d\u00e9couvrir l&#8217;histoire, les traditions et l&#8217;importance de cette route v\u00e9n\u00e9r\u00e9e.<\/p>\n<p>Contactez-nous pour personnaliser votre exp\u00e9rience. Il peut s&#8217;agir d&#8217;une exp\u00e9rience de plusieurs heures ou m\u00eame d&#8217;une journ\u00e9e plus longue. Nous pouvons organiser un transport priv\u00e9 si vous \u00eates situ\u00e9 plus loin pour profiter d&#8217;une pinc\u00e9e de cette exp\u00e9rience de marche.<\/p>\n<h2>Visite priv\u00e9e : Les derniers kilom\u00e8tres du Camino de Santiago | Points d&#8217;int\u00e9r\u00eat et sites touristiques<\/h2>\n<p>Ce circuit allie confort et authenticit\u00e9, vous donnant l&#8217;opportunit\u00e9 de vous rapprocher du riche h\u00e9ritage du Camino et des p\u00e8lerins qui l&#8217;ont parcouru pendant des si\u00e8cles. Que vous marchiez 5 ou 10 kilom\u00e8tres, votre voyage se terminera par un sentiment d&#8217;accomplissement et des souvenirs inoubliables.<\/p>\n<ul>\n<li><b><strong>Options flexibles<\/strong><\/b>: Choisissez entre marcher les 5 derniers kilom\u00e8tres en 3 heures ou les 10 derniers kilom\u00e8tres en 4 heures, selon vos pr\u00e9f\u00e9rences et votre rythme.<\/li>\n<li><b><strong>Prise en charge personnalis\u00e9e<\/strong><\/b>: Profitez d&#8217;un transfert priv\u00e9 de votre h\u00f4tel au point de d\u00e9part de votre p\u00e8lerinage.\n<ul>\n<li><b><strong>Points de d\u00e9part des 5 kilom\u00e8tres<\/strong><\/b>: Monte do Gozo ou Salera de Abaixo.<\/li>\n<li><b><strong>Points de d\u00e9part \u00e0 10 km<\/strong><\/b>: Lavacolla ou Villestro.<\/li>\n<\/ul>\n<\/li>\n<li><b><strong>Conseils d&#8217;experts<\/strong><\/b>: Marchez aux c\u00f4t\u00e9s d&#8217;un guide professionnel qui vous racontera des histoires fascinantes et des d\u00e9tails sur l&#8217;histoire, la culture et les points d&#8217;int\u00e9r\u00eat du Camino.<\/li>\n<li><b><strong>Exp\u00e9rience de la derni\u00e8re ligne droite<\/strong><\/b>: Assistez au moment embl\u00e9matique o\u00f9 les fl\u00e8ches de la cath\u00e9drale de Saint-Jacques-de-Compostelle apparaissent et terminez votre voyage dans ce site class\u00e9 au patrimoine mondial de l&#8217;UNESCO.<\/li>\n<li><b><strong>Exp\u00e9rience sur mesure<\/strong><\/b>: Id\u00e9al pour les p\u00e8lerins et les voyageurs qui souhaitent vivre une exp\u00e9rience authentique du Camino sans avoir \u00e0 parcourir l&#8217;int\u00e9gralit\u00e9 du chemin.<\/li>\n<\/ul>\n<p><a href=\"https:\/\/tourtravelandmore.com\/fr\/city\/espagne-fr\/\">Consultez nos autres circuits priv\u00e9s<\/a>. Il s&#8217;agit de circuits priv\u00e9s dans toute l&#8217;Espagne ou dans n&#8217;importe quelle ville du monde !<\/p>\n","protected":false},"excerpt":{"rendered":"<p>D\u00e9couvrez le dernier tron\u00e7on du Camino de Santiago gr\u00e2ce \u00e0 notre circuit priv\u00e9 exclusif. Parcourez les 5 ou 10 derniers kilom\u00e8tres de ce l\u00e9gendaire chemin de p\u00e8lerinage, dont le point culminant est l&#8217;impressionnante cath\u00e9drale de Saint-Jacques-de-Compostelle. Que vous choisissiez l&#8217;option de 3 ou 4 heures, vous serez immerg\u00e9 dans l&#8217;atmosph\u00e8re spirituelle et les paysages \u00e9poustouflants qui font du Camino un voyage inoubliable.<\/p>\n","protected":false},"featured_media":94153,"comment_status":"open","ping_status":"closed","template":"","meta":{"_acf_changed":false},"product_brand":[],"product_cat":[4438,4510,5126,5125,3589],"product_tag":[],"class_list":{"0":"post-98981","1":"product","2":"type-product","3":"status-publish","4":"has-post-thumbnail","6":"product_cat-all-private-tours-activities-fr-21","7":"product_cat-private-sightseeing-tours","8":"product_cat-private-sightseeing-tours-fr-31","9":"product_cat-private-walking-tours-fr-13","10":"product_cat-santiagodecompsotela-fr","12":"first","13":"instock","14":"shipping-taxable","15":"purchasable","16":"product-type-simple"},"acf":[],"yoast_head":"<!-- This site is optimized with the Yoast SEO Premium plugin v25.3.1 (Yoast SEO v25.3.1) - https:\/\/yoast.com\/wordpress\/plugins\/seo\/ -->\n<title>\u27a1\ufe0f Visite priv\u00e9e du Camino de Santiago | Tour Travel &amp; More<\/title>\n<meta name=\"description\" content=\"Visite priv\u00e9e du Camino de Santiago. Les lieux les plus importants. Profitez de cette occasion pour conna\u00eetre le Camino de Santiago dans cette exp\u00e9rience unique \u2705\" \/>\n<meta name=\"robots\" content=\"index, follow, max-snippet:-1, max-image-preview:large, max-video-preview:-1\" \/>\n<link rel=\"canonical\" href=\"https:\/\/tourtravelandmore.com\/fr\/tours\/espagne-fr\/santiagodecompsotela-fr\/visite-privee-du-camino-de-santiago\/\" \/>\n<meta property=\"og:locale\" content=\"fr_FR\" \/>\n<meta property=\"og:type\" content=\"article\" \/>\n<meta property=\"og:title\" content=\"Visite priv\u00e9e : Les derniers kilom\u00e8tres du Camino de Santiago\" \/>\n<meta property=\"og:description\" content=\"Visite priv\u00e9e du Camino de Santiago. Les lieux les plus importants. Profitez de cette occasion pour conna\u00eetre le Camino de Santiago dans cette exp\u00e9rience unique \u2705\" \/>\n<meta property=\"og:url\" content=\"https:\/\/tourtravelandmore.com\/fr\/tours\/espagne-fr\/santiagodecompsotela-fr\/visite-privee-du-camino-de-santiago\/\" \/>\n<meta property=\"og:site_name\" content=\"Tour Travel And More\" \/>\n<meta property=\"article:publisher\" content=\"https:\/\/www.facebook.com\/tourtravelandmore\/\" \/>\n<meta property=\"article:modified_time\" content=\"2024-12-09T15:35:21+00:00\" \/>\n<meta property=\"og:image\" content=\"https:\/\/tourtravelandmore.com\/wp-content\/uploads\/2017\/01\/o-CAMINO-DE-SANTIAGO-facebook.jpg\" \/>\n\t<meta property=\"og:image:width\" content=\"2000\" \/>\n\t<meta property=\"og:image:height\" content=\"1000\" \/>\n\t<meta property=\"og:image:type\" content=\"image\/jpeg\" \/>\n<meta name=\"twitter:card\" content=\"summary_large_image\" \/>\n<meta name=\"twitter:site\" content=\"@TourTravel_More\" \/>\n<meta name=\"twitter:label1\" content=\"Dur\u00e9e de lecture estim\u00e9e\" \/>\n\t<meta name=\"twitter:data1\" content=\"2 minutes\" \/>\n<script type=\"application\/ld+json\" class=\"yoast-schema-graph\">{\"@context\":\"https:\/\/schema.org\",\"@graph\":[{\"@type\":\"WebPage\",\"@id\":\"https:\/\/tourtravelandmore.com\/fr\/tours\/espagne-fr\/santiagodecompsotela-fr\/visite-privee-du-camino-de-santiago\/\",\"url\":\"https:\/\/tourtravelandmore.com\/fr\/tours\/espagne-fr\/santiagodecompsotela-fr\/visite-privee-du-camino-de-santiago\/\",\"name\":\"\u27a1\ufe0f Visite priv\u00e9e du Camino de Santiago | Tour Travel & More\",\"isPartOf\":{\"@id\":\"https:\/\/tourtravelandmore.com\/fr\/#website\"},\"primaryImageOfPage\":{\"@id\":\"https:\/\/tourtravelandmore.com\/fr\/tours\/espagne-fr\/santiagodecompsotela-fr\/visite-privee-du-camino-de-santiago\/#primaryimage\"},\"image\":{\"@id\":\"https:\/\/tourtravelandmore.com\/fr\/tours\/espagne-fr\/santiagodecompsotela-fr\/visite-privee-du-camino-de-santiago\/#primaryimage\"},\"thumbnailUrl\":\"https:\/\/tourtravelandmore.com\/wp-content\/uploads\/2017\/01\/o-CAMINO-DE-SANTIAGO-facebook.jpg\",\"datePublished\":\"2017-01-24T09:36:24+00:00\",\"dateModified\":\"2024-12-09T15:35:21+00:00\",\"description\":\"Visite priv\u00e9e du Camino de Santiago. Les lieux les plus importants. Profitez de cette occasion pour conna\u00eetre le Camino de Santiago dans cette exp\u00e9rience unique \u2705\",\"breadcrumb\":{\"@id\":\"https:\/\/tourtravelandmore.com\/fr\/tours\/espagne-fr\/santiagodecompsotela-fr\/visite-privee-du-camino-de-santiago\/#breadcrumb\"},\"inLanguage\":\"fr-FR\",\"potentialAction\":[{\"@type\":\"ReadAction\",\"target\":[\"https:\/\/tourtravelandmore.com\/fr\/tours\/espagne-fr\/santiagodecompsotela-fr\/visite-privee-du-camino-de-santiago\/\"]}]},{\"@type\":\"ImageObject\",\"inLanguage\":\"fr-FR\",\"@id\":\"https:\/\/tourtravelandmore.com\/fr\/tours\/espagne-fr\/santiagodecompsotela-fr\/visite-privee-du-camino-de-santiago\/#primaryimage\",\"url\":\"https:\/\/tourtravelandmore.com\/wp-content\/uploads\/2017\/01\/o-CAMINO-DE-SANTIAGO-facebook.jpg\",\"contentUrl\":\"https:\/\/tourtravelandmore.com\/wp-content\/uploads\/2017\/01\/o-CAMINO-DE-SANTIAGO-facebook.jpg\",\"width\":2000,\"height\":1000},{\"@type\":\"BreadcrumbList\",\"@id\":\"https:\/\/tourtravelandmore.com\/fr\/tours\/espagne-fr\/santiagodecompsotela-fr\/visite-privee-du-camino-de-santiago\/#breadcrumb\",\"itemListElement\":[{\"@type\":\"ListItem\",\"position\":1,\"name\":\"Home\",\"item\":\"https:\/\/tourtravelandmore.com\/fr\/\"},{\"@type\":\"ListItem\",\"position\":2,\"name\":\"Tours\",\"item\":\"https:\/\/tourtravelandmore.com\/fr\/tours\/\"},{\"@type\":\"ListItem\",\"position\":3,\"name\":\"Visite priv\u00e9e : Les derniers kilom\u00e8tres du Camino de Santiago\"}]},{\"@type\":\"WebSite\",\"@id\":\"https:\/\/tourtravelandmore.com\/fr\/#website\",\"url\":\"https:\/\/tourtravelandmore.com\/fr\/\",\"name\":\"Tour Travel And More\",\"description\":\"Private sightseeing tours and luxury transfers in Spain\",\"publisher\":{\"@id\":\"https:\/\/tourtravelandmore.com\/fr\/#organization\"},\"potentialAction\":[{\"@type\":\"SearchAction\",\"target\":{\"@type\":\"EntryPoint\",\"urlTemplate\":\"https:\/\/tourtravelandmore.com\/fr\/?s={search_term_string}\"},\"query-input\":{\"@type\":\"PropertyValueSpecification\",\"valueRequired\":true,\"valueName\":\"search_term_string\"}}],\"inLanguage\":\"fr-FR\"},{\"@type\":\"Organization\",\"@id\":\"https:\/\/tourtravelandmore.com\/fr\/#organization\",\"name\":\"Tour Travel And More\",\"url\":\"https:\/\/tourtravelandmore.com\/fr\/\",\"logo\":{\"@type\":\"ImageObject\",\"inLanguage\":\"fr-FR\",\"@id\":\"https:\/\/tourtravelandmore.com\/fr\/#\/schema\/logo\/image\/\",\"url\":\"https:\/\/tourtravelandmore.com\/wp-content\/uploads\/2022\/12\/cropped-logo-cabecera-new.png\",\"contentUrl\":\"https:\/\/tourtravelandmore.com\/wp-content\/uploads\/2022\/12\/cropped-logo-cabecera-new.png\",\"width\":430,\"height\":61,\"caption\":\"Tour Travel And More\"},\"image\":{\"@id\":\"https:\/\/tourtravelandmore.com\/fr\/#\/schema\/logo\/image\/\"},\"sameAs\":[\"https:\/\/www.facebook.com\/tourtravelandmore\/\",\"https:\/\/x.com\/TourTravel_More\"]}]}<\/script>\n<!-- \/ Yoast SEO Premium plugin. -->","yoast_head_json":{"title":"\u27a1\ufe0f Visite priv\u00e9e du Camino de Santiago | Tour Travel & More","description":"Visite priv\u00e9e du Camino de Santiago. Les lieux les plus importants. Profitez de cette occasion pour conna\u00eetre le Camino de Santiago dans cette exp\u00e9rience unique \u2705","robots":{"index":"index","follow":"follow","max-snippet":"max-snippet:-1","max-image-preview":"max-image-preview:large","max-video-preview":"max-video-preview:-1"},"canonical":"https:\/\/tourtravelandmore.com\/fr\/tours\/espagne-fr\/santiagodecompsotela-fr\/visite-privee-du-camino-de-santiago\/","og_locale":"fr_FR","og_type":"article","og_title":"Visite priv\u00e9e : Les derniers kilom\u00e8tres du Camino de Santiago","og_description":"Visite priv\u00e9e du Camino de Santiago. Les lieux les plus importants. Profitez de cette occasion pour conna\u00eetre le Camino de Santiago dans cette exp\u00e9rience unique \u2705","og_url":"https:\/\/tourtravelandmore.com\/fr\/tours\/espagne-fr\/santiagodecompsotela-fr\/visite-privee-du-camino-de-santiago\/","og_site_name":"Tour Travel And More","article_publisher":"https:\/\/www.facebook.com\/tourtravelandmore\/","article_modified_time":"2024-12-09T15:35:21+00:00","og_image":[{"width":2000,"height":1000,"url":"https:\/\/tourtravelandmore.com\/wp-content\/uploads\/2017\/01\/o-CAMINO-DE-SANTIAGO-facebook.jpg","type":"image\/jpeg"}],"twitter_card":"summary_large_image","twitter_site":"@TourTravel_More","twitter_misc":{"Dur\u00e9e de lecture estim\u00e9e":"2 minutes"},"schema":{"@context":"https:\/\/schema.org","@graph":[{"@type":"WebPage","@id":"https:\/\/tourtravelandmore.com\/fr\/tours\/espagne-fr\/santiagodecompsotela-fr\/visite-privee-du-camino-de-santiago\/","url":"https:\/\/tourtravelandmore.com\/fr\/tours\/espagne-fr\/santiagodecompsotela-fr\/visite-privee-du-camino-de-santiago\/","name":"\u27a1\ufe0f Visite priv\u00e9e du Camino de Santiago | Tour Travel & More","isPartOf":{"@id":"https:\/\/tourtravelandmore.com\/fr\/#website"},"primaryImageOfPage":{"@id":"https:\/\/tourtravelandmore.com\/fr\/tours\/espagne-fr\/santiagodecompsotela-fr\/visite-privee-du-camino-de-santiago\/#primaryimage"},"image":{"@id":"https:\/\/tourtravelandmore.com\/fr\/tours\/espagne-fr\/santiagodecompsotela-fr\/visite-privee-du-camino-de-santiago\/#primaryimage"},"thumbnailUrl":"https:\/\/tourtravelandmore.com\/wp-content\/uploads\/2017\/01\/o-CAMINO-DE-SANTIAGO-facebook.jpg","datePublished":"2017-01-24T09:36:24+00:00","dateModified":"2024-12-09T15:35:21+00:00","description":"Visite priv\u00e9e du Camino de Santiago. Les lieux les plus importants. Profitez de cette occasion pour conna\u00eetre le Camino de Santiago dans cette exp\u00e9rience unique \u2705","breadcrumb":{"@id":"https:\/\/tourtravelandmore.com\/fr\/tours\/espagne-fr\/santiagodecompsotela-fr\/visite-privee-du-camino-de-santiago\/#breadcrumb"},"inLanguage":"fr-FR","potentialAction":[{"@type":"ReadAction","target":["https:\/\/tourtravelandmore.com\/fr\/tours\/espagne-fr\/santiagodecompsotela-fr\/visite-privee-du-camino-de-santiago\/"]}]},{"@type":"ImageObject","inLanguage":"fr-FR","@id":"https:\/\/tourtravelandmore.com\/fr\/tours\/espagne-fr\/santiagodecompsotela-fr\/visite-privee-du-camino-de-santiago\/#primaryimage","url":"https:\/\/tourtravelandmore.com\/wp-content\/uploads\/2017\/01\/o-CAMINO-DE-SANTIAGO-facebook.jpg","contentUrl":"https:\/\/tourtravelandmore.com\/wp-content\/uploads\/2017\/01\/o-CAMINO-DE-SANTIAGO-facebook.jpg","width":2000,"height":1000},{"@type":"BreadcrumbList","@id":"https:\/\/tourtravelandmore.com\/fr\/tours\/espagne-fr\/santiagodecompsotela-fr\/visite-privee-du-camino-de-santiago\/#breadcrumb","itemListElement":[{"@type":"ListItem","position":1,"name":"Home","item":"https:\/\/tourtravelandmore.com\/fr\/"},{"@type":"ListItem","position":2,"name":"Tours","item":"https:\/\/tourtravelandmore.com\/fr\/tours\/"},{"@type":"ListItem","position":3,"name":"Visite priv\u00e9e : Les derniers kilom\u00e8tres du Camino de Santiago"}]},{"@type":"WebSite","@id":"https:\/\/tourtravelandmore.com\/fr\/#website","url":"https:\/\/tourtravelandmore.com\/fr\/","name":"Tour Travel And More","description":"Private sightseeing tours and luxury transfers in Spain","publisher":{"@id":"https:\/\/tourtravelandmore.com\/fr\/#organization"},"potentialAction":[{"@type":"SearchAction","target":{"@type":"EntryPoint","urlTemplate":"https:\/\/tourtravelandmore.com\/fr\/?s={search_term_string}"},"query-input":{"@type":"PropertyValueSpecification","valueRequired":true,"valueName":"search_term_string"}}],"inLanguage":"fr-FR"},{"@type":"Organization","@id":"https:\/\/tourtravelandmore.com\/fr\/#organization","name":"Tour Travel And More","url":"https:\/\/tourtravelandmore.com\/fr\/","logo":{"@type":"ImageObject","inLanguage":"fr-FR","@id":"https:\/\/tourtravelandmore.com\/fr\/#\/schema\/logo\/image\/","url":"https:\/\/tourtravelandmore.com\/wp-content\/uploads\/2022\/12\/cropped-logo-cabecera-new.png","contentUrl":"https:\/\/tourtravelandmore.com\/wp-content\/uploads\/2022\/12\/cropped-logo-cabecera-new.png","width":430,"height":61,"caption":"Tour Travel And More"},"image":{"@id":"https:\/\/tourtravelandmore.com\/fr\/#\/schema\/logo\/image\/"},"sameAs":["https:\/\/www.facebook.com\/tourtravelandmore\/","https:\/\/x.com\/TourTravel_More"]}]}},"_links":{"self":[{"href":"https:\/\/tourtravelandmore.com\/fr\/wp-json\/wp\/v2\/product\/98981","targetHints":{"allow":["GET"]}}],"collection":[{"href":"https:\/\/tourtravelandmore.com\/fr\/wp-json\/wp\/v2\/product"}],"about":[{"href":"https:\/\/tourtravelandmore.com\/fr\/wp-json\/wp\/v2\/types\/product"}],"replies":[{"embeddable":true,"href":"https:\/\/tourtravelandmore.com\/fr\/wp-json\/wp\/v2\/comments?post=98981"}],"wp:featuredmedia":[{"embeddable":true,"href":"https:\/\/tourtravelandmore.com\/fr\/wp-json\/wp\/v2\/media\/94153"}],"wp:attachment":[{"href":"https:\/\/tourtravelandmore.com\/fr\/wp-json\/wp\/v2\/media?parent=98981"}],"wp:term":[{"taxonomy":"product_brand","embeddable":true,"href":"https:\/\/tourtravelandmore.com\/fr\/wp-json\/wp\/v2\/product_brand?post=98981"},{"taxonomy":"product_cat","embeddable":true,"href":"https:\/\/tourtravelandmore.com\/fr\/wp-json\/wp\/v2\/product_cat?post=98981"},{"taxonomy":"product_tag","embeddable":true,"href":"https:\/\/tourtravelandmore.com\/fr\/wp-json\/wp\/v2\/product_tag?post=98981"}],"curies":[{"name":"wp","href":"https:\/\/api.w.org\/{rel}","templated":true}]}}