{"id":98875,"date":"2016-08-25T23:02:53","date_gmt":"2016-08-25T21:02:53","guid":{"rendered":"https:\/\/tourtravelandmore.com\/tours\/non class\u00e9\/visite-privee-de-seville-au-depart-de-cordoue\/"},"modified":"2016-08-25T23:02:53","modified_gmt":"2016-08-25T21:02:53","slug":"visite-privee-de-seville-au-depart-de-cordoue","status":"publish","type":"product","link":"https:\/\/tourtravelandmore.com\/fr\/tours\/espagne-fr\/cordoba-fr\/visite-privee-de-seville-au-depart-de-cordoue\/","title":{"rendered":"Visite priv\u00e9e de S\u00e9ville au d\u00e9part de Cordoue"},"content":{"rendered":"<h2>La description<\/h2>\n<p>Profitez de cette visite priv\u00e9e de S\u00e9ville au d\u00e9part de Cordoue. D\u00e9couvrez le meilleur de S\u00e9ville pour cette visite avec une prise en charge \u00e0 l&#8217;h\u00f4tel de Cordoue.<\/p>\n<p>Tout d&#8217;abord, nous organiserons une prise en charge priv\u00e9e depuis Cordoue. La prise en charge peut \u00e9galement se faire depuis la r\u00e9gion de Cordoue. Une fois que nous sommes venus vous chercher avec un v\u00e9hicule confortable et luxueux, nous nous dirigerons vers S\u00e9ville. S\u00e9ville est l&#8217;une des plus grandes villes d&#8217;Andalousie et c&#8217;est un excellent moyen de passer une journ\u00e9e compl\u00e8te.<\/p>\n<p>Vous vous dirigerez vers S\u00e9ville avec votre v\u00e9hicule de luxe priv\u00e9 avec chauffeur.<\/p>\n<p>Deuxi\u00e8mement, d\u00e8s notre arriv\u00e9e \u00e0 S\u00e9ville, vous rencontrerez notre guide officiel priv\u00e9. Apprenez \u00e0 conna\u00eetre les meilleurs sites de cette ville, promenez-vous et mangez un morceau!<\/p>\n<h2>Sites d&#8217;int\u00e9r\u00eat et monuments<\/h2>\n<p>Il y a tellement de choses \u00e0 faire \u00e0 S\u00e9ville, voici quelques sites \u00e0 d\u00e9couvrir:<\/p>\n<ul>\n<li>Quartier juif<\/li>\n<li>Zone commerciale exclusive<\/li>\n<li>Plaza Espa\u00f1a<\/li>\n<li>Stade Sanchez Pijuan<\/li>\n<li>Plaza Nova<\/li>\n<li>Cath\u00e9drale de S\u00e9ville<\/li>\n<li>La Giralda<\/li>\n<li>Alcazar royal<\/li>\n<li>Torre del Oro<\/li>\n<li>Beaucoup plus!<\/li>\n<\/ul>\n<p>Cette visite priv\u00e9e de S\u00e9ville au d\u00e9part de Cordoue vous donnera une excellente journ\u00e9e pour d\u00e9couvrir S\u00e9ville. Si vous souhaitez entrer dans la cath\u00e9drale ainsi que dans l&#8217;Alcazar, nous pouvons organiser des billets d&#8217;entr\u00e9e.<\/p>\n<p>Vous aurez du temps libre pour manger un morceau et vous promener dans S\u00e9ville. Profitez de vous promener dans la ville racont\u00e9e et d&#8217;acheter des souvenirs.<\/p>\n<p>Enfin, notre chauffeur vous ram\u00e8nera vers votre h\u00f4tel \u00e0 Cordoue.<\/p>\n<p>Vous pouvez consulter nos visites priv\u00e9es \u00e0 Cordoue. Nous proposons tout type de services priv\u00e9s depuis Cordoue. Jetez un \u0153il \u00e0 tous nos circuits priv\u00e9s \u00e0 Cordoue d&#8217;ici.<\/p>\n","protected":false},"excerpt":{"rendered":"<p>Une de nos meilleures visites de S\u00e9ville depuis Cordoue. Visite priv\u00e9e de S\u00e9ville depuis Cordoue. V\u00e9hicule de luxe priv\u00e9 avec chauffeur et guide s\u00e9par\u00e9 en 4 heures \u00e0 S\u00e9ville.<\/p>\n","protected":false},"featured_media":93827,"comment_status":"open","ping_status":"closed","template":"","meta":{"_acf_changed":false},"product_brand":[],"product_cat":[3569],"product_tag":[],"class_list":{"0":"post-98875","1":"product","2":"type-product","3":"status-publish","4":"has-post-thumbnail","6":"product_cat-cordoba-fr","8":"first","9":"instock","10":"shipping-taxable","11":"purchasable","12":"product-type-simple"},"acf":[],"yoast_head":"<!-- This site is optimized with the Yoast SEO Premium plugin v25.3.1 (Yoast SEO v25.3.1) - https:\/\/yoast.com\/wordpress\/plugins\/seo\/ -->\n<title>Visite priv\u00e9e de S\u00e9ville au d\u00e9part de Cordoue - V\u00e9hicule de luxe et guide touristique<\/title>\n<meta name=\"description\" content=\"Visite priv\u00e9e de S\u00e9ville depuis Cordoue. V\u00e9hicule de luxe priv\u00e9 avec chauffeur et guide s\u00e9par\u00e9 en 4 heures \u00e0 S\u00e9ville.\" \/>\n<meta name=\"robots\" content=\"index, follow, max-snippet:-1, max-image-preview:large, max-video-preview:-1\" \/>\n<link rel=\"canonical\" href=\"https:\/\/tourtravelandmore.com\/fr\/tours\/espagne-fr\/cordoba-fr\/visite-privee-de-seville-au-depart-de-cordoue\/\" \/>\n<meta property=\"og:locale\" content=\"fr_FR\" \/>\n<meta property=\"og:type\" content=\"article\" \/>\n<meta property=\"og:title\" content=\"Visite priv\u00e9e de S\u00e9ville au d\u00e9part de Cordoue\" \/>\n<meta property=\"og:description\" content=\"Visite priv\u00e9e de S\u00e9ville depuis Cordoue. V\u00e9hicule de luxe priv\u00e9 avec chauffeur et guide s\u00e9par\u00e9 en 4 heures \u00e0 S\u00e9ville.\" \/>\n<meta property=\"og:url\" content=\"https:\/\/tourtravelandmore.com\/fr\/tours\/espagne-fr\/cordoba-fr\/visite-privee-de-seville-au-depart-de-cordoue\/\" \/>\n<meta property=\"og:site_name\" content=\"Tour Travel And More\" \/>\n<meta property=\"article:publisher\" content=\"https:\/\/www.facebook.com\/tourtravelandmore\/\" \/>\n<meta property=\"og:image\" content=\"https:\/\/tourtravelandmore.com\/wp-content\/uploads\/2016\/08\/image-5.jpeg\" \/>\n\t<meta property=\"og:image:width\" content=\"1024\" \/>\n\t<meta property=\"og:image:height\" content=\"682\" \/>\n\t<meta property=\"og:image:type\" content=\"image\/jpeg\" \/>\n<meta name=\"twitter:card\" content=\"summary_large_image\" \/>\n<meta name=\"twitter:site\" content=\"@TourTravel_More\" \/>\n<meta name=\"twitter:label1\" content=\"Dur\u00e9e de lecture estim\u00e9e\" \/>\n\t<meta name=\"twitter:data1\" content=\"2 minutes\" \/>\n<script type=\"application\/ld+json\" class=\"yoast-schema-graph\">{\"@context\":\"https:\/\/schema.org\",\"@graph\":[{\"@type\":\"WebPage\",\"@id\":\"https:\/\/tourtravelandmore.com\/fr\/tours\/espagne-fr\/cordoba-fr\/visite-privee-de-seville-au-depart-de-cordoue\/\",\"url\":\"https:\/\/tourtravelandmore.com\/fr\/tours\/espagne-fr\/cordoba-fr\/visite-privee-de-seville-au-depart-de-cordoue\/\",\"name\":\"Visite priv\u00e9e de S\u00e9ville au d\u00e9part de Cordoue - V\u00e9hicule de luxe et guide touristique\",\"isPartOf\":{\"@id\":\"https:\/\/tourtravelandmore.com\/fr\/#website\"},\"primaryImageOfPage\":{\"@id\":\"https:\/\/tourtravelandmore.com\/fr\/tours\/espagne-fr\/cordoba-fr\/visite-privee-de-seville-au-depart-de-cordoue\/#primaryimage\"},\"image\":{\"@id\":\"https:\/\/tourtravelandmore.com\/fr\/tours\/espagne-fr\/cordoba-fr\/visite-privee-de-seville-au-depart-de-cordoue\/#primaryimage\"},\"thumbnailUrl\":\"https:\/\/tourtravelandmore.com\/wp-content\/uploads\/2016\/08\/image-5.jpeg\",\"datePublished\":\"2016-08-25T21:02:53+00:00\",\"description\":\"Visite priv\u00e9e de S\u00e9ville depuis Cordoue. V\u00e9hicule de luxe priv\u00e9 avec chauffeur et guide s\u00e9par\u00e9 en 4 heures \u00e0 S\u00e9ville.\",\"breadcrumb\":{\"@id\":\"https:\/\/tourtravelandmore.com\/fr\/tours\/espagne-fr\/cordoba-fr\/visite-privee-de-seville-au-depart-de-cordoue\/#breadcrumb\"},\"inLanguage\":\"fr-FR\",\"potentialAction\":[{\"@type\":\"ReadAction\",\"target\":[\"https:\/\/tourtravelandmore.com\/fr\/tours\/espagne-fr\/cordoba-fr\/visite-privee-de-seville-au-depart-de-cordoue\/\"]}]},{\"@type\":\"ImageObject\",\"inLanguage\":\"fr-FR\",\"@id\":\"https:\/\/tourtravelandmore.com\/fr\/tours\/espagne-fr\/cordoba-fr\/visite-privee-de-seville-au-depart-de-cordoue\/#primaryimage\",\"url\":\"https:\/\/tourtravelandmore.com\/wp-content\/uploads\/2016\/08\/image-5.jpeg\",\"contentUrl\":\"https:\/\/tourtravelandmore.com\/wp-content\/uploads\/2016\/08\/image-5.jpeg\",\"width\":2736,\"height\":1822,\"caption\":\"visite priv\u00e9e de S\u00e9ville au d\u00e9part de malaga\"},{\"@type\":\"BreadcrumbList\",\"@id\":\"https:\/\/tourtravelandmore.com\/fr\/tours\/espagne-fr\/cordoba-fr\/visite-privee-de-seville-au-depart-de-cordoue\/#breadcrumb\",\"itemListElement\":[{\"@type\":\"ListItem\",\"position\":1,\"name\":\"Home\",\"item\":\"https:\/\/tourtravelandmore.com\/fr\/\"},{\"@type\":\"ListItem\",\"position\":2,\"name\":\"Tours\",\"item\":\"https:\/\/tourtravelandmore.com\/fr\/tours\/\"},{\"@type\":\"ListItem\",\"position\":3,\"name\":\"Visite priv\u00e9e de S\u00e9ville au d\u00e9part de Cordoue\"}]},{\"@type\":\"WebSite\",\"@id\":\"https:\/\/tourtravelandmore.com\/fr\/#website\",\"url\":\"https:\/\/tourtravelandmore.com\/fr\/\",\"name\":\"Tour Travel And More\",\"description\":\"Private sightseeing tours and luxury transfers in Spain\",\"publisher\":{\"@id\":\"https:\/\/tourtravelandmore.com\/fr\/#organization\"},\"potentialAction\":[{\"@type\":\"SearchAction\",\"target\":{\"@type\":\"EntryPoint\",\"urlTemplate\":\"https:\/\/tourtravelandmore.com\/fr\/?s={search_term_string}\"},\"query-input\":{\"@type\":\"PropertyValueSpecification\",\"valueRequired\":true,\"valueName\":\"search_term_string\"}}],\"inLanguage\":\"fr-FR\"},{\"@type\":\"Organization\",\"@id\":\"https:\/\/tourtravelandmore.com\/fr\/#organization\",\"name\":\"Tour Travel And More\",\"url\":\"https:\/\/tourtravelandmore.com\/fr\/\",\"logo\":{\"@type\":\"ImageObject\",\"inLanguage\":\"fr-FR\",\"@id\":\"https:\/\/tourtravelandmore.com\/fr\/#\/schema\/logo\/image\/\",\"url\":\"https:\/\/tourtravelandmore.com\/wp-content\/uploads\/2022\/12\/cropped-logo-cabecera-new.png\",\"contentUrl\":\"https:\/\/tourtravelandmore.com\/wp-content\/uploads\/2022\/12\/cropped-logo-cabecera-new.png\",\"width\":430,\"height\":61,\"caption\":\"Tour Travel And More\"},\"image\":{\"@id\":\"https:\/\/tourtravelandmore.com\/fr\/#\/schema\/logo\/image\/\"},\"sameAs\":[\"https:\/\/www.facebook.com\/tourtravelandmore\/\",\"https:\/\/x.com\/TourTravel_More\"]}]}<\/script>\n<!-- \/ Yoast SEO Premium plugin. -->","yoast_head_json":{"title":"Visite priv\u00e9e de S\u00e9ville au d\u00e9part de Cordoue - V\u00e9hicule de luxe et guide touristique","description":"Visite priv\u00e9e de S\u00e9ville depuis Cordoue. V\u00e9hicule de luxe priv\u00e9 avec chauffeur et guide s\u00e9par\u00e9 en 4 heures \u00e0 S\u00e9ville.","robots":{"index":"index","follow":"follow","max-snippet":"max-snippet:-1","max-image-preview":"max-image-preview:large","max-video-preview":"max-video-preview:-1"},"canonical":"https:\/\/tourtravelandmore.com\/fr\/tours\/espagne-fr\/cordoba-fr\/visite-privee-de-seville-au-depart-de-cordoue\/","og_locale":"fr_FR","og_type":"article","og_title":"Visite priv\u00e9e de S\u00e9ville au d\u00e9part de Cordoue","og_description":"Visite priv\u00e9e de S\u00e9ville depuis Cordoue. V\u00e9hicule de luxe priv\u00e9 avec chauffeur et guide s\u00e9par\u00e9 en 4 heures \u00e0 S\u00e9ville.","og_url":"https:\/\/tourtravelandmore.com\/fr\/tours\/espagne-fr\/cordoba-fr\/visite-privee-de-seville-au-depart-de-cordoue\/","og_site_name":"Tour Travel And More","article_publisher":"https:\/\/www.facebook.com\/tourtravelandmore\/","og_image":[{"url":"https:\/\/tourtravelandmore.com\/wp-content\/uploads\/2016\/08\/image-5.jpeg","width":1024,"height":682,"type":"image\/jpeg"}],"twitter_card":"summary_large_image","twitter_site":"@TourTravel_More","twitter_misc":{"Dur\u00e9e de lecture estim\u00e9e":"2 minutes"},"schema":{"@context":"https:\/\/schema.org","@graph":[{"@type":"WebPage","@id":"https:\/\/tourtravelandmore.com\/fr\/tours\/espagne-fr\/cordoba-fr\/visite-privee-de-seville-au-depart-de-cordoue\/","url":"https:\/\/tourtravelandmore.com\/fr\/tours\/espagne-fr\/cordoba-fr\/visite-privee-de-seville-au-depart-de-cordoue\/","name":"Visite priv\u00e9e de S\u00e9ville au d\u00e9part de Cordoue - V\u00e9hicule de luxe et guide touristique","isPartOf":{"@id":"https:\/\/tourtravelandmore.com\/fr\/#website"},"primaryImageOfPage":{"@id":"https:\/\/tourtravelandmore.com\/fr\/tours\/espagne-fr\/cordoba-fr\/visite-privee-de-seville-au-depart-de-cordoue\/#primaryimage"},"image":{"@id":"https:\/\/tourtravelandmore.com\/fr\/tours\/espagne-fr\/cordoba-fr\/visite-privee-de-seville-au-depart-de-cordoue\/#primaryimage"},"thumbnailUrl":"https:\/\/tourtravelandmore.com\/wp-content\/uploads\/2016\/08\/image-5.jpeg","datePublished":"2016-08-25T21:02:53+00:00","description":"Visite priv\u00e9e de S\u00e9ville depuis Cordoue. V\u00e9hicule de luxe priv\u00e9 avec chauffeur et guide s\u00e9par\u00e9 en 4 heures \u00e0 S\u00e9ville.","breadcrumb":{"@id":"https:\/\/tourtravelandmore.com\/fr\/tours\/espagne-fr\/cordoba-fr\/visite-privee-de-seville-au-depart-de-cordoue\/#breadcrumb"},"inLanguage":"fr-FR","potentialAction":[{"@type":"ReadAction","target":["https:\/\/tourtravelandmore.com\/fr\/tours\/espagne-fr\/cordoba-fr\/visite-privee-de-seville-au-depart-de-cordoue\/"]}]},{"@type":"ImageObject","inLanguage":"fr-FR","@id":"https:\/\/tourtravelandmore.com\/fr\/tours\/espagne-fr\/cordoba-fr\/visite-privee-de-seville-au-depart-de-cordoue\/#primaryimage","url":"https:\/\/tourtravelandmore.com\/wp-content\/uploads\/2016\/08\/image-5.jpeg","contentUrl":"https:\/\/tourtravelandmore.com\/wp-content\/uploads\/2016\/08\/image-5.jpeg","width":2736,"height":1822,"caption":"visite priv\u00e9e de S\u00e9ville au d\u00e9part de malaga"},{"@type":"BreadcrumbList","@id":"https:\/\/tourtravelandmore.com\/fr\/tours\/espagne-fr\/cordoba-fr\/visite-privee-de-seville-au-depart-de-cordoue\/#breadcrumb","itemListElement":[{"@type":"ListItem","position":1,"name":"Home","item":"https:\/\/tourtravelandmore.com\/fr\/"},{"@type":"ListItem","position":2,"name":"Tours","item":"https:\/\/tourtravelandmore.com\/fr\/tours\/"},{"@type":"ListItem","position":3,"name":"Visite priv\u00e9e de S\u00e9ville au d\u00e9part de Cordoue"}]},{"@type":"WebSite","@id":"https:\/\/tourtravelandmore.com\/fr\/#website","url":"https:\/\/tourtravelandmore.com\/fr\/","name":"Tour Travel And More","description":"Private sightseeing tours and luxury transfers in Spain","publisher":{"@id":"https:\/\/tourtravelandmore.com\/fr\/#organization"},"potentialAction":[{"@type":"SearchAction","target":{"@type":"EntryPoint","urlTemplate":"https:\/\/tourtravelandmore.com\/fr\/?s={search_term_string}"},"query-input":{"@type":"PropertyValueSpecification","valueRequired":true,"valueName":"search_term_string"}}],"inLanguage":"fr-FR"},{"@type":"Organization","@id":"https:\/\/tourtravelandmore.com\/fr\/#organization","name":"Tour Travel And More","url":"https:\/\/tourtravelandmore.com\/fr\/","logo":{"@type":"ImageObject","inLanguage":"fr-FR","@id":"https:\/\/tourtravelandmore.com\/fr\/#\/schema\/logo\/image\/","url":"https:\/\/tourtravelandmore.com\/wp-content\/uploads\/2022\/12\/cropped-logo-cabecera-new.png","contentUrl":"https:\/\/tourtravelandmore.com\/wp-content\/uploads\/2022\/12\/cropped-logo-cabecera-new.png","width":430,"height":61,"caption":"Tour Travel And More"},"image":{"@id":"https:\/\/tourtravelandmore.com\/fr\/#\/schema\/logo\/image\/"},"sameAs":["https:\/\/www.facebook.com\/tourtravelandmore\/","https:\/\/x.com\/TourTravel_More"]}]}},"_links":{"self":[{"href":"https:\/\/tourtravelandmore.com\/fr\/wp-json\/wp\/v2\/product\/98875","targetHints":{"allow":["GET"]}}],"collection":[{"href":"https:\/\/tourtravelandmore.com\/fr\/wp-json\/wp\/v2\/product"}],"about":[{"href":"https:\/\/tourtravelandmore.com\/fr\/wp-json\/wp\/v2\/types\/product"}],"replies":[{"embeddable":true,"href":"https:\/\/tourtravelandmore.com\/fr\/wp-json\/wp\/v2\/comments?post=98875"}],"wp:featuredmedia":[{"embeddable":true,"href":"https:\/\/tourtravelandmore.com\/fr\/wp-json\/wp\/v2\/media\/93827"}],"wp:attachment":[{"href":"https:\/\/tourtravelandmore.com\/fr\/wp-json\/wp\/v2\/media?parent=98875"}],"wp:term":[{"taxonomy":"product_brand","embeddable":true,"href":"https:\/\/tourtravelandmore.com\/fr\/wp-json\/wp\/v2\/product_brand?post=98875"},{"taxonomy":"product_cat","embeddable":true,"href":"https:\/\/tourtravelandmore.com\/fr\/wp-json\/wp\/v2\/product_cat?post=98875"},{"taxonomy":"product_tag","embeddable":true,"href":"https:\/\/tourtravelandmore.com\/fr\/wp-json\/wp\/v2\/product_tag?post=98875"}],"curies":[{"name":"wp","href":"https:\/\/api.w.org\/{rel}","templated":true}]}}