{"id":171069,"date":"2023-11-15T21:10:49","date_gmt":"2023-11-15T20:10:52","guid":{"rendered":"https:\/\/tourtravelandmore.com\/?post_type=product&#038;p=171069"},"modified":"2023-11-15T21:24:53","modified_gmt":"2023-11-15T20:24:53","slug":"visite-privee-de-soller-et-valldemossa","status":"publish","type":"product","link":"https:\/\/tourtravelandmore.com\/fr\/tours\/espagne-fr\/mallorca-fr\/visite-privee-de-soller-et-valldemossa\/","title":{"rendered":"Visite priv\u00e9e de S\u00f3ller et Valldemossa"},"content":{"rendered":"<h2>Description<\/h2>\n<p>Embarquez pour une journ\u00e9e unique avec notre visite priv\u00e9e de S\u00f3ller et Valldemossa, con\u00e7ue pour vous immerger dans la beaut\u00e9 naturelle et culturelle de ces destinations majorquines enchanteresses. D&#8217;une dur\u00e9e de 5 heures, cette visite exclusive comprend le transport dans une voiture confortable, la compagnie d&#8217;un guide expert et l&#8217;entr\u00e9e \u00e0 la chartreuse de Valldemossa.<\/p>\n<p>Commencez votre exp\u00e9rience par une prise en charge \u00e0 l&#8217;endroit d\u00e9sign\u00e9, soit \u00e0 votre h\u00f4tel, soit au port de croisi\u00e8re. Un v\u00e9hicule priv\u00e9 et votre guide personnel vous attendront pour vous faire vivre un voyage inoubliable.<\/p>\n<h2>Sites d&#8217;int\u00e9r\u00eat et monuments<\/h2>\n<p>L&#8217;excursion commence par un trajet pittoresque jusqu&#8217;\u00e0 Soller, o\u00f9 vous d\u00e9couvrirez les rues pav\u00e9es, l&#8217;architecture traditionnelle et le charme de ce joyau majorquin. Votre guide vous donnera des d\u00e9tails fascinants sur l&#8217;histoire et la culture de la r\u00e9gion.<\/p>\n<p>Promenez-vous dans le c\u0153ur de S\u00f3ller, en visitant la Plaza Mayor, l&#8217;\u00e9glise de San Bartolom\u00e9 et d&#8217;autres lieux d&#8217;int\u00e9r\u00eat. Temps libre pour explorer les boutiques locales et go\u00fbter aux produits r\u00e9gionaux sur les march\u00e9s locaux.<\/p>\n<p>Entr\u00e9e \u00e0 la Chartreuse de Valldemossa, un monast\u00e8re du XIVe si\u00e8cle qui a accueilli d&#8217;illustres visiteurs, dont Chopin et George Sand. Explorez les cellules, les jardins et les salles, tandis que votre guide vous raconte des histoires captivantes sur la vie monastique et les points forts de l&#8217;histoire du site.<\/p>\n<p>Apr\u00e8s la visite de la Chartreuse, prenez le temps de fl\u00e2ner dans les rues \u00e9troites de Valldemossa, d&#8217;admirer les vues panoramiques et d&#8217;explorer les boutiques locales.<\/p>\n<p>Terminez votre journ\u00e9e par un retour relaxant \u00e0 votre lieu d&#8217;origine. R\u00e9fl\u00e9chissez aux merveilles que vous avez d\u00e9couvertes \u00e0 S\u00f3ller et Valldemossa tout en profitant du confort de votre v\u00e9hicule priv\u00e9.<\/p>\n<p>Cette visite priv\u00e9e de 5 heures combine l&#8217;exploration de deux joyaux de Majorque, vous offrant une exp\u00e9rience compl\u00e8te avec le confort d&#8217;une voiture priv\u00e9e et la richesse des connaissances de votre guide personnel. Immergez-vous dans l&#8217;histoire et la beaut\u00e9 de S\u00f3ller et Valldemossa avec nous !<\/p>\n","protected":false},"excerpt":{"rendered":"<p>Embarquez pour une journ\u00e9e unique avec notre visite priv\u00e9e de S\u00f3ller et Valldemossa, con\u00e7ue pour vous immerger dans la beaut\u00e9 naturelle et culturelle de ces destinations majorquines enchanteresses. D&#8217;une dur\u00e9e de 5 heures, cette visite exclusive comprend le transport dans une voiture confortable, la compagnie d&#8217;un guide expert et l&#8217;entr\u00e9e \u00e0 la chartreuse de Valldemossa.<\/p>\n","protected":false},"featured_media":171079,"comment_status":"open","ping_status":"closed","template":"","meta":{"_acf_changed":false},"product_brand":[],"product_cat":[4472,4474,3634],"product_tag":[],"class_list":{"0":"post-171069","1":"product","2":"type-product","3":"status-publish","4":"has-post-thumbnail","6":"product_cat-all-private-tours-activities-fr-23","7":"product_cat-private-sightseeing-tours-fr-25","8":"product_cat-mallorca-fr","10":"first","11":"instock","12":"shipping-taxable","13":"purchasable","14":"product-type-simple"},"acf":[],"yoast_head":"<!-- This site is optimized with the Yoast SEO Premium plugin v25.3.1 (Yoast SEO v25.3.1) - https:\/\/yoast.com\/wordpress\/plugins\/seo\/ -->\n<title>\u27a1\ufe0fVisite priv\u00e9e de S\u00f3ller et Valldemossa - TourTravel&amp;More<\/title>\n<meta name=\"description\" content=\"Visite priv\u00e9e de S\u00f3ller et Valldemossa. D\u00e9couvrez les sites les plus importants de l&#039;\u00eele avec votre guide officiel.\" \/>\n<meta name=\"robots\" content=\"index, follow, max-snippet:-1, max-image-preview:large, max-video-preview:-1\" \/>\n<link rel=\"canonical\" href=\"https:\/\/tourtravelandmore.com\/fr\/tours\/espagne-fr\/mallorca-fr\/visite-privee-de-soller-et-valldemossa\/\" \/>\n<meta property=\"og:locale\" content=\"fr_FR\" \/>\n<meta property=\"og:type\" content=\"article\" \/>\n<meta property=\"og:title\" content=\"Visite priv\u00e9e de S\u00f3ller et Valldemossa\" \/>\n<meta property=\"og:description\" content=\"Visite priv\u00e9e de S\u00f3ller et Valldemossa. D\u00e9couvrez les sites les plus importants de l&#039;\u00eele avec votre guide officiel.\" \/>\n<meta property=\"og:url\" content=\"https:\/\/tourtravelandmore.com\/fr\/tours\/espagne-fr\/mallorca-fr\/visite-privee-de-soller-et-valldemossa\/\" \/>\n<meta property=\"og:site_name\" content=\"Tour Travel And More\" \/>\n<meta property=\"article:publisher\" content=\"https:\/\/www.facebook.com\/tourtravelandmore\/\" \/>\n<meta property=\"article:modified_time\" content=\"2023-11-15T20:24:53+00:00\" \/>\n<meta property=\"og:image\" content=\"https:\/\/tourtravelandmore.com\/wp-content\/uploads\/2023\/11\/mallorca-3275998_1280.jpg\" \/>\n\t<meta property=\"og:image:width\" content=\"1280\" \/>\n\t<meta property=\"og:image:height\" content=\"851\" \/>\n\t<meta property=\"og:image:type\" content=\"image\/jpeg\" \/>\n<meta name=\"twitter:card\" content=\"summary_large_image\" \/>\n<meta name=\"twitter:site\" content=\"@TourTravel_More\" \/>\n<meta name=\"twitter:label1\" content=\"Dur\u00e9e de lecture estim\u00e9e\" \/>\n\t<meta name=\"twitter:data1\" content=\"2 minutes\" \/>\n<script type=\"application\/ld+json\" class=\"yoast-schema-graph\">{\"@context\":\"https:\/\/schema.org\",\"@graph\":[{\"@type\":\"WebPage\",\"@id\":\"https:\/\/tourtravelandmore.com\/fr\/tours\/espagne-fr\/mallorca-fr\/visite-privee-de-soller-et-valldemossa\/\",\"url\":\"https:\/\/tourtravelandmore.com\/fr\/tours\/espagne-fr\/mallorca-fr\/visite-privee-de-soller-et-valldemossa\/\",\"name\":\"\u27a1\ufe0fVisite priv\u00e9e de S\u00f3ller et Valldemossa - TourTravel&More\",\"isPartOf\":{\"@id\":\"https:\/\/tourtravelandmore.com\/fr\/#website\"},\"primaryImageOfPage\":{\"@id\":\"https:\/\/tourtravelandmore.com\/fr\/tours\/espagne-fr\/mallorca-fr\/visite-privee-de-soller-et-valldemossa\/#primaryimage\"},\"image\":{\"@id\":\"https:\/\/tourtravelandmore.com\/fr\/tours\/espagne-fr\/mallorca-fr\/visite-privee-de-soller-et-valldemossa\/#primaryimage\"},\"thumbnailUrl\":\"https:\/\/tourtravelandmore.com\/wp-content\/uploads\/2023\/11\/mallorca-3275998_1280.jpg\",\"datePublished\":\"2023-11-15T20:10:52+00:00\",\"dateModified\":\"2023-11-15T20:24:53+00:00\",\"description\":\"Visite priv\u00e9e de S\u00f3ller et Valldemossa. D\u00e9couvrez les sites les plus importants de l'\u00eele avec votre guide officiel.\",\"breadcrumb\":{\"@id\":\"https:\/\/tourtravelandmore.com\/fr\/tours\/espagne-fr\/mallorca-fr\/visite-privee-de-soller-et-valldemossa\/#breadcrumb\"},\"inLanguage\":\"fr-FR\",\"potentialAction\":[{\"@type\":\"ReadAction\",\"target\":[\"https:\/\/tourtravelandmore.com\/fr\/tours\/espagne-fr\/mallorca-fr\/visite-privee-de-soller-et-valldemossa\/\"]}]},{\"@type\":\"ImageObject\",\"inLanguage\":\"fr-FR\",\"@id\":\"https:\/\/tourtravelandmore.com\/fr\/tours\/espagne-fr\/mallorca-fr\/visite-privee-de-soller-et-valldemossa\/#primaryimage\",\"url\":\"https:\/\/tourtravelandmore.com\/wp-content\/uploads\/2023\/11\/mallorca-3275998_1280.jpg\",\"contentUrl\":\"https:\/\/tourtravelandmore.com\/wp-content\/uploads\/2023\/11\/mallorca-3275998_1280.jpg\",\"width\":1280,\"height\":851},{\"@type\":\"BreadcrumbList\",\"@id\":\"https:\/\/tourtravelandmore.com\/fr\/tours\/espagne-fr\/mallorca-fr\/visite-privee-de-soller-et-valldemossa\/#breadcrumb\",\"itemListElement\":[{\"@type\":\"ListItem\",\"position\":1,\"name\":\"Home\",\"item\":\"https:\/\/tourtravelandmore.com\/fr\/\"},{\"@type\":\"ListItem\",\"position\":2,\"name\":\"Tours\",\"item\":\"https:\/\/tourtravelandmore.com\/fr\/tours\/\"},{\"@type\":\"ListItem\",\"position\":3,\"name\":\"Visite priv\u00e9e de S\u00f3ller et Valldemossa\"}]},{\"@type\":\"WebSite\",\"@id\":\"https:\/\/tourtravelandmore.com\/fr\/#website\",\"url\":\"https:\/\/tourtravelandmore.com\/fr\/\",\"name\":\"Tour Travel And More\",\"description\":\"Private sightseeing tours and luxury transfers in Spain\",\"publisher\":{\"@id\":\"https:\/\/tourtravelandmore.com\/fr\/#organization\"},\"potentialAction\":[{\"@type\":\"SearchAction\",\"target\":{\"@type\":\"EntryPoint\",\"urlTemplate\":\"https:\/\/tourtravelandmore.com\/fr\/?s={search_term_string}\"},\"query-input\":{\"@type\":\"PropertyValueSpecification\",\"valueRequired\":true,\"valueName\":\"search_term_string\"}}],\"inLanguage\":\"fr-FR\"},{\"@type\":\"Organization\",\"@id\":\"https:\/\/tourtravelandmore.com\/fr\/#organization\",\"name\":\"Tour Travel And More\",\"url\":\"https:\/\/tourtravelandmore.com\/fr\/\",\"logo\":{\"@type\":\"ImageObject\",\"inLanguage\":\"fr-FR\",\"@id\":\"https:\/\/tourtravelandmore.com\/fr\/#\/schema\/logo\/image\/\",\"url\":\"https:\/\/tourtravelandmore.com\/wp-content\/uploads\/2022\/12\/cropped-logo-cabecera-new.png\",\"contentUrl\":\"https:\/\/tourtravelandmore.com\/wp-content\/uploads\/2022\/12\/cropped-logo-cabecera-new.png\",\"width\":430,\"height\":61,\"caption\":\"Tour Travel And More\"},\"image\":{\"@id\":\"https:\/\/tourtravelandmore.com\/fr\/#\/schema\/logo\/image\/\"},\"sameAs\":[\"https:\/\/www.facebook.com\/tourtravelandmore\/\",\"https:\/\/x.com\/TourTravel_More\"]}]}<\/script>\n<!-- \/ Yoast SEO Premium plugin. -->","yoast_head_json":{"title":"\u27a1\ufe0fVisite priv\u00e9e de S\u00f3ller et Valldemossa - TourTravel&More","description":"Visite priv\u00e9e de S\u00f3ller et Valldemossa. D\u00e9couvrez les sites les plus importants de l'\u00eele avec votre guide officiel.","robots":{"index":"index","follow":"follow","max-snippet":"max-snippet:-1","max-image-preview":"max-image-preview:large","max-video-preview":"max-video-preview:-1"},"canonical":"https:\/\/tourtravelandmore.com\/fr\/tours\/espagne-fr\/mallorca-fr\/visite-privee-de-soller-et-valldemossa\/","og_locale":"fr_FR","og_type":"article","og_title":"Visite priv\u00e9e de S\u00f3ller et Valldemossa","og_description":"Visite priv\u00e9e de S\u00f3ller et Valldemossa. D\u00e9couvrez les sites les plus importants de l'\u00eele avec votre guide officiel.","og_url":"https:\/\/tourtravelandmore.com\/fr\/tours\/espagne-fr\/mallorca-fr\/visite-privee-de-soller-et-valldemossa\/","og_site_name":"Tour Travel And More","article_publisher":"https:\/\/www.facebook.com\/tourtravelandmore\/","article_modified_time":"2023-11-15T20:24:53+00:00","og_image":[{"width":1280,"height":851,"url":"https:\/\/tourtravelandmore.com\/wp-content\/uploads\/2023\/11\/mallorca-3275998_1280.jpg","type":"image\/jpeg"}],"twitter_card":"summary_large_image","twitter_site":"@TourTravel_More","twitter_misc":{"Dur\u00e9e de lecture estim\u00e9e":"2 minutes"},"schema":{"@context":"https:\/\/schema.org","@graph":[{"@type":"WebPage","@id":"https:\/\/tourtravelandmore.com\/fr\/tours\/espagne-fr\/mallorca-fr\/visite-privee-de-soller-et-valldemossa\/","url":"https:\/\/tourtravelandmore.com\/fr\/tours\/espagne-fr\/mallorca-fr\/visite-privee-de-soller-et-valldemossa\/","name":"\u27a1\ufe0fVisite priv\u00e9e de S\u00f3ller et Valldemossa - TourTravel&More","isPartOf":{"@id":"https:\/\/tourtravelandmore.com\/fr\/#website"},"primaryImageOfPage":{"@id":"https:\/\/tourtravelandmore.com\/fr\/tours\/espagne-fr\/mallorca-fr\/visite-privee-de-soller-et-valldemossa\/#primaryimage"},"image":{"@id":"https:\/\/tourtravelandmore.com\/fr\/tours\/espagne-fr\/mallorca-fr\/visite-privee-de-soller-et-valldemossa\/#primaryimage"},"thumbnailUrl":"https:\/\/tourtravelandmore.com\/wp-content\/uploads\/2023\/11\/mallorca-3275998_1280.jpg","datePublished":"2023-11-15T20:10:52+00:00","dateModified":"2023-11-15T20:24:53+00:00","description":"Visite priv\u00e9e de S\u00f3ller et Valldemossa. D\u00e9couvrez les sites les plus importants de l'\u00eele avec votre guide officiel.","breadcrumb":{"@id":"https:\/\/tourtravelandmore.com\/fr\/tours\/espagne-fr\/mallorca-fr\/visite-privee-de-soller-et-valldemossa\/#breadcrumb"},"inLanguage":"fr-FR","potentialAction":[{"@type":"ReadAction","target":["https:\/\/tourtravelandmore.com\/fr\/tours\/espagne-fr\/mallorca-fr\/visite-privee-de-soller-et-valldemossa\/"]}]},{"@type":"ImageObject","inLanguage":"fr-FR","@id":"https:\/\/tourtravelandmore.com\/fr\/tours\/espagne-fr\/mallorca-fr\/visite-privee-de-soller-et-valldemossa\/#primaryimage","url":"https:\/\/tourtravelandmore.com\/wp-content\/uploads\/2023\/11\/mallorca-3275998_1280.jpg","contentUrl":"https:\/\/tourtravelandmore.com\/wp-content\/uploads\/2023\/11\/mallorca-3275998_1280.jpg","width":1280,"height":851},{"@type":"BreadcrumbList","@id":"https:\/\/tourtravelandmore.com\/fr\/tours\/espagne-fr\/mallorca-fr\/visite-privee-de-soller-et-valldemossa\/#breadcrumb","itemListElement":[{"@type":"ListItem","position":1,"name":"Home","item":"https:\/\/tourtravelandmore.com\/fr\/"},{"@type":"ListItem","position":2,"name":"Tours","item":"https:\/\/tourtravelandmore.com\/fr\/tours\/"},{"@type":"ListItem","position":3,"name":"Visite priv\u00e9e de S\u00f3ller et Valldemossa"}]},{"@type":"WebSite","@id":"https:\/\/tourtravelandmore.com\/fr\/#website","url":"https:\/\/tourtravelandmore.com\/fr\/","name":"Tour Travel And More","description":"Private sightseeing tours and luxury transfers in Spain","publisher":{"@id":"https:\/\/tourtravelandmore.com\/fr\/#organization"},"potentialAction":[{"@type":"SearchAction","target":{"@type":"EntryPoint","urlTemplate":"https:\/\/tourtravelandmore.com\/fr\/?s={search_term_string}"},"query-input":{"@type":"PropertyValueSpecification","valueRequired":true,"valueName":"search_term_string"}}],"inLanguage":"fr-FR"},{"@type":"Organization","@id":"https:\/\/tourtravelandmore.com\/fr\/#organization","name":"Tour Travel And More","url":"https:\/\/tourtravelandmore.com\/fr\/","logo":{"@type":"ImageObject","inLanguage":"fr-FR","@id":"https:\/\/tourtravelandmore.com\/fr\/#\/schema\/logo\/image\/","url":"https:\/\/tourtravelandmore.com\/wp-content\/uploads\/2022\/12\/cropped-logo-cabecera-new.png","contentUrl":"https:\/\/tourtravelandmore.com\/wp-content\/uploads\/2022\/12\/cropped-logo-cabecera-new.png","width":430,"height":61,"caption":"Tour Travel And More"},"image":{"@id":"https:\/\/tourtravelandmore.com\/fr\/#\/schema\/logo\/image\/"},"sameAs":["https:\/\/www.facebook.com\/tourtravelandmore\/","https:\/\/x.com\/TourTravel_More"]}]}},"_links":{"self":[{"href":"https:\/\/tourtravelandmore.com\/fr\/wp-json\/wp\/v2\/product\/171069","targetHints":{"allow":["GET"]}}],"collection":[{"href":"https:\/\/tourtravelandmore.com\/fr\/wp-json\/wp\/v2\/product"}],"about":[{"href":"https:\/\/tourtravelandmore.com\/fr\/wp-json\/wp\/v2\/types\/product"}],"replies":[{"embeddable":true,"href":"https:\/\/tourtravelandmore.com\/fr\/wp-json\/wp\/v2\/comments?post=171069"}],"wp:featuredmedia":[{"embeddable":true,"href":"https:\/\/tourtravelandmore.com\/fr\/wp-json\/wp\/v2\/media\/171079"}],"wp:attachment":[{"href":"https:\/\/tourtravelandmore.com\/fr\/wp-json\/wp\/v2\/media?parent=171069"}],"wp:term":[{"taxonomy":"product_brand","embeddable":true,"href":"https:\/\/tourtravelandmore.com\/fr\/wp-json\/wp\/v2\/product_brand?post=171069"},{"taxonomy":"product_cat","embeddable":true,"href":"https:\/\/tourtravelandmore.com\/fr\/wp-json\/wp\/v2\/product_cat?post=171069"},{"taxonomy":"product_tag","embeddable":true,"href":"https:\/\/tourtravelandmore.com\/fr\/wp-json\/wp\/v2\/product_tag?post=171069"}],"curies":[{"name":"wp","href":"https:\/\/api.w.org\/{rel}","templated":true}]}}