{"id":164859,"date":"2023-04-29T07:57:02","date_gmt":"2023-04-29T05:57:02","guid":{"rendered":"https:\/\/tourtravelandmore.com\/tours\/non%20class\u00e9\/visite-privee-des-trois-pays-en-une-journee\/"},"modified":"2023-05-03T10:47:59","modified_gmt":"2023-05-03T08:47:59","slug":"visite-privee-des-trois-pays-en-une-journee","status":"publish","type":"product","link":"https:\/\/tourtravelandmore.com\/fr\/tours\/andorre\/andorra-la-vella-fr\/toutes-les-visites-privees\/visite-privee-des-trois-pays-en-une-journee\/","title":{"rendered":"Visite priv\u00e9e des trois pays en une journ\u00e9e"},"content":{"rendered":"<h2><b>Circuit priv\u00e9 &#8220;Trois nations en un jour&#8221; Description<\/b><\/h2>\n<p><span style=\"font-weight: 400;\">D\u00e9couvrez la beaut\u00e9 et l&#8217;histoire de trois pays diff\u00e9rents en une seule journ\u00e9e gr\u00e2ce \u00e0 ce circuit priv\u00e9 exclusif. Au d\u00e9part de Barcelone, vous traverserez les paysages \u00e9poustouflants de la Catalogne, d&#8217;Andorre et de la France, en visitant une vari\u00e9t\u00e9 de villes pittoresques, de cols de montagne pittoresques et de sites historiques en cours de route. Cette excursion unique de 12 heures se d\u00e9roule dans un v\u00e9hicule confortable et avec l&#8217;aide d&#8217;un guide expert, ce qui vous garantit une exp\u00e9rience inoubliable. Gr\u00e2ce \u00e0 une attention personnalis\u00e9e et \u00e0 un itin\u00e9raire sur mesure, vous aurez la possibilit\u00e9 d&#8217;explorer chaque destination \u00e0 votre rythme et selon vos int\u00e9r\u00eats, ce qui rendra cette aventure unique vraiment m\u00e9morable.<\/span><\/p>\n<h2><b>Circuit priv\u00e9 Trois nations en un jour Points d&#8217;int\u00e9r\u00eat<\/b><\/h2>\n<p><span style=\"font-weight: 400;\">Embarquez pour une incroyable aventure \u00e0 travers trois nations, en explorant des sites captivants tels que Puigcerd\u00e0, Coll de Puymorens, Port d&#8217;Envalira, Andorre-la-Vieille, Engolasters, La Seu d&#8217;Urgell, et bien d&#8217;autres encore. Admirez des panoramas \u00e0 couper le souffle, plongez dans la riche histoire de chaque lieu et impr\u00e9gnez-vous des diverses cultures de Catalogne, d&#8217;Andorre et de France. Tout au long du voyage, vous aurez l&#8217;occasion de visiter un large \u00e9ventail de sites fascinants, de merveilles naturelles et de villes charmantes, ce qui fait de ce circuit une exp\u00e9rience inoubliable qui met en valeur le meilleur de chaque r\u00e9gion.<\/span><\/p>\n<h2><b>Sites et lieux d&#8217;int\u00e9r\u00eat populaires :<\/b><\/h2>\n<p><b>Puigcerd\u00e0 :<\/b><\/p>\n<p><span style=\"font-weight: 400;\">Cette ville pittoresque des Pyr\u00e9n\u00e9es est connue pour son charmant centre historique, le magnifique lac de Puigcerd\u00e0 et la nature environnante, qui offre d&#8217;excellentes possibilit\u00e9s de randonn\u00e9e. Explorez les rues \u00e9troites et les boutiques locales, visitez l&#8217;\u00e9glise romane de Santa Maria datant du XIIe si\u00e8cle ou admirez la vue imprenable sur les montagnes environnantes. Puigcerd\u00e0 est une \u00e9tape charmante de cette visite fascinante.<\/span><\/p>\n<p><b>Coll de Puymorens :<\/b><\/p>\n<p><span style=\"font-weight: 400;\">Col des Pyr\u00e9n\u00e9es fran\u00e7aises, le Coll de Puymorens offre des vues \u00e0 couper le souffle et une \u00e9chapp\u00e9e rafra\u00eechissante loin de l&#8217;agitation de la ville. Entour\u00e9 de for\u00eats luxuriantes et de sommets imposants, ce col est une visite incontournable pour les amoureux de la nature et les photographes. La r\u00e9gion est \u00e9galement populaire pour le ski en hiver et la randonn\u00e9e pendant les mois les plus chauds, ce qui en fait une destination toute l&#8217;ann\u00e9e pour les amateurs d&#8217;activit\u00e9s de plein air.<\/span><\/p>\n<p><b>Port d&#8217;Envalira :<\/b><\/p>\n<p><span style=\"font-weight: 400;\">\u00c0 2407 m\u00e8tres au-dessus du niveau de la mer, Port d&#8217;Envalira est la route pav\u00e9e la plus \u00e9lev\u00e9e des Pyr\u00e9n\u00e9es, reliant l&#8217;Andorre \u00e0 la France. Profitez de vues impressionnantes, de l&#8217;air pur des montagnes et peut-\u00eatre m\u00eame de chutes de neige lors de votre visite \u00e0 ce col remarquable. Le paysage autour de Port d&#8217;Envalira t\u00e9moigne de la beaut\u00e9 sauvage des Pyr\u00e9n\u00e9es et offre une exp\u00e9rience unique \u00e0 ceux qui s&#8217;aventurent dans cette destination de haute altitude.<\/span><\/p>\n<p><b>Andorre-la-Vieille \/ Engolasters :<\/b><\/p>\n<p><span style=\"font-weight: 400;\">La capitale de l&#8217;Andorre, Andorre-la-Vieille, s&#8217;enorgueillit de sa vieille ville captivante, de ses magasins d\u00e9tax\u00e9s et de son d\u00e9cor pyr\u00e9n\u00e9en \u00e9poustouflant. Le village d&#8217;Engolasters, avec son magnifique lac et l&#8217;\u00e9glise romane de Sant Miquel d&#8217;Engolasters, offre une retraite paisible loin de la ville. Entour\u00e9 de for\u00eats luxuriantes, Engolasters permet aux visiteurs de se rapprocher de la nature et de go\u00fbter \u00e0 la tranquillit\u00e9 de la campagne andorrane.<\/span><\/p>\n<p><b>La Seu d&#8217;Urgell :<\/b><\/p>\n<p><span style=\"font-weight: 400;\">Cette ville historique de Catalogne abrite la magnifique cath\u00e9drale Santa Maria d&#8217;Urgell, l&#8217;un des plus beaux exemples d&#8217;architecture romane de la r\u00e9gion. Promenez-vous dans les rues pittoresques, visitez le march\u00e9 hebdomadaire anim\u00e9 et d\u00e9couvrez la richesse de l&#8217;histoire et du patrimoine culturel de la ville. La Seu d&#8217;Urgell est une \u00e9tape charmante qui met en valeur la beaut\u00e9 architecturale et la culture vibrante de la Catalogne.<\/span><\/p>\n<p><span style=\"font-weight: 400;\">Retournez \u00e0 Puigcerd\u00e0 pour une derni\u00e8re exploration de cette ville enchanteresse avant de retourner \u00e0 Barcelone, achevant ainsi votre inoubliable voyage dans trois pays. Prenez le temps d&#8217;explorer davantage le centre historique de la ville, de vous laisser tenter par la cuisine locale ou tout simplement de vous d\u00e9tendre et de vous impr\u00e9gner de l&#8217;atmosph\u00e8re idyllique de cette pittoresque destination pyr\u00e9n\u00e9enne.<\/span><\/p>\n<p><span style=\"font-weight: 400;\">Pour d&#8217;autres circuits <\/span><a href=\"https:\/\/tourtravelandmore.com\/fr\/city\/andorre\/\"><span style=\"font-weight: 400;\">incroyables en Andorre et dans ses environs, consultez la longue liste d&#8217;excursions priv\u00e9es propos\u00e9es<\/span><\/a><span style=\"font-weight: 400;\"> par Tour Travel and More sur son site web.<\/span><\/p>\n","protected":false},"excerpt":{"rendered":"<p><span style=\"font-weight: 400;\">Explorez trois pays en une journ\u00e9e lors de ce circuit priv\u00e9 inoubliable, en visitant des lieux captivants en Catalogne, en Andorre et en France, avec l&#8217;aide d&#8217;experts et dans un v\u00e9hicule confortable.<\/span><\/p>\n","protected":false},"featured_media":164834,"comment_status":"open","ping_status":"closed","template":"","meta":{"_acf_changed":false},"product_brand":[],"product_cat":[4391,4374,4396],"product_tag":[],"class_list":{"0":"post-164859","1":"product","2":"type-product","3":"status-publish","4":"has-post-thumbnail","6":"product_cat-andorra-la-vella-fr","7":"product_cat-andorre","8":"product_cat-toutes-les-visites-privees","10":"first","11":"instock","12":"shipping-taxable","13":"purchasable","14":"product-type-simple"},"acf":[],"yoast_head":"<!-- This site is optimized with the Yoast SEO Premium plugin v25.3.1 (Yoast SEO v25.3.1) - https:\/\/yoast.com\/wordpress\/plugins\/seo\/ -->\n<title>\u27a1\ufe0f Private Tour Three Nations in One Day : Catalogne, Andorre et France<\/title>\n<meta name=\"description\" content=\"Embarquez pour une incroyable visite priv\u00e9e de la Catalogne, d&#039;Andorre et de la France, en visitant des villes pittoresques, des cols de montagne pittoresques et des sites historiques en une seule journ\u00e9e \u2705.\" \/>\n<meta name=\"robots\" content=\"index, follow, max-snippet:-1, max-image-preview:large, max-video-preview:-1\" \/>\n<link rel=\"canonical\" href=\"https:\/\/tourtravelandmore.com\/fr\/tours\/andorre\/andorra-la-vella-fr\/toutes-les-visites-privees\/visite-privee-des-trois-pays-en-une-journee\/\" \/>\n<meta property=\"og:locale\" content=\"fr_FR\" \/>\n<meta property=\"og:type\" content=\"article\" \/>\n<meta property=\"og:title\" content=\"Visite priv\u00e9e des trois pays en une journ\u00e9e\" \/>\n<meta property=\"og:description\" content=\"Embarquez pour une incroyable visite priv\u00e9e de la Catalogne, d&#039;Andorre et de la France, en visitant des villes pittoresques, des cols de montagne pittoresques et des sites historiques en une seule journ\u00e9e \u2705.\" \/>\n<meta property=\"og:url\" content=\"https:\/\/tourtravelandmore.com\/fr\/tours\/andorre\/andorra-la-vella-fr\/toutes-les-visites-privees\/visite-privee-des-trois-pays-en-une-journee\/\" \/>\n<meta property=\"og:site_name\" content=\"Tour Travel And More\" \/>\n<meta property=\"article:publisher\" content=\"https:\/\/www.facebook.com\/tourtravelandmore\/\" \/>\n<meta property=\"article:modified_time\" content=\"2023-05-03T08:47:59+00:00\" \/>\n<meta property=\"og:image\" content=\"https:\/\/tourtravelandmore.com\/wp-content\/uploads\/2023\/04\/image1-14.jpg\" \/>\n\t<meta property=\"og:image:width\" content=\"950\" \/>\n\t<meta property=\"og:image:height\" content=\"750\" \/>\n\t<meta property=\"og:image:type\" content=\"image\/jpeg\" \/>\n<meta name=\"twitter:card\" content=\"summary_large_image\" \/>\n<meta name=\"twitter:site\" content=\"@TourTravel_More\" \/>\n<meta name=\"twitter:label1\" content=\"Dur\u00e9e de lecture estim\u00e9e\" \/>\n\t<meta name=\"twitter:data1\" content=\"4 minutes\" \/>\n<script type=\"application\/ld+json\" class=\"yoast-schema-graph\">{\"@context\":\"https:\/\/schema.org\",\"@graph\":[{\"@type\":\"WebPage\",\"@id\":\"https:\/\/tourtravelandmore.com\/fr\/tours\/andorre\/andorra-la-vella-fr\/toutes-les-visites-privees\/visite-privee-des-trois-pays-en-une-journee\/\",\"url\":\"https:\/\/tourtravelandmore.com\/fr\/tours\/andorre\/andorra-la-vella-fr\/toutes-les-visites-privees\/visite-privee-des-trois-pays-en-une-journee\/\",\"name\":\"\u27a1\ufe0f Private Tour Three Nations in One Day : Catalogne, Andorre et France\",\"isPartOf\":{\"@id\":\"https:\/\/tourtravelandmore.com\/fr\/#website\"},\"primaryImageOfPage\":{\"@id\":\"https:\/\/tourtravelandmore.com\/fr\/tours\/andorre\/andorra-la-vella-fr\/toutes-les-visites-privees\/visite-privee-des-trois-pays-en-une-journee\/#primaryimage\"},\"image\":{\"@id\":\"https:\/\/tourtravelandmore.com\/fr\/tours\/andorre\/andorra-la-vella-fr\/toutes-les-visites-privees\/visite-privee-des-trois-pays-en-une-journee\/#primaryimage\"},\"thumbnailUrl\":\"https:\/\/tourtravelandmore.com\/wp-content\/uploads\/2023\/04\/image1-14.jpg\",\"datePublished\":\"2023-04-29T05:57:02+00:00\",\"dateModified\":\"2023-05-03T08:47:59+00:00\",\"description\":\"Embarquez pour une incroyable visite priv\u00e9e de la Catalogne, d'Andorre et de la France, en visitant des villes pittoresques, des cols de montagne pittoresques et des sites historiques en une seule journ\u00e9e \u2705.\",\"breadcrumb\":{\"@id\":\"https:\/\/tourtravelandmore.com\/fr\/tours\/andorre\/andorra-la-vella-fr\/toutes-les-visites-privees\/visite-privee-des-trois-pays-en-une-journee\/#breadcrumb\"},\"inLanguage\":\"fr-FR\",\"potentialAction\":[{\"@type\":\"ReadAction\",\"target\":[\"https:\/\/tourtravelandmore.com\/fr\/tours\/andorre\/andorra-la-vella-fr\/toutes-les-visites-privees\/visite-privee-des-trois-pays-en-une-journee\/\"]}]},{\"@type\":\"ImageObject\",\"inLanguage\":\"fr-FR\",\"@id\":\"https:\/\/tourtravelandmore.com\/fr\/tours\/andorre\/andorra-la-vella-fr\/toutes-les-visites-privees\/visite-privee-des-trois-pays-en-une-journee\/#primaryimage\",\"url\":\"https:\/\/tourtravelandmore.com\/wp-content\/uploads\/2023\/04\/image1-14.jpg\",\"contentUrl\":\"https:\/\/tourtravelandmore.com\/wp-content\/uploads\/2023\/04\/image1-14.jpg\",\"width\":950,\"height\":750},{\"@type\":\"BreadcrumbList\",\"@id\":\"https:\/\/tourtravelandmore.com\/fr\/tours\/andorre\/andorra-la-vella-fr\/toutes-les-visites-privees\/visite-privee-des-trois-pays-en-une-journee\/#breadcrumb\",\"itemListElement\":[{\"@type\":\"ListItem\",\"position\":1,\"name\":\"Home\",\"item\":\"https:\/\/tourtravelandmore.com\/fr\/\"},{\"@type\":\"ListItem\",\"position\":2,\"name\":\"Tours\",\"item\":\"https:\/\/tourtravelandmore.com\/fr\/tours\/\"},{\"@type\":\"ListItem\",\"position\":3,\"name\":\"Visite priv\u00e9e des trois pays en une journ\u00e9e\"}]},{\"@type\":\"WebSite\",\"@id\":\"https:\/\/tourtravelandmore.com\/fr\/#website\",\"url\":\"https:\/\/tourtravelandmore.com\/fr\/\",\"name\":\"Tour Travel And More\",\"description\":\"Private sightseeing tours and luxury transfers in Spain\",\"publisher\":{\"@id\":\"https:\/\/tourtravelandmore.com\/fr\/#organization\"},\"potentialAction\":[{\"@type\":\"SearchAction\",\"target\":{\"@type\":\"EntryPoint\",\"urlTemplate\":\"https:\/\/tourtravelandmore.com\/fr\/?s={search_term_string}\"},\"query-input\":{\"@type\":\"PropertyValueSpecification\",\"valueRequired\":true,\"valueName\":\"search_term_string\"}}],\"inLanguage\":\"fr-FR\"},{\"@type\":\"Organization\",\"@id\":\"https:\/\/tourtravelandmore.com\/fr\/#organization\",\"name\":\"Tour Travel And More\",\"url\":\"https:\/\/tourtravelandmore.com\/fr\/\",\"logo\":{\"@type\":\"ImageObject\",\"inLanguage\":\"fr-FR\",\"@id\":\"https:\/\/tourtravelandmore.com\/fr\/#\/schema\/logo\/image\/\",\"url\":\"https:\/\/tourtravelandmore.com\/wp-content\/uploads\/2022\/12\/cropped-logo-cabecera-new.png\",\"contentUrl\":\"https:\/\/tourtravelandmore.com\/wp-content\/uploads\/2022\/12\/cropped-logo-cabecera-new.png\",\"width\":430,\"height\":61,\"caption\":\"Tour Travel And More\"},\"image\":{\"@id\":\"https:\/\/tourtravelandmore.com\/fr\/#\/schema\/logo\/image\/\"},\"sameAs\":[\"https:\/\/www.facebook.com\/tourtravelandmore\/\",\"https:\/\/x.com\/TourTravel_More\"]}]}<\/script>\n<!-- \/ Yoast SEO Premium plugin. -->","yoast_head_json":{"title":"\u27a1\ufe0f Private Tour Three Nations in One Day : Catalogne, Andorre et France","description":"Embarquez pour une incroyable visite priv\u00e9e de la Catalogne, d'Andorre et de la France, en visitant des villes pittoresques, des cols de montagne pittoresques et des sites historiques en une seule journ\u00e9e \u2705.","robots":{"index":"index","follow":"follow","max-snippet":"max-snippet:-1","max-image-preview":"max-image-preview:large","max-video-preview":"max-video-preview:-1"},"canonical":"https:\/\/tourtravelandmore.com\/fr\/tours\/andorre\/andorra-la-vella-fr\/toutes-les-visites-privees\/visite-privee-des-trois-pays-en-une-journee\/","og_locale":"fr_FR","og_type":"article","og_title":"Visite priv\u00e9e des trois pays en une journ\u00e9e","og_description":"Embarquez pour une incroyable visite priv\u00e9e de la Catalogne, d'Andorre et de la France, en visitant des villes pittoresques, des cols de montagne pittoresques et des sites historiques en une seule journ\u00e9e \u2705.","og_url":"https:\/\/tourtravelandmore.com\/fr\/tours\/andorre\/andorra-la-vella-fr\/toutes-les-visites-privees\/visite-privee-des-trois-pays-en-une-journee\/","og_site_name":"Tour Travel And More","article_publisher":"https:\/\/www.facebook.com\/tourtravelandmore\/","article_modified_time":"2023-05-03T08:47:59+00:00","og_image":[{"width":950,"height":750,"url":"https:\/\/tourtravelandmore.com\/wp-content\/uploads\/2023\/04\/image1-14.jpg","type":"image\/jpeg"}],"twitter_card":"summary_large_image","twitter_site":"@TourTravel_More","twitter_misc":{"Dur\u00e9e de lecture estim\u00e9e":"4 minutes"},"schema":{"@context":"https:\/\/schema.org","@graph":[{"@type":"WebPage","@id":"https:\/\/tourtravelandmore.com\/fr\/tours\/andorre\/andorra-la-vella-fr\/toutes-les-visites-privees\/visite-privee-des-trois-pays-en-une-journee\/","url":"https:\/\/tourtravelandmore.com\/fr\/tours\/andorre\/andorra-la-vella-fr\/toutes-les-visites-privees\/visite-privee-des-trois-pays-en-une-journee\/","name":"\u27a1\ufe0f Private Tour Three Nations in One Day : Catalogne, Andorre et France","isPartOf":{"@id":"https:\/\/tourtravelandmore.com\/fr\/#website"},"primaryImageOfPage":{"@id":"https:\/\/tourtravelandmore.com\/fr\/tours\/andorre\/andorra-la-vella-fr\/toutes-les-visites-privees\/visite-privee-des-trois-pays-en-une-journee\/#primaryimage"},"image":{"@id":"https:\/\/tourtravelandmore.com\/fr\/tours\/andorre\/andorra-la-vella-fr\/toutes-les-visites-privees\/visite-privee-des-trois-pays-en-une-journee\/#primaryimage"},"thumbnailUrl":"https:\/\/tourtravelandmore.com\/wp-content\/uploads\/2023\/04\/image1-14.jpg","datePublished":"2023-04-29T05:57:02+00:00","dateModified":"2023-05-03T08:47:59+00:00","description":"Embarquez pour une incroyable visite priv\u00e9e de la Catalogne, d'Andorre et de la France, en visitant des villes pittoresques, des cols de montagne pittoresques et des sites historiques en une seule journ\u00e9e \u2705.","breadcrumb":{"@id":"https:\/\/tourtravelandmore.com\/fr\/tours\/andorre\/andorra-la-vella-fr\/toutes-les-visites-privees\/visite-privee-des-trois-pays-en-une-journee\/#breadcrumb"},"inLanguage":"fr-FR","potentialAction":[{"@type":"ReadAction","target":["https:\/\/tourtravelandmore.com\/fr\/tours\/andorre\/andorra-la-vella-fr\/toutes-les-visites-privees\/visite-privee-des-trois-pays-en-une-journee\/"]}]},{"@type":"ImageObject","inLanguage":"fr-FR","@id":"https:\/\/tourtravelandmore.com\/fr\/tours\/andorre\/andorra-la-vella-fr\/toutes-les-visites-privees\/visite-privee-des-trois-pays-en-une-journee\/#primaryimage","url":"https:\/\/tourtravelandmore.com\/wp-content\/uploads\/2023\/04\/image1-14.jpg","contentUrl":"https:\/\/tourtravelandmore.com\/wp-content\/uploads\/2023\/04\/image1-14.jpg","width":950,"height":750},{"@type":"BreadcrumbList","@id":"https:\/\/tourtravelandmore.com\/fr\/tours\/andorre\/andorra-la-vella-fr\/toutes-les-visites-privees\/visite-privee-des-trois-pays-en-une-journee\/#breadcrumb","itemListElement":[{"@type":"ListItem","position":1,"name":"Home","item":"https:\/\/tourtravelandmore.com\/fr\/"},{"@type":"ListItem","position":2,"name":"Tours","item":"https:\/\/tourtravelandmore.com\/fr\/tours\/"},{"@type":"ListItem","position":3,"name":"Visite priv\u00e9e des trois pays en une journ\u00e9e"}]},{"@type":"WebSite","@id":"https:\/\/tourtravelandmore.com\/fr\/#website","url":"https:\/\/tourtravelandmore.com\/fr\/","name":"Tour Travel And More","description":"Private sightseeing tours and luxury transfers in Spain","publisher":{"@id":"https:\/\/tourtravelandmore.com\/fr\/#organization"},"potentialAction":[{"@type":"SearchAction","target":{"@type":"EntryPoint","urlTemplate":"https:\/\/tourtravelandmore.com\/fr\/?s={search_term_string}"},"query-input":{"@type":"PropertyValueSpecification","valueRequired":true,"valueName":"search_term_string"}}],"inLanguage":"fr-FR"},{"@type":"Organization","@id":"https:\/\/tourtravelandmore.com\/fr\/#organization","name":"Tour Travel And More","url":"https:\/\/tourtravelandmore.com\/fr\/","logo":{"@type":"ImageObject","inLanguage":"fr-FR","@id":"https:\/\/tourtravelandmore.com\/fr\/#\/schema\/logo\/image\/","url":"https:\/\/tourtravelandmore.com\/wp-content\/uploads\/2022\/12\/cropped-logo-cabecera-new.png","contentUrl":"https:\/\/tourtravelandmore.com\/wp-content\/uploads\/2022\/12\/cropped-logo-cabecera-new.png","width":430,"height":61,"caption":"Tour Travel And More"},"image":{"@id":"https:\/\/tourtravelandmore.com\/fr\/#\/schema\/logo\/image\/"},"sameAs":["https:\/\/www.facebook.com\/tourtravelandmore\/","https:\/\/x.com\/TourTravel_More"]}]}},"_links":{"self":[{"href":"https:\/\/tourtravelandmore.com\/fr\/wp-json\/wp\/v2\/product\/164859","targetHints":{"allow":["GET"]}}],"collection":[{"href":"https:\/\/tourtravelandmore.com\/fr\/wp-json\/wp\/v2\/product"}],"about":[{"href":"https:\/\/tourtravelandmore.com\/fr\/wp-json\/wp\/v2\/types\/product"}],"replies":[{"embeddable":true,"href":"https:\/\/tourtravelandmore.com\/fr\/wp-json\/wp\/v2\/comments?post=164859"}],"wp:featuredmedia":[{"embeddable":true,"href":"https:\/\/tourtravelandmore.com\/fr\/wp-json\/wp\/v2\/media\/164834"}],"wp:attachment":[{"href":"https:\/\/tourtravelandmore.com\/fr\/wp-json\/wp\/v2\/media?parent=164859"}],"wp:term":[{"taxonomy":"product_brand","embeddable":true,"href":"https:\/\/tourtravelandmore.com\/fr\/wp-json\/wp\/v2\/product_brand?post=164859"},{"taxonomy":"product_cat","embeddable":true,"href":"https:\/\/tourtravelandmore.com\/fr\/wp-json\/wp\/v2\/product_cat?post=164859"},{"taxonomy":"product_tag","embeddable":true,"href":"https:\/\/tourtravelandmore.com\/fr\/wp-json\/wp\/v2\/product_tag?post=164859"}],"curies":[{"name":"wp","href":"https:\/\/api.w.org\/{rel}","templated":true}]}}