{"id":118856,"date":"2022-02-10T16:26:59","date_gmt":"2022-02-10T15:27:06","guid":{"rendered":"https:\/\/tourtravelandmore.com\/?post_type=product&#038;p=118856"},"modified":"2022-02-21T19:51:18","modified_gmt":"2022-02-21T18:51:18","slug":"visite-privee-de-lalbufera-depuis-valence","status":"publish","type":"product","link":"https:\/\/tourtravelandmore.com\/fr\/tours\/espagne-fr\/valencia-fr\/toutes-les-visites-et-activites-privees-valencia-fr-espagne-fr\/visite-privee-de-lalbufera-depuis-valence\/","title":{"rendered":"Visite priv\u00e9e de l&#8217;Albufera depuis Valence"},"content":{"rendered":"<h2><b>Description de l&#8217;excursion priv\u00e9e \u00e0 l&#8217;Albufera depuis Valence<\/b><\/h2>\n<p><span style=\"font-weight: 400;\">L&#8217;Albufera est la plus grande lagune d&#8217;Espagne et est \u00e9galement un parc naturel avec une incroyable biodiversit\u00e9 \u00e9cologique. C&#8217;est un enclos qui compte plus de 20 000 hectares, o\u00f9 vous pourrez passer des heures et des heures de grand divertissement.\u00a0<\/span><\/p>\n<p><span style=\"font-weight: 400;\">Profitez de votre temps \u00e0 Valence pour profiter de notre <\/span><b>visite priv\u00e9e de l&#8217;Albufera depuis Valence <\/b><span style=\"font-weight: 400;\">afin de vivre une exp\u00e9rience plus agr\u00e9able et personnalis\u00e9e.<\/span><\/p>\n<p><span style=\"font-weight: 400;\">D\u00e9couvrez tous les recoins de ce lieu embl\u00e9matique lors de cette <\/span><b>visite guid\u00e9e de 3 heures<\/b><span style=\"font-weight: 400;\">.\u00a0<\/span><\/p>\n<p><span style=\"font-weight: 400;\">Naviguez dans ses eaux magnifiques et apprenez \u00e0 conna\u00eetre toutes les esp\u00e8ces de flore et de faune qui peuplent cette incroyable <\/span><b>r\u00e9serve naturelle<\/b><span style=\"font-weight: 400;\">.\u00a0<\/span><\/p>\n<p><span style=\"font-weight: 400;\">Vous n&#8217;aurez pas \u00e0 attendre pour vous rendre sur le site, puisque <\/span><b>nous vous transf\u00e9rerons dans une voiture de luxe et que vous serez accompagn\u00e9 d&#8217;un guide priv\u00e9, qui se chargera <\/b><span style=\"font-weight: 400;\">exclusivement de r\u00e9pondre \u00e0 toutes vos questions.\u00a0<\/span><\/p>\n<p><span style=\"font-weight: 400;\">C&#8217;est une excursion parfaite pour se mettre \u00e0 l&#8217;aise et explorer un magnifique coin de nature espagnol. De plus, l&#8217;excursion sera pleine d&#8217;aventure et de plaisir, puisque vous naviguerez en bateau sur l&#8217;Albufera.\u00a0\u00a0<\/span><\/p>\n<p><span style=\"font-weight: 400;\">Vivez cette grande exp\u00e9rience lors d&#8217;une visite priv\u00e9e con\u00e7ue pour vous.\u00a0<\/span><\/p>\n<h2><span style=\"color: #d3af37;\"><b>Points d&#8217;int\u00e9r\u00eat de la visite priv\u00e9e<\/b><\/span><\/h2>\n<p><span style=\"font-weight: 400;\">Le parc de l&#8217;Albufera ou &#8220;le miroir du soleil&#8221; est tr\u00e8s proche de Valence. Cette visite priv\u00e9e vous permettra donc de d\u00e9couvrir le c\u0153ur de cette r\u00e9serve naturelle situ\u00e9e \u00e0 seulement 20 minutes de Valence.\u00a0<\/span><\/p>\n<p><b>Nous nous retrouverons \u00e0 un point central de Valence <\/b><span style=\"font-weight: 400;\">pour commencer le voyage vers l&#8217;Albufera.\u00a0<\/span><\/p>\n<p><span style=\"font-weight: 400;\">Vous pourrez vous promener dans la zone prot\u00e9g\u00e9e pour les oiseaux et o\u00f9 vivent diff\u00e9rentes esp\u00e8ces m\u00e9diterran\u00e9ennes telles que les magnifiques flamants roses.\u00a0<\/span><\/p>\n<p><span style=\"font-weight: 400;\">Le guide priv\u00e9 sera attentif \u00e0 vous offrir toutes les informations sur la faune et la flore du parc et aussi \u00e0 vous r\u00e9v\u00e9ler l&#8217;importance de l&#8217;Albufera en tant que centre naturel favorisant l&#8217;\u00e9quilibre \u00e9cologique.\u00a0<\/span><\/p>\n<p><span style=\"font-weight: 400;\">Vous aurez \u00e9galement l&#8217;occasion de visiter les points d&#8217;int\u00e9r\u00eat suivants :\u00a0<\/span><\/p>\n<h3><span style=\"color: #d3af37;\"><b>Centre d&#8217;interpr\u00e9tation et de services aux visiteurs du Rac\u00f3 de L&#8217;Olla<\/b><\/span><\/h3>\n<p><span style=\"font-weight: 400;\">Ce point de d\u00e9part est id\u00e9al pour vous permettre de d\u00e9couvrir l&#8217;importance historique et culturelle de l&#8217;Albufera.\u00a0<\/span><\/p>\n<p><span style=\"font-weight: 400;\">Le centre dispose d&#8217;une zone d\u00e9di\u00e9e \u00e0 la r\u00e9cup\u00e9ration de la faune, ainsi que de zones r\u00e9cr\u00e9atives et de points de vue.\u00a0<\/span><\/p>\n<h3><span style=\"color: #d3af37;\"><b>El Palmar de Albufera\u00a0<\/b><\/span><\/h3>\n<p><span style=\"font-weight: 400;\">C&#8217;est un village pittoresque qui regorge de magasins, de restaurants et d&#8217;\u00e9choppes pour acheter diff\u00e9rents souvenirs de votre promenade dans l&#8217;Albufera.\u00a0<\/span><\/p>\n<p><span style=\"font-weight: 400;\">\u00c0 El Palmar se trouve \u00e9galement la belle \u00e9glise du Ni\u00f1o Jes\u00fas del Huerto.\u00a0<\/span><\/p>\n<p><span style=\"font-weight: 400;\">Les rizi\u00e8res et les restaurants sp\u00e9cialis\u00e9s dans la paella valencienne sont quelques-unes des choses qui rendent cette ville plus attrayante. C&#8217;est donc l&#8217;<\/span><b>un des meilleurs endroits \u00e0 voir dans l&#8217;Albufera valencienne.\u00a0<\/b><\/p>\n<h3><span style=\"color: #d3af37;\"><b>La batteuse Tocaio\u00a0<\/b><\/span><\/h3>\n<p><span style=\"font-weight: 400;\">Le moulin \u00e0 battre de Tocaio est un ensemble de b\u00e2timents tr\u00e8s frappant. Le riz \u00e9tait trait\u00e9 et moulu \u00e0 cet endroit.\u00a0<\/span><\/p>\n<p><span style=\"font-weight: 400;\">Bien qu&#8217;il soit actuellement d\u00e9saffect\u00e9, le conseil municipal d\u00e9ploie de nombreux efforts pour r\u00e9cup\u00e9rer ce b\u00e2timent de grande valeur historique dans la r\u00e9gion.\u00a0<\/span><\/p>\n<p><span style=\"font-weight: 400;\">Dans cette zone, il y a une jet\u00e9e o\u00f9 vous pouvez prendre des bateaux pour faire une promenade sur la lagune d&#8217;Albufera.\u00a0<\/span><\/p>\n<h3><span style=\"color: #d3af37;\"><b>Barraca dels Arandes<\/b><\/span><\/h3>\n<p><span style=\"font-weight: 400;\">Notre visite priv\u00e9e vous conduira \u00e0 la plus ancienne barraca trouv\u00e9e \u00e0 El Palmar. Cette maison faite de cannes en terre \u00e9voque l&#8217;histoire des anciens colons.\u00a0<\/span><\/p>\n<p><span style=\"font-weight: 400;\">La cabane date du 19e si\u00e8cle et est l&#8217;une des rares \u00e0 \u00eatre encore debout, les autres ayant \u00e9t\u00e9 remplac\u00e9es au 20e si\u00e8cle.\u00a0<\/span><\/p>\n<h3><span style=\"color: #d3af37;\"><b>Rizi\u00e8res\u00a0<\/b><\/span><\/h3>\n<p><span style=\"font-weight: 400;\">La plantation et la commercialisation du riz est l&#8217;un des piliers fondamentaux de l&#8217;\u00e9conomie valencienne.<\/span><\/p>\n<p><span style=\"font-weight: 400;\">Au cours de la visite, vous verrez de vastes rizi\u00e8res qui attireront votre attention en raison de leur incroyable extension. Vous pourrez m\u00eame rencontrer des habitants de la r\u00e9gion en train de planter et de r\u00e9colter.\u00a0<\/span><\/p>\n<h3><span style=\"color: #d3af37;\"><b>Promenade en bateau sur l&#8217;Albufera\u00a0<\/b><\/span><\/h3>\n<p><span style=\"font-weight: 400;\">Sans aucun doute, c&#8217;est l&#8217;un des meilleurs moments que vous vivrez lors de notre visite priv\u00e9e de l&#8217;Albufera depuis Valence.\u00a0<\/span><\/p>\n<p><b>Vous pourrez embarquer sur un &#8220;<\/b><b><i>albuferencs&#8221; <\/i><\/b><b>typique<\/b><span style=\"font-weight: 400;\">, pour un tour complet des canaux et du lac de l&#8217;Albufera. Au cours de la promenade, vous <\/span><b>verrez de nombreuses fermes piscicoles<\/b><span style=\"font-weight: 400;\">, dont la plupart sont consacr\u00e9es \u00e0 l&#8217;\u00e9levage d&#8217;anguilles.\u00a0<\/span><\/p>\n<p><span style=\"font-weight: 400;\">Vous visiterez \u00e9galement Tancat de la Pipa, le port de Catarroja, entre autres lieux.<\/span><\/p>\n<p><span style=\"font-weight: 400;\">\u00c0 la fin de la visite guid\u00e9e, nous retournerons \u00e0 Valence pour vous d\u00e9poser \u00e0 l&#8217;endroit qui vous convient le mieux.\u00a0<\/span><\/p>\n<p><span style=\"font-weight: 400;\">Une autre des excursions que nous vous recommandons de faire pendant votre visite de Valence est la <\/span><b>visite priv\u00e9e de Las Cuevas de San Jos\u00e9 depuis Valence.<\/b><\/p>\n","protected":false},"excerpt":{"rendered":"<p><span style=\"font-weight: 400;\">\u00c9vadez-vous de Valence vers la beaut\u00e9 naturelle et la tranquillit\u00e9 de la lagune et du parc naturel d&#8217;Albufera. Profitez de la commodit\u00e9 d&#8217;un v\u00e9hicule de luxe priv\u00e9 et des conseils d&#8217;un guide priv\u00e9 pendant toute la dur\u00e9e de l&#8217;excursion, et profitez d&#8217;une promenade en bateau.<\/span><\/p>\n","protected":false},"featured_media":119624,"comment_status":"open","ping_status":"closed","template":"","meta":{"_acf_changed":false},"product_brand":[],"product_cat":[3674,4077,4078],"product_tag":[],"class_list":{"0":"post-118856","1":"product","2":"type-product","3":"status-publish","4":"has-post-thumbnail","6":"product_cat-valencia-fr","7":"product_cat-toutes-les-visites-et-activites-privees-valencia-fr-espagne-fr","8":"product_cat-private-sightseeing-tours-fr-70","10":"first","11":"instock","12":"shipping-taxable","13":"purchasable","14":"product-type-simple"},"acf":[],"yoast_head":"<!-- This site is optimized with the Yoast SEO Premium plugin v25.3.1 (Yoast SEO v25.3.1) - https:\/\/yoast.com\/wordpress\/plugins\/seo\/ -->\n<title>Visite priv\u00e9e de l&#039;Albufera depuis Valence avec guide priv\u00e9 et voiture priv\u00e9e inclus.<\/title>\n<meta name=\"description\" content=\"Excursion priv\u00e9e \u00e0 l&#039;Albufera depuis Valence pour explorer cette merveille \u00e9cologique situ\u00e9e \u00e0 seulement 10 km de la capitale valencienne\" \/>\n<meta name=\"robots\" content=\"index, follow, max-snippet:-1, max-image-preview:large, max-video-preview:-1\" \/>\n<link rel=\"canonical\" href=\"https:\/\/tourtravelandmore.com\/fr\/tours\/espagne-fr\/valencia-fr\/toutes-les-visites-et-activites-privees-valencia-fr-espagne-fr\/visite-privee-de-lalbufera-depuis-valence\/\" \/>\n<meta property=\"og:locale\" content=\"fr_FR\" \/>\n<meta property=\"og:type\" content=\"article\" \/>\n<meta property=\"og:title\" content=\"Visite priv\u00e9e de l&#039;Albufera depuis Valence\" \/>\n<meta property=\"og:description\" content=\"Excursion priv\u00e9e \u00e0 l&#039;Albufera depuis Valence pour explorer cette merveille \u00e9cologique situ\u00e9e \u00e0 seulement 10 km de la capitale valencienne\" \/>\n<meta property=\"og:url\" content=\"https:\/\/tourtravelandmore.com\/fr\/tours\/espagne-fr\/valencia-fr\/toutes-les-visites-et-activites-privees-valencia-fr-espagne-fr\/visite-privee-de-lalbufera-depuis-valence\/\" \/>\n<meta property=\"og:site_name\" content=\"Tour Travel And More\" \/>\n<meta property=\"article:publisher\" content=\"https:\/\/www.facebook.com\/tourtravelandmore\/\" \/>\n<meta property=\"article:modified_time\" content=\"2022-02-21T18:51:18+00:00\" \/>\n<meta property=\"og:image\" content=\"https:\/\/tourtravelandmore.com\/wp-content\/uploads\/2022\/02\/pexels-manuel-torres-garcia-6320539.jpg\" \/>\n\t<meta property=\"og:image:width\" content=\"1920\" \/>\n\t<meta property=\"og:image:height\" content=\"1260\" \/>\n\t<meta property=\"og:image:type\" content=\"image\/jpeg\" \/>\n<meta name=\"twitter:card\" content=\"summary_large_image\" \/>\n<meta name=\"twitter:site\" content=\"@TourTravel_More\" \/>\n<meta name=\"twitter:label1\" content=\"Dur\u00e9e de lecture estim\u00e9e\" \/>\n\t<meta name=\"twitter:data1\" content=\"4 minutes\" \/>\n<script type=\"application\/ld+json\" class=\"yoast-schema-graph\">{\"@context\":\"https:\/\/schema.org\",\"@graph\":[{\"@type\":\"WebPage\",\"@id\":\"https:\/\/tourtravelandmore.com\/fr\/tours\/espagne-fr\/valencia-fr\/toutes-les-visites-et-activites-privees-valencia-fr-espagne-fr\/visite-privee-de-lalbufera-depuis-valence\/\",\"url\":\"https:\/\/tourtravelandmore.com\/fr\/tours\/espagne-fr\/valencia-fr\/toutes-les-visites-et-activites-privees-valencia-fr-espagne-fr\/visite-privee-de-lalbufera-depuis-valence\/\",\"name\":\"Visite priv\u00e9e de l'Albufera depuis Valence avec guide priv\u00e9 et voiture priv\u00e9e inclus.\",\"isPartOf\":{\"@id\":\"https:\/\/tourtravelandmore.com\/fr\/#website\"},\"primaryImageOfPage\":{\"@id\":\"https:\/\/tourtravelandmore.com\/fr\/tours\/espagne-fr\/valencia-fr\/toutes-les-visites-et-activites-privees-valencia-fr-espagne-fr\/visite-privee-de-lalbufera-depuis-valence\/#primaryimage\"},\"image\":{\"@id\":\"https:\/\/tourtravelandmore.com\/fr\/tours\/espagne-fr\/valencia-fr\/toutes-les-visites-et-activites-privees-valencia-fr-espagne-fr\/visite-privee-de-lalbufera-depuis-valence\/#primaryimage\"},\"thumbnailUrl\":\"https:\/\/tourtravelandmore.com\/wp-content\/uploads\/2022\/02\/pexels-manuel-torres-garcia-6320539.jpg\",\"datePublished\":\"2022-02-10T15:27:06+00:00\",\"dateModified\":\"2022-02-21T18:51:18+00:00\",\"description\":\"Excursion priv\u00e9e \u00e0 l'Albufera depuis Valence pour explorer cette merveille \u00e9cologique situ\u00e9e \u00e0 seulement 10 km de la capitale valencienne\",\"breadcrumb\":{\"@id\":\"https:\/\/tourtravelandmore.com\/fr\/tours\/espagne-fr\/valencia-fr\/toutes-les-visites-et-activites-privees-valencia-fr-espagne-fr\/visite-privee-de-lalbufera-depuis-valence\/#breadcrumb\"},\"inLanguage\":\"fr-FR\",\"potentialAction\":[{\"@type\":\"ReadAction\",\"target\":[\"https:\/\/tourtravelandmore.com\/fr\/tours\/espagne-fr\/valencia-fr\/toutes-les-visites-et-activites-privees-valencia-fr-espagne-fr\/visite-privee-de-lalbufera-depuis-valence\/\"]}]},{\"@type\":\"ImageObject\",\"inLanguage\":\"fr-FR\",\"@id\":\"https:\/\/tourtravelandmore.com\/fr\/tours\/espagne-fr\/valencia-fr\/toutes-les-visites-et-activites-privees-valencia-fr-espagne-fr\/visite-privee-de-lalbufera-depuis-valence\/#primaryimage\",\"url\":\"https:\/\/tourtravelandmore.com\/wp-content\/uploads\/2022\/02\/pexels-manuel-torres-garcia-6320539.jpg\",\"contentUrl\":\"https:\/\/tourtravelandmore.com\/wp-content\/uploads\/2022\/02\/pexels-manuel-torres-garcia-6320539.jpg\",\"width\":1920,\"height\":1260},{\"@type\":\"BreadcrumbList\",\"@id\":\"https:\/\/tourtravelandmore.com\/fr\/tours\/espagne-fr\/valencia-fr\/toutes-les-visites-et-activites-privees-valencia-fr-espagne-fr\/visite-privee-de-lalbufera-depuis-valence\/#breadcrumb\",\"itemListElement\":[{\"@type\":\"ListItem\",\"position\":1,\"name\":\"Home\",\"item\":\"https:\/\/tourtravelandmore.com\/fr\/\"},{\"@type\":\"ListItem\",\"position\":2,\"name\":\"Tours\",\"item\":\"https:\/\/tourtravelandmore.com\/fr\/tours\/\"},{\"@type\":\"ListItem\",\"position\":3,\"name\":\"Visite priv\u00e9e de l&rsquo;Albufera depuis Valence\"}]},{\"@type\":\"WebSite\",\"@id\":\"https:\/\/tourtravelandmore.com\/fr\/#website\",\"url\":\"https:\/\/tourtravelandmore.com\/fr\/\",\"name\":\"Tour Travel And More\",\"description\":\"Private sightseeing tours and luxury transfers in Spain\",\"publisher\":{\"@id\":\"https:\/\/tourtravelandmore.com\/fr\/#organization\"},\"potentialAction\":[{\"@type\":\"SearchAction\",\"target\":{\"@type\":\"EntryPoint\",\"urlTemplate\":\"https:\/\/tourtravelandmore.com\/fr\/?s={search_term_string}\"},\"query-input\":{\"@type\":\"PropertyValueSpecification\",\"valueRequired\":true,\"valueName\":\"search_term_string\"}}],\"inLanguage\":\"fr-FR\"},{\"@type\":\"Organization\",\"@id\":\"https:\/\/tourtravelandmore.com\/fr\/#organization\",\"name\":\"Tour Travel And More\",\"url\":\"https:\/\/tourtravelandmore.com\/fr\/\",\"logo\":{\"@type\":\"ImageObject\",\"inLanguage\":\"fr-FR\",\"@id\":\"https:\/\/tourtravelandmore.com\/fr\/#\/schema\/logo\/image\/\",\"url\":\"https:\/\/tourtravelandmore.com\/wp-content\/uploads\/2022\/12\/cropped-logo-cabecera-new.png\",\"contentUrl\":\"https:\/\/tourtravelandmore.com\/wp-content\/uploads\/2022\/12\/cropped-logo-cabecera-new.png\",\"width\":430,\"height\":61,\"caption\":\"Tour Travel And More\"},\"image\":{\"@id\":\"https:\/\/tourtravelandmore.com\/fr\/#\/schema\/logo\/image\/\"},\"sameAs\":[\"https:\/\/www.facebook.com\/tourtravelandmore\/\",\"https:\/\/x.com\/TourTravel_More\"]}]}<\/script>\n<!-- \/ Yoast SEO Premium plugin. -->","yoast_head_json":{"title":"Visite priv\u00e9e de l'Albufera depuis Valence avec guide priv\u00e9 et voiture priv\u00e9e inclus.","description":"Excursion priv\u00e9e \u00e0 l'Albufera depuis Valence pour explorer cette merveille \u00e9cologique situ\u00e9e \u00e0 seulement 10 km de la capitale valencienne","robots":{"index":"index","follow":"follow","max-snippet":"max-snippet:-1","max-image-preview":"max-image-preview:large","max-video-preview":"max-video-preview:-1"},"canonical":"https:\/\/tourtravelandmore.com\/fr\/tours\/espagne-fr\/valencia-fr\/toutes-les-visites-et-activites-privees-valencia-fr-espagne-fr\/visite-privee-de-lalbufera-depuis-valence\/","og_locale":"fr_FR","og_type":"article","og_title":"Visite priv\u00e9e de l'Albufera depuis Valence","og_description":"Excursion priv\u00e9e \u00e0 l'Albufera depuis Valence pour explorer cette merveille \u00e9cologique situ\u00e9e \u00e0 seulement 10 km de la capitale valencienne","og_url":"https:\/\/tourtravelandmore.com\/fr\/tours\/espagne-fr\/valencia-fr\/toutes-les-visites-et-activites-privees-valencia-fr-espagne-fr\/visite-privee-de-lalbufera-depuis-valence\/","og_site_name":"Tour Travel And More","article_publisher":"https:\/\/www.facebook.com\/tourtravelandmore\/","article_modified_time":"2022-02-21T18:51:18+00:00","og_image":[{"width":1920,"height":1260,"url":"https:\/\/tourtravelandmore.com\/wp-content\/uploads\/2022\/02\/pexels-manuel-torres-garcia-6320539.jpg","type":"image\/jpeg"}],"twitter_card":"summary_large_image","twitter_site":"@TourTravel_More","twitter_misc":{"Dur\u00e9e de lecture estim\u00e9e":"4 minutes"},"schema":{"@context":"https:\/\/schema.org","@graph":[{"@type":"WebPage","@id":"https:\/\/tourtravelandmore.com\/fr\/tours\/espagne-fr\/valencia-fr\/toutes-les-visites-et-activites-privees-valencia-fr-espagne-fr\/visite-privee-de-lalbufera-depuis-valence\/","url":"https:\/\/tourtravelandmore.com\/fr\/tours\/espagne-fr\/valencia-fr\/toutes-les-visites-et-activites-privees-valencia-fr-espagne-fr\/visite-privee-de-lalbufera-depuis-valence\/","name":"Visite priv\u00e9e de l'Albufera depuis Valence avec guide priv\u00e9 et voiture priv\u00e9e inclus.","isPartOf":{"@id":"https:\/\/tourtravelandmore.com\/fr\/#website"},"primaryImageOfPage":{"@id":"https:\/\/tourtravelandmore.com\/fr\/tours\/espagne-fr\/valencia-fr\/toutes-les-visites-et-activites-privees-valencia-fr-espagne-fr\/visite-privee-de-lalbufera-depuis-valence\/#primaryimage"},"image":{"@id":"https:\/\/tourtravelandmore.com\/fr\/tours\/espagne-fr\/valencia-fr\/toutes-les-visites-et-activites-privees-valencia-fr-espagne-fr\/visite-privee-de-lalbufera-depuis-valence\/#primaryimage"},"thumbnailUrl":"https:\/\/tourtravelandmore.com\/wp-content\/uploads\/2022\/02\/pexels-manuel-torres-garcia-6320539.jpg","datePublished":"2022-02-10T15:27:06+00:00","dateModified":"2022-02-21T18:51:18+00:00","description":"Excursion priv\u00e9e \u00e0 l'Albufera depuis Valence pour explorer cette merveille \u00e9cologique situ\u00e9e \u00e0 seulement 10 km de la capitale valencienne","breadcrumb":{"@id":"https:\/\/tourtravelandmore.com\/fr\/tours\/espagne-fr\/valencia-fr\/toutes-les-visites-et-activites-privees-valencia-fr-espagne-fr\/visite-privee-de-lalbufera-depuis-valence\/#breadcrumb"},"inLanguage":"fr-FR","potentialAction":[{"@type":"ReadAction","target":["https:\/\/tourtravelandmore.com\/fr\/tours\/espagne-fr\/valencia-fr\/toutes-les-visites-et-activites-privees-valencia-fr-espagne-fr\/visite-privee-de-lalbufera-depuis-valence\/"]}]},{"@type":"ImageObject","inLanguage":"fr-FR","@id":"https:\/\/tourtravelandmore.com\/fr\/tours\/espagne-fr\/valencia-fr\/toutes-les-visites-et-activites-privees-valencia-fr-espagne-fr\/visite-privee-de-lalbufera-depuis-valence\/#primaryimage","url":"https:\/\/tourtravelandmore.com\/wp-content\/uploads\/2022\/02\/pexels-manuel-torres-garcia-6320539.jpg","contentUrl":"https:\/\/tourtravelandmore.com\/wp-content\/uploads\/2022\/02\/pexels-manuel-torres-garcia-6320539.jpg","width":1920,"height":1260},{"@type":"BreadcrumbList","@id":"https:\/\/tourtravelandmore.com\/fr\/tours\/espagne-fr\/valencia-fr\/toutes-les-visites-et-activites-privees-valencia-fr-espagne-fr\/visite-privee-de-lalbufera-depuis-valence\/#breadcrumb","itemListElement":[{"@type":"ListItem","position":1,"name":"Home","item":"https:\/\/tourtravelandmore.com\/fr\/"},{"@type":"ListItem","position":2,"name":"Tours","item":"https:\/\/tourtravelandmore.com\/fr\/tours\/"},{"@type":"ListItem","position":3,"name":"Visite priv\u00e9e de l&rsquo;Albufera depuis Valence"}]},{"@type":"WebSite","@id":"https:\/\/tourtravelandmore.com\/fr\/#website","url":"https:\/\/tourtravelandmore.com\/fr\/","name":"Tour Travel And More","description":"Private sightseeing tours and luxury transfers in Spain","publisher":{"@id":"https:\/\/tourtravelandmore.com\/fr\/#organization"},"potentialAction":[{"@type":"SearchAction","target":{"@type":"EntryPoint","urlTemplate":"https:\/\/tourtravelandmore.com\/fr\/?s={search_term_string}"},"query-input":{"@type":"PropertyValueSpecification","valueRequired":true,"valueName":"search_term_string"}}],"inLanguage":"fr-FR"},{"@type":"Organization","@id":"https:\/\/tourtravelandmore.com\/fr\/#organization","name":"Tour Travel And More","url":"https:\/\/tourtravelandmore.com\/fr\/","logo":{"@type":"ImageObject","inLanguage":"fr-FR","@id":"https:\/\/tourtravelandmore.com\/fr\/#\/schema\/logo\/image\/","url":"https:\/\/tourtravelandmore.com\/wp-content\/uploads\/2022\/12\/cropped-logo-cabecera-new.png","contentUrl":"https:\/\/tourtravelandmore.com\/wp-content\/uploads\/2022\/12\/cropped-logo-cabecera-new.png","width":430,"height":61,"caption":"Tour Travel And More"},"image":{"@id":"https:\/\/tourtravelandmore.com\/fr\/#\/schema\/logo\/image\/"},"sameAs":["https:\/\/www.facebook.com\/tourtravelandmore\/","https:\/\/x.com\/TourTravel_More"]}]}},"_links":{"self":[{"href":"https:\/\/tourtravelandmore.com\/fr\/wp-json\/wp\/v2\/product\/118856","targetHints":{"allow":["GET"]}}],"collection":[{"href":"https:\/\/tourtravelandmore.com\/fr\/wp-json\/wp\/v2\/product"}],"about":[{"href":"https:\/\/tourtravelandmore.com\/fr\/wp-json\/wp\/v2\/types\/product"}],"replies":[{"embeddable":true,"href":"https:\/\/tourtravelandmore.com\/fr\/wp-json\/wp\/v2\/comments?post=118856"}],"wp:featuredmedia":[{"embeddable":true,"href":"https:\/\/tourtravelandmore.com\/fr\/wp-json\/wp\/v2\/media\/119624"}],"wp:attachment":[{"href":"https:\/\/tourtravelandmore.com\/fr\/wp-json\/wp\/v2\/media?parent=118856"}],"wp:term":[{"taxonomy":"product_brand","embeddable":true,"href":"https:\/\/tourtravelandmore.com\/fr\/wp-json\/wp\/v2\/product_brand?post=118856"},{"taxonomy":"product_cat","embeddable":true,"href":"https:\/\/tourtravelandmore.com\/fr\/wp-json\/wp\/v2\/product_cat?post=118856"},{"taxonomy":"product_tag","embeddable":true,"href":"https:\/\/tourtravelandmore.com\/fr\/wp-json\/wp\/v2\/product_tag?post=118856"}],"curies":[{"name":"wp","href":"https:\/\/api.w.org\/{rel}","templated":true}]}}