{"id":117733,"date":"2022-01-20T15:38:55","date_gmt":"2022-01-20T14:39:04","guid":{"rendered":"https:\/\/tourtravelandmore.com\/?post_type=product&#038;p=117733"},"modified":"2022-11-29T16:17:13","modified_gmt":"2022-11-29T15:17:13","slug":"visite-privee-a-pied-de-reims","status":"publish","type":"product","link":"https:\/\/tourtravelandmore.com\/fr\/tours\/espagne-fr\/valencia-fr\/visites-guidees-privees-valencia-fr\/visite-privee-a-pied-de-reims\/","title":{"rendered":"Visite Priv\u00e9e \u00e0 pied de Reims"},"content":{"rendered":"<h2><b>Description de la Visite Priv\u00e9e \u00e0 pied de Reims\u00a0<\/b><\/h2>\n<p><span style=\"font-weight: 400;\">La France est un pays qui regorge d&#8217;innombrables beaut\u00e9s. L&#8217;une d&#8217;entre elles est la ville de Reims, qui est situ\u00e9e dans la r\u00e9gion Champagne ou Grand Est et qui est l&#8217;une des villes les plus peupl\u00e9es du d\u00e9partement de la Marne.\u00a0<\/span><\/p>\n<p><span style=\"font-weight: 400;\">Cette ville a plus de 2 000 ans d&#8217;histoire, et abrite plusieurs monuments qui ont \u00e9t\u00e9 d\u00e9clar\u00e9s sites du patrimoine mondial par l&#8217;UNESCO.\u00a0<\/span><\/p>\n<p><span style=\"font-weight: 400;\">Au cours de notre <\/span><b>visite priv\u00e9e \u00e0 pied de Reims, <\/b><span style=\"font-weight: 400;\">vous d\u00e9couvrirez des <\/span><b>monuments c\u00e9l\u00e8bres dans le monde entier<\/b><span style=\"font-weight: 400;\">, comme la cath\u00e9drale Notre-Dame, qui a servi de cadre aux couronnements des rois de France pendant pr\u00e8s de 1 000 ans.\u00a0<\/span><\/p>\n<p><span style=\"font-weight: 400;\">Vous d\u00e9couvrirez \u00e9galement le palais Tau, un complexe royal embl\u00e9matique qui a abrit\u00e9 des rois et des nobles \u00e0 l&#8217;\u00e9poque m\u00e9di\u00e9vale.\u00a0<\/span><\/p>\n<p><span style=\"font-weight: 400;\">Ce sera \u00e9galement une visite parfaite pour vous permettre d&#8217;admirer de pr\u00e8s les coteaux, les vignobles et les maisons de vins les plus r\u00e9put\u00e9s au monde.\u00a0<\/span><\/p>\n<p><span style=\"font-weight: 400;\">L&#8217;ensemble de la <\/span><b>visite sera exclusif et personnalis\u00e9 en compagnie d&#8217;un guide priv\u00e9<\/b><span style=\"font-weight: 400;\">, qui sera charg\u00e9 de vous fournir les faits et informations les plus importants sur chacun des sites les plus attrayants.\u00a0<\/span><\/p>\n<p><span style=\"font-weight: 400;\">Le point de rencontre avec le guide sera situ\u00e9 dans un endroit central de la ville afin que vous ne perdiez pas une minute de votre visite.\u00a0<\/span><\/p>\n<p><span style=\"font-weight: 400;\">Le guide vous fera \u00e9galement d\u00e9couvrir les joyaux cach\u00e9s de Reims. Ainsi, vous profiterez au maximum de votre visite guid\u00e9e.\u00a0<\/span><\/p>\n<h2><b>Points d&#8217;int\u00e9r\u00eat de la <\/b><b>visite priv\u00e9e \u00e0 pied de Reims\u00a0<\/b><\/h2>\n<p><span style=\"font-weight: 400;\">La r\u00e9gion de Champagne compte plus de <\/span><b>4 000 viticulteurs charg\u00e9s d&#8217;<\/b><span style=\"font-weight: 400;\">\u00e9laborer le champagne, qui est le vin mousseux le plus c\u00e9l\u00e8bre du monde. Il y a plus de 352 millions de bouteilles de cette boisson stock\u00e9es dans les caves et les maisons de vin.\u00a0<\/span><\/p>\n<p><b>De plus, <\/b><span style=\"font-weight: 400;\">l&#8217;<\/span><b>architecture m\u00e9di\u00e9vale avec une touche gothique de la <\/b><span style=\"font-weight: 400;\">ville est tout simplement \u00e9poustouflante.\u00a0<\/span><\/p>\n<p><span style=\"font-weight: 400;\">Apprenez \u00e0 conna\u00eetre cette splendide ville \u00e0 votre propre rythme, lors de cette visite priv\u00e9e \u00e0 pied de Reims (2 heures) pour voir les diff\u00e9rents points d&#8217;int\u00e9r\u00eat :\u00a0<\/span><\/p>\n<h3><span style=\"color: #d3af37;\"><b>La cath\u00e9drale de Reims<\/b><\/span><\/h3>\n<p><span style=\"font-weight: 400;\">Cette magnifique <\/span><b>cath\u00e9drale de style gothique <\/b><span style=\"font-weight: 400;\">fut l&#8217;une des premi\u00e8res \u00e0 \u00eatre construite en France au Moyen \u00c2ge. Elle est le lieu des couronnements des rois fran\u00e7ais depuis pr\u00e8s d&#8217;un mill\u00e9naire.\u00a0<\/span><\/p>\n<p><span style=\"font-weight: 400;\">C&#8217;est \u00e9galement l\u00e0 qu&#8217;a eu lieu le couronnement de Charles VII, o\u00f9 l&#8217;h\u00e9ro\u00efne Jeanne d&#8217;Arc \u00e9tait pr\u00e9sente.\u00a0<\/span><\/p>\n<p><span style=\"font-weight: 400;\">Dans la cath\u00e9drale, vous pourrez admirer ses vitraux et quelques statues situ\u00e9es \u00e0 l&#8217;ext\u00e9rieur. Vous verrez \u00e9galement la c\u00e9l\u00e8bre sculpture &#8220;l&#8217;ange du sourire&#8221; cr\u00e9\u00e9e par Marc Chagall. Mais le plus imposant est sa fa\u00e7ade gothique, digne de nombreuses photos de cartes postales.\u00a0<\/span><\/p>\n<h3><span style=\"color: #d3af37;\"><b>Le palais de Tau\u00a0<\/b><\/span><\/h3>\n<p><span style=\"font-weight: 400;\">La Cath\u00e9drale Notre Dame de Reims et le Palais de Tau sont li\u00e9s par l&#8217;histoire, puisque dans ce palais, les rois qui allaient \u00eatre couronn\u00e9s s\u00e9journaient pour se pr\u00e9parer avant l&#8217;acte solennel.\u00a0<\/span><\/p>\n<p><span style=\"font-weight: 400;\">C&#8217;est actuellement un mus\u00e9e qui abrite diverses collections royales. Il s&#8217;agit donc d&#8217;un lieu fascinant \u00e0 visiter.\u00a0<\/span><\/p>\n<h3><span style=\"color: #d3af37;\"><b>Le Place du Forum<\/b><\/span><\/h3>\n<p><span style=\"font-weight: 400;\">Sur la place du Forum, vous trouverez quelques vestiges de l&#8217;architecture romaine, rappelant l&#8217;influence de cette civilisation en France.\u00a0<\/span><\/p>\n<p><span style=\"font-weight: 400;\">Dans cette zone, vous verrez \u00e9galement de nombreuses galeries, des b\u00e2timents Art d\u00e9co et d&#8217;autres b\u00e2timents qui se distinguent par leur beaut\u00e9 unique.\u00a0<\/span><\/p>\n<h3><span style=\"color: #d3af37;\"><b>Villa Demoiselle<\/b><\/span><\/h3>\n<p><span style=\"font-weight: 400;\">Cet imposant b\u00e2timent Belle \u00c9poque se marie bien avec le style gothique de Reims.\u00a0<\/span><\/p>\n<p><span style=\"font-weight: 400;\">Il appartient aux propri\u00e9taires des champagnes Pommery, et c&#8217;est un lieu qui impressionne par chaque d\u00e9tail de sa structure.\u00a0<\/span><\/p>\n<h3><span style=\"color: #d3af37;\"><b>Maisons de champagne c\u00e9l\u00e8bres<\/b><\/span><\/h3>\n<p><span style=\"font-weight: 400;\">Si vous \u00eates un amateur de champagne, cette excursion vous permettra de d\u00e9couvrir les c\u00e9l\u00e8bres maisons de champagne de Reims.\u00a0\u00a0<\/span><\/p>\n<p><span style=\"font-weight: 400;\">Le plus frappant dans ce circuit est que ses galeries se trouvent sous la ville et s&#8217;\u00e9tendent sur plus de 250 kilom\u00e8tres. Ces caves abritent la campagne la plus p\u00e9tillante du monde.\u00a0<\/span><\/p>\n<p><span style=\"font-weight: 400;\">Dans les maisons de champagne, vous d\u00e9couvrirez les outils et les techniques utilis\u00e9s pour la production de cette boisson, ainsi que les plus c\u00e9l\u00e8bres marques internationales de champagne. Bien \u00e9videmment, l&#8217;espace de d\u00e9gustation ne pouvait manquer.\u00a0<\/span><\/p>\n<p><span style=\"font-weight: 400;\">Mais ce n&#8217;est pas tout, puisque lors de cette visite \u00e0 pied, vous profiterez d&#8217;autres points d&#8217;int\u00e9r\u00eat tels que :\u00a0<\/span><\/p>\n<ul>\n<li><b>Les ruines de la Porte de Mars.<\/b><\/li>\n<li><b>La Basilique de Saint Remi.\u00a0<\/b><\/li>\n<li><b>Biblioth\u00e8que Carnegie.<\/b><\/li>\n<li><b>Fort de la Pompelle, entre autres.<\/b><\/li>\n<\/ul>\n<p><span style=\"font-weight: 400;\">Au cours de cette visite de deux heures, vous serez \u00e9merveill\u00e9 par tout ce qu&#8217;il y a \u00e0 voir \u00e0 Reims. Et si vous \u00eates un amateur de vin \u00e0 bulles, vous pouvez faire une <\/span><b>visite priv\u00e9e des meilleurs vignobles de Champagne \u00e0 partir de Reims pour une <\/b><span style=\"font-weight: 400;\">journ\u00e9e diff\u00e9rente et tr\u00e8s relaxante.\u00a0<\/span><\/p>\n","protected":false},"excerpt":{"rendered":"<p><span style=\"font-weight: 400;\">Si vous faites un tour de France, vous devez visiter la majestueuse ville de Reims, plus connue sous le nom de &#8220;ville des cons\u00e9crations&#8221;. D\u00e9couvrez de mani\u00e8re exclusive les tr\u00e9sors exceptionnels que rec\u00e8le la r\u00e9gion de la Champagne, tels que la cath\u00e9drale Notre-Dame, le palais de Tau, ainsi que de nombreux autres b\u00e2timents et monuments qui ont \u00e9t\u00e9 d\u00e9clar\u00e9s patrimoine culturel et historique de l&#8217;humanit\u00e9. Mieux encore, vous serez accompagn\u00e9 d&#8217;un guide priv\u00e9, expert en histoire locale.<\/span><\/p>\n","protected":false},"featured_media":118505,"comment_status":"open","ping_status":"closed","template":"","meta":{"_acf_changed":false},"product_brand":[],"product_cat":[3540,3616,4045,4044,4069],"product_tag":[],"class_list":{"0":"post-117733","1":"product","2":"type-product","3":"status-publish","4":"has-post-thumbnail","6":"product_cat-france-fr","7":"product_cat-reims-fr","8":"product_cat-visites-guidees-privees-valencia-fr","9":"product_cat-toutes-les-visites-et-activites-privees-reims-fr","10":"product_cat-visites-a-pied-privees","12":"first","13":"instock","14":"shipping-taxable","15":"purchasable","16":"product-type-simple"},"acf":[],"yoast_head":"<!-- This site is optimized with the Yoast SEO Premium plugin v25.3.1 (Yoast SEO v25.3.1) - https:\/\/yoast.com\/wordpress\/plugins\/seo\/ -->\n<title>Visite priv\u00e9e \u00e0 pied de Reims avec un guide priv\u00e9 expert en histoire de la r\u00e9gion<\/title>\n<meta name=\"description\" content=\"Explorez la ville de Reims lors d&#039;une visite priv\u00e9e \u00e0 pied pour d\u00e9couvrir ses paysages pittoresques, son architecture m\u00e9di\u00e9vale embl\u00e9matique et ses vignobles de renomm\u00e9e mondiale en compagnie d&#039;un guide officiel priv\u00e9.\" \/>\n<meta name=\"robots\" content=\"index, follow, max-snippet:-1, max-image-preview:large, max-video-preview:-1\" \/>\n<link rel=\"canonical\" href=\"https:\/\/tourtravelandmore.com\/fr\/tours\/espagne-fr\/valencia-fr\/visites-guidees-privees-valencia-fr\/visite-privee-a-pied-de-reims\/\" \/>\n<meta property=\"og:locale\" content=\"fr_FR\" \/>\n<meta property=\"og:type\" content=\"article\" \/>\n<meta property=\"og:title\" content=\"Visite Priv\u00e9e \u00e0 pied de Reims\" \/>\n<meta property=\"og:description\" content=\"Explorez la ville de Reims lors d&#039;une visite priv\u00e9e \u00e0 pied pour d\u00e9couvrir ses paysages pittoresques, son architecture m\u00e9di\u00e9vale embl\u00e9matique et ses vignobles de renomm\u00e9e mondiale en compagnie d&#039;un guide officiel priv\u00e9.\" \/>\n<meta property=\"og:url\" content=\"https:\/\/tourtravelandmore.com\/fr\/tours\/espagne-fr\/valencia-fr\/visites-guidees-privees-valencia-fr\/visite-privee-a-pied-de-reims\/\" \/>\n<meta property=\"og:site_name\" content=\"Tour Travel And More\" \/>\n<meta property=\"article:publisher\" content=\"https:\/\/www.facebook.com\/tourtravelandmore\/\" \/>\n<meta property=\"article:modified_time\" content=\"2022-11-29T15:17:13+00:00\" \/>\n<meta property=\"og:image\" content=\"https:\/\/tourtravelandmore.com\/wp-content\/uploads\/2022\/01\/reno-laithienne-_xAUCK4KtHo-unsplash.jpg\" \/>\n\t<meta property=\"og:image:width\" content=\"2400\" \/>\n\t<meta property=\"og:image:height\" content=\"1600\" \/>\n\t<meta property=\"og:image:type\" content=\"image\/jpeg\" \/>\n<meta name=\"twitter:card\" content=\"summary_large_image\" \/>\n<meta name=\"twitter:site\" content=\"@TourTravel_More\" \/>\n<meta name=\"twitter:label1\" content=\"Dur\u00e9e de lecture estim\u00e9e\" \/>\n\t<meta name=\"twitter:data1\" content=\"4 minutes\" \/>\n<script type=\"application\/ld+json\" class=\"yoast-schema-graph\">{\"@context\":\"https:\/\/schema.org\",\"@graph\":[{\"@type\":\"WebPage\",\"@id\":\"https:\/\/tourtravelandmore.com\/fr\/tours\/espagne-fr\/valencia-fr\/visites-guidees-privees-valencia-fr\/visite-privee-a-pied-de-reims\/\",\"url\":\"https:\/\/tourtravelandmore.com\/fr\/tours\/espagne-fr\/valencia-fr\/visites-guidees-privees-valencia-fr\/visite-privee-a-pied-de-reims\/\",\"name\":\"Visite priv\u00e9e \u00e0 pied de Reims avec un guide priv\u00e9 expert en histoire de la r\u00e9gion\",\"isPartOf\":{\"@id\":\"https:\/\/tourtravelandmore.com\/fr\/#website\"},\"primaryImageOfPage\":{\"@id\":\"https:\/\/tourtravelandmore.com\/fr\/tours\/espagne-fr\/valencia-fr\/visites-guidees-privees-valencia-fr\/visite-privee-a-pied-de-reims\/#primaryimage\"},\"image\":{\"@id\":\"https:\/\/tourtravelandmore.com\/fr\/tours\/espagne-fr\/valencia-fr\/visites-guidees-privees-valencia-fr\/visite-privee-a-pied-de-reims\/#primaryimage\"},\"thumbnailUrl\":\"https:\/\/tourtravelandmore.com\/wp-content\/uploads\/2022\/01\/reno-laithienne-_xAUCK4KtHo-unsplash.jpg\",\"datePublished\":\"2022-01-20T14:39:04+00:00\",\"dateModified\":\"2022-11-29T15:17:13+00:00\",\"description\":\"Explorez la ville de Reims lors d'une visite priv\u00e9e \u00e0 pied pour d\u00e9couvrir ses paysages pittoresques, son architecture m\u00e9di\u00e9vale embl\u00e9matique et ses vignobles de renomm\u00e9e mondiale en compagnie d'un guide officiel priv\u00e9.\",\"breadcrumb\":{\"@id\":\"https:\/\/tourtravelandmore.com\/fr\/tours\/espagne-fr\/valencia-fr\/visites-guidees-privees-valencia-fr\/visite-privee-a-pied-de-reims\/#breadcrumb\"},\"inLanguage\":\"fr-FR\",\"potentialAction\":[{\"@type\":\"ReadAction\",\"target\":[\"https:\/\/tourtravelandmore.com\/fr\/tours\/espagne-fr\/valencia-fr\/visites-guidees-privees-valencia-fr\/visite-privee-a-pied-de-reims\/\"]}]},{\"@type\":\"ImageObject\",\"inLanguage\":\"fr-FR\",\"@id\":\"https:\/\/tourtravelandmore.com\/fr\/tours\/espagne-fr\/valencia-fr\/visites-guidees-privees-valencia-fr\/visite-privee-a-pied-de-reims\/#primaryimage\",\"url\":\"https:\/\/tourtravelandmore.com\/wp-content\/uploads\/2022\/01\/reno-laithienne-_xAUCK4KtHo-unsplash.jpg\",\"contentUrl\":\"https:\/\/tourtravelandmore.com\/wp-content\/uploads\/2022\/01\/reno-laithienne-_xAUCK4KtHo-unsplash.jpg\",\"width\":2400,\"height\":1600},{\"@type\":\"BreadcrumbList\",\"@id\":\"https:\/\/tourtravelandmore.com\/fr\/tours\/espagne-fr\/valencia-fr\/visites-guidees-privees-valencia-fr\/visite-privee-a-pied-de-reims\/#breadcrumb\",\"itemListElement\":[{\"@type\":\"ListItem\",\"position\":1,\"name\":\"Home\",\"item\":\"https:\/\/tourtravelandmore.com\/fr\/\"},{\"@type\":\"ListItem\",\"position\":2,\"name\":\"Tours\",\"item\":\"https:\/\/tourtravelandmore.com\/fr\/tours\/\"},{\"@type\":\"ListItem\",\"position\":3,\"name\":\"Visite Priv\u00e9e \u00e0 pied de Reims\"}]},{\"@type\":\"WebSite\",\"@id\":\"https:\/\/tourtravelandmore.com\/fr\/#website\",\"url\":\"https:\/\/tourtravelandmore.com\/fr\/\",\"name\":\"Tour Travel And More\",\"description\":\"Private sightseeing tours and luxury transfers in Spain\",\"publisher\":{\"@id\":\"https:\/\/tourtravelandmore.com\/fr\/#organization\"},\"potentialAction\":[{\"@type\":\"SearchAction\",\"target\":{\"@type\":\"EntryPoint\",\"urlTemplate\":\"https:\/\/tourtravelandmore.com\/fr\/?s={search_term_string}\"},\"query-input\":{\"@type\":\"PropertyValueSpecification\",\"valueRequired\":true,\"valueName\":\"search_term_string\"}}],\"inLanguage\":\"fr-FR\"},{\"@type\":\"Organization\",\"@id\":\"https:\/\/tourtravelandmore.com\/fr\/#organization\",\"name\":\"Tour Travel And More\",\"url\":\"https:\/\/tourtravelandmore.com\/fr\/\",\"logo\":{\"@type\":\"ImageObject\",\"inLanguage\":\"fr-FR\",\"@id\":\"https:\/\/tourtravelandmore.com\/fr\/#\/schema\/logo\/image\/\",\"url\":\"https:\/\/tourtravelandmore.com\/wp-content\/uploads\/2022\/12\/cropped-logo-cabecera-new.png\",\"contentUrl\":\"https:\/\/tourtravelandmore.com\/wp-content\/uploads\/2022\/12\/cropped-logo-cabecera-new.png\",\"width\":430,\"height\":61,\"caption\":\"Tour Travel And More\"},\"image\":{\"@id\":\"https:\/\/tourtravelandmore.com\/fr\/#\/schema\/logo\/image\/\"},\"sameAs\":[\"https:\/\/www.facebook.com\/tourtravelandmore\/\",\"https:\/\/x.com\/TourTravel_More\"]}]}<\/script>\n<!-- \/ Yoast SEO Premium plugin. -->","yoast_head_json":{"title":"Visite priv\u00e9e \u00e0 pied de Reims avec un guide priv\u00e9 expert en histoire de la r\u00e9gion","description":"Explorez la ville de Reims lors d'une visite priv\u00e9e \u00e0 pied pour d\u00e9couvrir ses paysages pittoresques, son architecture m\u00e9di\u00e9vale embl\u00e9matique et ses vignobles de renomm\u00e9e mondiale en compagnie d'un guide officiel priv\u00e9.","robots":{"index":"index","follow":"follow","max-snippet":"max-snippet:-1","max-image-preview":"max-image-preview:large","max-video-preview":"max-video-preview:-1"},"canonical":"https:\/\/tourtravelandmore.com\/fr\/tours\/espagne-fr\/valencia-fr\/visites-guidees-privees-valencia-fr\/visite-privee-a-pied-de-reims\/","og_locale":"fr_FR","og_type":"article","og_title":"Visite Priv\u00e9e \u00e0 pied de Reims","og_description":"Explorez la ville de Reims lors d'une visite priv\u00e9e \u00e0 pied pour d\u00e9couvrir ses paysages pittoresques, son architecture m\u00e9di\u00e9vale embl\u00e9matique et ses vignobles de renomm\u00e9e mondiale en compagnie d'un guide officiel priv\u00e9.","og_url":"https:\/\/tourtravelandmore.com\/fr\/tours\/espagne-fr\/valencia-fr\/visites-guidees-privees-valencia-fr\/visite-privee-a-pied-de-reims\/","og_site_name":"Tour Travel And More","article_publisher":"https:\/\/www.facebook.com\/tourtravelandmore\/","article_modified_time":"2022-11-29T15:17:13+00:00","og_image":[{"width":2400,"height":1600,"url":"https:\/\/tourtravelandmore.com\/wp-content\/uploads\/2022\/01\/reno-laithienne-_xAUCK4KtHo-unsplash.jpg","type":"image\/jpeg"}],"twitter_card":"summary_large_image","twitter_site":"@TourTravel_More","twitter_misc":{"Dur\u00e9e de lecture estim\u00e9e":"4 minutes"},"schema":{"@context":"https:\/\/schema.org","@graph":[{"@type":"WebPage","@id":"https:\/\/tourtravelandmore.com\/fr\/tours\/espagne-fr\/valencia-fr\/visites-guidees-privees-valencia-fr\/visite-privee-a-pied-de-reims\/","url":"https:\/\/tourtravelandmore.com\/fr\/tours\/espagne-fr\/valencia-fr\/visites-guidees-privees-valencia-fr\/visite-privee-a-pied-de-reims\/","name":"Visite priv\u00e9e \u00e0 pied de Reims avec un guide priv\u00e9 expert en histoire de la r\u00e9gion","isPartOf":{"@id":"https:\/\/tourtravelandmore.com\/fr\/#website"},"primaryImageOfPage":{"@id":"https:\/\/tourtravelandmore.com\/fr\/tours\/espagne-fr\/valencia-fr\/visites-guidees-privees-valencia-fr\/visite-privee-a-pied-de-reims\/#primaryimage"},"image":{"@id":"https:\/\/tourtravelandmore.com\/fr\/tours\/espagne-fr\/valencia-fr\/visites-guidees-privees-valencia-fr\/visite-privee-a-pied-de-reims\/#primaryimage"},"thumbnailUrl":"https:\/\/tourtravelandmore.com\/wp-content\/uploads\/2022\/01\/reno-laithienne-_xAUCK4KtHo-unsplash.jpg","datePublished":"2022-01-20T14:39:04+00:00","dateModified":"2022-11-29T15:17:13+00:00","description":"Explorez la ville de Reims lors d'une visite priv\u00e9e \u00e0 pied pour d\u00e9couvrir ses paysages pittoresques, son architecture m\u00e9di\u00e9vale embl\u00e9matique et ses vignobles de renomm\u00e9e mondiale en compagnie d'un guide officiel priv\u00e9.","breadcrumb":{"@id":"https:\/\/tourtravelandmore.com\/fr\/tours\/espagne-fr\/valencia-fr\/visites-guidees-privees-valencia-fr\/visite-privee-a-pied-de-reims\/#breadcrumb"},"inLanguage":"fr-FR","potentialAction":[{"@type":"ReadAction","target":["https:\/\/tourtravelandmore.com\/fr\/tours\/espagne-fr\/valencia-fr\/visites-guidees-privees-valencia-fr\/visite-privee-a-pied-de-reims\/"]}]},{"@type":"ImageObject","inLanguage":"fr-FR","@id":"https:\/\/tourtravelandmore.com\/fr\/tours\/espagne-fr\/valencia-fr\/visites-guidees-privees-valencia-fr\/visite-privee-a-pied-de-reims\/#primaryimage","url":"https:\/\/tourtravelandmore.com\/wp-content\/uploads\/2022\/01\/reno-laithienne-_xAUCK4KtHo-unsplash.jpg","contentUrl":"https:\/\/tourtravelandmore.com\/wp-content\/uploads\/2022\/01\/reno-laithienne-_xAUCK4KtHo-unsplash.jpg","width":2400,"height":1600},{"@type":"BreadcrumbList","@id":"https:\/\/tourtravelandmore.com\/fr\/tours\/espagne-fr\/valencia-fr\/visites-guidees-privees-valencia-fr\/visite-privee-a-pied-de-reims\/#breadcrumb","itemListElement":[{"@type":"ListItem","position":1,"name":"Home","item":"https:\/\/tourtravelandmore.com\/fr\/"},{"@type":"ListItem","position":2,"name":"Tours","item":"https:\/\/tourtravelandmore.com\/fr\/tours\/"},{"@type":"ListItem","position":3,"name":"Visite Priv\u00e9e \u00e0 pied de Reims"}]},{"@type":"WebSite","@id":"https:\/\/tourtravelandmore.com\/fr\/#website","url":"https:\/\/tourtravelandmore.com\/fr\/","name":"Tour Travel And More","description":"Private sightseeing tours and luxury transfers in Spain","publisher":{"@id":"https:\/\/tourtravelandmore.com\/fr\/#organization"},"potentialAction":[{"@type":"SearchAction","target":{"@type":"EntryPoint","urlTemplate":"https:\/\/tourtravelandmore.com\/fr\/?s={search_term_string}"},"query-input":{"@type":"PropertyValueSpecification","valueRequired":true,"valueName":"search_term_string"}}],"inLanguage":"fr-FR"},{"@type":"Organization","@id":"https:\/\/tourtravelandmore.com\/fr\/#organization","name":"Tour Travel And More","url":"https:\/\/tourtravelandmore.com\/fr\/","logo":{"@type":"ImageObject","inLanguage":"fr-FR","@id":"https:\/\/tourtravelandmore.com\/fr\/#\/schema\/logo\/image\/","url":"https:\/\/tourtravelandmore.com\/wp-content\/uploads\/2022\/12\/cropped-logo-cabecera-new.png","contentUrl":"https:\/\/tourtravelandmore.com\/wp-content\/uploads\/2022\/12\/cropped-logo-cabecera-new.png","width":430,"height":61,"caption":"Tour Travel And More"},"image":{"@id":"https:\/\/tourtravelandmore.com\/fr\/#\/schema\/logo\/image\/"},"sameAs":["https:\/\/www.facebook.com\/tourtravelandmore\/","https:\/\/x.com\/TourTravel_More"]}]}},"_links":{"self":[{"href":"https:\/\/tourtravelandmore.com\/fr\/wp-json\/wp\/v2\/product\/117733","targetHints":{"allow":["GET"]}}],"collection":[{"href":"https:\/\/tourtravelandmore.com\/fr\/wp-json\/wp\/v2\/product"}],"about":[{"href":"https:\/\/tourtravelandmore.com\/fr\/wp-json\/wp\/v2\/types\/product"}],"replies":[{"embeddable":true,"href":"https:\/\/tourtravelandmore.com\/fr\/wp-json\/wp\/v2\/comments?post=117733"}],"wp:featuredmedia":[{"embeddable":true,"href":"https:\/\/tourtravelandmore.com\/fr\/wp-json\/wp\/v2\/media\/118505"}],"wp:attachment":[{"href":"https:\/\/tourtravelandmore.com\/fr\/wp-json\/wp\/v2\/media?parent=117733"}],"wp:term":[{"taxonomy":"product_brand","embeddable":true,"href":"https:\/\/tourtravelandmore.com\/fr\/wp-json\/wp\/v2\/product_brand?post=117733"},{"taxonomy":"product_cat","embeddable":true,"href":"https:\/\/tourtravelandmore.com\/fr\/wp-json\/wp\/v2\/product_cat?post=117733"},{"taxonomy":"product_tag","embeddable":true,"href":"https:\/\/tourtravelandmore.com\/fr\/wp-json\/wp\/v2\/product_tag?post=117733"}],"curies":[{"name":"wp","href":"https:\/\/api.w.org\/{rel}","templated":true}]}}