{"id":104690,"date":"2019-11-16T15:21:58","date_gmt":"2019-11-16T14:21:58","guid":{"rendered":"https:\/\/tourtravelandmore.com\/tours\/non%20class\u00e9\/visite-privee-de-bogstad-gard\/"},"modified":"2021-03-22T20:20:40","modified_gmt":"2021-03-22T19:20:40","slug":"visite-privee-de-bogstad-gard","status":"publish","type":"product","link":"https:\/\/tourtravelandmore.com\/fr\/tours\/norvege-fr\/oslo-fr\/visite-privee-de-bogstad-gard\/","title":{"rendered":"Visite priv\u00e9e de Bogstad Gard"},"content":{"rendered":"<h2>Description:<\/h2>\n<p>Profitez de cette visite priv\u00e9e de Bogstad Gard \u00e0 Bogstad Gard au d\u00e9part d&#8217;Oslo. Ce sera aux c\u00f4t\u00e9s de votre guide officiel priv\u00e9 et d\u00e9couvrirez le meilleur de ce que Bogstad a \u00e0 offrir lors de cette visite priv\u00e9e.<\/p>\n<p>Tout d&#8217;abord, nous nous rencontrerons dans un point central d&#8217;Oslo, o\u00f9 votre chauffeur priv\u00e9 vous emm\u00e8nera et vous conduira \u00e0 votre destination. \u00c0 Bogstad, vous rencontrerez votre guide officiel qui vous montrera le meilleur de la ville.<\/p>\n<p>\u00c0 Bogstad, nous ferons une promenade \u00e0 travers sa ferme, en passant par son lac et les beaux paysages du manoir de Bogstad.<\/p>\n<p>Ensuite, vous d\u00e9couvrirez la ferme Bogstard et sa maison. Il est enti\u00e8rement meubl\u00e9 avec des peintures, des lustres, des meubles et autres meubles de la p\u00e9riode 1750-1850 et du club de golf d&#8217;Oslo.<\/p>\n<p>Vous pouvez personnaliser chaque visite en nous contactant simplement. Voici un exemple de certains des sites les plus importants de Bogstad, mais votre visite peut \u00eatre enti\u00e8rement personnalis\u00e9e pour r\u00e9pondre exactement \u00e0 vos besoins. Nous vous aiderons \u00e0 organiser votre exp\u00e9rience totalement personnalis\u00e9e et unique.<\/p>\n<p>Ci-dessous est une visite priv\u00e9e de 3 heures de Bogstad Gard. Nous pouvons toujours vous proposer des circuits plus longs si vous le souhaitez. Le nombre exact d&#8217;heures peut \u00eatre modifi\u00e9. Nous sommes l\u00e0 pour rendre votre exp\u00e9rience unique et m\u00e9morable.<\/p>\n<h2>Sites d&#8217;int\u00e9r\u00eat et points de rep\u00e8re<\/h2>\n<p>Tout d&#8217;abord, avec votre visite priv\u00e9e, vous d\u00e9couvrirez certains des endroits les plus reconnus de votre destination. Vous serez t\u00e9moin de sa beaut\u00e9 rurale unique. Parmi les sites que vous pouvez visiter \u00e0 travers cette visite priv\u00e9e, nous vous proposons:<\/p>\n<ul>\n<li>Str\u00f8msdammen<\/li>\n<li>S\u00f8rkedalen<\/li>\n<li>Le lac Bogstard<\/li>\n<li>La ferme et le manoir de Bogstad<\/li>\n<li>Et bien d&#8217;autres endroits dans cette visite priv\u00e9e d&#8217;Oslo<\/li>\n<\/ul>\n<p>Cette visite est enti\u00e8rement personnalisable. Veuillez nous contacter pour rendre votre exp\u00e9rience unique et vous aider \u00e0 organiser votre visite priv\u00e9e. Nous pouvons \u00e9galement organiser des visites avec disposition de v\u00e9hicules priv\u00e9s.<\/p>\n<p>D\u00e9couvrez \u00e9galement nos visites priv\u00e9es \u00e0 Oslo ici!<\/p>\n","protected":false},"excerpt":{"rendered":"<p>Profitez de vos journ\u00e9es \u00e0 Oslo et profitez de cette visite priv\u00e9e de 3 heures \u00e0 travers Bogstad Gard au d\u00e9part d&#8217;Oslo, o\u00f9 vous pourrez admirer la beaut\u00e9 rurale de ses fermes et de ses paysages. En cours de route, votre guide officiel priv\u00e9 vous montrera des lieux tels que Str\u00f8msdammen, S\u00f8rkedalen, le lac Bogstard et bien d&#8217;autres sites.<\/p>\n<p>&nbsp;<\/p>\n","protected":false},"featured_media":96761,"comment_status":"open","ping_status":"closed","template":"","meta":{"_acf_changed":false},"product_brand":[],"product_cat":[3725,3822],"product_tag":[4220,4221,4043,4219],"class_list":{"0":"post-104690","1":"product","2":"type-product","3":"status-publish","4":"has-post-thumbnail","6":"product_cat-norvege-fr","7":"product_cat-oslo-fr","8":"product_tag-city-tour-fr","9":"product_tag-excursion-fr","10":"product_tag-private-fr","11":"product_tag-private-tour-fr","13":"first","14":"instock","15":"shipping-taxable","16":"purchasable","17":"product-type-simple"},"acf":[],"yoast_head":"<!-- This site is optimized with the Yoast SEO Premium plugin v25.3.1 (Yoast SEO v25.3.1) - https:\/\/yoast.com\/wordpress\/plugins\/seo\/ -->\n<title>Visite priv\u00e9e \u00e0 Bogstad Gard d&#039;Oslo - Visite priv\u00e9e de Bogstad Gard<\/title>\n<meta name=\"description\" content=\"Explorez et profitez du manoir de Bogstad au d\u00e9part d&#039;Oslo avec cette visite priv\u00e9e de Bogstad Gard avec un guide local et d\u00e9couvrez le meilleur de cette visite.\" \/>\n<meta name=\"robots\" content=\"index, follow, max-snippet:-1, max-image-preview:large, max-video-preview:-1\" \/>\n<link rel=\"canonical\" href=\"https:\/\/tourtravelandmore.com\/fr\/tours\/norvege-fr\/oslo-fr\/visite-privee-de-bogstad-gard\/\" \/>\n<meta property=\"og:locale\" content=\"fr_FR\" \/>\n<meta property=\"og:type\" content=\"article\" \/>\n<meta property=\"og:title\" content=\"Visite priv\u00e9e de Bogstad Gard\" \/>\n<meta property=\"og:description\" content=\"Explorez et profitez du manoir de Bogstad au d\u00e9part d&#039;Oslo avec cette visite priv\u00e9e de Bogstad Gard avec un guide local et d\u00e9couvrez le meilleur de cette visite.\" \/>\n<meta property=\"og:url\" content=\"https:\/\/tourtravelandmore.com\/fr\/tours\/norvege-fr\/oslo-fr\/visite-privee-de-bogstad-gard\/\" \/>\n<meta property=\"og:site_name\" content=\"Tour Travel And More\" \/>\n<meta property=\"article:publisher\" content=\"https:\/\/www.facebook.com\/tourtravelandmore\/\" \/>\n<meta property=\"article:modified_time\" content=\"2021-03-22T19:20:40+00:00\" \/>\n<meta property=\"og:image\" content=\"https:\/\/tourtravelandmore.com\/wp-content\/uploads\/2019\/11\/Bogstad_gaard-Granja-de-Bogstad-1024x768.jpg\" \/>\n\t<meta property=\"og:image:width\" content=\"1024\" \/>\n\t<meta property=\"og:image:height\" content=\"768\" \/>\n\t<meta property=\"og:image:type\" content=\"image\/jpeg\" \/>\n<meta name=\"twitter:card\" content=\"summary_large_image\" \/>\n<meta name=\"twitter:site\" content=\"@TourTravel_More\" \/>\n<meta name=\"twitter:label1\" content=\"Dur\u00e9e de lecture estim\u00e9e\" \/>\n\t<meta name=\"twitter:data1\" content=\"2 minutes\" \/>\n<script type=\"application\/ld+json\" class=\"yoast-schema-graph\">{\"@context\":\"https:\/\/schema.org\",\"@graph\":[{\"@type\":\"WebPage\",\"@id\":\"https:\/\/tourtravelandmore.com\/fr\/tours\/norvege-fr\/oslo-fr\/visite-privee-de-bogstad-gard\/\",\"url\":\"https:\/\/tourtravelandmore.com\/fr\/tours\/norvege-fr\/oslo-fr\/visite-privee-de-bogstad-gard\/\",\"name\":\"Visite priv\u00e9e \u00e0 Bogstad Gard d'Oslo - Visite priv\u00e9e de Bogstad Gard\",\"isPartOf\":{\"@id\":\"https:\/\/tourtravelandmore.com\/fr\/#website\"},\"primaryImageOfPage\":{\"@id\":\"https:\/\/tourtravelandmore.com\/fr\/tours\/norvege-fr\/oslo-fr\/visite-privee-de-bogstad-gard\/#primaryimage\"},\"image\":{\"@id\":\"https:\/\/tourtravelandmore.com\/fr\/tours\/norvege-fr\/oslo-fr\/visite-privee-de-bogstad-gard\/#primaryimage\"},\"thumbnailUrl\":\"https:\/\/tourtravelandmore.com\/wp-content\/uploads\/2019\/11\/Bogstad_gaard-Granja-de-Bogstad.jpg\",\"datePublished\":\"2019-11-16T14:21:58+00:00\",\"dateModified\":\"2021-03-22T19:20:40+00:00\",\"description\":\"Explorez et profitez du manoir de Bogstad au d\u00e9part d'Oslo avec cette visite priv\u00e9e de Bogstad Gard avec un guide local et d\u00e9couvrez le meilleur de cette visite.\",\"breadcrumb\":{\"@id\":\"https:\/\/tourtravelandmore.com\/fr\/tours\/norvege-fr\/oslo-fr\/visite-privee-de-bogstad-gard\/#breadcrumb\"},\"inLanguage\":\"fr-FR\",\"potentialAction\":[{\"@type\":\"ReadAction\",\"target\":[\"https:\/\/tourtravelandmore.com\/fr\/tours\/norvege-fr\/oslo-fr\/visite-privee-de-bogstad-gard\/\"]}]},{\"@type\":\"ImageObject\",\"inLanguage\":\"fr-FR\",\"@id\":\"https:\/\/tourtravelandmore.com\/fr\/tours\/norvege-fr\/oslo-fr\/visite-privee-de-bogstad-gard\/#primaryimage\",\"url\":\"https:\/\/tourtravelandmore.com\/wp-content\/uploads\/2019\/11\/Bogstad_gaard-Granja-de-Bogstad.jpg\",\"contentUrl\":\"https:\/\/tourtravelandmore.com\/wp-content\/uploads\/2019\/11\/Bogstad_gaard-Granja-de-Bogstad.jpg\",\"width\":4032,\"height\":3024},{\"@type\":\"BreadcrumbList\",\"@id\":\"https:\/\/tourtravelandmore.com\/fr\/tours\/norvege-fr\/oslo-fr\/visite-privee-de-bogstad-gard\/#breadcrumb\",\"itemListElement\":[{\"@type\":\"ListItem\",\"position\":1,\"name\":\"Home\",\"item\":\"https:\/\/tourtravelandmore.com\/fr\/\"},{\"@type\":\"ListItem\",\"position\":2,\"name\":\"Tours\",\"item\":\"https:\/\/tourtravelandmore.com\/fr\/tours\/\"},{\"@type\":\"ListItem\",\"position\":3,\"name\":\"Visite priv\u00e9e de Bogstad Gard\"}]},{\"@type\":\"WebSite\",\"@id\":\"https:\/\/tourtravelandmore.com\/fr\/#website\",\"url\":\"https:\/\/tourtravelandmore.com\/fr\/\",\"name\":\"Tour Travel And More\",\"description\":\"Private sightseeing tours and luxury transfers in Spain\",\"publisher\":{\"@id\":\"https:\/\/tourtravelandmore.com\/fr\/#organization\"},\"potentialAction\":[{\"@type\":\"SearchAction\",\"target\":{\"@type\":\"EntryPoint\",\"urlTemplate\":\"https:\/\/tourtravelandmore.com\/fr\/?s={search_term_string}\"},\"query-input\":{\"@type\":\"PropertyValueSpecification\",\"valueRequired\":true,\"valueName\":\"search_term_string\"}}],\"inLanguage\":\"fr-FR\"},{\"@type\":\"Organization\",\"@id\":\"https:\/\/tourtravelandmore.com\/fr\/#organization\",\"name\":\"Tour Travel And More\",\"url\":\"https:\/\/tourtravelandmore.com\/fr\/\",\"logo\":{\"@type\":\"ImageObject\",\"inLanguage\":\"fr-FR\",\"@id\":\"https:\/\/tourtravelandmore.com\/fr\/#\/schema\/logo\/image\/\",\"url\":\"https:\/\/tourtravelandmore.com\/wp-content\/uploads\/2022\/12\/cropped-logo-cabecera-new.png\",\"contentUrl\":\"https:\/\/tourtravelandmore.com\/wp-content\/uploads\/2022\/12\/cropped-logo-cabecera-new.png\",\"width\":430,\"height\":61,\"caption\":\"Tour Travel And More\"},\"image\":{\"@id\":\"https:\/\/tourtravelandmore.com\/fr\/#\/schema\/logo\/image\/\"},\"sameAs\":[\"https:\/\/www.facebook.com\/tourtravelandmore\/\",\"https:\/\/x.com\/TourTravel_More\"]}]}<\/script>\n<!-- \/ Yoast SEO Premium plugin. -->","yoast_head_json":{"title":"Visite priv\u00e9e \u00e0 Bogstad Gard d'Oslo - Visite priv\u00e9e de Bogstad Gard","description":"Explorez et profitez du manoir de Bogstad au d\u00e9part d'Oslo avec cette visite priv\u00e9e de Bogstad Gard avec un guide local et d\u00e9couvrez le meilleur de cette visite.","robots":{"index":"index","follow":"follow","max-snippet":"max-snippet:-1","max-image-preview":"max-image-preview:large","max-video-preview":"max-video-preview:-1"},"canonical":"https:\/\/tourtravelandmore.com\/fr\/tours\/norvege-fr\/oslo-fr\/visite-privee-de-bogstad-gard\/","og_locale":"fr_FR","og_type":"article","og_title":"Visite priv\u00e9e de Bogstad Gard","og_description":"Explorez et profitez du manoir de Bogstad au d\u00e9part d'Oslo avec cette visite priv\u00e9e de Bogstad Gard avec un guide local et d\u00e9couvrez le meilleur de cette visite.","og_url":"https:\/\/tourtravelandmore.com\/fr\/tours\/norvege-fr\/oslo-fr\/visite-privee-de-bogstad-gard\/","og_site_name":"Tour Travel And More","article_publisher":"https:\/\/www.facebook.com\/tourtravelandmore\/","article_modified_time":"2021-03-22T19:20:40+00:00","og_image":[{"width":1024,"height":768,"url":"https:\/\/tourtravelandmore.com\/wp-content\/uploads\/2019\/11\/Bogstad_gaard-Granja-de-Bogstad-1024x768.jpg","type":"image\/jpeg"}],"twitter_card":"summary_large_image","twitter_site":"@TourTravel_More","twitter_misc":{"Dur\u00e9e de lecture estim\u00e9e":"2 minutes"},"schema":{"@context":"https:\/\/schema.org","@graph":[{"@type":"WebPage","@id":"https:\/\/tourtravelandmore.com\/fr\/tours\/norvege-fr\/oslo-fr\/visite-privee-de-bogstad-gard\/","url":"https:\/\/tourtravelandmore.com\/fr\/tours\/norvege-fr\/oslo-fr\/visite-privee-de-bogstad-gard\/","name":"Visite priv\u00e9e \u00e0 Bogstad Gard d'Oslo - Visite priv\u00e9e de Bogstad Gard","isPartOf":{"@id":"https:\/\/tourtravelandmore.com\/fr\/#website"},"primaryImageOfPage":{"@id":"https:\/\/tourtravelandmore.com\/fr\/tours\/norvege-fr\/oslo-fr\/visite-privee-de-bogstad-gard\/#primaryimage"},"image":{"@id":"https:\/\/tourtravelandmore.com\/fr\/tours\/norvege-fr\/oslo-fr\/visite-privee-de-bogstad-gard\/#primaryimage"},"thumbnailUrl":"https:\/\/tourtravelandmore.com\/wp-content\/uploads\/2019\/11\/Bogstad_gaard-Granja-de-Bogstad.jpg","datePublished":"2019-11-16T14:21:58+00:00","dateModified":"2021-03-22T19:20:40+00:00","description":"Explorez et profitez du manoir de Bogstad au d\u00e9part d'Oslo avec cette visite priv\u00e9e de Bogstad Gard avec un guide local et d\u00e9couvrez le meilleur de cette visite.","breadcrumb":{"@id":"https:\/\/tourtravelandmore.com\/fr\/tours\/norvege-fr\/oslo-fr\/visite-privee-de-bogstad-gard\/#breadcrumb"},"inLanguage":"fr-FR","potentialAction":[{"@type":"ReadAction","target":["https:\/\/tourtravelandmore.com\/fr\/tours\/norvege-fr\/oslo-fr\/visite-privee-de-bogstad-gard\/"]}]},{"@type":"ImageObject","inLanguage":"fr-FR","@id":"https:\/\/tourtravelandmore.com\/fr\/tours\/norvege-fr\/oslo-fr\/visite-privee-de-bogstad-gard\/#primaryimage","url":"https:\/\/tourtravelandmore.com\/wp-content\/uploads\/2019\/11\/Bogstad_gaard-Granja-de-Bogstad.jpg","contentUrl":"https:\/\/tourtravelandmore.com\/wp-content\/uploads\/2019\/11\/Bogstad_gaard-Granja-de-Bogstad.jpg","width":4032,"height":3024},{"@type":"BreadcrumbList","@id":"https:\/\/tourtravelandmore.com\/fr\/tours\/norvege-fr\/oslo-fr\/visite-privee-de-bogstad-gard\/#breadcrumb","itemListElement":[{"@type":"ListItem","position":1,"name":"Home","item":"https:\/\/tourtravelandmore.com\/fr\/"},{"@type":"ListItem","position":2,"name":"Tours","item":"https:\/\/tourtravelandmore.com\/fr\/tours\/"},{"@type":"ListItem","position":3,"name":"Visite priv\u00e9e de Bogstad Gard"}]},{"@type":"WebSite","@id":"https:\/\/tourtravelandmore.com\/fr\/#website","url":"https:\/\/tourtravelandmore.com\/fr\/","name":"Tour Travel And More","description":"Private sightseeing tours and luxury transfers in Spain","publisher":{"@id":"https:\/\/tourtravelandmore.com\/fr\/#organization"},"potentialAction":[{"@type":"SearchAction","target":{"@type":"EntryPoint","urlTemplate":"https:\/\/tourtravelandmore.com\/fr\/?s={search_term_string}"},"query-input":{"@type":"PropertyValueSpecification","valueRequired":true,"valueName":"search_term_string"}}],"inLanguage":"fr-FR"},{"@type":"Organization","@id":"https:\/\/tourtravelandmore.com\/fr\/#organization","name":"Tour Travel And More","url":"https:\/\/tourtravelandmore.com\/fr\/","logo":{"@type":"ImageObject","inLanguage":"fr-FR","@id":"https:\/\/tourtravelandmore.com\/fr\/#\/schema\/logo\/image\/","url":"https:\/\/tourtravelandmore.com\/wp-content\/uploads\/2022\/12\/cropped-logo-cabecera-new.png","contentUrl":"https:\/\/tourtravelandmore.com\/wp-content\/uploads\/2022\/12\/cropped-logo-cabecera-new.png","width":430,"height":61,"caption":"Tour Travel And More"},"image":{"@id":"https:\/\/tourtravelandmore.com\/fr\/#\/schema\/logo\/image\/"},"sameAs":["https:\/\/www.facebook.com\/tourtravelandmore\/","https:\/\/x.com\/TourTravel_More"]}]}},"_links":{"self":[{"href":"https:\/\/tourtravelandmore.com\/fr\/wp-json\/wp\/v2\/product\/104690","targetHints":{"allow":["GET"]}}],"collection":[{"href":"https:\/\/tourtravelandmore.com\/fr\/wp-json\/wp\/v2\/product"}],"about":[{"href":"https:\/\/tourtravelandmore.com\/fr\/wp-json\/wp\/v2\/types\/product"}],"replies":[{"embeddable":true,"href":"https:\/\/tourtravelandmore.com\/fr\/wp-json\/wp\/v2\/comments?post=104690"}],"wp:featuredmedia":[{"embeddable":true,"href":"https:\/\/tourtravelandmore.com\/fr\/wp-json\/wp\/v2\/media\/96761"}],"wp:attachment":[{"href":"https:\/\/tourtravelandmore.com\/fr\/wp-json\/wp\/v2\/media?parent=104690"}],"wp:term":[{"taxonomy":"product_brand","embeddable":true,"href":"https:\/\/tourtravelandmore.com\/fr\/wp-json\/wp\/v2\/product_brand?post=104690"},{"taxonomy":"product_cat","embeddable":true,"href":"https:\/\/tourtravelandmore.com\/fr\/wp-json\/wp\/v2\/product_cat?post=104690"},{"taxonomy":"product_tag","embeddable":true,"href":"https:\/\/tourtravelandmore.com\/fr\/wp-json\/wp\/v2\/product_tag?post=104690"}],"curies":[{"name":"wp","href":"https:\/\/api.w.org\/{rel}","templated":true}]}}