{"id":103904,"date":"2020-11-23T09:03:33","date_gmt":"2020-11-23T08:03:33","guid":{"rendered":"https:\/\/tourtravelandmore.com\/tours\/non%20class\u00e9\/visite-privee-au-mont-evans-de-denver\/"},"modified":"2021-03-16T21:14:31","modified_gmt":"2021-03-16T20:14:31","slug":"visite-privee-au-mont-evans-de-denver","status":"publish","type":"product","link":"https:\/\/tourtravelandmore.com\/fr\/tours\/etats-unis-fr\/denver-fr\/visite-privee-au-mont-evans-de-denver\/","title":{"rendered":"Visite priv\u00e9e au mont Evans de Denver"},"content":{"rendered":"<h2>Description:<\/h2>\n<p>Si vous faites partie de ceux qui aiment l&#8217;aventure et l&#8217;exp\u00e9rience de plein air, c&#8217;est le circuit parfait pour vous!. Rejoignez-nous pour cette visite priv\u00e9e au mont Evans au d\u00e9part de Denver. Saisissez la chance de visiter un endroit incroyable avec une vue imprenable.<\/p>\n<p>Cette visite priv\u00e9e commencera apr\u00e8s votre prise en charge priv\u00e9e dans le lieu de votre choix \u00e0 Denver. Vous aurez un v\u00e9hicule de luxe priv\u00e9 avec chauffeur et un guide officiel s\u00e9par\u00e9 disponible pour une visite de 8 heures.<\/p>\n<p>Le mont Evans est un sommet du Front Range, dans le centre du Colorado. Il est situ\u00e9 \u00e0 la fronti\u00e8re entre les comt\u00e9s du lac et du parc. Le nom complet est Mount Evans Wilderness. Au cours de cette visite priv\u00e9e, vous visiterez l&#8217;un des sommets les plus hauts et les plus c\u00e9l\u00e8bres du Colorado.<\/p>\n<p>Cette exp\u00e9rience n&#8217;est pas recommand\u00e9e pour ceux qui ont peur des hauteurs. Vous aurez l&#8217;occasion de voir l&#8217;incroyable nature sauvage et les vues incroyables qui entourent ce mont. Pr\u00e9parez votre appareil photo!.<\/p>\n<p>Une autre excursion d&#8217;une journ\u00e9e compl\u00e8te pourrait \u00eatre notre visite priv\u00e9e au National Rocky Mountain Park, jetez un coup d&#8217;\u0153il!.<\/p>\n<h2>Sites d&#8217;int\u00e9r\u00eat et monuments<\/h2>\n<p>Tout d&#8217;abord, votre chauffeur priv\u00e9 et votre guide officiel viendront vous chercher \u00e0 l&#8217;endroit souhait\u00e9 \u00e0 Denver. L&#8217;heure de d\u00e9but serait d\u00e9termin\u00e9e par vous, mais il est pr\u00e9f\u00e9rable de commencer t\u00f4t le matin, afin que vous puissiez profiter de toute la journ\u00e9e.<\/p>\n<p>Le trajet jusqu&#8217;au mont Evans depuis Denver dure environ 2 heures et 20 minutes. Pendant le trajet, vous recevrez une introduction sur l&#8217;histoire et la nature du mont Evans par votre guide officiel priv\u00e9. En outre, vous profiterez d&#8217;une vue panoramique sur Denver et les magnifiques paysages \u00e0 proximit\u00e9 du mont.<\/p>\n<p>Votre premier arr\u00eat sera le parc Red Rocks et l&#8217;amphith\u00e9\u00e2tre. Ici, vous explorerez un amphith\u00e9\u00e2tre en plein air int\u00e9gr\u00e9 dans une structure rocheuse de l&#8217;ouest des \u00c9tats-Unis. Red Rocks est le lieu de divertissement embl\u00e9matique du Colorado.<\/p>\n<p>Ensuite, vous passerez par Evergreen. C&#8217;est une petite et belle ville de la zone. Au cas o\u00f9 vous seriez int\u00e9ress\u00e9, nous pouvons faire une courte halte pour prendre un caf\u00e9, puis continuer notre visite priv\u00e9e au mont Evans.<\/p>\n<p>Troisi\u00e8mement, nous ferons un arr\u00eat \u00e0 Echo Lake Park. Hare, vous pouvez prendre de merveilleuses photos du lac avec son incroyable eau cristalline.<\/p>\n<p>Notre prochain arr\u00eat est le mont Evans. Une fois que vous atteignez le sommet, vous ne croirez pas la sc\u00e8ne \u00e9tonnante que ce paysage offre. Votre guide priv\u00e9 vous guidera dans les endroits les plus incroyables du sommet du mont.<\/p>\n<p>Enfin, votre chauffeur priv\u00e9 et votre guide officiel vous ram\u00e8neront \u00e0 Denver. Vous appr\u00e9cierez vraiment une journ\u00e9e compl\u00e8te d&#8217;aventure dans le Colorado!.<\/p>\n<p><button style=\"width: auto; height: auto; background-image: url('data:image\/png;base64,iVBORw0KGgoAAAANSUhEUgAAADAAAAAwCAYAAABXAvmHAAABS2lUWHRYTUw6Y29tLmFkb2JlLnhtcAAAAAAAPD94cGFja2V0IGJlZ2luPSLvu78iIGlkPSJXNU0wTXBDZWhpSHpyZVN6TlRjemtjOWQiPz4KPHg6eG1wbWV0YSB4bWxuczp4PSJhZG9iZTpuczptZXRhLyIgeDp4bXB0az0iQWRvYmUgWE1QIENvcmUgNS42LWMxMzggNzkuMTU5ODI0LCAyMDE2LzA5LzE0LTAxOjA5OjAxICAgICAgICAiPgogPHJkZjpSREYgeG1sbnM6cmRmPSJodHRwOi8vd3d3LnczLm9yZy8xOTk5LzAyLzIyLXJkZi1zeW50YXgtbnMjIj4KICA8cmRmOkRlc2NyaXB0aW9uIHJkZjphYm91dD0iIi8+CiA8L3JkZjpSREY+CjwveDp4bXBtZXRhPgo8P3hwYWNrZXQgZW5kPSJyIj8+IEmuOgAAAx5JREFUaIHtmj1L81wYx39JI75AbYtgBTFTRdQGXV2cxMlPICjiakHE0cVJB5FO4uLgN1AnZ\/0EgoLQtd6tL6hJIwia9DzDg6Wxpcb7hMTe+INCz+t1\/TnJuU7OOYoQ4g8Qpz2xFSGEiNoLGVTAjtoJCWw1ag9k0eoTQgg2NzcplUp0dHRE5VNTHMdB0zTy+TydnZ21fI8Ay7K4vr4ml8uRSqVCd7IVQgjW19cpFAoYhlHLbxiBTCbD9PR06A76YXx8HNd1PXmed0BRFBzHwTTNUB3zy\/v7O7FYzJPX9i\/xr4Co0b6u0prj42Pu7u5a1unp6UHXdSYmJkgmk7ImPUgLWFlZoVQq+aqbSCSYn59ne3ubRCIhaxoI4BHSdd13Xcuy2N\/fxzCML0fNL9IjoChK7f\/p6Smjo6MNdWzb5vz8nI2NDUzTpFgsMjMzw+Xlpax5eQH1TE5OMjAw0LQsm80yNzdHNpvFtm2urq44PDxkaWlJymags9D9\/X3Lcl3X2dnZqaX39vakbYY+jS4uLtLV1QXAxcUFlUpFqr\/QBXR3d9Pf3w\/8v8J8fn6W6i90Aa7r8vT0BEAsFpOeTkMXcHJywsvLCwAjIyPSgS1QAb29vS3LHx4eyOVytfTy8rK0zUAFPD4+8vb25vm9vr5SLBY5ODjAMAzK5TIAQ0NDrK6uStsMNA7Mzs42rNfrn\/kP0uk0Z2dnaJq8+UAFfHb0M6qqsrCwwO7uLn19fYHYDFTA2tpa00isaRqDg4NMTU19a+3kh0AFbG1t1YJUWAT6EhcKhSC780Xbf5H9CoiaXwFRIy2gPng5jiPb3beRjgPDw8NYlgUQegyAAAQcHR3xccgTxNrmu0hbjMJpj32ZxkIITNOkWq16tlf8tlVVlWQy+e229UgLKJfLuK77VwI+PikjE6CqKmNjYzJdSPPvxQFVVT2HaD8JVVX5fKzdcEZWLpe5vb39cYd8ADc3Nw1nZB4B8XicdDpNPp+PJCi1wnEcUqkUmUzGk68IISp8uitRqVSoVqth+ueLJntIdtNZ6Kv9nZ9E21\/20IASbXzd5j\/MIQu2KoJrJwAAAABJRU5ErkJggg=='); background-size: 14px 14px; background-color: #000000; position: absolute; opacity: 1; z-index: 86753099; display: none; cursor: pointer; border: none; border-top-left-radius: 3px; border-top-right-radius: 3px; border-bottom-right-radius: 3px; border-bottom-left-radius: 3px; text-indent: 20px; padding: 0px 4px 0px 0px; text-align: center; font-style: normal; font-variant-caps: normal; font-weight: bold; font-stretch: normal; font-size: 11px; line-height: 20px; font-family: 'Helvetica Neue', Helvetica, sans-serif; color: #ffffff; text-transform: capitalize; -webkit-font-smoothing: antialiased; top: 1397px; left: 563px; background-position: 3px 50%; background-repeat: no-repeat no-repeat;\">plan it<\/button><\/p>\n","protected":false},"excerpt":{"rendered":"<p>Prenez une journ\u00e9e de cong\u00e9 de Denver et rejoignez-nous pour cette visite priv\u00e9e au mont Evans. Pr\u00e9parez-vous \u00e0 explorer le paysage \u00e9tonnant, admirez les vues magnifiques et profitez d&#8217;une exp\u00e9rience en plein air aux c\u00f4t\u00e9s d&#8217;un guide officiel priv\u00e9.<\/p>\n","protected":false},"featured_media":87524,"comment_status":"open","ping_status":"closed","template":"","meta":{"_acf_changed":false},"product_brand":[],"product_cat":[3547,3769],"product_tag":[],"class_list":{"0":"post-103904","1":"product","2":"type-product","3":"status-publish","4":"has-post-thumbnail","6":"product_cat-etats-unis-fr","7":"product_cat-denver-fr","9":"first","10":"instock","11":"shipping-taxable","12":"purchasable","13":"product-type-simple"},"acf":[],"yoast_head":"<!-- This site is optimized with the Yoast SEO Premium plugin v25.3.1 (Yoast SEO v25.3.1) - https:\/\/yoast.com\/wordpress\/plugins\/seo\/ -->\n<title>Visite priv\u00e9e au mont Evans de Denver dans un v\u00e9hicule de luxe<\/title>\n<meta name=\"description\" content=\"Saisissez l&#039;occasion de profiter de cette visite priv\u00e9e au mont Evans au d\u00e9part de Denver. Admirez la vue magnifique depuis le sommet du mont!\" \/>\n<meta name=\"robots\" content=\"index, follow, max-snippet:-1, max-image-preview:large, max-video-preview:-1\" \/>\n<link rel=\"canonical\" href=\"https:\/\/tourtravelandmore.com\/fr\/tours\/etats-unis-fr\/denver-fr\/visite-privee-au-mont-evans-de-denver\/\" \/>\n<meta property=\"og:locale\" content=\"fr_FR\" \/>\n<meta property=\"og:type\" content=\"article\" \/>\n<meta property=\"og:title\" content=\"Visite priv\u00e9e au mont Evans de Denver\" \/>\n<meta property=\"og:description\" content=\"Saisissez l&#039;occasion de profiter de cette visite priv\u00e9e au mont Evans au d\u00e9part de Denver. Admirez la vue magnifique depuis le sommet du mont!\" \/>\n<meta property=\"og:url\" content=\"https:\/\/tourtravelandmore.com\/fr\/tours\/etats-unis-fr\/denver-fr\/visite-privee-au-mont-evans-de-denver\/\" \/>\n<meta property=\"og:site_name\" content=\"Tour Travel And More\" \/>\n<meta property=\"article:publisher\" content=\"https:\/\/www.facebook.com\/tourtravelandmore\/\" \/>\n<meta property=\"article:modified_time\" content=\"2021-03-16T20:14:31+00:00\" \/>\n<meta property=\"og:image\" content=\"https:\/\/tourtravelandmore.com\/wp-content\/uploads\/2020\/11\/evans-5-scaled.jpg\" \/>\n\t<meta property=\"og:image:width\" content=\"2560\" \/>\n\t<meta property=\"og:image:height\" content=\"1920\" \/>\n\t<meta property=\"og:image:type\" content=\"image\/jpeg\" \/>\n<meta name=\"twitter:card\" content=\"summary_large_image\" \/>\n<meta name=\"twitter:site\" content=\"@TourTravel_More\" \/>\n<meta name=\"twitter:label1\" content=\"Dur\u00e9e de lecture estim\u00e9e\" \/>\n\t<meta name=\"twitter:data1\" content=\"2 minutes\" \/>\n<script type=\"application\/ld+json\" class=\"yoast-schema-graph\">{\"@context\":\"https:\/\/schema.org\",\"@graph\":[{\"@type\":\"WebPage\",\"@id\":\"https:\/\/tourtravelandmore.com\/fr\/tours\/etats-unis-fr\/denver-fr\/visite-privee-au-mont-evans-de-denver\/\",\"url\":\"https:\/\/tourtravelandmore.com\/fr\/tours\/etats-unis-fr\/denver-fr\/visite-privee-au-mont-evans-de-denver\/\",\"name\":\"Visite priv\u00e9e au mont Evans de Denver dans un v\u00e9hicule de luxe\",\"isPartOf\":{\"@id\":\"https:\/\/tourtravelandmore.com\/fr\/#website\"},\"primaryImageOfPage\":{\"@id\":\"https:\/\/tourtravelandmore.com\/fr\/tours\/etats-unis-fr\/denver-fr\/visite-privee-au-mont-evans-de-denver\/#primaryimage\"},\"image\":{\"@id\":\"https:\/\/tourtravelandmore.com\/fr\/tours\/etats-unis-fr\/denver-fr\/visite-privee-au-mont-evans-de-denver\/#primaryimage\"},\"thumbnailUrl\":\"https:\/\/tourtravelandmore.com\/wp-content\/uploads\/2020\/11\/evans-5-scaled.jpg\",\"datePublished\":\"2020-11-23T08:03:33+00:00\",\"dateModified\":\"2021-03-16T20:14:31+00:00\",\"description\":\"Saisissez l'occasion de profiter de cette visite priv\u00e9e au mont Evans au d\u00e9part de Denver. Admirez la vue magnifique depuis le sommet du mont!\",\"breadcrumb\":{\"@id\":\"https:\/\/tourtravelandmore.com\/fr\/tours\/etats-unis-fr\/denver-fr\/visite-privee-au-mont-evans-de-denver\/#breadcrumb\"},\"inLanguage\":\"fr-FR\",\"potentialAction\":[{\"@type\":\"ReadAction\",\"target\":[\"https:\/\/tourtravelandmore.com\/fr\/tours\/etats-unis-fr\/denver-fr\/visite-privee-au-mont-evans-de-denver\/\"]}]},{\"@type\":\"ImageObject\",\"inLanguage\":\"fr-FR\",\"@id\":\"https:\/\/tourtravelandmore.com\/fr\/tours\/etats-unis-fr\/denver-fr\/visite-privee-au-mont-evans-de-denver\/#primaryimage\",\"url\":\"https:\/\/tourtravelandmore.com\/wp-content\/uploads\/2020\/11\/evans-5-scaled.jpg\",\"contentUrl\":\"https:\/\/tourtravelandmore.com\/wp-content\/uploads\/2020\/11\/evans-5-scaled.jpg\",\"width\":2560,\"height\":1920},{\"@type\":\"BreadcrumbList\",\"@id\":\"https:\/\/tourtravelandmore.com\/fr\/tours\/etats-unis-fr\/denver-fr\/visite-privee-au-mont-evans-de-denver\/#breadcrumb\",\"itemListElement\":[{\"@type\":\"ListItem\",\"position\":1,\"name\":\"Home\",\"item\":\"https:\/\/tourtravelandmore.com\/fr\/\"},{\"@type\":\"ListItem\",\"position\":2,\"name\":\"Tours\",\"item\":\"https:\/\/tourtravelandmore.com\/fr\/tours\/\"},{\"@type\":\"ListItem\",\"position\":3,\"name\":\"Visite priv\u00e9e au mont Evans de Denver\"}]},{\"@type\":\"WebSite\",\"@id\":\"https:\/\/tourtravelandmore.com\/fr\/#website\",\"url\":\"https:\/\/tourtravelandmore.com\/fr\/\",\"name\":\"Tour Travel And More\",\"description\":\"Private sightseeing tours and luxury transfers in Spain\",\"publisher\":{\"@id\":\"https:\/\/tourtravelandmore.com\/fr\/#organization\"},\"potentialAction\":[{\"@type\":\"SearchAction\",\"target\":{\"@type\":\"EntryPoint\",\"urlTemplate\":\"https:\/\/tourtravelandmore.com\/fr\/?s={search_term_string}\"},\"query-input\":{\"@type\":\"PropertyValueSpecification\",\"valueRequired\":true,\"valueName\":\"search_term_string\"}}],\"inLanguage\":\"fr-FR\"},{\"@type\":\"Organization\",\"@id\":\"https:\/\/tourtravelandmore.com\/fr\/#organization\",\"name\":\"Tour Travel And More\",\"url\":\"https:\/\/tourtravelandmore.com\/fr\/\",\"logo\":{\"@type\":\"ImageObject\",\"inLanguage\":\"fr-FR\",\"@id\":\"https:\/\/tourtravelandmore.com\/fr\/#\/schema\/logo\/image\/\",\"url\":\"https:\/\/tourtravelandmore.com\/wp-content\/uploads\/2022\/12\/cropped-logo-cabecera-new.png\",\"contentUrl\":\"https:\/\/tourtravelandmore.com\/wp-content\/uploads\/2022\/12\/cropped-logo-cabecera-new.png\",\"width\":430,\"height\":61,\"caption\":\"Tour Travel And More\"},\"image\":{\"@id\":\"https:\/\/tourtravelandmore.com\/fr\/#\/schema\/logo\/image\/\"},\"sameAs\":[\"https:\/\/www.facebook.com\/tourtravelandmore\/\",\"https:\/\/x.com\/TourTravel_More\"]}]}<\/script>\n<!-- \/ Yoast SEO Premium plugin. -->","yoast_head_json":{"title":"Visite priv\u00e9e au mont Evans de Denver dans un v\u00e9hicule de luxe","description":"Saisissez l'occasion de profiter de cette visite priv\u00e9e au mont Evans au d\u00e9part de Denver. Admirez la vue magnifique depuis le sommet du mont!","robots":{"index":"index","follow":"follow","max-snippet":"max-snippet:-1","max-image-preview":"max-image-preview:large","max-video-preview":"max-video-preview:-1"},"canonical":"https:\/\/tourtravelandmore.com\/fr\/tours\/etats-unis-fr\/denver-fr\/visite-privee-au-mont-evans-de-denver\/","og_locale":"fr_FR","og_type":"article","og_title":"Visite priv\u00e9e au mont Evans de Denver","og_description":"Saisissez l'occasion de profiter de cette visite priv\u00e9e au mont Evans au d\u00e9part de Denver. Admirez la vue magnifique depuis le sommet du mont!","og_url":"https:\/\/tourtravelandmore.com\/fr\/tours\/etats-unis-fr\/denver-fr\/visite-privee-au-mont-evans-de-denver\/","og_site_name":"Tour Travel And More","article_publisher":"https:\/\/www.facebook.com\/tourtravelandmore\/","article_modified_time":"2021-03-16T20:14:31+00:00","og_image":[{"width":2560,"height":1920,"url":"https:\/\/tourtravelandmore.com\/wp-content\/uploads\/2020\/11\/evans-5-scaled.jpg","type":"image\/jpeg"}],"twitter_card":"summary_large_image","twitter_site":"@TourTravel_More","twitter_misc":{"Dur\u00e9e de lecture estim\u00e9e":"2 minutes"},"schema":{"@context":"https:\/\/schema.org","@graph":[{"@type":"WebPage","@id":"https:\/\/tourtravelandmore.com\/fr\/tours\/etats-unis-fr\/denver-fr\/visite-privee-au-mont-evans-de-denver\/","url":"https:\/\/tourtravelandmore.com\/fr\/tours\/etats-unis-fr\/denver-fr\/visite-privee-au-mont-evans-de-denver\/","name":"Visite priv\u00e9e au mont Evans de Denver dans un v\u00e9hicule de luxe","isPartOf":{"@id":"https:\/\/tourtravelandmore.com\/fr\/#website"},"primaryImageOfPage":{"@id":"https:\/\/tourtravelandmore.com\/fr\/tours\/etats-unis-fr\/denver-fr\/visite-privee-au-mont-evans-de-denver\/#primaryimage"},"image":{"@id":"https:\/\/tourtravelandmore.com\/fr\/tours\/etats-unis-fr\/denver-fr\/visite-privee-au-mont-evans-de-denver\/#primaryimage"},"thumbnailUrl":"https:\/\/tourtravelandmore.com\/wp-content\/uploads\/2020\/11\/evans-5-scaled.jpg","datePublished":"2020-11-23T08:03:33+00:00","dateModified":"2021-03-16T20:14:31+00:00","description":"Saisissez l'occasion de profiter de cette visite priv\u00e9e au mont Evans au d\u00e9part de Denver. Admirez la vue magnifique depuis le sommet du mont!","breadcrumb":{"@id":"https:\/\/tourtravelandmore.com\/fr\/tours\/etats-unis-fr\/denver-fr\/visite-privee-au-mont-evans-de-denver\/#breadcrumb"},"inLanguage":"fr-FR","potentialAction":[{"@type":"ReadAction","target":["https:\/\/tourtravelandmore.com\/fr\/tours\/etats-unis-fr\/denver-fr\/visite-privee-au-mont-evans-de-denver\/"]}]},{"@type":"ImageObject","inLanguage":"fr-FR","@id":"https:\/\/tourtravelandmore.com\/fr\/tours\/etats-unis-fr\/denver-fr\/visite-privee-au-mont-evans-de-denver\/#primaryimage","url":"https:\/\/tourtravelandmore.com\/wp-content\/uploads\/2020\/11\/evans-5-scaled.jpg","contentUrl":"https:\/\/tourtravelandmore.com\/wp-content\/uploads\/2020\/11\/evans-5-scaled.jpg","width":2560,"height":1920},{"@type":"BreadcrumbList","@id":"https:\/\/tourtravelandmore.com\/fr\/tours\/etats-unis-fr\/denver-fr\/visite-privee-au-mont-evans-de-denver\/#breadcrumb","itemListElement":[{"@type":"ListItem","position":1,"name":"Home","item":"https:\/\/tourtravelandmore.com\/fr\/"},{"@type":"ListItem","position":2,"name":"Tours","item":"https:\/\/tourtravelandmore.com\/fr\/tours\/"},{"@type":"ListItem","position":3,"name":"Visite priv\u00e9e au mont Evans de Denver"}]},{"@type":"WebSite","@id":"https:\/\/tourtravelandmore.com\/fr\/#website","url":"https:\/\/tourtravelandmore.com\/fr\/","name":"Tour Travel And More","description":"Private sightseeing tours and luxury transfers in Spain","publisher":{"@id":"https:\/\/tourtravelandmore.com\/fr\/#organization"},"potentialAction":[{"@type":"SearchAction","target":{"@type":"EntryPoint","urlTemplate":"https:\/\/tourtravelandmore.com\/fr\/?s={search_term_string}"},"query-input":{"@type":"PropertyValueSpecification","valueRequired":true,"valueName":"search_term_string"}}],"inLanguage":"fr-FR"},{"@type":"Organization","@id":"https:\/\/tourtravelandmore.com\/fr\/#organization","name":"Tour Travel And More","url":"https:\/\/tourtravelandmore.com\/fr\/","logo":{"@type":"ImageObject","inLanguage":"fr-FR","@id":"https:\/\/tourtravelandmore.com\/fr\/#\/schema\/logo\/image\/","url":"https:\/\/tourtravelandmore.com\/wp-content\/uploads\/2022\/12\/cropped-logo-cabecera-new.png","contentUrl":"https:\/\/tourtravelandmore.com\/wp-content\/uploads\/2022\/12\/cropped-logo-cabecera-new.png","width":430,"height":61,"caption":"Tour Travel And More"},"image":{"@id":"https:\/\/tourtravelandmore.com\/fr\/#\/schema\/logo\/image\/"},"sameAs":["https:\/\/www.facebook.com\/tourtravelandmore\/","https:\/\/x.com\/TourTravel_More"]}]}},"_links":{"self":[{"href":"https:\/\/tourtravelandmore.com\/fr\/wp-json\/wp\/v2\/product\/103904","targetHints":{"allow":["GET"]}}],"collection":[{"href":"https:\/\/tourtravelandmore.com\/fr\/wp-json\/wp\/v2\/product"}],"about":[{"href":"https:\/\/tourtravelandmore.com\/fr\/wp-json\/wp\/v2\/types\/product"}],"replies":[{"embeddable":true,"href":"https:\/\/tourtravelandmore.com\/fr\/wp-json\/wp\/v2\/comments?post=103904"}],"wp:featuredmedia":[{"embeddable":true,"href":"https:\/\/tourtravelandmore.com\/fr\/wp-json\/wp\/v2\/media\/87524"}],"wp:attachment":[{"href":"https:\/\/tourtravelandmore.com\/fr\/wp-json\/wp\/v2\/media?parent=103904"}],"wp:term":[{"taxonomy":"product_brand","embeddable":true,"href":"https:\/\/tourtravelandmore.com\/fr\/wp-json\/wp\/v2\/product_brand?post=103904"},{"taxonomy":"product_cat","embeddable":true,"href":"https:\/\/tourtravelandmore.com\/fr\/wp-json\/wp\/v2\/product_cat?post=103904"},{"taxonomy":"product_tag","embeddable":true,"href":"https:\/\/tourtravelandmore.com\/fr\/wp-json\/wp\/v2\/product_tag?post=103904"}],"curies":[{"name":"wp","href":"https:\/\/api.w.org\/{rel}","templated":true}]}}