{"id":103881,"date":"2020-11-20T09:05:18","date_gmt":"2020-11-20T08:05:18","guid":{"rendered":"https:\/\/tourtravelandmore.com\/tours\/non%20class\u00e9\/visite-privee-de-la-ville-de-denver\/"},"modified":"2021-03-16T21:08:10","modified_gmt":"2021-03-16T20:08:10","slug":"visite-privee-de-la-ville-de-denver","status":"publish","type":"product","link":"https:\/\/tourtravelandmore.com\/fr\/tours\/etats-unis-fr\/denver-fr\/visite-privee-de-la-ville-de-denver\/","title":{"rendered":"Visite priv\u00e9e de la ville de Denver"},"content":{"rendered":"<h2>Description:<\/h2>\n<p>Aventure lors de cette visite priv\u00e9e de la ville de Denver avec un guide officiel local et un chauffeur priv\u00e9. Courez la chance de visiter cette ville incroyable \u00e0 bord d&#8217;un v\u00e9hicule de luxe priv\u00e9 climatis\u00e9. Laissez-vous admirer avec les monuments et b\u00e2timents \u00e9tonnants de Denver.<\/p>\n<p>Comme vous le savez peut-\u00eatre, nous organiserons une prise en charge priv\u00e9e depuis le lieu de votre choix \u00e0 Denver. Il vous suffit de nous contacter et de mentionner tous les d\u00e9tails, puis nous ferons le reste.<\/p>\n<p>Denver est la capitale et la plus grande ville du Colorado. Il est situ\u00e9 dans la vall\u00e9e de la rivi\u00e8re South Platte dans les hautes plaines, \u00e0 l&#8217;est du Front Range dans les montagnes Rocheuses. Denver est aussi beau que passionnant, c&#8217;est un endroit que vous devez absolument visiter. Vous trouverez ici de nombreuses activit\u00e9s adapt\u00e9es \u00e0 chaque personne. Il a une \u00e9nergie et une vibration uniques qui le rendent tr\u00e8s sp\u00e9cial.<\/p>\n<p>Cette visite priv\u00e9e de la ville de Denver a une dur\u00e9e totale de 4 heures, mais si vous pr\u00e9f\u00e9rez, nous pouvons inclure plus d&#8217;heures \u00e0 votre exp\u00e9rience, ou m\u00eame en faire une excursion d&#8217;une journ\u00e9e compl\u00e8te. N&#8217;h\u00e9sitez pas \u00e0 nous dire quelles sont vos envies pour cette exp\u00e9rience priv\u00e9e.<\/p>\n<h2>Sites d&#8217;int\u00e9r\u00eat et monuments<\/h2>\n<p>Tout d&#8217;abord, votre chauffeur priv\u00e9 et votre guide officiel viendront vous chercher \u00e0 l&#8217;endroit de votre choix \u00e0 Denver. L&#8217;heure de d\u00e9but de la visite sera d\u00e9termin\u00e9e par vous car il s&#8217;agit d&#8217;une exp\u00e9rience priv\u00e9e.<\/p>\n<p>Denver est une ville qui a beaucoup \u00e0 offrir. Il a un tourisme local mais il entend se d\u00e9velopper au fil des ann\u00e9es. Elle est \u00e9galement tr\u00e8s connue sous le nom de \u00abMile High City\u00bb. Au cours de cette visite priv\u00e9e de 4 heures de la ville de Denver, vous pourrez visiter les lieux suivants:<\/p>\n<ul>\n<li>Parc de ville<\/li>\n<li>Mus\u00e9e de la nature et des sciences de Denver<\/li>\n<li>Civic Center Park: situ\u00e9 au c\u0153ur de la ville.<\/li>\n<li>Capitole<\/li>\n<li>March\u00e9 central de Denver<\/li>\n<li>Mus\u00e9e d&#8217;art de Denver<\/li>\n<li>Histoire Colorado Center<\/li>\n<li>Cheesman Park<\/li>\n<li>Denver Country Club<\/li>\n<li>Cath\u00e9drale Saint-Jean<\/li>\n<li>Parc des congr\u00e8s<\/li>\n<li>Denver City and County Building est et ouest<\/li>\n<li>Place Larimer<\/li>\n<li>Jardins d&#8217;Elitch<\/li>\n<li>et bien plus!<\/li>\n<\/ul>\n<p>Nous pouvons inclure des billets d&#8217;entr\u00e9e \u00e0 tout monument ou mus\u00e9e que vous souhaitez visiter. L&#8217;\u00e9quipe de Tour Travel &amp; More est pr\u00eate \u00e0 vous aider avec votre exp\u00e9rience priv\u00e9e pour \u00eatre unique.<\/p>\n<p>Enfin, votre chauffeur priv\u00e9 et votre guide officiel vous d\u00e9poseront \u00e0 votre lieu de d\u00e9part \u00e0 Denver.<\/p>\n<p>Nous avons \u00e9galement la possibilit\u00e9 d&#8217;une visite priv\u00e9e \u00e0 pied de Denver, jetez un \u0153il!.<\/p>\n<p><button style=\"width: auto; height: auto; background-image: url('data:image\/png;base64,iVBORw0KGgoAAAANSUhEUgAAADAAAAAwCAYAAABXAvmHAAABS2lUWHRYTUw6Y29tLmFkb2JlLnhtcAAAAAAAPD94cGFja2V0IGJlZ2luPSLvu78iIGlkPSJXNU0wTXBDZWhpSHpyZVN6TlRjemtjOWQiPz4KPHg6eG1wbWV0YSB4bWxuczp4PSJhZG9iZTpuczptZXRhLyIgeDp4bXB0az0iQWRvYmUgWE1QIENvcmUgNS42LWMxMzggNzkuMTU5ODI0LCAyMDE2LzA5LzE0LTAxOjA5OjAxICAgICAgICAiPgogPHJkZjpSREYgeG1sbnM6cmRmPSJodHRwOi8vd3d3LnczLm9yZy8xOTk5LzAyLzIyLXJkZi1zeW50YXgtbnMjIj4KICA8cmRmOkRlc2NyaXB0aW9uIHJkZjphYm91dD0iIi8+CiA8L3JkZjpSREY+CjwveDp4bXBtZXRhPgo8P3hwYWNrZXQgZW5kPSJyIj8+IEmuOgAAAx5JREFUaIHtmj1L81wYx39JI75AbYtgBTFTRdQGXV2cxMlPICjiakHE0cVJB5FO4uLgN1AnZ\/0EgoLQtd6tL6hJIwia9DzDg6Wxpcb7hMTe+INCz+t1\/TnJuU7OOYoQ4g8Qpz2xFSGEiNoLGVTAjtoJCWw1ag9k0eoTQgg2NzcplUp0dHRE5VNTHMdB0zTy+TydnZ21fI8Ay7K4vr4ml8uRSqVCd7IVQgjW19cpFAoYhlHLbxiBTCbD9PR06A76YXx8HNd1PXmed0BRFBzHwTTNUB3zy\/v7O7FYzJPX9i\/xr4Co0b6u0prj42Pu7u5a1unp6UHXdSYmJkgmk7ImPUgLWFlZoVQq+aqbSCSYn59ne3ubRCIhaxoI4BHSdd13Xcuy2N\/fxzCML0fNL9IjoChK7f\/p6Smjo6MNdWzb5vz8nI2NDUzTpFgsMjMzw+Xlpax5eQH1TE5OMjAw0LQsm80yNzdHNpvFtm2urq44PDxkaWlJymags9D9\/X3Lcl3X2dnZqaX39vakbYY+jS4uLtLV1QXAxcUFlUpFqr\/QBXR3d9Pf3w\/8v8J8fn6W6i90Aa7r8vT0BEAsFpOeTkMXcHJywsvLCwAjIyPSgS1QAb29vS3LHx4eyOVytfTy8rK0zUAFPD4+8vb25vm9vr5SLBY5ODjAMAzK5TIAQ0NDrK6uStsMNA7Mzs42rNfrn\/kP0uk0Z2dnaJq8+UAFfHb0M6qqsrCwwO7uLn19fYHYDFTA2tpa00isaRqDg4NMTU19a+3kh0AFbG1t1YJUWAT6EhcKhSC780Xbf5H9CoiaXwFRIy2gPng5jiPb3beRjgPDw8NYlgUQegyAAAQcHR3xccgTxNrmu0hbjMJpj32ZxkIITNOkWq16tlf8tlVVlWQy+e229UgLKJfLuK77VwI+PikjE6CqKmNjYzJdSPPvxQFVVT2HaD8JVVX5fKzdcEZWLpe5vb39cYd8ADc3Nw1nZB4B8XicdDpNPp+PJCi1wnEcUqkUmUzGk68IISp8uitRqVSoVqth+ueLJntIdtNZ6Kv9nZ9E21\/20IASbXzd5j\/MIQu2KoJrJwAAAABJRU5ErkJggg=='); background-size: 14px 14px; background-color: #000000; position: absolute; opacity: 1; z-index: 86753099; display: none; cursor: pointer; border: none; border-top-left-radius: 3px; border-top-right-radius: 3px; border-bottom-right-radius: 3px; border-bottom-left-radius: 3px; text-indent: 20px; padding: 0px 4px 0px 0px; text-align: center; font-style: normal; font-variant-caps: normal; font-weight: bold; font-stretch: normal; font-size: 11px; line-height: 20px; font-family: 'Helvetica Neue', Helvetica, sans-serif; color: #ffffff; text-transform: capitalize; -webkit-font-smoothing: antialiased; top: 1397px; left: 563px; background-position: 3px 50%; background-repeat: no-repeat no-repeat;\">plan it<\/button><\/p>\n","protected":false},"excerpt":{"rendered":"<p>Denver est une ville am\u00e9ricaine incroyable qui vaut la peine d&#8217;\u00eatre visit\u00e9e. Rejoignez-nous pour cette visite priv\u00e9e de la ville de Denver et admirez vous-m\u00eame la culture, l&#8217;architecture et l&#8217;histoire \u00e9tonnantes qui caract\u00e9risent cette ville.<\/p>\n","protected":false},"featured_media":87352,"comment_status":"open","ping_status":"closed","template":"","meta":{"_acf_changed":false},"product_brand":[],"product_cat":[3547,3769],"product_tag":[],"class_list":{"0":"post-103881","1":"product","2":"type-product","3":"status-publish","4":"has-post-thumbnail","6":"product_cat-etats-unis-fr","7":"product_cat-denver-fr","9":"first","10":"instock","11":"shipping-taxable","12":"purchasable","13":"product-type-simple"},"acf":[],"yoast_head":"<!-- This site is optimized with the Yoast SEO Premium plugin v25.3.1 (Yoast SEO v25.3.1) - https:\/\/yoast.com\/wordpress\/plugins\/seo\/ -->\n<title>Visite priv\u00e9e de la ville de Denver avec un guide local et un chauffeur priv\u00e9<\/title>\n<meta name=\"description\" content=\"Venez avec nous sur cette visite priv\u00e9e de la ville de Denver et pr\u00e9parez-vous \u00e0 visiter tous les lieux et monuments les plus embl\u00e9matiques de cette ville.\" \/>\n<meta name=\"robots\" content=\"index, follow, max-snippet:-1, max-image-preview:large, max-video-preview:-1\" \/>\n<link rel=\"canonical\" href=\"https:\/\/tourtravelandmore.com\/fr\/tours\/etats-unis-fr\/denver-fr\/visite-privee-de-la-ville-de-denver\/\" \/>\n<meta property=\"og:locale\" content=\"fr_FR\" \/>\n<meta property=\"og:type\" content=\"article\" \/>\n<meta property=\"og:title\" content=\"Visite priv\u00e9e de la ville de Denver\" \/>\n<meta property=\"og:description\" content=\"Venez avec nous sur cette visite priv\u00e9e de la ville de Denver et pr\u00e9parez-vous \u00e0 visiter tous les lieux et monuments les plus embl\u00e9matiques de cette ville.\" \/>\n<meta property=\"og:url\" content=\"https:\/\/tourtravelandmore.com\/fr\/tours\/etats-unis-fr\/denver-fr\/visite-privee-de-la-ville-de-denver\/\" \/>\n<meta property=\"og:site_name\" content=\"Tour Travel And More\" \/>\n<meta property=\"article:publisher\" content=\"https:\/\/www.facebook.com\/tourtravelandmore\/\" \/>\n<meta property=\"article:modified_time\" content=\"2021-03-16T20:08:10+00:00\" \/>\n<meta property=\"og:image\" content=\"https:\/\/tourtravelandmore.com\/wp-content\/uploads\/2020\/11\/denver-5-scaled.jpg\" \/>\n\t<meta property=\"og:image:width\" content=\"2560\" \/>\n\t<meta property=\"og:image:height\" content=\"1440\" \/>\n\t<meta property=\"og:image:type\" content=\"image\/jpeg\" \/>\n<meta name=\"twitter:card\" content=\"summary_large_image\" \/>\n<meta name=\"twitter:site\" content=\"@TourTravel_More\" \/>\n<meta name=\"twitter:label1\" content=\"Dur\u00e9e de lecture estim\u00e9e\" \/>\n\t<meta name=\"twitter:data1\" content=\"2 minutes\" \/>\n<script type=\"application\/ld+json\" class=\"yoast-schema-graph\">{\"@context\":\"https:\/\/schema.org\",\"@graph\":[{\"@type\":\"WebPage\",\"@id\":\"https:\/\/tourtravelandmore.com\/fr\/tours\/etats-unis-fr\/denver-fr\/visite-privee-de-la-ville-de-denver\/\",\"url\":\"https:\/\/tourtravelandmore.com\/fr\/tours\/etats-unis-fr\/denver-fr\/visite-privee-de-la-ville-de-denver\/\",\"name\":\"Visite priv\u00e9e de la ville de Denver avec un guide local et un chauffeur priv\u00e9\",\"isPartOf\":{\"@id\":\"https:\/\/tourtravelandmore.com\/fr\/#website\"},\"primaryImageOfPage\":{\"@id\":\"https:\/\/tourtravelandmore.com\/fr\/tours\/etats-unis-fr\/denver-fr\/visite-privee-de-la-ville-de-denver\/#primaryimage\"},\"image\":{\"@id\":\"https:\/\/tourtravelandmore.com\/fr\/tours\/etats-unis-fr\/denver-fr\/visite-privee-de-la-ville-de-denver\/#primaryimage\"},\"thumbnailUrl\":\"https:\/\/tourtravelandmore.com\/wp-content\/uploads\/2020\/11\/denver-5-scaled.jpg\",\"datePublished\":\"2020-11-20T08:05:18+00:00\",\"dateModified\":\"2021-03-16T20:08:10+00:00\",\"description\":\"Venez avec nous sur cette visite priv\u00e9e de la ville de Denver et pr\u00e9parez-vous \u00e0 visiter tous les lieux et monuments les plus embl\u00e9matiques de cette ville.\",\"breadcrumb\":{\"@id\":\"https:\/\/tourtravelandmore.com\/fr\/tours\/etats-unis-fr\/denver-fr\/visite-privee-de-la-ville-de-denver\/#breadcrumb\"},\"inLanguage\":\"fr-FR\",\"potentialAction\":[{\"@type\":\"ReadAction\",\"target\":[\"https:\/\/tourtravelandmore.com\/fr\/tours\/etats-unis-fr\/denver-fr\/visite-privee-de-la-ville-de-denver\/\"]}]},{\"@type\":\"ImageObject\",\"inLanguage\":\"fr-FR\",\"@id\":\"https:\/\/tourtravelandmore.com\/fr\/tours\/etats-unis-fr\/denver-fr\/visite-privee-de-la-ville-de-denver\/#primaryimage\",\"url\":\"https:\/\/tourtravelandmore.com\/wp-content\/uploads\/2020\/11\/denver-5-scaled.jpg\",\"contentUrl\":\"https:\/\/tourtravelandmore.com\/wp-content\/uploads\/2020\/11\/denver-5-scaled.jpg\",\"width\":2560,\"height\":1440},{\"@type\":\"BreadcrumbList\",\"@id\":\"https:\/\/tourtravelandmore.com\/fr\/tours\/etats-unis-fr\/denver-fr\/visite-privee-de-la-ville-de-denver\/#breadcrumb\",\"itemListElement\":[{\"@type\":\"ListItem\",\"position\":1,\"name\":\"Home\",\"item\":\"https:\/\/tourtravelandmore.com\/fr\/\"},{\"@type\":\"ListItem\",\"position\":2,\"name\":\"Tours\",\"item\":\"https:\/\/tourtravelandmore.com\/fr\/tours\/\"},{\"@type\":\"ListItem\",\"position\":3,\"name\":\"Visite priv\u00e9e de la ville de Denver\"}]},{\"@type\":\"WebSite\",\"@id\":\"https:\/\/tourtravelandmore.com\/fr\/#website\",\"url\":\"https:\/\/tourtravelandmore.com\/fr\/\",\"name\":\"Tour Travel And More\",\"description\":\"Private sightseeing tours and luxury transfers in Spain\",\"publisher\":{\"@id\":\"https:\/\/tourtravelandmore.com\/fr\/#organization\"},\"potentialAction\":[{\"@type\":\"SearchAction\",\"target\":{\"@type\":\"EntryPoint\",\"urlTemplate\":\"https:\/\/tourtravelandmore.com\/fr\/?s={search_term_string}\"},\"query-input\":{\"@type\":\"PropertyValueSpecification\",\"valueRequired\":true,\"valueName\":\"search_term_string\"}}],\"inLanguage\":\"fr-FR\"},{\"@type\":\"Organization\",\"@id\":\"https:\/\/tourtravelandmore.com\/fr\/#organization\",\"name\":\"Tour Travel And More\",\"url\":\"https:\/\/tourtravelandmore.com\/fr\/\",\"logo\":{\"@type\":\"ImageObject\",\"inLanguage\":\"fr-FR\",\"@id\":\"https:\/\/tourtravelandmore.com\/fr\/#\/schema\/logo\/image\/\",\"url\":\"https:\/\/tourtravelandmore.com\/wp-content\/uploads\/2022\/12\/cropped-logo-cabecera-new.png\",\"contentUrl\":\"https:\/\/tourtravelandmore.com\/wp-content\/uploads\/2022\/12\/cropped-logo-cabecera-new.png\",\"width\":430,\"height\":61,\"caption\":\"Tour Travel And More\"},\"image\":{\"@id\":\"https:\/\/tourtravelandmore.com\/fr\/#\/schema\/logo\/image\/\"},\"sameAs\":[\"https:\/\/www.facebook.com\/tourtravelandmore\/\",\"https:\/\/x.com\/TourTravel_More\"]}]}<\/script>\n<!-- \/ Yoast SEO Premium plugin. -->","yoast_head_json":{"title":"Visite priv\u00e9e de la ville de Denver avec un guide local et un chauffeur priv\u00e9","description":"Venez avec nous sur cette visite priv\u00e9e de la ville de Denver et pr\u00e9parez-vous \u00e0 visiter tous les lieux et monuments les plus embl\u00e9matiques de cette ville.","robots":{"index":"index","follow":"follow","max-snippet":"max-snippet:-1","max-image-preview":"max-image-preview:large","max-video-preview":"max-video-preview:-1"},"canonical":"https:\/\/tourtravelandmore.com\/fr\/tours\/etats-unis-fr\/denver-fr\/visite-privee-de-la-ville-de-denver\/","og_locale":"fr_FR","og_type":"article","og_title":"Visite priv\u00e9e de la ville de Denver","og_description":"Venez avec nous sur cette visite priv\u00e9e de la ville de Denver et pr\u00e9parez-vous \u00e0 visiter tous les lieux et monuments les plus embl\u00e9matiques de cette ville.","og_url":"https:\/\/tourtravelandmore.com\/fr\/tours\/etats-unis-fr\/denver-fr\/visite-privee-de-la-ville-de-denver\/","og_site_name":"Tour Travel And More","article_publisher":"https:\/\/www.facebook.com\/tourtravelandmore\/","article_modified_time":"2021-03-16T20:08:10+00:00","og_image":[{"width":2560,"height":1440,"url":"https:\/\/tourtravelandmore.com\/wp-content\/uploads\/2020\/11\/denver-5-scaled.jpg","type":"image\/jpeg"}],"twitter_card":"summary_large_image","twitter_site":"@TourTravel_More","twitter_misc":{"Dur\u00e9e de lecture estim\u00e9e":"2 minutes"},"schema":{"@context":"https:\/\/schema.org","@graph":[{"@type":"WebPage","@id":"https:\/\/tourtravelandmore.com\/fr\/tours\/etats-unis-fr\/denver-fr\/visite-privee-de-la-ville-de-denver\/","url":"https:\/\/tourtravelandmore.com\/fr\/tours\/etats-unis-fr\/denver-fr\/visite-privee-de-la-ville-de-denver\/","name":"Visite priv\u00e9e de la ville de Denver avec un guide local et un chauffeur priv\u00e9","isPartOf":{"@id":"https:\/\/tourtravelandmore.com\/fr\/#website"},"primaryImageOfPage":{"@id":"https:\/\/tourtravelandmore.com\/fr\/tours\/etats-unis-fr\/denver-fr\/visite-privee-de-la-ville-de-denver\/#primaryimage"},"image":{"@id":"https:\/\/tourtravelandmore.com\/fr\/tours\/etats-unis-fr\/denver-fr\/visite-privee-de-la-ville-de-denver\/#primaryimage"},"thumbnailUrl":"https:\/\/tourtravelandmore.com\/wp-content\/uploads\/2020\/11\/denver-5-scaled.jpg","datePublished":"2020-11-20T08:05:18+00:00","dateModified":"2021-03-16T20:08:10+00:00","description":"Venez avec nous sur cette visite priv\u00e9e de la ville de Denver et pr\u00e9parez-vous \u00e0 visiter tous les lieux et monuments les plus embl\u00e9matiques de cette ville.","breadcrumb":{"@id":"https:\/\/tourtravelandmore.com\/fr\/tours\/etats-unis-fr\/denver-fr\/visite-privee-de-la-ville-de-denver\/#breadcrumb"},"inLanguage":"fr-FR","potentialAction":[{"@type":"ReadAction","target":["https:\/\/tourtravelandmore.com\/fr\/tours\/etats-unis-fr\/denver-fr\/visite-privee-de-la-ville-de-denver\/"]}]},{"@type":"ImageObject","inLanguage":"fr-FR","@id":"https:\/\/tourtravelandmore.com\/fr\/tours\/etats-unis-fr\/denver-fr\/visite-privee-de-la-ville-de-denver\/#primaryimage","url":"https:\/\/tourtravelandmore.com\/wp-content\/uploads\/2020\/11\/denver-5-scaled.jpg","contentUrl":"https:\/\/tourtravelandmore.com\/wp-content\/uploads\/2020\/11\/denver-5-scaled.jpg","width":2560,"height":1440},{"@type":"BreadcrumbList","@id":"https:\/\/tourtravelandmore.com\/fr\/tours\/etats-unis-fr\/denver-fr\/visite-privee-de-la-ville-de-denver\/#breadcrumb","itemListElement":[{"@type":"ListItem","position":1,"name":"Home","item":"https:\/\/tourtravelandmore.com\/fr\/"},{"@type":"ListItem","position":2,"name":"Tours","item":"https:\/\/tourtravelandmore.com\/fr\/tours\/"},{"@type":"ListItem","position":3,"name":"Visite priv\u00e9e de la ville de Denver"}]},{"@type":"WebSite","@id":"https:\/\/tourtravelandmore.com\/fr\/#website","url":"https:\/\/tourtravelandmore.com\/fr\/","name":"Tour Travel And More","description":"Private sightseeing tours and luxury transfers in Spain","publisher":{"@id":"https:\/\/tourtravelandmore.com\/fr\/#organization"},"potentialAction":[{"@type":"SearchAction","target":{"@type":"EntryPoint","urlTemplate":"https:\/\/tourtravelandmore.com\/fr\/?s={search_term_string}"},"query-input":{"@type":"PropertyValueSpecification","valueRequired":true,"valueName":"search_term_string"}}],"inLanguage":"fr-FR"},{"@type":"Organization","@id":"https:\/\/tourtravelandmore.com\/fr\/#organization","name":"Tour Travel And More","url":"https:\/\/tourtravelandmore.com\/fr\/","logo":{"@type":"ImageObject","inLanguage":"fr-FR","@id":"https:\/\/tourtravelandmore.com\/fr\/#\/schema\/logo\/image\/","url":"https:\/\/tourtravelandmore.com\/wp-content\/uploads\/2022\/12\/cropped-logo-cabecera-new.png","contentUrl":"https:\/\/tourtravelandmore.com\/wp-content\/uploads\/2022\/12\/cropped-logo-cabecera-new.png","width":430,"height":61,"caption":"Tour Travel And More"},"image":{"@id":"https:\/\/tourtravelandmore.com\/fr\/#\/schema\/logo\/image\/"},"sameAs":["https:\/\/www.facebook.com\/tourtravelandmore\/","https:\/\/x.com\/TourTravel_More"]}]}},"_links":{"self":[{"href":"https:\/\/tourtravelandmore.com\/fr\/wp-json\/wp\/v2\/product\/103881","targetHints":{"allow":["GET"]}}],"collection":[{"href":"https:\/\/tourtravelandmore.com\/fr\/wp-json\/wp\/v2\/product"}],"about":[{"href":"https:\/\/tourtravelandmore.com\/fr\/wp-json\/wp\/v2\/types\/product"}],"replies":[{"embeddable":true,"href":"https:\/\/tourtravelandmore.com\/fr\/wp-json\/wp\/v2\/comments?post=103881"}],"wp:featuredmedia":[{"embeddable":true,"href":"https:\/\/tourtravelandmore.com\/fr\/wp-json\/wp\/v2\/media\/87352"}],"wp:attachment":[{"href":"https:\/\/tourtravelandmore.com\/fr\/wp-json\/wp\/v2\/media?parent=103881"}],"wp:term":[{"taxonomy":"product_brand","embeddable":true,"href":"https:\/\/tourtravelandmore.com\/fr\/wp-json\/wp\/v2\/product_brand?post=103881"},{"taxonomy":"product_cat","embeddable":true,"href":"https:\/\/tourtravelandmore.com\/fr\/wp-json\/wp\/v2\/product_cat?post=103881"},{"taxonomy":"product_tag","embeddable":true,"href":"https:\/\/tourtravelandmore.com\/fr\/wp-json\/wp\/v2\/product_tag?post=103881"}],"curies":[{"name":"wp","href":"https:\/\/api.w.org\/{rel}","templated":true}]}}