{"id":103656,"date":"2019-02-13T11:58:08","date_gmt":"2019-02-13T10:58:08","guid":{"rendered":"https:\/\/tourtravelandmore.com\/tours\/non%20class\u00e9\/visite-privee-de-meknes-au-depart-de-rabat\/"},"modified":"2021-03-16T10:57:27","modified_gmt":"2021-03-16T09:57:27","slug":"visite-privee-de-meknes-au-depart-de-rabat","status":"publish","type":"product","link":"https:\/\/tourtravelandmore.com\/fr\/tours\/maroc-fr\/rabat-fr\/visite-privee-de-meknes-au-depart-de-rabat\/","title":{"rendered":"Visite priv\u00e9e de Mekn\u00e8s au d\u00e9part de Rabat"},"content":{"rendered":"<h2>Description<\/h2>\n<p>Notre excursion d&#8217;une journ\u00e9e pour la visite priv\u00e9e de Mekn\u00e8s au d\u00e9part de Rabat est une exp\u00e9rience formidable!<\/p>\n<p>Tout d&#8217;abord, vivez cette exp\u00e9rience incroyable depuis la prise en charge \u00e0 votre h\u00f4tel ou riad en v\u00e9hicule priv\u00e9 avec chauffeur jusqu&#8217;\u00e0 l&#8217;arriv\u00e9e \u00e0 Mekn\u00e8s. Apr\u00e8s la prise en charge, nous partirons et partirons vers Mekn\u00e8s.<\/p>\n<p>Deuxi\u00e8mement, vous visiterez le mausol\u00e9e de Moulay Ismail, o\u00f9 repose le sultan du 18\u00e8me si\u00e8cle. Nous pouvons \u00e9galement profiter des magnifiques \u00e9curies qui abritent plus de 12 000 chevaux. Apr\u00e8s cela, nous continuerons vers la place anim\u00e9e El-Hedim et notre guide priv\u00e9 nous emm\u00e8nera \u00e0 travers les nombreux souks.<\/p>\n<p>Nous continuerons vers la ville de Moulay Idriss Zerhoun consid\u00e9r\u00e9e comme le lieu religieux le plus important du Maroc. On peut voir le sanctuaire o\u00f9 est enterr\u00e9 Moulay Idriss Ier.<\/p>\n<p>Profitez de la flexibilit\u00e9 de cette visite o\u00f9 nous pouvons nous concentrer sur les lieux qui vous int\u00e9ressent le plus.<\/p>\n<h2>Sites d&#8217;int\u00e9r\u00eat et monuments<\/h2>\n<p>La visite priv\u00e9e de Mekn\u00e8s au d\u00e9part de Rabat d\u00e9butera par la prise en charge \u00e0 votre h\u00f4tel ou riad dans votre v\u00e9hicule priv\u00e9 avec chauffeur. Notre premier arr\u00eat sera Mekn\u00e8s.<\/p>\n<p>Votre guide vous emm\u00e8nera \u00e0 travers les points les plus embl\u00e9matiques de cette ville o\u00f9 vous d\u00e9couvrirez des ann\u00e9es de patrimoine culturel marocain.<\/p>\n<p>Entre autres monuments et sites touristiques, vous pouvez apprendre \u00e0 conna\u00eetre:<\/p>\n<ul>\n<li>Place el-Hedim<\/li>\n<li>Mausol\u00e9e de Moulay Ismail<\/li>\n<li>Place Lahdim<\/li>\n<li>Beaucoup plus!<\/li>\n<\/ul>\n<p>Enfin, cette visite priv\u00e9e se terminera \u00e0 votre h\u00f4tel ou lieu de choix \u00e0 Rabat. Chez Tour Travel &amp; More, nous sommes l\u00e0 pour organiser la meilleure exp\u00e9rience pour vous.<\/p>\n<p>D\u00e9couvrez nos visites priv\u00e9es \u00e0 Rabat. Jetez un \u0153il \u00e0 ce que nous proposons.<\/p>\n","protected":false},"excerpt":{"rendered":"<p>Profitez de vos journ\u00e9es au Maroc et profitez de cette visite priv\u00e9e de la ville de Mekn\u00e8s au d\u00e9part de Rabat avec un guide local \u00e0 l&#8217;aise dans un v\u00e9hicule de luxe priv\u00e9 avec chauffeur s\u00e9par\u00e9. La prise en charge peut se faire depuis votre h\u00f4tel ou lieu de votre choix \u00e0 Rabat. Profitez de la flexibilit\u00e9 de cette visite o\u00f9 nous pouvons nous concentrer sur les lieux qui vous int\u00e9ressent le plus.<\/p>\n","protected":false},"featured_media":95591,"comment_status":"open","ping_status":"closed","template":"","meta":{"_acf_changed":false},"product_brand":[],"product_cat":[3726,3814],"product_tag":[],"class_list":{"0":"post-103656","1":"product","2":"type-product","3":"status-publish","4":"has-post-thumbnail","6":"product_cat-maroc-fr","7":"product_cat-rabat-fr","9":"first","10":"instock","11":"shipping-taxable","12":"purchasable","13":"product-type-simple"},"acf":[],"yoast_head":"<!-- This site is optimized with the Yoast SEO Premium plugin v25.3.1 (Yoast SEO v25.3.1) - https:\/\/yoast.com\/wordpress\/plugins\/seo\/ -->\n<title>Visite priv\u00e9e de Mekn\u00e8s au d\u00e9part de Rabat avec guide officiel et v\u00e9hicule priv\u00e9<\/title>\n<meta name=\"description\" content=\"Profitez de cette visite priv\u00e9e de Mekn\u00e8s au d\u00e9part de Rabat avec un guide local et exp\u00e9riment\u00e9 et un v\u00e9hicule priv\u00e9. Entr\u00e9es aux sites principaux incluses.\" \/>\n<meta name=\"robots\" content=\"index, follow, max-snippet:-1, max-image-preview:large, max-video-preview:-1\" \/>\n<link rel=\"canonical\" href=\"https:\/\/tourtravelandmore.com\/fr\/tours\/maroc-fr\/rabat-fr\/visite-privee-de-meknes-au-depart-de-rabat\/\" \/>\n<meta property=\"og:locale\" content=\"fr_FR\" \/>\n<meta property=\"og:type\" content=\"article\" \/>\n<meta property=\"og:title\" content=\"Visite priv\u00e9e de Mekn\u00e8s au d\u00e9part de Rabat\" \/>\n<meta property=\"og:description\" content=\"Profitez de cette visite priv\u00e9e de Mekn\u00e8s au d\u00e9part de Rabat avec un guide local et exp\u00e9riment\u00e9 et un v\u00e9hicule priv\u00e9. Entr\u00e9es aux sites principaux incluses.\" \/>\n<meta property=\"og:url\" content=\"https:\/\/tourtravelandmore.com\/fr\/tours\/maroc-fr\/rabat-fr\/visite-privee-de-meknes-au-depart-de-rabat\/\" \/>\n<meta property=\"og:site_name\" content=\"Tour Travel And More\" \/>\n<meta property=\"article:publisher\" content=\"https:\/\/www.facebook.com\/tourtravelandmore\/\" \/>\n<meta property=\"article:modified_time\" content=\"2021-03-16T09:57:27+00:00\" \/>\n<meta property=\"og:image\" content=\"https:\/\/tourtravelandmore.com\/wp-content\/uploads\/2019\/02\/Porte_bah_Mansour_Mekn\u00e8s.morocco-1024x576.jpg\" \/>\n\t<meta property=\"og:image:width\" content=\"1024\" \/>\n\t<meta property=\"og:image:height\" content=\"576\" \/>\n\t<meta property=\"og:image:type\" content=\"image\/jpeg\" \/>\n<meta name=\"twitter:card\" content=\"summary_large_image\" \/>\n<meta name=\"twitter:site\" content=\"@TourTravel_More\" \/>\n<meta name=\"twitter:label1\" content=\"Dur\u00e9e de lecture estim\u00e9e\" \/>\n\t<meta name=\"twitter:data1\" content=\"2 minutes\" \/>\n<script type=\"application\/ld+json\" class=\"yoast-schema-graph\">{\"@context\":\"https:\/\/schema.org\",\"@graph\":[{\"@type\":\"WebPage\",\"@id\":\"https:\/\/tourtravelandmore.com\/fr\/tours\/maroc-fr\/rabat-fr\/visite-privee-de-meknes-au-depart-de-rabat\/\",\"url\":\"https:\/\/tourtravelandmore.com\/fr\/tours\/maroc-fr\/rabat-fr\/visite-privee-de-meknes-au-depart-de-rabat\/\",\"name\":\"Visite priv\u00e9e de Mekn\u00e8s au d\u00e9part de Rabat avec guide officiel et v\u00e9hicule priv\u00e9\",\"isPartOf\":{\"@id\":\"https:\/\/tourtravelandmore.com\/fr\/#website\"},\"primaryImageOfPage\":{\"@id\":\"https:\/\/tourtravelandmore.com\/fr\/tours\/maroc-fr\/rabat-fr\/visite-privee-de-meknes-au-depart-de-rabat\/#primaryimage\"},\"image\":{\"@id\":\"https:\/\/tourtravelandmore.com\/fr\/tours\/maroc-fr\/rabat-fr\/visite-privee-de-meknes-au-depart-de-rabat\/#primaryimage\"},\"thumbnailUrl\":\"https:\/\/tourtravelandmore.com\/wp-content\/uploads\/2019\/02\/Porte_bah_Mansour_Mekn\u00e8s.morocco.jpg\",\"datePublished\":\"2019-02-13T10:58:08+00:00\",\"dateModified\":\"2021-03-16T09:57:27+00:00\",\"description\":\"Profitez de cette visite priv\u00e9e de Mekn\u00e8s au d\u00e9part de Rabat avec un guide local et exp\u00e9riment\u00e9 et un v\u00e9hicule priv\u00e9. Entr\u00e9es aux sites principaux incluses.\",\"breadcrumb\":{\"@id\":\"https:\/\/tourtravelandmore.com\/fr\/tours\/maroc-fr\/rabat-fr\/visite-privee-de-meknes-au-depart-de-rabat\/#breadcrumb\"},\"inLanguage\":\"fr-FR\",\"potentialAction\":[{\"@type\":\"ReadAction\",\"target\":[\"https:\/\/tourtravelandmore.com\/fr\/tours\/maroc-fr\/rabat-fr\/visite-privee-de-meknes-au-depart-de-rabat\/\"]}]},{\"@type\":\"ImageObject\",\"inLanguage\":\"fr-FR\",\"@id\":\"https:\/\/tourtravelandmore.com\/fr\/tours\/maroc-fr\/rabat-fr\/visite-privee-de-meknes-au-depart-de-rabat\/#primaryimage\",\"url\":\"https:\/\/tourtravelandmore.com\/wp-content\/uploads\/2019\/02\/Porte_bah_Mansour_Mekn\u00e8s.morocco.jpg\",\"contentUrl\":\"https:\/\/tourtravelandmore.com\/wp-content\/uploads\/2019\/02\/Porte_bah_Mansour_Mekn\u00e8s.morocco.jpg\",\"width\":4160,\"height\":2340},{\"@type\":\"BreadcrumbList\",\"@id\":\"https:\/\/tourtravelandmore.com\/fr\/tours\/maroc-fr\/rabat-fr\/visite-privee-de-meknes-au-depart-de-rabat\/#breadcrumb\",\"itemListElement\":[{\"@type\":\"ListItem\",\"position\":1,\"name\":\"Home\",\"item\":\"https:\/\/tourtravelandmore.com\/fr\/\"},{\"@type\":\"ListItem\",\"position\":2,\"name\":\"Tours\",\"item\":\"https:\/\/tourtravelandmore.com\/fr\/tours\/\"},{\"@type\":\"ListItem\",\"position\":3,\"name\":\"Visite priv\u00e9e de Mekn\u00e8s au d\u00e9part de Rabat\"}]},{\"@type\":\"WebSite\",\"@id\":\"https:\/\/tourtravelandmore.com\/fr\/#website\",\"url\":\"https:\/\/tourtravelandmore.com\/fr\/\",\"name\":\"Tour Travel And More\",\"description\":\"Private sightseeing tours and luxury transfers in Spain\",\"publisher\":{\"@id\":\"https:\/\/tourtravelandmore.com\/fr\/#organization\"},\"potentialAction\":[{\"@type\":\"SearchAction\",\"target\":{\"@type\":\"EntryPoint\",\"urlTemplate\":\"https:\/\/tourtravelandmore.com\/fr\/?s={search_term_string}\"},\"query-input\":{\"@type\":\"PropertyValueSpecification\",\"valueRequired\":true,\"valueName\":\"search_term_string\"}}],\"inLanguage\":\"fr-FR\"},{\"@type\":\"Organization\",\"@id\":\"https:\/\/tourtravelandmore.com\/fr\/#organization\",\"name\":\"Tour Travel And More\",\"url\":\"https:\/\/tourtravelandmore.com\/fr\/\",\"logo\":{\"@type\":\"ImageObject\",\"inLanguage\":\"fr-FR\",\"@id\":\"https:\/\/tourtravelandmore.com\/fr\/#\/schema\/logo\/image\/\",\"url\":\"https:\/\/tourtravelandmore.com\/wp-content\/uploads\/2022\/12\/cropped-logo-cabecera-new.png\",\"contentUrl\":\"https:\/\/tourtravelandmore.com\/wp-content\/uploads\/2022\/12\/cropped-logo-cabecera-new.png\",\"width\":430,\"height\":61,\"caption\":\"Tour Travel And More\"},\"image\":{\"@id\":\"https:\/\/tourtravelandmore.com\/fr\/#\/schema\/logo\/image\/\"},\"sameAs\":[\"https:\/\/www.facebook.com\/tourtravelandmore\/\",\"https:\/\/x.com\/TourTravel_More\"]}]}<\/script>\n<!-- \/ Yoast SEO Premium plugin. -->","yoast_head_json":{"title":"Visite priv\u00e9e de Mekn\u00e8s au d\u00e9part de Rabat avec guide officiel et v\u00e9hicule priv\u00e9","description":"Profitez de cette visite priv\u00e9e de Mekn\u00e8s au d\u00e9part de Rabat avec un guide local et exp\u00e9riment\u00e9 et un v\u00e9hicule priv\u00e9. Entr\u00e9es aux sites principaux incluses.","robots":{"index":"index","follow":"follow","max-snippet":"max-snippet:-1","max-image-preview":"max-image-preview:large","max-video-preview":"max-video-preview:-1"},"canonical":"https:\/\/tourtravelandmore.com\/fr\/tours\/maroc-fr\/rabat-fr\/visite-privee-de-meknes-au-depart-de-rabat\/","og_locale":"fr_FR","og_type":"article","og_title":"Visite priv\u00e9e de Mekn\u00e8s au d\u00e9part de Rabat","og_description":"Profitez de cette visite priv\u00e9e de Mekn\u00e8s au d\u00e9part de Rabat avec un guide local et exp\u00e9riment\u00e9 et un v\u00e9hicule priv\u00e9. Entr\u00e9es aux sites principaux incluses.","og_url":"https:\/\/tourtravelandmore.com\/fr\/tours\/maroc-fr\/rabat-fr\/visite-privee-de-meknes-au-depart-de-rabat\/","og_site_name":"Tour Travel And More","article_publisher":"https:\/\/www.facebook.com\/tourtravelandmore\/","article_modified_time":"2021-03-16T09:57:27+00:00","og_image":[{"width":1024,"height":576,"url":"https:\/\/tourtravelandmore.com\/wp-content\/uploads\/2019\/02\/Porte_bah_Mansour_Mekn\u00e8s.morocco-1024x576.jpg","type":"image\/jpeg"}],"twitter_card":"summary_large_image","twitter_site":"@TourTravel_More","twitter_misc":{"Dur\u00e9e de lecture estim\u00e9e":"2 minutes"},"schema":{"@context":"https:\/\/schema.org","@graph":[{"@type":"WebPage","@id":"https:\/\/tourtravelandmore.com\/fr\/tours\/maroc-fr\/rabat-fr\/visite-privee-de-meknes-au-depart-de-rabat\/","url":"https:\/\/tourtravelandmore.com\/fr\/tours\/maroc-fr\/rabat-fr\/visite-privee-de-meknes-au-depart-de-rabat\/","name":"Visite priv\u00e9e de Mekn\u00e8s au d\u00e9part de Rabat avec guide officiel et v\u00e9hicule priv\u00e9","isPartOf":{"@id":"https:\/\/tourtravelandmore.com\/fr\/#website"},"primaryImageOfPage":{"@id":"https:\/\/tourtravelandmore.com\/fr\/tours\/maroc-fr\/rabat-fr\/visite-privee-de-meknes-au-depart-de-rabat\/#primaryimage"},"image":{"@id":"https:\/\/tourtravelandmore.com\/fr\/tours\/maroc-fr\/rabat-fr\/visite-privee-de-meknes-au-depart-de-rabat\/#primaryimage"},"thumbnailUrl":"https:\/\/tourtravelandmore.com\/wp-content\/uploads\/2019\/02\/Porte_bah_Mansour_Mekn\u00e8s.morocco.jpg","datePublished":"2019-02-13T10:58:08+00:00","dateModified":"2021-03-16T09:57:27+00:00","description":"Profitez de cette visite priv\u00e9e de Mekn\u00e8s au d\u00e9part de Rabat avec un guide local et exp\u00e9riment\u00e9 et un v\u00e9hicule priv\u00e9. Entr\u00e9es aux sites principaux incluses.","breadcrumb":{"@id":"https:\/\/tourtravelandmore.com\/fr\/tours\/maroc-fr\/rabat-fr\/visite-privee-de-meknes-au-depart-de-rabat\/#breadcrumb"},"inLanguage":"fr-FR","potentialAction":[{"@type":"ReadAction","target":["https:\/\/tourtravelandmore.com\/fr\/tours\/maroc-fr\/rabat-fr\/visite-privee-de-meknes-au-depart-de-rabat\/"]}]},{"@type":"ImageObject","inLanguage":"fr-FR","@id":"https:\/\/tourtravelandmore.com\/fr\/tours\/maroc-fr\/rabat-fr\/visite-privee-de-meknes-au-depart-de-rabat\/#primaryimage","url":"https:\/\/tourtravelandmore.com\/wp-content\/uploads\/2019\/02\/Porte_bah_Mansour_Mekn\u00e8s.morocco.jpg","contentUrl":"https:\/\/tourtravelandmore.com\/wp-content\/uploads\/2019\/02\/Porte_bah_Mansour_Mekn\u00e8s.morocco.jpg","width":4160,"height":2340},{"@type":"BreadcrumbList","@id":"https:\/\/tourtravelandmore.com\/fr\/tours\/maroc-fr\/rabat-fr\/visite-privee-de-meknes-au-depart-de-rabat\/#breadcrumb","itemListElement":[{"@type":"ListItem","position":1,"name":"Home","item":"https:\/\/tourtravelandmore.com\/fr\/"},{"@type":"ListItem","position":2,"name":"Tours","item":"https:\/\/tourtravelandmore.com\/fr\/tours\/"},{"@type":"ListItem","position":3,"name":"Visite priv\u00e9e de Mekn\u00e8s au d\u00e9part de Rabat"}]},{"@type":"WebSite","@id":"https:\/\/tourtravelandmore.com\/fr\/#website","url":"https:\/\/tourtravelandmore.com\/fr\/","name":"Tour Travel And More","description":"Private sightseeing tours and luxury transfers in Spain","publisher":{"@id":"https:\/\/tourtravelandmore.com\/fr\/#organization"},"potentialAction":[{"@type":"SearchAction","target":{"@type":"EntryPoint","urlTemplate":"https:\/\/tourtravelandmore.com\/fr\/?s={search_term_string}"},"query-input":{"@type":"PropertyValueSpecification","valueRequired":true,"valueName":"search_term_string"}}],"inLanguage":"fr-FR"},{"@type":"Organization","@id":"https:\/\/tourtravelandmore.com\/fr\/#organization","name":"Tour Travel And More","url":"https:\/\/tourtravelandmore.com\/fr\/","logo":{"@type":"ImageObject","inLanguage":"fr-FR","@id":"https:\/\/tourtravelandmore.com\/fr\/#\/schema\/logo\/image\/","url":"https:\/\/tourtravelandmore.com\/wp-content\/uploads\/2022\/12\/cropped-logo-cabecera-new.png","contentUrl":"https:\/\/tourtravelandmore.com\/wp-content\/uploads\/2022\/12\/cropped-logo-cabecera-new.png","width":430,"height":61,"caption":"Tour Travel And More"},"image":{"@id":"https:\/\/tourtravelandmore.com\/fr\/#\/schema\/logo\/image\/"},"sameAs":["https:\/\/www.facebook.com\/tourtravelandmore\/","https:\/\/x.com\/TourTravel_More"]}]}},"_links":{"self":[{"href":"https:\/\/tourtravelandmore.com\/fr\/wp-json\/wp\/v2\/product\/103656","targetHints":{"allow":["GET"]}}],"collection":[{"href":"https:\/\/tourtravelandmore.com\/fr\/wp-json\/wp\/v2\/product"}],"about":[{"href":"https:\/\/tourtravelandmore.com\/fr\/wp-json\/wp\/v2\/types\/product"}],"replies":[{"embeddable":true,"href":"https:\/\/tourtravelandmore.com\/fr\/wp-json\/wp\/v2\/comments?post=103656"}],"wp:featuredmedia":[{"embeddable":true,"href":"https:\/\/tourtravelandmore.com\/fr\/wp-json\/wp\/v2\/media\/95591"}],"wp:attachment":[{"href":"https:\/\/tourtravelandmore.com\/fr\/wp-json\/wp\/v2\/media?parent=103656"}],"wp:term":[{"taxonomy":"product_brand","embeddable":true,"href":"https:\/\/tourtravelandmore.com\/fr\/wp-json\/wp\/v2\/product_brand?post=103656"},{"taxonomy":"product_cat","embeddable":true,"href":"https:\/\/tourtravelandmore.com\/fr\/wp-json\/wp\/v2\/product_cat?post=103656"},{"taxonomy":"product_tag","embeddable":true,"href":"https:\/\/tourtravelandmore.com\/fr\/wp-json\/wp\/v2\/product_tag?post=103656"}],"curies":[{"name":"wp","href":"https:\/\/api.w.org\/{rel}","templated":true}]}}