{"id":103192,"date":"2017-04-05T12:05:16","date_gmt":"2017-04-05T10:05:16","guid":{"rendered":"https:\/\/tourtravelandmore.com\/tours\/non%20class\u00e9\/visite-privee-du-chateau-de-neuschwanstein\/"},"modified":"2025-07-14T14:58:15","modified_gmt":"2025-07-14T12:58:15","slug":"visite-privee-du-chateau-de-neuschwanstein","status":"publish","type":"product","link":"https:\/\/tourtravelandmore.com\/fr\/tours\/allemagne-fr\/munich-fr\/visite-privee-du-chateau-de-neuschwanstein\/","title":{"rendered":"Visite priv\u00e9e du ch\u00e2teau de Neuschwanstein"},"content":{"rendered":"<h2>Description<\/h2>\n<p>\u00c9vadez-vous de la ville tr\u00e9pidante de Munich et profitez d&#8217;une visite priv\u00e9e du ch\u00e2teau de Neuschwanstein. Vous pourrez admirer son architecture \u00e9tonnante et unique.<\/p>\n<p>Pour couronner votre exp\u00e9rience, nous vous rencontrerons \u00e0 votre h\u00f4tel ou lieu de votre choix \u00e0 Munich et vous n&#8217;aurez pas \u00e0 vous soucier du point de d\u00e9part. Votre guide officiel priv\u00e9 et votre chauffeur vous attendront dans le hall de votre h\u00f4tel ou au lieu de votre choix. Le service se d\u00e9roulera dans un v\u00e9hicule de luxe priv\u00e9 pour rendre cette exp\u00e9rience plus facile et plus confortable.<\/p>\n<p>Le ch\u00e2teau de Neuschwanstein est situ\u00e9 sur une colline escarp\u00e9e au-dessus du village de Hohenschwangau pr\u00e8s de F\u00fcssen dans le sud-ouest de la Bavi\u00e8re. Le ch\u00e2teau a \u00e9t\u00e9 construit pour \u00eatre la maison du roi, mais apr\u00e8s sa mort, il a \u00e9t\u00e9 d\u00e9cid\u00e9 d&#8217;\u00eatre ouvert aux visites publiques. C&#8217;est l&#8217;un des endroits les plus visit\u00e9s d&#8217;Allemagne.<\/p>\n<p>Nous avons plusieurs options de visites d&#8217;une demi-journ\u00e9e au d\u00e9part de Munich, jetez un \u0153il \u00e0 notre visite priv\u00e9e du camp de concentration de Dachau.<\/p>\n<h2>Points d&#8217;int\u00e9r\u00eats et point de rep\u00e8re<\/h2>\n<p>Tout d&#8217;abord, votre chauffeur priv\u00e9 et votre guide officiel viendront vous chercher \u00e0 votre h\u00f4tel ou lieu de votre choix \u00e0 Munich. Comme il s&#8217;agit d&#8217;une visite priv\u00e9e, l&#8217;heure de d\u00e9part sera d\u00e9termin\u00e9e par vous.<\/p>\n<p>Le trajet de Munich au ch\u00e2teau dure environ une heure et cinquante minutes et le m\u00eame retour. Le billet d&#8217;entr\u00e9e au ch\u00e2teau de Neuschwanstein est inclus dans le prix de la visite.<\/p>\n<p>Profitez du ch\u00e2teau de Neuschwanstein qui a inspir\u00e9 le film La Belle au bois dormant de Disney. C&#8217;est une chance unique de conna\u00eetre le ch\u00e2teau de conte de f\u00e9es. C&#8217;est l&#8217;un des ch\u00e2teaux les plus populaires d&#8217;Allemagne. Plus de 1,4 million de personnes visitent ce ch\u00e2teau unique par an.<\/p>\n<p>Au cours de cette visite priv\u00e9e du ch\u00e2teau de Neuschwanstein, vous pourrez conna\u00eetre l&#8217;histoire et l&#8217;architecture de ce lieu magique. Votre guide officiel priv\u00e9 est un professionnel avec une grande connaissance de la ville et du lieu.<\/p>\n<p>Enfin, votre guide et chauffeur priv\u00e9 officiel vous ram\u00e8nera \u00e0 votre h\u00f4tel ou lieu de votre choix \u00e0 Munich.<\/p>\n<p>Tour Travel &amp; More propose des visites priv\u00e9es personnalis\u00e9es pour les familles, les groupes d&#8217;amis ou m\u00eame des incentives. Nous adaptons nos circuits \u00e0 vos besoins personnels. Nous comprenons \u00e9galement les besoins de chaque client pendant ses vacances et nous faisons tout notre possible pour rendre votre s\u00e9jour et votre exp\u00e9rience inoubliables.<\/p>\n","protected":false},"excerpt":{"rendered":"<p>Profitez de cette visite priv\u00e9e enti\u00e8rement personnalis\u00e9e des magnifiques et uniques palais du ch\u00e2teau de Neuschwanstein et du roi des contes de f\u00e9es et profitez de ses monuments et sites les plus importants. Ne manquez pas une chance de conna\u00eetre la p\u00e9riph\u00e9rie de Munich et tout ce qu&#8217;elle a \u00e0 offrir \u00e0 c\u00f4t\u00e9 de votre guide officiel priv\u00e9 et confortablement dans votre v\u00e9hicule de luxe priv\u00e9 avec un chauffeur s\u00e9par\u00e9.<\/p>\n","protected":false},"featured_media":94301,"comment_status":"open","ping_status":"closed","template":"","meta":{"_acf_changed":false},"product_brand":[],"product_cat":[5564,5565,5566,3756],"product_tag":[],"class_list":{"0":"post-103192","1":"product","2":"type-product","3":"status-publish","4":"has-post-thumbnail","6":"product_cat-all-private-tours-activities-fr-42","7":"product_cat-private-day-trips-fr-24","8":"product_cat-private-sightseeing-tours-fr-51","9":"product_cat-munich-fr","11":"first","12":"instock","13":"shipping-taxable","14":"purchasable","15":"product-type-simple"},"acf":[],"yoast_head":"<!-- This site is optimized with the Yoast SEO Premium plugin v25.3.1 (Yoast SEO v25.3.1) - https:\/\/yoast.com\/wordpress\/plugins\/seo\/ -->\n<title>Visite priv\u00e9e du ch\u00e2teau de Neuschwanstein au d\u00e9part de Munich<\/title>\n<meta name=\"description\" content=\"Profitez de vos journ\u00e9es \u00e0 Munich et profitez de cette visite priv\u00e9e du ch\u00e2teau de Neuschwanstein. Guide et chauffeur officiel priv\u00e9 juste pour vous et votre groupe.\" \/>\n<meta name=\"robots\" content=\"index, follow, max-snippet:-1, max-image-preview:large, max-video-preview:-1\" \/>\n<link rel=\"canonical\" href=\"https:\/\/tourtravelandmore.com\/fr\/tours\/allemagne-fr\/munich-fr\/visite-privee-du-chateau-de-neuschwanstein\/\" \/>\n<meta property=\"og:locale\" content=\"fr_FR\" \/>\n<meta property=\"og:type\" content=\"article\" \/>\n<meta property=\"og:title\" content=\"Visite priv\u00e9e du ch\u00e2teau de Neuschwanstein\" \/>\n<meta property=\"og:description\" content=\"Profitez de vos journ\u00e9es \u00e0 Munich et profitez de cette visite priv\u00e9e du ch\u00e2teau de Neuschwanstein. Guide et chauffeur officiel priv\u00e9 juste pour vous et votre groupe.\" \/>\n<meta property=\"og:url\" content=\"https:\/\/tourtravelandmore.com\/fr\/tours\/allemagne-fr\/munich-fr\/visite-privee-du-chateau-de-neuschwanstein\/\" \/>\n<meta property=\"og:site_name\" content=\"Tour Travel And More\" \/>\n<meta property=\"article:publisher\" content=\"https:\/\/www.facebook.com\/tourtravelandmore\/\" \/>\n<meta property=\"article:modified_time\" content=\"2025-07-14T12:58:15+00:00\" \/>\n<meta property=\"og:image\" content=\"https:\/\/tourtravelandmore.com\/wp-content\/uploads\/2017\/04\/Schloss-Neuschwanstein-erleuchtet-im-Herbst.jpg\" \/>\n\t<meta property=\"og:image:width\" content=\"1000\" \/>\n\t<meta property=\"og:image:height\" content=\"667\" \/>\n\t<meta property=\"og:image:type\" content=\"image\/jpeg\" \/>\n<meta name=\"twitter:card\" content=\"summary_large_image\" \/>\n<meta name=\"twitter:site\" content=\"@TourTravel_More\" \/>\n<meta name=\"twitter:label1\" content=\"Dur\u00e9e de lecture estim\u00e9e\" \/>\n\t<meta name=\"twitter:data1\" content=\"2 minutes\" \/>\n<script type=\"application\/ld+json\" class=\"yoast-schema-graph\">{\"@context\":\"https:\/\/schema.org\",\"@graph\":[{\"@type\":\"WebPage\",\"@id\":\"https:\/\/tourtravelandmore.com\/fr\/tours\/allemagne-fr\/munich-fr\/visite-privee-du-chateau-de-neuschwanstein\/\",\"url\":\"https:\/\/tourtravelandmore.com\/fr\/tours\/allemagne-fr\/munich-fr\/visite-privee-du-chateau-de-neuschwanstein\/\",\"name\":\"Visite priv\u00e9e du ch\u00e2teau de Neuschwanstein au d\u00e9part de Munich\",\"isPartOf\":{\"@id\":\"https:\/\/tourtravelandmore.com\/fr\/#website\"},\"primaryImageOfPage\":{\"@id\":\"https:\/\/tourtravelandmore.com\/fr\/tours\/allemagne-fr\/munich-fr\/visite-privee-du-chateau-de-neuschwanstein\/#primaryimage\"},\"image\":{\"@id\":\"https:\/\/tourtravelandmore.com\/fr\/tours\/allemagne-fr\/munich-fr\/visite-privee-du-chateau-de-neuschwanstein\/#primaryimage\"},\"thumbnailUrl\":\"https:\/\/tourtravelandmore.com\/wp-content\/uploads\/2017\/04\/Schloss-Neuschwanstein-erleuchtet-im-Herbst.jpg\",\"datePublished\":\"2017-04-05T10:05:16+00:00\",\"dateModified\":\"2025-07-14T12:58:15+00:00\",\"description\":\"Profitez de vos journ\u00e9es \u00e0 Munich et profitez de cette visite priv\u00e9e du ch\u00e2teau de Neuschwanstein. Guide et chauffeur officiel priv\u00e9 juste pour vous et votre groupe.\",\"breadcrumb\":{\"@id\":\"https:\/\/tourtravelandmore.com\/fr\/tours\/allemagne-fr\/munich-fr\/visite-privee-du-chateau-de-neuschwanstein\/#breadcrumb\"},\"inLanguage\":\"fr-FR\",\"potentialAction\":[{\"@type\":\"ReadAction\",\"target\":[\"https:\/\/tourtravelandmore.com\/fr\/tours\/allemagne-fr\/munich-fr\/visite-privee-du-chateau-de-neuschwanstein\/\"]}]},{\"@type\":\"ImageObject\",\"inLanguage\":\"fr-FR\",\"@id\":\"https:\/\/tourtravelandmore.com\/fr\/tours\/allemagne-fr\/munich-fr\/visite-privee-du-chateau-de-neuschwanstein\/#primaryimage\",\"url\":\"https:\/\/tourtravelandmore.com\/wp-content\/uploads\/2017\/04\/Schloss-Neuschwanstein-erleuchtet-im-Herbst.jpg\",\"contentUrl\":\"https:\/\/tourtravelandmore.com\/wp-content\/uploads\/2017\/04\/Schloss-Neuschwanstein-erleuchtet-im-Herbst.jpg\",\"width\":1000,\"height\":667},{\"@type\":\"BreadcrumbList\",\"@id\":\"https:\/\/tourtravelandmore.com\/fr\/tours\/allemagne-fr\/munich-fr\/visite-privee-du-chateau-de-neuschwanstein\/#breadcrumb\",\"itemListElement\":[{\"@type\":\"ListItem\",\"position\":1,\"name\":\"Home\",\"item\":\"https:\/\/tourtravelandmore.com\/fr\/\"},{\"@type\":\"ListItem\",\"position\":2,\"name\":\"Tours\",\"item\":\"https:\/\/tourtravelandmore.com\/fr\/tours\/\"},{\"@type\":\"ListItem\",\"position\":3,\"name\":\"Visite priv\u00e9e du ch\u00e2teau de Neuschwanstein\"}]},{\"@type\":\"WebSite\",\"@id\":\"https:\/\/tourtravelandmore.com\/fr\/#website\",\"url\":\"https:\/\/tourtravelandmore.com\/fr\/\",\"name\":\"Tour Travel And More\",\"description\":\"Private sightseeing tours and luxury transfers in Spain\",\"publisher\":{\"@id\":\"https:\/\/tourtravelandmore.com\/fr\/#organization\"},\"potentialAction\":[{\"@type\":\"SearchAction\",\"target\":{\"@type\":\"EntryPoint\",\"urlTemplate\":\"https:\/\/tourtravelandmore.com\/fr\/?s={search_term_string}\"},\"query-input\":{\"@type\":\"PropertyValueSpecification\",\"valueRequired\":true,\"valueName\":\"search_term_string\"}}],\"inLanguage\":\"fr-FR\"},{\"@type\":\"Organization\",\"@id\":\"https:\/\/tourtravelandmore.com\/fr\/#organization\",\"name\":\"Tour Travel And More\",\"url\":\"https:\/\/tourtravelandmore.com\/fr\/\",\"logo\":{\"@type\":\"ImageObject\",\"inLanguage\":\"fr-FR\",\"@id\":\"https:\/\/tourtravelandmore.com\/fr\/#\/schema\/logo\/image\/\",\"url\":\"https:\/\/tourtravelandmore.com\/wp-content\/uploads\/2022\/12\/cropped-logo-cabecera-new.png\",\"contentUrl\":\"https:\/\/tourtravelandmore.com\/wp-content\/uploads\/2022\/12\/cropped-logo-cabecera-new.png\",\"width\":430,\"height\":61,\"caption\":\"Tour Travel And More\"},\"image\":{\"@id\":\"https:\/\/tourtravelandmore.com\/fr\/#\/schema\/logo\/image\/\"},\"sameAs\":[\"https:\/\/www.facebook.com\/tourtravelandmore\/\",\"https:\/\/x.com\/TourTravel_More\"]}]}<\/script>\n<!-- \/ Yoast SEO Premium plugin. -->","yoast_head_json":{"title":"Visite priv\u00e9e du ch\u00e2teau de Neuschwanstein au d\u00e9part de Munich","description":"Profitez de vos journ\u00e9es \u00e0 Munich et profitez de cette visite priv\u00e9e du ch\u00e2teau de Neuschwanstein. Guide et chauffeur officiel priv\u00e9 juste pour vous et votre groupe.","robots":{"index":"index","follow":"follow","max-snippet":"max-snippet:-1","max-image-preview":"max-image-preview:large","max-video-preview":"max-video-preview:-1"},"canonical":"https:\/\/tourtravelandmore.com\/fr\/tours\/allemagne-fr\/munich-fr\/visite-privee-du-chateau-de-neuschwanstein\/","og_locale":"fr_FR","og_type":"article","og_title":"Visite priv\u00e9e du ch\u00e2teau de Neuschwanstein","og_description":"Profitez de vos journ\u00e9es \u00e0 Munich et profitez de cette visite priv\u00e9e du ch\u00e2teau de Neuschwanstein. Guide et chauffeur officiel priv\u00e9 juste pour vous et votre groupe.","og_url":"https:\/\/tourtravelandmore.com\/fr\/tours\/allemagne-fr\/munich-fr\/visite-privee-du-chateau-de-neuschwanstein\/","og_site_name":"Tour Travel And More","article_publisher":"https:\/\/www.facebook.com\/tourtravelandmore\/","article_modified_time":"2025-07-14T12:58:15+00:00","og_image":[{"width":1000,"height":667,"url":"https:\/\/tourtravelandmore.com\/wp-content\/uploads\/2017\/04\/Schloss-Neuschwanstein-erleuchtet-im-Herbst.jpg","type":"image\/jpeg"}],"twitter_card":"summary_large_image","twitter_site":"@TourTravel_More","twitter_misc":{"Dur\u00e9e de lecture estim\u00e9e":"2 minutes"},"schema":{"@context":"https:\/\/schema.org","@graph":[{"@type":"WebPage","@id":"https:\/\/tourtravelandmore.com\/fr\/tours\/allemagne-fr\/munich-fr\/visite-privee-du-chateau-de-neuschwanstein\/","url":"https:\/\/tourtravelandmore.com\/fr\/tours\/allemagne-fr\/munich-fr\/visite-privee-du-chateau-de-neuschwanstein\/","name":"Visite priv\u00e9e du ch\u00e2teau de Neuschwanstein au d\u00e9part de Munich","isPartOf":{"@id":"https:\/\/tourtravelandmore.com\/fr\/#website"},"primaryImageOfPage":{"@id":"https:\/\/tourtravelandmore.com\/fr\/tours\/allemagne-fr\/munich-fr\/visite-privee-du-chateau-de-neuschwanstein\/#primaryimage"},"image":{"@id":"https:\/\/tourtravelandmore.com\/fr\/tours\/allemagne-fr\/munich-fr\/visite-privee-du-chateau-de-neuschwanstein\/#primaryimage"},"thumbnailUrl":"https:\/\/tourtravelandmore.com\/wp-content\/uploads\/2017\/04\/Schloss-Neuschwanstein-erleuchtet-im-Herbst.jpg","datePublished":"2017-04-05T10:05:16+00:00","dateModified":"2025-07-14T12:58:15+00:00","description":"Profitez de vos journ\u00e9es \u00e0 Munich et profitez de cette visite priv\u00e9e du ch\u00e2teau de Neuschwanstein. Guide et chauffeur officiel priv\u00e9 juste pour vous et votre groupe.","breadcrumb":{"@id":"https:\/\/tourtravelandmore.com\/fr\/tours\/allemagne-fr\/munich-fr\/visite-privee-du-chateau-de-neuschwanstein\/#breadcrumb"},"inLanguage":"fr-FR","potentialAction":[{"@type":"ReadAction","target":["https:\/\/tourtravelandmore.com\/fr\/tours\/allemagne-fr\/munich-fr\/visite-privee-du-chateau-de-neuschwanstein\/"]}]},{"@type":"ImageObject","inLanguage":"fr-FR","@id":"https:\/\/tourtravelandmore.com\/fr\/tours\/allemagne-fr\/munich-fr\/visite-privee-du-chateau-de-neuschwanstein\/#primaryimage","url":"https:\/\/tourtravelandmore.com\/wp-content\/uploads\/2017\/04\/Schloss-Neuschwanstein-erleuchtet-im-Herbst.jpg","contentUrl":"https:\/\/tourtravelandmore.com\/wp-content\/uploads\/2017\/04\/Schloss-Neuschwanstein-erleuchtet-im-Herbst.jpg","width":1000,"height":667},{"@type":"BreadcrumbList","@id":"https:\/\/tourtravelandmore.com\/fr\/tours\/allemagne-fr\/munich-fr\/visite-privee-du-chateau-de-neuschwanstein\/#breadcrumb","itemListElement":[{"@type":"ListItem","position":1,"name":"Home","item":"https:\/\/tourtravelandmore.com\/fr\/"},{"@type":"ListItem","position":2,"name":"Tours","item":"https:\/\/tourtravelandmore.com\/fr\/tours\/"},{"@type":"ListItem","position":3,"name":"Visite priv\u00e9e du ch\u00e2teau de Neuschwanstein"}]},{"@type":"WebSite","@id":"https:\/\/tourtravelandmore.com\/fr\/#website","url":"https:\/\/tourtravelandmore.com\/fr\/","name":"Tour Travel And More","description":"Private sightseeing tours and luxury transfers in Spain","publisher":{"@id":"https:\/\/tourtravelandmore.com\/fr\/#organization"},"potentialAction":[{"@type":"SearchAction","target":{"@type":"EntryPoint","urlTemplate":"https:\/\/tourtravelandmore.com\/fr\/?s={search_term_string}"},"query-input":{"@type":"PropertyValueSpecification","valueRequired":true,"valueName":"search_term_string"}}],"inLanguage":"fr-FR"},{"@type":"Organization","@id":"https:\/\/tourtravelandmore.com\/fr\/#organization","name":"Tour Travel And More","url":"https:\/\/tourtravelandmore.com\/fr\/","logo":{"@type":"ImageObject","inLanguage":"fr-FR","@id":"https:\/\/tourtravelandmore.com\/fr\/#\/schema\/logo\/image\/","url":"https:\/\/tourtravelandmore.com\/wp-content\/uploads\/2022\/12\/cropped-logo-cabecera-new.png","contentUrl":"https:\/\/tourtravelandmore.com\/wp-content\/uploads\/2022\/12\/cropped-logo-cabecera-new.png","width":430,"height":61,"caption":"Tour Travel And More"},"image":{"@id":"https:\/\/tourtravelandmore.com\/fr\/#\/schema\/logo\/image\/"},"sameAs":["https:\/\/www.facebook.com\/tourtravelandmore\/","https:\/\/x.com\/TourTravel_More"]}]}},"_links":{"self":[{"href":"https:\/\/tourtravelandmore.com\/fr\/wp-json\/wp\/v2\/product\/103192","targetHints":{"allow":["GET"]}}],"collection":[{"href":"https:\/\/tourtravelandmore.com\/fr\/wp-json\/wp\/v2\/product"}],"about":[{"href":"https:\/\/tourtravelandmore.com\/fr\/wp-json\/wp\/v2\/types\/product"}],"replies":[{"embeddable":true,"href":"https:\/\/tourtravelandmore.com\/fr\/wp-json\/wp\/v2\/comments?post=103192"}],"wp:featuredmedia":[{"embeddable":true,"href":"https:\/\/tourtravelandmore.com\/fr\/wp-json\/wp\/v2\/media\/94301"}],"wp:attachment":[{"href":"https:\/\/tourtravelandmore.com\/fr\/wp-json\/wp\/v2\/media?parent=103192"}],"wp:term":[{"taxonomy":"product_brand","embeddable":true,"href":"https:\/\/tourtravelandmore.com\/fr\/wp-json\/wp\/v2\/product_brand?post=103192"},{"taxonomy":"product_cat","embeddable":true,"href":"https:\/\/tourtravelandmore.com\/fr\/wp-json\/wp\/v2\/product_cat?post=103192"},{"taxonomy":"product_tag","embeddable":true,"href":"https:\/\/tourtravelandmore.com\/fr\/wp-json\/wp\/v2\/product_tag?post=103192"}],"curies":[{"name":"wp","href":"https:\/\/api.w.org\/{rel}","templated":true}]}}