{"id":100934,"date":"2019-09-27T16:18:35","date_gmt":"2019-09-27T14:18:35","guid":{"rendered":"https:\/\/tourtravelandmore.com\/tours\/non%20class\u00e9\/visite-privee-a-pied-de-bruges\/"},"modified":"2026-02-19T17:08:25","modified_gmt":"2026-02-19T16:08:25","slug":"visite-privee-a-pied-de-bruges","status":"publish","type":"product","link":"https:\/\/tourtravelandmore.com\/fr\/tours\/belgique-fr\/bruge-fr\/visite-privee-a-pied-de-bruges\/","title":{"rendered":"Visite priv\u00e9e \u00e0 pied de Bruges"},"content":{"rendered":"<h2>Description<\/h2>\n<p>Profitez de cette visite priv\u00e9e \u00e0 pied de Bruges dans la ville de Bruges aux c\u00f4t\u00e9s de votre guide officiel priv\u00e9 et d\u00e9couvrez le meilleur de ce que Bruges a \u00e0 offrir lors de cette visite priv\u00e9e. Cette visite se concentrera sur la plus ancienne ville de Bruges.<\/p>\n<p>Nous nous rencontrerons en un point central de Bruges, tr\u00e8s certainement sur la place du march\u00e9. Au cours de cette visite, nous visiterons les monuments et sites les plus c\u00e9l\u00e8bres de la ville. Nous marcherons d&#8217;ici \u00e0 la belle structure situ\u00e9e dans le Gr\u00f4te Markt, le Provinciaal Hof. Toujours sur la place, nous visiterons le Xpo Salvador Dal\u00ed et le clocher m\u00e9di\u00e9val de Belfort.<\/p>\n<p>Apr\u00e8s une petite pause dans l&#8217;un de ses restaurants, nous passerons devant la statue de Simon Stevin pour arriver \u00e0 notre prochain arr\u00eat, la cath\u00e9drale Saint Salvator, l&#8217;\u00e9glise principale de la ville. Nous continuerons vers le mus\u00e9e arch\u00e9ologique et de l\u00e0 vers l&#8217;impressionnante \u00e9glise Notre-Dame, la plus haute structure de la ville et la deuxi\u00e8me plus haute tour en briques du monde.<\/p>\n<p>Le dernier arr\u00eat, mais non le moins important, est la place Burg. Situ\u00e9e au c\u0153ur de Bruges, juste \u00e0 c\u00f4t\u00e9 de la place principale, la place du Burg est une belle place flanqu\u00e9e de nombreux b\u00e2timents m\u00e9di\u00e9vaux tels que la mairie.<\/p>\n<p>Il existe de nombreux autres endroits o\u00f9 votre guide priv\u00e9 peut vous aider \u00e0 explorer, m\u00eame les endroits les plus embl\u00e9matiques et les plus impressionnants de Bruges, o\u00f9 vous pouvez prendre les meilleures photos quand et o\u00f9 vous le souhaitez lors de votre visite priv\u00e9e. Les sites et le point de rencontre de cette visite sont enti\u00e8rement personnalisables. Veuillez nous contacter pour organiser la visite en fonction de vos besoins personnels.<\/p>\n<h2>Sites et monuments les plus importants de cette visite priv\u00e9e:<\/h2>\n<p>Lors de votre visite priv\u00e9e \u00e0 pied de Bruges, vous d\u00e9couvrirez certains des endroits les plus reconnus de la ville. Vous serez t\u00e9moin de sa beaut\u00e9 architecturale unique. Parmi les sites que vous pouvez visiter gr\u00e2ce \u00e0 cette visite priv\u00e9e, nous vous proposons:<\/p>\n<ul>\n<li>Provinciaal Hof<\/li>\n<li>Place du march\u00e9<\/li>\n<li>Belfort, Beffroi et Carillon<\/li>\n<li>Statue de Simon Stevin<\/li>\n<li>Cath\u00e9drale Saint-Salvator<\/li>\n<li>Mus\u00e9e d&#8217;arch\u00e9ologie<\/li>\n<li>\u00c9glise Notre-Dame<\/li>\n<li>Memling \u00e0 Sint-Jan<\/li>\n<li>Pont Saint-Boniface<\/li>\n<li>Groeningemuseum<\/li>\n<li>Place Burg<\/li>\n<li>Et bien d&#8217;autres endroits dans cette visite priv\u00e9e \u00e0 pied de Bruges<\/li>\n<\/ul>\n<p>Cette visite est enti\u00e8rement personnalisable. Veuillez nous contacter pour rendre votre exp\u00e9rience unique et vous aider \u00e0 organiser votre visite priv\u00e9e. Nous pouvons \u00e9galement organiser des visites avec un v\u00e9hicule priv\u00e9.<\/p>\n<p>D\u00e9couvrez nos autres circuits priv\u00e9s \u00e0 Bruges.<\/p>\n","protected":false},"excerpt":{"rendered":"<p>Rejoignez-nous pour cette visite priv\u00e9e \u00e0 pied de 3 heures enti\u00e8rement personnalis\u00e9e dans les rues de Bruges, o\u00f9 vous pourrez admirer la beaut\u00e9 urbaine de ses rues, monuments et b\u00e2timents de la Renaissance les plus importants. Tout au long de la visite, votre guide officiel priv\u00e9 vous emm\u00e8nera observer et appr\u00e9cier la beaut\u00e9 qu&#8217;offre la ville et ses b\u00e2timents Renaissance et m\u00e9di\u00e9vaux.<\/p>\n","protected":false},"featured_media":96430,"comment_status":"open","ping_status":"closed","template":"","meta":{"_acf_changed":false},"product_brand":[],"product_cat":[3673],"product_tag":[],"class_list":{"0":"post-100934","1":"product","2":"type-product","3":"status-publish","4":"has-post-thumbnail","6":"product_cat-bruge-fr","8":"first","9":"instock","10":"shipping-taxable","11":"purchasable","12":"product-type-simple"},"acf":[],"yoast_head":"<!-- This site is optimized with the Yoast SEO Premium plugin v25.3.1 (Yoast SEO v25.3.1) - https:\/\/yoast.com\/wordpress\/plugins\/seo\/ -->\n<title>Visite priv\u00e9e \u00e0 pied de Bruges avec guide - Visite priv\u00e9e \u00e0 pied de Bruges<\/title>\n<meta name=\"description\" content=\"Explorez et profitez de la ville de Bruges avec cette visite priv\u00e9e \u00e0 pied de 4 heures avec un guide local et d\u00e9couvrez certains de ses endroits les plus reconnus.\" \/>\n<meta name=\"robots\" content=\"index, follow, max-snippet:-1, max-image-preview:large, max-video-preview:-1\" \/>\n<link rel=\"canonical\" href=\"https:\/\/tourtravelandmore.com\/fr\/tours\/belgique-fr\/bruge-fr\/visite-privee-a-pied-de-bruges\/\" \/>\n<meta property=\"og:locale\" content=\"fr_FR\" \/>\n<meta property=\"og:type\" content=\"article\" \/>\n<meta property=\"og:title\" content=\"Visite priv\u00e9e \u00e0 pied de Bruges\" \/>\n<meta property=\"og:description\" content=\"Explorez et profitez de la ville de Bruges avec cette visite priv\u00e9e \u00e0 pied de 4 heures avec un guide local et d\u00e9couvrez certains de ses endroits les plus reconnus.\" \/>\n<meta property=\"og:url\" content=\"https:\/\/tourtravelandmore.com\/fr\/tours\/belgique-fr\/bruge-fr\/visite-privee-a-pied-de-bruges\/\" \/>\n<meta property=\"og:site_name\" content=\"Tour Travel And More\" \/>\n<meta property=\"article:publisher\" content=\"https:\/\/www.facebook.com\/tourtravelandmore\/\" \/>\n<meta property=\"article:modified_time\" content=\"2026-02-19T16:08:25+00:00\" \/>\n<meta property=\"og:image\" content=\"https:\/\/tourtravelandmore.com\/wp-content\/uploads\/2019\/09\/brugges.jpg\" \/>\n\t<meta property=\"og:image:width\" content=\"1024\" \/>\n\t<meta property=\"og:image:height\" content=\"680\" \/>\n\t<meta property=\"og:image:type\" content=\"image\/jpeg\" \/>\n<meta name=\"twitter:card\" content=\"summary_large_image\" \/>\n<meta name=\"twitter:site\" content=\"@TourTravel_More\" \/>\n<meta name=\"twitter:label1\" content=\"Dur\u00e9e de lecture estim\u00e9e\" \/>\n\t<meta name=\"twitter:data1\" content=\"2 minutes\" \/>\n<script type=\"application\/ld+json\" class=\"yoast-schema-graph\">{\"@context\":\"https:\/\/schema.org\",\"@graph\":[{\"@type\":\"WebPage\",\"@id\":\"https:\/\/tourtravelandmore.com\/fr\/tours\/belgique-fr\/bruge-fr\/visite-privee-a-pied-de-bruges\/\",\"url\":\"https:\/\/tourtravelandmore.com\/fr\/tours\/belgique-fr\/bruge-fr\/visite-privee-a-pied-de-bruges\/\",\"name\":\"Visite priv\u00e9e \u00e0 pied de Bruges avec guide - Visite priv\u00e9e \u00e0 pied de Bruges\",\"isPartOf\":{\"@id\":\"https:\/\/tourtravelandmore.com\/fr\/#website\"},\"primaryImageOfPage\":{\"@id\":\"https:\/\/tourtravelandmore.com\/fr\/tours\/belgique-fr\/bruge-fr\/visite-privee-a-pied-de-bruges\/#primaryimage\"},\"image\":{\"@id\":\"https:\/\/tourtravelandmore.com\/fr\/tours\/belgique-fr\/bruge-fr\/visite-privee-a-pied-de-bruges\/#primaryimage\"},\"thumbnailUrl\":\"https:\/\/tourtravelandmore.com\/wp-content\/uploads\/2019\/09\/brugges.jpg\",\"datePublished\":\"2019-09-27T14:18:35+00:00\",\"dateModified\":\"2026-02-19T16:08:25+00:00\",\"description\":\"Explorez et profitez de la ville de Bruges avec cette visite priv\u00e9e \u00e0 pied de 4 heures avec un guide local et d\u00e9couvrez certains de ses endroits les plus reconnus.\",\"breadcrumb\":{\"@id\":\"https:\/\/tourtravelandmore.com\/fr\/tours\/belgique-fr\/bruge-fr\/visite-privee-a-pied-de-bruges\/#breadcrumb\"},\"inLanguage\":\"fr-FR\",\"potentialAction\":[{\"@type\":\"ReadAction\",\"target\":[\"https:\/\/tourtravelandmore.com\/fr\/tours\/belgique-fr\/bruge-fr\/visite-privee-a-pied-de-bruges\/\"]}]},{\"@type\":\"ImageObject\",\"inLanguage\":\"fr-FR\",\"@id\":\"https:\/\/tourtravelandmore.com\/fr\/tours\/belgique-fr\/bruge-fr\/visite-privee-a-pied-de-bruges\/#primaryimage\",\"url\":\"https:\/\/tourtravelandmore.com\/wp-content\/uploads\/2019\/09\/brugges.jpg\",\"contentUrl\":\"https:\/\/tourtravelandmore.com\/wp-content\/uploads\/2019\/09\/brugges.jpg\",\"width\":1024,\"height\":680},{\"@type\":\"BreadcrumbList\",\"@id\":\"https:\/\/tourtravelandmore.com\/fr\/tours\/belgique-fr\/bruge-fr\/visite-privee-a-pied-de-bruges\/#breadcrumb\",\"itemListElement\":[{\"@type\":\"ListItem\",\"position\":1,\"name\":\"Home\",\"item\":\"https:\/\/tourtravelandmore.com\/fr\/\"},{\"@type\":\"ListItem\",\"position\":2,\"name\":\"Tours\",\"item\":\"https:\/\/tourtravelandmore.com\/fr\/tours\/\"},{\"@type\":\"ListItem\",\"position\":3,\"name\":\"Visite priv\u00e9e \u00e0 pied de Bruges\"}]},{\"@type\":\"WebSite\",\"@id\":\"https:\/\/tourtravelandmore.com\/fr\/#website\",\"url\":\"https:\/\/tourtravelandmore.com\/fr\/\",\"name\":\"Tour Travel And More\",\"description\":\"Private sightseeing tours and luxury transfers in Spain\",\"publisher\":{\"@id\":\"https:\/\/tourtravelandmore.com\/fr\/#organization\"},\"potentialAction\":[{\"@type\":\"SearchAction\",\"target\":{\"@type\":\"EntryPoint\",\"urlTemplate\":\"https:\/\/tourtravelandmore.com\/fr\/?s={search_term_string}\"},\"query-input\":{\"@type\":\"PropertyValueSpecification\",\"valueRequired\":true,\"valueName\":\"search_term_string\"}}],\"inLanguage\":\"fr-FR\"},{\"@type\":\"Organization\",\"@id\":\"https:\/\/tourtravelandmore.com\/fr\/#organization\",\"name\":\"Tour Travel And More\",\"url\":\"https:\/\/tourtravelandmore.com\/fr\/\",\"logo\":{\"@type\":\"ImageObject\",\"inLanguage\":\"fr-FR\",\"@id\":\"https:\/\/tourtravelandmore.com\/fr\/#\/schema\/logo\/image\/\",\"url\":\"https:\/\/tourtravelandmore.com\/wp-content\/uploads\/2022\/12\/cropped-logo-cabecera-new.png\",\"contentUrl\":\"https:\/\/tourtravelandmore.com\/wp-content\/uploads\/2022\/12\/cropped-logo-cabecera-new.png\",\"width\":430,\"height\":61,\"caption\":\"Tour Travel And More\"},\"image\":{\"@id\":\"https:\/\/tourtravelandmore.com\/fr\/#\/schema\/logo\/image\/\"},\"sameAs\":[\"https:\/\/www.facebook.com\/tourtravelandmore\/\",\"https:\/\/x.com\/TourTravel_More\"]}]}<\/script>\n<!-- \/ Yoast SEO Premium plugin. -->","yoast_head_json":{"title":"Visite priv\u00e9e \u00e0 pied de Bruges avec guide - Visite priv\u00e9e \u00e0 pied de Bruges","description":"Explorez et profitez de la ville de Bruges avec cette visite priv\u00e9e \u00e0 pied de 4 heures avec un guide local et d\u00e9couvrez certains de ses endroits les plus reconnus.","robots":{"index":"index","follow":"follow","max-snippet":"max-snippet:-1","max-image-preview":"max-image-preview:large","max-video-preview":"max-video-preview:-1"},"canonical":"https:\/\/tourtravelandmore.com\/fr\/tours\/belgique-fr\/bruge-fr\/visite-privee-a-pied-de-bruges\/","og_locale":"fr_FR","og_type":"article","og_title":"Visite priv\u00e9e \u00e0 pied de Bruges","og_description":"Explorez et profitez de la ville de Bruges avec cette visite priv\u00e9e \u00e0 pied de 4 heures avec un guide local et d\u00e9couvrez certains de ses endroits les plus reconnus.","og_url":"https:\/\/tourtravelandmore.com\/fr\/tours\/belgique-fr\/bruge-fr\/visite-privee-a-pied-de-bruges\/","og_site_name":"Tour Travel And More","article_publisher":"https:\/\/www.facebook.com\/tourtravelandmore\/","article_modified_time":"2026-02-19T16:08:25+00:00","og_image":[{"width":1024,"height":680,"url":"https:\/\/tourtravelandmore.com\/wp-content\/uploads\/2019\/09\/brugges.jpg","type":"image\/jpeg"}],"twitter_card":"summary_large_image","twitter_site":"@TourTravel_More","twitter_misc":{"Dur\u00e9e de lecture estim\u00e9e":"2 minutes"},"schema":{"@context":"https:\/\/schema.org","@graph":[{"@type":"WebPage","@id":"https:\/\/tourtravelandmore.com\/fr\/tours\/belgique-fr\/bruge-fr\/visite-privee-a-pied-de-bruges\/","url":"https:\/\/tourtravelandmore.com\/fr\/tours\/belgique-fr\/bruge-fr\/visite-privee-a-pied-de-bruges\/","name":"Visite priv\u00e9e \u00e0 pied de Bruges avec guide - Visite priv\u00e9e \u00e0 pied de Bruges","isPartOf":{"@id":"https:\/\/tourtravelandmore.com\/fr\/#website"},"primaryImageOfPage":{"@id":"https:\/\/tourtravelandmore.com\/fr\/tours\/belgique-fr\/bruge-fr\/visite-privee-a-pied-de-bruges\/#primaryimage"},"image":{"@id":"https:\/\/tourtravelandmore.com\/fr\/tours\/belgique-fr\/bruge-fr\/visite-privee-a-pied-de-bruges\/#primaryimage"},"thumbnailUrl":"https:\/\/tourtravelandmore.com\/wp-content\/uploads\/2019\/09\/brugges.jpg","datePublished":"2019-09-27T14:18:35+00:00","dateModified":"2026-02-19T16:08:25+00:00","description":"Explorez et profitez de la ville de Bruges avec cette visite priv\u00e9e \u00e0 pied de 4 heures avec un guide local et d\u00e9couvrez certains de ses endroits les plus reconnus.","breadcrumb":{"@id":"https:\/\/tourtravelandmore.com\/fr\/tours\/belgique-fr\/bruge-fr\/visite-privee-a-pied-de-bruges\/#breadcrumb"},"inLanguage":"fr-FR","potentialAction":[{"@type":"ReadAction","target":["https:\/\/tourtravelandmore.com\/fr\/tours\/belgique-fr\/bruge-fr\/visite-privee-a-pied-de-bruges\/"]}]},{"@type":"ImageObject","inLanguage":"fr-FR","@id":"https:\/\/tourtravelandmore.com\/fr\/tours\/belgique-fr\/bruge-fr\/visite-privee-a-pied-de-bruges\/#primaryimage","url":"https:\/\/tourtravelandmore.com\/wp-content\/uploads\/2019\/09\/brugges.jpg","contentUrl":"https:\/\/tourtravelandmore.com\/wp-content\/uploads\/2019\/09\/brugges.jpg","width":1024,"height":680},{"@type":"BreadcrumbList","@id":"https:\/\/tourtravelandmore.com\/fr\/tours\/belgique-fr\/bruge-fr\/visite-privee-a-pied-de-bruges\/#breadcrumb","itemListElement":[{"@type":"ListItem","position":1,"name":"Home","item":"https:\/\/tourtravelandmore.com\/fr\/"},{"@type":"ListItem","position":2,"name":"Tours","item":"https:\/\/tourtravelandmore.com\/fr\/tours\/"},{"@type":"ListItem","position":3,"name":"Visite priv\u00e9e \u00e0 pied de Bruges"}]},{"@type":"WebSite","@id":"https:\/\/tourtravelandmore.com\/fr\/#website","url":"https:\/\/tourtravelandmore.com\/fr\/","name":"Tour Travel And More","description":"Private sightseeing tours and luxury transfers in Spain","publisher":{"@id":"https:\/\/tourtravelandmore.com\/fr\/#organization"},"potentialAction":[{"@type":"SearchAction","target":{"@type":"EntryPoint","urlTemplate":"https:\/\/tourtravelandmore.com\/fr\/?s={search_term_string}"},"query-input":{"@type":"PropertyValueSpecification","valueRequired":true,"valueName":"search_term_string"}}],"inLanguage":"fr-FR"},{"@type":"Organization","@id":"https:\/\/tourtravelandmore.com\/fr\/#organization","name":"Tour Travel And More","url":"https:\/\/tourtravelandmore.com\/fr\/","logo":{"@type":"ImageObject","inLanguage":"fr-FR","@id":"https:\/\/tourtravelandmore.com\/fr\/#\/schema\/logo\/image\/","url":"https:\/\/tourtravelandmore.com\/wp-content\/uploads\/2022\/12\/cropped-logo-cabecera-new.png","contentUrl":"https:\/\/tourtravelandmore.com\/wp-content\/uploads\/2022\/12\/cropped-logo-cabecera-new.png","width":430,"height":61,"caption":"Tour Travel And More"},"image":{"@id":"https:\/\/tourtravelandmore.com\/fr\/#\/schema\/logo\/image\/"},"sameAs":["https:\/\/www.facebook.com\/tourtravelandmore\/","https:\/\/x.com\/TourTravel_More"]}]}},"_links":{"self":[{"href":"https:\/\/tourtravelandmore.com\/fr\/wp-json\/wp\/v2\/product\/100934","targetHints":{"allow":["GET"]}}],"collection":[{"href":"https:\/\/tourtravelandmore.com\/fr\/wp-json\/wp\/v2\/product"}],"about":[{"href":"https:\/\/tourtravelandmore.com\/fr\/wp-json\/wp\/v2\/types\/product"}],"replies":[{"embeddable":true,"href":"https:\/\/tourtravelandmore.com\/fr\/wp-json\/wp\/v2\/comments?post=100934"}],"wp:featuredmedia":[{"embeddable":true,"href":"https:\/\/tourtravelandmore.com\/fr\/wp-json\/wp\/v2\/media\/96430"}],"wp:attachment":[{"href":"https:\/\/tourtravelandmore.com\/fr\/wp-json\/wp\/v2\/media?parent=100934"}],"wp:term":[{"taxonomy":"product_brand","embeddable":true,"href":"https:\/\/tourtravelandmore.com\/fr\/wp-json\/wp\/v2\/product_brand?post=100934"},{"taxonomy":"product_cat","embeddable":true,"href":"https:\/\/tourtravelandmore.com\/fr\/wp-json\/wp\/v2\/product_cat?post=100934"},{"taxonomy":"product_tag","embeddable":true,"href":"https:\/\/tourtravelandmore.com\/fr\/wp-json\/wp\/v2\/product_tag?post=100934"}],"curies":[{"name":"wp","href":"https:\/\/api.w.org\/{rel}","templated":true}]}}