{"id":100427,"date":"2016-08-29T10:29:08","date_gmt":"2016-08-29T08:29:08","guid":{"rendered":"https:\/\/tourtravelandmore.com\/tours\/non%20class\u00e9\/transfert-prive-a-saint-sebastien\/"},"modified":"2024-03-14T20:00:41","modified_gmt":"2024-03-14T19:00:41","slug":"transfert-prive-a-saint-sebastien","status":"publish","type":"product","link":"https:\/\/tourtravelandmore.com\/fr\/tours\/espagne-fr\/san-sebastian-fr\/transferts-prives-fr-10\/transfert-prive-a-saint-sebastien\/","title":{"rendered":"Transfert priv\u00e9 IN\/OUT \u00e0 Saint-S\u00e9bastien"},"content":{"rendered":"<h2>Transfert priv\u00e9 IN\/OUT \u00e0 Saint-S\u00e9bastien Description<\/h2>\n<p>Simplifiez votre exp\u00e9rience de voyage avec notre transfert priv\u00e9 IN\/OUT \u00e0 Saint-S\u00e9bastien. Que vous arriviez \u00e0 l&#8217;a\u00e9roport, au port ou \u00e0 tout autre endroit, laissez-nous nous occuper de vos besoins en mati\u00e8re de transport et vous assurer un voyage fluide et confortable jusqu&#8217;\u00e0 votre destination finale \u00e0 Saint-S\u00e9bastien.<\/p>\n<p>Tour Travel &amp; More propose un service de transfert de luxe \u00e0 l&#8217;arriv\u00e9e \u00e0 Saint-S\u00e9bastien pour vous garantir un voyage sans souci. Notre service comprend un v\u00e9hicule priv\u00e9 avec un chauffeur professionnel qui vous attendra \u00e0 l&#8217;a\u00e9roport, \u00e0 la gare ou \u00e0 tout autre point d&#8217;arriv\u00e9e sp\u00e9cifi\u00e9. D\u00e8s votre arriv\u00e9e, nous nous occupons de tous les d\u00e9tails afin que vous puissiez vous d\u00e9tendre et profiter de votre s\u00e9jour d\u00e8s le d\u00e9part.<\/p>\n<p>D\u00e9tendez-vous dans le confort de nos v\u00e9hicules modernes, con\u00e7us pour vous offrir un sanctuaire de tranquillit\u00e9 au milieu de l&#8217;agitation du voyage. Que vous ayez besoin d&#8217;un moment de calme pour rattraper vos courriels ou que vous souhaitiez simplement vous asseoir et profiter des vues panoramiques, nos int\u00e9rieurs spacieux offrent le cadre id\u00e9al pour se d\u00e9tendre et se ressourcer.<\/p>\n<h2>Points forts<\/h2>\n<p>Que vous voyagiez seul, en famille ou en groupe, nos v\u00e9hicules spacieux sont \u00e9quip\u00e9s pour r\u00e9pondre \u00e0 tous vos besoins. Nous accordons la priorit\u00e9 \u00e0 votre s\u00e9curit\u00e9, votre confort et votre satisfaction, afin que votre voyage \u00e0 San Sebasti\u00e1n soit une exp\u00e9rience agr\u00e9able et sans stress du d\u00e9but \u00e0 la fin.<\/p>\n<ul>\n<li><strong>Service personnalis\u00e9<\/strong> : Notre \u00e9quipe est attentive \u00e0 vos besoins sp\u00e9cifiques et adaptera le service \u00e0 vos pr\u00e9f\u00e9rences et \u00e0 vos exigences.<br \/>\nV\u00e9hicule de luxe : Profitez d&#8217;un transfert dans un v\u00e9hicule haut de gamme qui garantit confort et style lors de votre arriv\u00e9e \u00e0 Saint-S\u00e9bastien.<\/li>\n<li><strong>Chauffeur professionnel<\/strong> : Un chauffeur exp\u00e9riment\u00e9 et professionnel vous accueillera avec le sourire et vous conduira en toute s\u00e9curit\u00e9 \u00e0 votre destination.<\/li>\n<li><strong>Ponctualit\u00e9<\/strong> : Nous nous effor\u00e7ons d&#8217;\u00eatre \u00e0 l&#8217;heure et pr\u00eats \u00e0 vous recevoir au moment exact de votre arriv\u00e9e, afin que vous ne perdiez pas de temps \u00e0 attendre.<\/li>\n<li><strong>Assistance bagages<\/strong> : Notre personnel est \u00e0 votre disposition pour vous aider \u00e0 transporter vos bagages, afin que le transfert se d\u00e9roule sans encombre.<\/li>\n<li><strong>Attention aux d\u00e9tails<\/strong> : De la propret\u00e9 du v\u00e9hicule aux petits extras selon vos pr\u00e9f\u00e9rences, nous veillons \u00e0 ce que chaque d\u00e9tail soit pris en compte pour un transfert sans encombre.<\/li>\n<\/ul>\n<p>D\u00e9couvrez le summum du confort, de la commodit\u00e9 et du service personnalis\u00e9 avec notre transfert priv\u00e9 IN\/OUT \u00e0 Saint-S\u00e9bastien. Que vous arriviez dans la ville pour les affaires ou les loisirs, laissez-nous vous d\u00e9barrasser du stress de votre voyage et vous assurer une transition sans heurt vers votre destination.<\/p>\n","protected":false},"excerpt":{"rendered":"<p><span style=\"font-weight: 400;\">Faites l&#8217;exp\u00e9rience d&#8217;un transport sans faille avec notre service exclusif de transfert priv\u00e9 \u00e0 San Sebasti\u00e1n. De l&#8217;accueil \u00e0 l&#8217;a\u00e9roport au service porte-\u00e0-porte, profitez d&#8217;une assistance personnalis\u00e9e, d&#8217;options adapt\u00e9es aux enfants et d&#8217;une r\u00e9servation flexible pour un voyage sans stress jusqu&#8217;\u00e0 votre destination \u00e0 Saint-S\u00e9bastien et au-del\u00e0.<\/span><\/p>\n","protected":false},"featured_media":95894,"comment_status":"open","ping_status":"closed","template":"","meta":{"_acf_changed":false},"product_brand":[],"product_cat":[5087,3647],"product_tag":[],"class_list":{"0":"post-100427","1":"product","2":"type-product","3":"status-publish","4":"has-post-thumbnail","6":"product_cat-transferts-prives-fr-10","7":"product_cat-san-sebastian-fr","9":"first","10":"instock","11":"shipping-taxable","12":"purchasable","13":"product-type-simple"},"acf":[],"yoast_head":"<!-- This site is optimized with the Yoast SEO Premium plugin v25.3.1 (Yoast SEO v25.3.1) - https:\/\/yoast.com\/wordpress\/plugins\/seo\/ -->\n<title>\u27a1\ufe0f Transfert priv\u00e9 IN\/OUT \u00e0 Saint-S\u00e9bastien - TourTravel&amp;More<\/title>\n<meta name=\"description\" content=\"Arrivez avec style gr\u00e2ce \u00e0 notre service de transfert priv\u00e9 exclusif \u00e0 San Sebasti\u00e1n. Profitez d&#039;un service personnalis\u00e9, de v\u00e9hicules spacieux et d&#039;un transport sans tracas depuis l&#039;a\u00e9roport, le port ou tout autre lieu jusqu&#039;\u00e0 votre destination \u00e0 San Sebasti\u00e1n \u2705\" \/>\n<meta name=\"robots\" content=\"index, follow, max-snippet:-1, max-image-preview:large, max-video-preview:-1\" \/>\n<link rel=\"canonical\" href=\"https:\/\/tourtravelandmore.com\/fr\/tours\/espagne-fr\/san-sebastian-fr\/transferts-prives-fr-10\/transfert-prive-a-saint-sebastien\/\" \/>\n<meta property=\"og:locale\" content=\"fr_FR\" \/>\n<meta property=\"og:type\" content=\"article\" \/>\n<meta property=\"og:title\" content=\"Transfert priv\u00e9 IN\/OUT \u00e0 Saint-S\u00e9bastien\" \/>\n<meta property=\"og:description\" content=\"Arrivez avec style gr\u00e2ce \u00e0 notre service de transfert priv\u00e9 exclusif \u00e0 San Sebasti\u00e1n. Profitez d&#039;un service personnalis\u00e9, de v\u00e9hicules spacieux et d&#039;un transport sans tracas depuis l&#039;a\u00e9roport, le port ou tout autre lieu jusqu&#039;\u00e0 votre destination \u00e0 San Sebasti\u00e1n \u2705\" \/>\n<meta property=\"og:url\" content=\"https:\/\/tourtravelandmore.com\/fr\/tours\/espagne-fr\/san-sebastian-fr\/transferts-prives-fr-10\/transfert-prive-a-saint-sebastien\/\" \/>\n<meta property=\"og:site_name\" content=\"Tour Travel And More\" \/>\n<meta property=\"article:publisher\" content=\"https:\/\/www.facebook.com\/tourtravelandmore\/\" \/>\n<meta property=\"article:modified_time\" content=\"2024-03-14T19:00:41+00:00\" \/>\n<meta property=\"og:image\" content=\"https:\/\/tourtravelandmore.com\/wp-content\/uploads\/2016\/08\/MercedesTTM.jpg\" \/>\n\t<meta property=\"og:image:width\" content=\"783\" \/>\n\t<meta property=\"og:image:height\" content=\"483\" \/>\n\t<meta property=\"og:image:type\" content=\"image\/jpeg\" \/>\n<meta name=\"twitter:card\" content=\"summary_large_image\" \/>\n<meta name=\"twitter:site\" content=\"@TourTravel_More\" \/>\n<meta name=\"twitter:label1\" content=\"Dur\u00e9e de lecture estim\u00e9e\" \/>\n\t<meta name=\"twitter:data1\" content=\"5 minutes\" \/>\n<script type=\"application\/ld+json\" class=\"yoast-schema-graph\">{\"@context\":\"https:\/\/schema.org\",\"@graph\":[{\"@type\":\"WebPage\",\"@id\":\"https:\/\/tourtravelandmore.com\/fr\/tours\/espagne-fr\/san-sebastian-fr\/transferts-prives-fr-10\/transfert-prive-a-saint-sebastien\/\",\"url\":\"https:\/\/tourtravelandmore.com\/fr\/tours\/espagne-fr\/san-sebastian-fr\/transferts-prives-fr-10\/transfert-prive-a-saint-sebastien\/\",\"name\":\"\u27a1\ufe0f Transfert priv\u00e9 IN\/OUT \u00e0 Saint-S\u00e9bastien - TourTravel&More\",\"isPartOf\":{\"@id\":\"https:\/\/tourtravelandmore.com\/fr\/#website\"},\"primaryImageOfPage\":{\"@id\":\"https:\/\/tourtravelandmore.com\/fr\/tours\/espagne-fr\/san-sebastian-fr\/transferts-prives-fr-10\/transfert-prive-a-saint-sebastien\/#primaryimage\"},\"image\":{\"@id\":\"https:\/\/tourtravelandmore.com\/fr\/tours\/espagne-fr\/san-sebastian-fr\/transferts-prives-fr-10\/transfert-prive-a-saint-sebastien\/#primaryimage\"},\"thumbnailUrl\":\"https:\/\/tourtravelandmore.com\/wp-content\/uploads\/2016\/08\/MercedesTTM.jpg\",\"datePublished\":\"2016-08-29T08:29:08+00:00\",\"dateModified\":\"2024-03-14T19:00:41+00:00\",\"description\":\"Arrivez avec style gr\u00e2ce \u00e0 notre service de transfert priv\u00e9 exclusif \u00e0 San Sebasti\u00e1n. Profitez d'un service personnalis\u00e9, de v\u00e9hicules spacieux et d'un transport sans tracas depuis l'a\u00e9roport, le port ou tout autre lieu jusqu'\u00e0 votre destination \u00e0 San Sebasti\u00e1n \u2705\",\"breadcrumb\":{\"@id\":\"https:\/\/tourtravelandmore.com\/fr\/tours\/espagne-fr\/san-sebastian-fr\/transferts-prives-fr-10\/transfert-prive-a-saint-sebastien\/#breadcrumb\"},\"inLanguage\":\"fr-FR\",\"potentialAction\":[{\"@type\":\"ReadAction\",\"target\":[\"https:\/\/tourtravelandmore.com\/fr\/tours\/espagne-fr\/san-sebastian-fr\/transferts-prives-fr-10\/transfert-prive-a-saint-sebastien\/\"]}]},{\"@type\":\"ImageObject\",\"inLanguage\":\"fr-FR\",\"@id\":\"https:\/\/tourtravelandmore.com\/fr\/tours\/espagne-fr\/san-sebastian-fr\/transferts-prives-fr-10\/transfert-prive-a-saint-sebastien\/#primaryimage\",\"url\":\"https:\/\/tourtravelandmore.com\/wp-content\/uploads\/2016\/08\/MercedesTTM.jpg\",\"contentUrl\":\"https:\/\/tourtravelandmore.com\/wp-content\/uploads\/2016\/08\/MercedesTTM.jpg\",\"width\":783,\"height\":483},{\"@type\":\"BreadcrumbList\",\"@id\":\"https:\/\/tourtravelandmore.com\/fr\/tours\/espagne-fr\/san-sebastian-fr\/transferts-prives-fr-10\/transfert-prive-a-saint-sebastien\/#breadcrumb\",\"itemListElement\":[{\"@type\":\"ListItem\",\"position\":1,\"name\":\"Home\",\"item\":\"https:\/\/tourtravelandmore.com\/fr\/\"},{\"@type\":\"ListItem\",\"position\":2,\"name\":\"Tours\",\"item\":\"https:\/\/tourtravelandmore.com\/fr\/tours\/\"},{\"@type\":\"ListItem\",\"position\":3,\"name\":\"Transfert priv\u00e9 IN\/OUT \u00e0 Saint-S\u00e9bastien\"}]},{\"@type\":\"WebSite\",\"@id\":\"https:\/\/tourtravelandmore.com\/fr\/#website\",\"url\":\"https:\/\/tourtravelandmore.com\/fr\/\",\"name\":\"Tour Travel And More\",\"description\":\"Private sightseeing tours and luxury transfers in Spain\",\"publisher\":{\"@id\":\"https:\/\/tourtravelandmore.com\/fr\/#organization\"},\"potentialAction\":[{\"@type\":\"SearchAction\",\"target\":{\"@type\":\"EntryPoint\",\"urlTemplate\":\"https:\/\/tourtravelandmore.com\/fr\/?s={search_term_string}\"},\"query-input\":{\"@type\":\"PropertyValueSpecification\",\"valueRequired\":true,\"valueName\":\"search_term_string\"}}],\"inLanguage\":\"fr-FR\"},{\"@type\":\"Organization\",\"@id\":\"https:\/\/tourtravelandmore.com\/fr\/#organization\",\"name\":\"Tour Travel And More\",\"url\":\"https:\/\/tourtravelandmore.com\/fr\/\",\"logo\":{\"@type\":\"ImageObject\",\"inLanguage\":\"fr-FR\",\"@id\":\"https:\/\/tourtravelandmore.com\/fr\/#\/schema\/logo\/image\/\",\"url\":\"https:\/\/tourtravelandmore.com\/wp-content\/uploads\/2022\/12\/cropped-logo-cabecera-new.png\",\"contentUrl\":\"https:\/\/tourtravelandmore.com\/wp-content\/uploads\/2022\/12\/cropped-logo-cabecera-new.png\",\"width\":430,\"height\":61,\"caption\":\"Tour Travel And More\"},\"image\":{\"@id\":\"https:\/\/tourtravelandmore.com\/fr\/#\/schema\/logo\/image\/\"},\"sameAs\":[\"https:\/\/www.facebook.com\/tourtravelandmore\/\",\"https:\/\/x.com\/TourTravel_More\"]}]}<\/script>\n<!-- \/ Yoast SEO Premium plugin. -->","yoast_head_json":{"title":"\u27a1\ufe0f Transfert priv\u00e9 IN\/OUT \u00e0 Saint-S\u00e9bastien - TourTravel&More","description":"Arrivez avec style gr\u00e2ce \u00e0 notre service de transfert priv\u00e9 exclusif \u00e0 San Sebasti\u00e1n. Profitez d'un service personnalis\u00e9, de v\u00e9hicules spacieux et d'un transport sans tracas depuis l'a\u00e9roport, le port ou tout autre lieu jusqu'\u00e0 votre destination \u00e0 San Sebasti\u00e1n \u2705","robots":{"index":"index","follow":"follow","max-snippet":"max-snippet:-1","max-image-preview":"max-image-preview:large","max-video-preview":"max-video-preview:-1"},"canonical":"https:\/\/tourtravelandmore.com\/fr\/tours\/espagne-fr\/san-sebastian-fr\/transferts-prives-fr-10\/transfert-prive-a-saint-sebastien\/","og_locale":"fr_FR","og_type":"article","og_title":"Transfert priv\u00e9 IN\/OUT \u00e0 Saint-S\u00e9bastien","og_description":"Arrivez avec style gr\u00e2ce \u00e0 notre service de transfert priv\u00e9 exclusif \u00e0 San Sebasti\u00e1n. Profitez d'un service personnalis\u00e9, de v\u00e9hicules spacieux et d'un transport sans tracas depuis l'a\u00e9roport, le port ou tout autre lieu jusqu'\u00e0 votre destination \u00e0 San Sebasti\u00e1n \u2705","og_url":"https:\/\/tourtravelandmore.com\/fr\/tours\/espagne-fr\/san-sebastian-fr\/transferts-prives-fr-10\/transfert-prive-a-saint-sebastien\/","og_site_name":"Tour Travel And More","article_publisher":"https:\/\/www.facebook.com\/tourtravelandmore\/","article_modified_time":"2024-03-14T19:00:41+00:00","og_image":[{"width":783,"height":483,"url":"https:\/\/tourtravelandmore.com\/wp-content\/uploads\/2016\/08\/MercedesTTM.jpg","type":"image\/jpeg"}],"twitter_card":"summary_large_image","twitter_site":"@TourTravel_More","twitter_misc":{"Dur\u00e9e de lecture estim\u00e9e":"5 minutes"},"schema":{"@context":"https:\/\/schema.org","@graph":[{"@type":"WebPage","@id":"https:\/\/tourtravelandmore.com\/fr\/tours\/espagne-fr\/san-sebastian-fr\/transferts-prives-fr-10\/transfert-prive-a-saint-sebastien\/","url":"https:\/\/tourtravelandmore.com\/fr\/tours\/espagne-fr\/san-sebastian-fr\/transferts-prives-fr-10\/transfert-prive-a-saint-sebastien\/","name":"\u27a1\ufe0f Transfert priv\u00e9 IN\/OUT \u00e0 Saint-S\u00e9bastien - TourTravel&More","isPartOf":{"@id":"https:\/\/tourtravelandmore.com\/fr\/#website"},"primaryImageOfPage":{"@id":"https:\/\/tourtravelandmore.com\/fr\/tours\/espagne-fr\/san-sebastian-fr\/transferts-prives-fr-10\/transfert-prive-a-saint-sebastien\/#primaryimage"},"image":{"@id":"https:\/\/tourtravelandmore.com\/fr\/tours\/espagne-fr\/san-sebastian-fr\/transferts-prives-fr-10\/transfert-prive-a-saint-sebastien\/#primaryimage"},"thumbnailUrl":"https:\/\/tourtravelandmore.com\/wp-content\/uploads\/2016\/08\/MercedesTTM.jpg","datePublished":"2016-08-29T08:29:08+00:00","dateModified":"2024-03-14T19:00:41+00:00","description":"Arrivez avec style gr\u00e2ce \u00e0 notre service de transfert priv\u00e9 exclusif \u00e0 San Sebasti\u00e1n. Profitez d'un service personnalis\u00e9, de v\u00e9hicules spacieux et d'un transport sans tracas depuis l'a\u00e9roport, le port ou tout autre lieu jusqu'\u00e0 votre destination \u00e0 San Sebasti\u00e1n \u2705","breadcrumb":{"@id":"https:\/\/tourtravelandmore.com\/fr\/tours\/espagne-fr\/san-sebastian-fr\/transferts-prives-fr-10\/transfert-prive-a-saint-sebastien\/#breadcrumb"},"inLanguage":"fr-FR","potentialAction":[{"@type":"ReadAction","target":["https:\/\/tourtravelandmore.com\/fr\/tours\/espagne-fr\/san-sebastian-fr\/transferts-prives-fr-10\/transfert-prive-a-saint-sebastien\/"]}]},{"@type":"ImageObject","inLanguage":"fr-FR","@id":"https:\/\/tourtravelandmore.com\/fr\/tours\/espagne-fr\/san-sebastian-fr\/transferts-prives-fr-10\/transfert-prive-a-saint-sebastien\/#primaryimage","url":"https:\/\/tourtravelandmore.com\/wp-content\/uploads\/2016\/08\/MercedesTTM.jpg","contentUrl":"https:\/\/tourtravelandmore.com\/wp-content\/uploads\/2016\/08\/MercedesTTM.jpg","width":783,"height":483},{"@type":"BreadcrumbList","@id":"https:\/\/tourtravelandmore.com\/fr\/tours\/espagne-fr\/san-sebastian-fr\/transferts-prives-fr-10\/transfert-prive-a-saint-sebastien\/#breadcrumb","itemListElement":[{"@type":"ListItem","position":1,"name":"Home","item":"https:\/\/tourtravelandmore.com\/fr\/"},{"@type":"ListItem","position":2,"name":"Tours","item":"https:\/\/tourtravelandmore.com\/fr\/tours\/"},{"@type":"ListItem","position":3,"name":"Transfert priv\u00e9 IN\/OUT \u00e0 Saint-S\u00e9bastien"}]},{"@type":"WebSite","@id":"https:\/\/tourtravelandmore.com\/fr\/#website","url":"https:\/\/tourtravelandmore.com\/fr\/","name":"Tour Travel And More","description":"Private sightseeing tours and luxury transfers in Spain","publisher":{"@id":"https:\/\/tourtravelandmore.com\/fr\/#organization"},"potentialAction":[{"@type":"SearchAction","target":{"@type":"EntryPoint","urlTemplate":"https:\/\/tourtravelandmore.com\/fr\/?s={search_term_string}"},"query-input":{"@type":"PropertyValueSpecification","valueRequired":true,"valueName":"search_term_string"}}],"inLanguage":"fr-FR"},{"@type":"Organization","@id":"https:\/\/tourtravelandmore.com\/fr\/#organization","name":"Tour Travel And More","url":"https:\/\/tourtravelandmore.com\/fr\/","logo":{"@type":"ImageObject","inLanguage":"fr-FR","@id":"https:\/\/tourtravelandmore.com\/fr\/#\/schema\/logo\/image\/","url":"https:\/\/tourtravelandmore.com\/wp-content\/uploads\/2022\/12\/cropped-logo-cabecera-new.png","contentUrl":"https:\/\/tourtravelandmore.com\/wp-content\/uploads\/2022\/12\/cropped-logo-cabecera-new.png","width":430,"height":61,"caption":"Tour Travel And More"},"image":{"@id":"https:\/\/tourtravelandmore.com\/fr\/#\/schema\/logo\/image\/"},"sameAs":["https:\/\/www.facebook.com\/tourtravelandmore\/","https:\/\/x.com\/TourTravel_More"]}]}},"_links":{"self":[{"href":"https:\/\/tourtravelandmore.com\/fr\/wp-json\/wp\/v2\/product\/100427","targetHints":{"allow":["GET"]}}],"collection":[{"href":"https:\/\/tourtravelandmore.com\/fr\/wp-json\/wp\/v2\/product"}],"about":[{"href":"https:\/\/tourtravelandmore.com\/fr\/wp-json\/wp\/v2\/types\/product"}],"replies":[{"embeddable":true,"href":"https:\/\/tourtravelandmore.com\/fr\/wp-json\/wp\/v2\/comments?post=100427"}],"wp:featuredmedia":[{"embeddable":true,"href":"https:\/\/tourtravelandmore.com\/fr\/wp-json\/wp\/v2\/media\/95894"}],"wp:attachment":[{"href":"https:\/\/tourtravelandmore.com\/fr\/wp-json\/wp\/v2\/media?parent=100427"}],"wp:term":[{"taxonomy":"product_brand","embeddable":true,"href":"https:\/\/tourtravelandmore.com\/fr\/wp-json\/wp\/v2\/product_brand?post=100427"},{"taxonomy":"product_cat","embeddable":true,"href":"https:\/\/tourtravelandmore.com\/fr\/wp-json\/wp\/v2\/product_cat?post=100427"},{"taxonomy":"product_tag","embeddable":true,"href":"https:\/\/tourtravelandmore.com\/fr\/wp-json\/wp\/v2\/product_tag?post=100427"}],"curies":[{"name":"wp","href":"https:\/\/api.w.org\/{rel}","templated":true}]}}