{"id":100153,"date":"2019-12-20T11:26:04","date_gmt":"2019-12-20T10:26:04","guid":{"rendered":"https:\/\/tourtravelandmore.com\/tours\/non class\u00e9\/visite-privee-a-pied-de-salamanque\/"},"modified":"2019-12-20T11:26:04","modified_gmt":"2019-12-20T10:26:04","slug":"visite-privee-a-pied-de-salamanque","status":"publish","type":"product","link":"https:\/\/tourtravelandmore.com\/fr\/tours\/espagne-fr\/salamanca-fr\/visite-privee-a-pied-de-salamanque\/","title":{"rendered":"Visite priv\u00e9e \u00e0 pied de Salamanque"},"content":{"rendered":"<h2>Description<\/h2>\n<p>Osez conna\u00eetre la merveilleuse ville de Salamanque. Profitez de cette visite priv\u00e9e \u00e0 pied de Salamanque. Une exp\u00e9rience restera dans votre esprit pour toujours.<\/p>\n<p>Choisissez notre visite priv\u00e9e \u00e0 pied de Salamanque, qui vous plongera au c\u0153ur de l&#8217;une des villes historiques les plus importantes d&#8217;Espagne. Laissez-vous pi\u00e9ger par ses l\u00e9gendes et ses mythes, revivant \u00e0 chaque pas les \u00e9chos du pass\u00e9.<\/p>\n<p>Cette visite priv\u00e9e est compl\u00e8tement adaptable \u00e0 vos propres int\u00e9r\u00eats et go\u00fbts. Votre guide priv\u00e9 viendra vous chercher \u00e0 votre h\u00f4tel central ou au point de rendez-vous central. Nous avons \u00e9galement la possibilit\u00e9 d&#8217;organiser un v\u00e9hicule priv\u00e9 pour les transferts au cas o\u00f9 vous resteriez en dehors de la ville. Notre objectif principal est de vous apporter une exp\u00e9rience unique, cr\u00e9\u00e9e enti\u00e8rement pour vous et ceux qui vous accompagnent dans cette grande aventure.<\/p>\n<h2>Point d&#8217;int\u00e9r\u00eat et monuments<\/h2>\n<p>Tout d&#8217;abord, votre visite priv\u00e9e \u00e0 pied de Salamanque commencera au centre de la vieille ville de la ville. Situ\u00e9 sur la place principale de Salamanque ou la Plaza Mayor, l&#8217;un des jalons architecturaux les plus embl\u00e9matiques de cette belle ville. Cette place est remplie de m\u00e9daillons qui captent l&#8217;int\u00e9r\u00eat de ceux qui la visitent pour la premi\u00e8re fois.<\/p>\n<p>\u00c9tant celui-ci la toute premi\u00e8re \u00e9tape de la visite, vous pourriez m\u00eame penser \u00e0 prendre le petit-d\u00e9jeuner \u00e0 la Plaza Mayor. Vivez une exp\u00e9rience de rois car tous ceux qui ont d\u00e9cid\u00e9 de s&#8217;asseoir un moment et de profiter de la vari\u00e9t\u00e9 culinaire des caf\u00e9s entourant le centre historique.<\/p>\n<h4>Sites \u00e0 Salamanque<\/h4>\n<p>Ceux que nous laissons derri\u00e8re la Plaza Mayor, nous plongeons dans les rues \u00e9troites vers la rue de La Compa\u00f1ia (La Compagnie). Ici, rencontrez les deux monuments les plus \u00e9nigmatiques de toute Salamanque. Nous parlons de La Clerec\u00eda (Le Clerg\u00e9) et de la Casa de las Conchas (Maison des Coquillages).<\/p>\n<p>Les deux b\u00e2timents partagent des histoires communes, bien que ce soit la Casa de las Conchas qui remporte le prix en termes de mythes et de l\u00e9gendes. Le b\u00e2timent lui-m\u00eame est impressionnant, avec plus de 300 coquillages couvrant sa fa\u00e7ade en motif triangulaire qui ressemble \u00e0 des losanges sans fin. Ce b\u00e2timent combine une histoire d&#8217;amour, le pouvoir d&#8217;un seigneur et m\u00eame une chasse au tr\u00e9sor. Mais pour le conna\u00eetre en profondeur, vous devrez le visiter et le vivre par vous-m\u00eame avec votre guide priv\u00e9 officiel, expert de la ville.<br \/>\nReste de Salamanque<\/p>\n<p>Une fois que vous avez \u00e9t\u00e9 captiv\u00e9 par ces grands monuments, il est temps de devenir un peu plus formel et de vous diriger vers la rue los Libreros. C&#8217;est le si\u00e8ge de la prestigieuse universit\u00e9 de Salamanque. Vous y acc\u00e9derez sans limitation puisque cette visite \u00e0 pied comprend les billets pour conna\u00eetre une institution aussi magnifique.<\/p>\n<p>Laissez-vous surprendre par le style plateresco de l&#8217;architecture des fa\u00e7ades. Cela remonte aux 30 premi\u00e8res ann\u00e9es du XVIe si\u00e8cle. Essayez de trouver la jolie petite grenouille qui se cache parmi les reliefs.<\/p>\n<p>Plus tard, nous entrerons dans le b\u00e2timent historique des Escuelas Menores (\u00e9coles mineures). Ici, nous visiterons sa cour centrale qui nous transportera \u00e0 l&#8217;emplacement id\u00e9al.<\/p>\n<p>Pour cl\u00f4turer notre visite \u00e0 pied priv\u00e9e de 3 heures, nous visiterons les anciennes et nouvelles cath\u00e9drales. Ici, nous admirerons l&#8217;architecture, l&#8217;histoire, l&#8217;art et, bien s\u00fbr, la saintet\u00e9 qui remplit ces b\u00e2timents, cr\u00e9ant un environnement solennel et intemporel.<\/p>\n<p>Avec cette attitude de paix, nous reviendrons enfin \u00e0 notre point de d\u00e9part. Ceci est la Plaza Mayor ou votre lieu de choix pour terminer la visite.<\/p>\n<p>Jetez un \u0153il \u00e0 nos circuits \u00e0 Salamanque. S&#8217;il y a une visite que vous ne trouvez pas, contactez-nous directement pour une exp\u00e9rience personnalis\u00e9e.<\/p>\n","protected":false},"excerpt":{"rendered":"<p>Visite priv\u00e9e \u00e0 pied de Salamanque. Exp\u00e9rience de visite de l&#8217;une des villes les plus visit\u00e9es au monde, Salamanque. Guide touristique officiel priv\u00e9 pendant 3 heures.<\/p>\n","protected":false},"featured_media":96879,"comment_status":"open","ping_status":"closed","template":"","meta":{"_acf_changed":false},"product_brand":[],"product_cat":[3541,3635],"product_tag":[],"class_list":{"0":"post-100153","1":"product","2":"type-product","3":"status-publish","4":"has-post-thumbnail","6":"product_cat-espagne-fr","7":"product_cat-salamanca-fr","9":"first","10":"instock","11":"shipping-taxable","12":"purchasable","13":"product-type-simple"},"acf":[],"yoast_head":"<!-- This site is optimized with the Yoast SEO Premium plugin v25.3.1 (Yoast SEO v25.3.1) - https:\/\/yoast.com\/wordpress\/plugins\/seo\/ -->\n<title>Visite priv\u00e9e \u00e0 pied de Salamanque - Guide touristique officiel priv\u00e9<\/title>\n<meta name=\"description\" content=\"Visite priv\u00e9e \u00e0 pied de Salamanque. Exp\u00e9rience de visite de l&#039;une des villes les plus visit\u00e9es au monde, Salamanque. Guide touristique officiel priv\u00e9 pendant 3 heures.\" \/>\n<meta name=\"robots\" content=\"index, follow, max-snippet:-1, max-image-preview:large, max-video-preview:-1\" \/>\n<link rel=\"canonical\" href=\"https:\/\/tourtravelandmore.com\/fr\/tours\/espagne-fr\/salamanca-fr\/visite-privee-a-pied-de-salamanque\/\" \/>\n<meta property=\"og:locale\" content=\"fr_FR\" \/>\n<meta property=\"og:type\" content=\"article\" \/>\n<meta property=\"og:title\" content=\"Visite priv\u00e9e \u00e0 pied de Salamanque\" \/>\n<meta property=\"og:description\" content=\"Visite priv\u00e9e \u00e0 pied de Salamanque. Exp\u00e9rience de visite de l&#039;une des villes les plus visit\u00e9es au monde, Salamanque. Guide touristique officiel priv\u00e9 pendant 3 heures.\" \/>\n<meta property=\"og:url\" content=\"https:\/\/tourtravelandmore.com\/fr\/tours\/espagne-fr\/salamanca-fr\/visite-privee-a-pied-de-salamanque\/\" \/>\n<meta property=\"og:site_name\" content=\"Tour Travel And More\" \/>\n<meta property=\"article:publisher\" content=\"https:\/\/www.facebook.com\/tourtravelandmore\/\" \/>\n<meta property=\"og:image\" content=\"https:\/\/tourtravelandmore.com\/wp-content\/uploads\/2019\/12\/Playa_Mayor_de_Salamanca_al_anochecer-1024x768.jpg\" \/>\n\t<meta property=\"og:image:width\" content=\"1024\" \/>\n\t<meta property=\"og:image:height\" content=\"768\" \/>\n\t<meta property=\"og:image:type\" content=\"image\/jpeg\" \/>\n<meta name=\"twitter:card\" content=\"summary_large_image\" \/>\n<meta name=\"twitter:site\" content=\"@TourTravel_More\" \/>\n<meta name=\"twitter:label1\" content=\"Dur\u00e9e de lecture estim\u00e9e\" \/>\n\t<meta name=\"twitter:data1\" content=\"3 minutes\" \/>\n<script type=\"application\/ld+json\" class=\"yoast-schema-graph\">{\"@context\":\"https:\/\/schema.org\",\"@graph\":[{\"@type\":\"WebPage\",\"@id\":\"https:\/\/tourtravelandmore.com\/fr\/tours\/espagne-fr\/salamanca-fr\/visite-privee-a-pied-de-salamanque\/\",\"url\":\"https:\/\/tourtravelandmore.com\/fr\/tours\/espagne-fr\/salamanca-fr\/visite-privee-a-pied-de-salamanque\/\",\"name\":\"Visite priv\u00e9e \u00e0 pied de Salamanque - Guide touristique officiel priv\u00e9\",\"isPartOf\":{\"@id\":\"https:\/\/tourtravelandmore.com\/fr\/#website\"},\"primaryImageOfPage\":{\"@id\":\"https:\/\/tourtravelandmore.com\/fr\/tours\/espagne-fr\/salamanca-fr\/visite-privee-a-pied-de-salamanque\/#primaryimage\"},\"image\":{\"@id\":\"https:\/\/tourtravelandmore.com\/fr\/tours\/espagne-fr\/salamanca-fr\/visite-privee-a-pied-de-salamanque\/#primaryimage\"},\"thumbnailUrl\":\"https:\/\/tourtravelandmore.com\/wp-content\/uploads\/2019\/12\/Playa_Mayor_de_Salamanca_al_anochecer.jpg\",\"datePublished\":\"2019-12-20T10:26:04+00:00\",\"description\":\"Visite priv\u00e9e \u00e0 pied de Salamanque. Exp\u00e9rience de visite de l'une des villes les plus visit\u00e9es au monde, Salamanque. Guide touristique officiel priv\u00e9 pendant 3 heures.\",\"breadcrumb\":{\"@id\":\"https:\/\/tourtravelandmore.com\/fr\/tours\/espagne-fr\/salamanca-fr\/visite-privee-a-pied-de-salamanque\/#breadcrumb\"},\"inLanguage\":\"fr-FR\",\"potentialAction\":[{\"@type\":\"ReadAction\",\"target\":[\"https:\/\/tourtravelandmore.com\/fr\/tours\/espagne-fr\/salamanca-fr\/visite-privee-a-pied-de-salamanque\/\"]}]},{\"@type\":\"ImageObject\",\"inLanguage\":\"fr-FR\",\"@id\":\"https:\/\/tourtravelandmore.com\/fr\/tours\/espagne-fr\/salamanca-fr\/visite-privee-a-pied-de-salamanque\/#primaryimage\",\"url\":\"https:\/\/tourtravelandmore.com\/wp-content\/uploads\/2019\/12\/Playa_Mayor_de_Salamanca_al_anochecer.jpg\",\"contentUrl\":\"https:\/\/tourtravelandmore.com\/wp-content\/uploads\/2019\/12\/Playa_Mayor_de_Salamanca_al_anochecer.jpg\",\"width\":2272,\"height\":1704},{\"@type\":\"BreadcrumbList\",\"@id\":\"https:\/\/tourtravelandmore.com\/fr\/tours\/espagne-fr\/salamanca-fr\/visite-privee-a-pied-de-salamanque\/#breadcrumb\",\"itemListElement\":[{\"@type\":\"ListItem\",\"position\":1,\"name\":\"Home\",\"item\":\"https:\/\/tourtravelandmore.com\/fr\/\"},{\"@type\":\"ListItem\",\"position\":2,\"name\":\"Tours\",\"item\":\"https:\/\/tourtravelandmore.com\/fr\/tours\/\"},{\"@type\":\"ListItem\",\"position\":3,\"name\":\"Visite priv\u00e9e \u00e0 pied de Salamanque\"}]},{\"@type\":\"WebSite\",\"@id\":\"https:\/\/tourtravelandmore.com\/fr\/#website\",\"url\":\"https:\/\/tourtravelandmore.com\/fr\/\",\"name\":\"Tour Travel And More\",\"description\":\"Private sightseeing tours and luxury transfers in Spain\",\"publisher\":{\"@id\":\"https:\/\/tourtravelandmore.com\/fr\/#organization\"},\"potentialAction\":[{\"@type\":\"SearchAction\",\"target\":{\"@type\":\"EntryPoint\",\"urlTemplate\":\"https:\/\/tourtravelandmore.com\/fr\/?s={search_term_string}\"},\"query-input\":{\"@type\":\"PropertyValueSpecification\",\"valueRequired\":true,\"valueName\":\"search_term_string\"}}],\"inLanguage\":\"fr-FR\"},{\"@type\":\"Organization\",\"@id\":\"https:\/\/tourtravelandmore.com\/fr\/#organization\",\"name\":\"Tour Travel And More\",\"url\":\"https:\/\/tourtravelandmore.com\/fr\/\",\"logo\":{\"@type\":\"ImageObject\",\"inLanguage\":\"fr-FR\",\"@id\":\"https:\/\/tourtravelandmore.com\/fr\/#\/schema\/logo\/image\/\",\"url\":\"https:\/\/tourtravelandmore.com\/wp-content\/uploads\/2022\/12\/cropped-logo-cabecera-new.png\",\"contentUrl\":\"https:\/\/tourtravelandmore.com\/wp-content\/uploads\/2022\/12\/cropped-logo-cabecera-new.png\",\"width\":430,\"height\":61,\"caption\":\"Tour Travel And More\"},\"image\":{\"@id\":\"https:\/\/tourtravelandmore.com\/fr\/#\/schema\/logo\/image\/\"},\"sameAs\":[\"https:\/\/www.facebook.com\/tourtravelandmore\/\",\"https:\/\/x.com\/TourTravel_More\"]}]}<\/script>\n<!-- \/ Yoast SEO Premium plugin. -->","yoast_head_json":{"title":"Visite priv\u00e9e \u00e0 pied de Salamanque - Guide touristique officiel priv\u00e9","description":"Visite priv\u00e9e \u00e0 pied de Salamanque. Exp\u00e9rience de visite de l'une des villes les plus visit\u00e9es au monde, Salamanque. Guide touristique officiel priv\u00e9 pendant 3 heures.","robots":{"index":"index","follow":"follow","max-snippet":"max-snippet:-1","max-image-preview":"max-image-preview:large","max-video-preview":"max-video-preview:-1"},"canonical":"https:\/\/tourtravelandmore.com\/fr\/tours\/espagne-fr\/salamanca-fr\/visite-privee-a-pied-de-salamanque\/","og_locale":"fr_FR","og_type":"article","og_title":"Visite priv\u00e9e \u00e0 pied de Salamanque","og_description":"Visite priv\u00e9e \u00e0 pied de Salamanque. Exp\u00e9rience de visite de l'une des villes les plus visit\u00e9es au monde, Salamanque. Guide touristique officiel priv\u00e9 pendant 3 heures.","og_url":"https:\/\/tourtravelandmore.com\/fr\/tours\/espagne-fr\/salamanca-fr\/visite-privee-a-pied-de-salamanque\/","og_site_name":"Tour Travel And More","article_publisher":"https:\/\/www.facebook.com\/tourtravelandmore\/","og_image":[{"width":1024,"height":768,"url":"https:\/\/tourtravelandmore.com\/wp-content\/uploads\/2019\/12\/Playa_Mayor_de_Salamanca_al_anochecer-1024x768.jpg","type":"image\/jpeg"}],"twitter_card":"summary_large_image","twitter_site":"@TourTravel_More","twitter_misc":{"Dur\u00e9e de lecture estim\u00e9e":"3 minutes"},"schema":{"@context":"https:\/\/schema.org","@graph":[{"@type":"WebPage","@id":"https:\/\/tourtravelandmore.com\/fr\/tours\/espagne-fr\/salamanca-fr\/visite-privee-a-pied-de-salamanque\/","url":"https:\/\/tourtravelandmore.com\/fr\/tours\/espagne-fr\/salamanca-fr\/visite-privee-a-pied-de-salamanque\/","name":"Visite priv\u00e9e \u00e0 pied de Salamanque - Guide touristique officiel priv\u00e9","isPartOf":{"@id":"https:\/\/tourtravelandmore.com\/fr\/#website"},"primaryImageOfPage":{"@id":"https:\/\/tourtravelandmore.com\/fr\/tours\/espagne-fr\/salamanca-fr\/visite-privee-a-pied-de-salamanque\/#primaryimage"},"image":{"@id":"https:\/\/tourtravelandmore.com\/fr\/tours\/espagne-fr\/salamanca-fr\/visite-privee-a-pied-de-salamanque\/#primaryimage"},"thumbnailUrl":"https:\/\/tourtravelandmore.com\/wp-content\/uploads\/2019\/12\/Playa_Mayor_de_Salamanca_al_anochecer.jpg","datePublished":"2019-12-20T10:26:04+00:00","description":"Visite priv\u00e9e \u00e0 pied de Salamanque. Exp\u00e9rience de visite de l'une des villes les plus visit\u00e9es au monde, Salamanque. Guide touristique officiel priv\u00e9 pendant 3 heures.","breadcrumb":{"@id":"https:\/\/tourtravelandmore.com\/fr\/tours\/espagne-fr\/salamanca-fr\/visite-privee-a-pied-de-salamanque\/#breadcrumb"},"inLanguage":"fr-FR","potentialAction":[{"@type":"ReadAction","target":["https:\/\/tourtravelandmore.com\/fr\/tours\/espagne-fr\/salamanca-fr\/visite-privee-a-pied-de-salamanque\/"]}]},{"@type":"ImageObject","inLanguage":"fr-FR","@id":"https:\/\/tourtravelandmore.com\/fr\/tours\/espagne-fr\/salamanca-fr\/visite-privee-a-pied-de-salamanque\/#primaryimage","url":"https:\/\/tourtravelandmore.com\/wp-content\/uploads\/2019\/12\/Playa_Mayor_de_Salamanca_al_anochecer.jpg","contentUrl":"https:\/\/tourtravelandmore.com\/wp-content\/uploads\/2019\/12\/Playa_Mayor_de_Salamanca_al_anochecer.jpg","width":2272,"height":1704},{"@type":"BreadcrumbList","@id":"https:\/\/tourtravelandmore.com\/fr\/tours\/espagne-fr\/salamanca-fr\/visite-privee-a-pied-de-salamanque\/#breadcrumb","itemListElement":[{"@type":"ListItem","position":1,"name":"Home","item":"https:\/\/tourtravelandmore.com\/fr\/"},{"@type":"ListItem","position":2,"name":"Tours","item":"https:\/\/tourtravelandmore.com\/fr\/tours\/"},{"@type":"ListItem","position":3,"name":"Visite priv\u00e9e \u00e0 pied de Salamanque"}]},{"@type":"WebSite","@id":"https:\/\/tourtravelandmore.com\/fr\/#website","url":"https:\/\/tourtravelandmore.com\/fr\/","name":"Tour Travel And More","description":"Private sightseeing tours and luxury transfers in Spain","publisher":{"@id":"https:\/\/tourtravelandmore.com\/fr\/#organization"},"potentialAction":[{"@type":"SearchAction","target":{"@type":"EntryPoint","urlTemplate":"https:\/\/tourtravelandmore.com\/fr\/?s={search_term_string}"},"query-input":{"@type":"PropertyValueSpecification","valueRequired":true,"valueName":"search_term_string"}}],"inLanguage":"fr-FR"},{"@type":"Organization","@id":"https:\/\/tourtravelandmore.com\/fr\/#organization","name":"Tour Travel And More","url":"https:\/\/tourtravelandmore.com\/fr\/","logo":{"@type":"ImageObject","inLanguage":"fr-FR","@id":"https:\/\/tourtravelandmore.com\/fr\/#\/schema\/logo\/image\/","url":"https:\/\/tourtravelandmore.com\/wp-content\/uploads\/2022\/12\/cropped-logo-cabecera-new.png","contentUrl":"https:\/\/tourtravelandmore.com\/wp-content\/uploads\/2022\/12\/cropped-logo-cabecera-new.png","width":430,"height":61,"caption":"Tour Travel And More"},"image":{"@id":"https:\/\/tourtravelandmore.com\/fr\/#\/schema\/logo\/image\/"},"sameAs":["https:\/\/www.facebook.com\/tourtravelandmore\/","https:\/\/x.com\/TourTravel_More"]}]}},"_links":{"self":[{"href":"https:\/\/tourtravelandmore.com\/fr\/wp-json\/wp\/v2\/product\/100153","targetHints":{"allow":["GET"]}}],"collection":[{"href":"https:\/\/tourtravelandmore.com\/fr\/wp-json\/wp\/v2\/product"}],"about":[{"href":"https:\/\/tourtravelandmore.com\/fr\/wp-json\/wp\/v2\/types\/product"}],"replies":[{"embeddable":true,"href":"https:\/\/tourtravelandmore.com\/fr\/wp-json\/wp\/v2\/comments?post=100153"}],"wp:featuredmedia":[{"embeddable":true,"href":"https:\/\/tourtravelandmore.com\/fr\/wp-json\/wp\/v2\/media\/96879"}],"wp:attachment":[{"href":"https:\/\/tourtravelandmore.com\/fr\/wp-json\/wp\/v2\/media?parent=100153"}],"wp:term":[{"taxonomy":"product_brand","embeddable":true,"href":"https:\/\/tourtravelandmore.com\/fr\/wp-json\/wp\/v2\/product_brand?post=100153"},{"taxonomy":"product_cat","embeddable":true,"href":"https:\/\/tourtravelandmore.com\/fr\/wp-json\/wp\/v2\/product_cat?post=100153"},{"taxonomy":"product_tag","embeddable":true,"href":"https:\/\/tourtravelandmore.com\/fr\/wp-json\/wp\/v2\/product_tag?post=100153"}],"curies":[{"name":"wp","href":"https:\/\/api.w.org\/{rel}","templated":true}]}}