{"id":79691,"date":"2020-05-12T11:46:34","date_gmt":"2020-05-12T09:46:35","guid":{"rendered":"https:\/\/tourtravelandmore.com\/?post_type=product&#038;p=79691"},"modified":"2024-01-15T11:18:30","modified_gmt":"2024-01-15T10:18:30","slug":"tour-privado-a-auschwitz-desde-cracovia","status":"publish","type":"product","link":"https:\/\/tourtravelandmore.com\/es\/tours\/polonia-es\/cracovia-es\/cracovia-actividades-es\/tour-privado-a-auschwitz-desde-cracovia\/","title":{"rendered":"Tour Privado a Auschwitz desde Cracovia"},"content":{"rendered":"<h2 id=\"tw-target-text\" class=\"tw-data-text tw-text-large XcVN5d tw-ta\" dir=\"ltr\" data-placeholder=\"Traducci\u00f3n\"><span lang=\"es\">Descripci\u00f3n del Tour Privado a Auschwitz desde Cracovia<\/span><\/h2>\n<p>En este<strong> Tour Privado a <span class=\"JLqJ4b ChMk0b\" data-language-for-alternatives=\"es\" data-language-to-translate-into=\"en\" data-phrase-index=\"1\">Auschwitz<\/span><\/strong>, volveremos a visitar uno de los cap\u00edtulos m\u00e1s oscuros de la Segunda Guerra Mundial que cambi\u00f3 para siempre la historia de la humanidad. <span class=\"JLqJ4b ChMk0b\" data-language-for-alternatives=\"es\" data-language-to-translate-into=\"en\" data-phrase-index=\"1\">Realice este tour privado a Auschwitz desde Cracovia. <\/span><\/p>\n<p><span class=\"JLqJ4b ChMk0b\" data-language-for-alternatives=\"es\" data-language-to-translate-into=\"en\" data-phrase-index=\"1\"><span class=\"JLqJ4b\" data-language-for-alternatives=\"es\" data-language-to-translate-into=\"en\" data-phrase-index=\"2\"><strong>Auschwitz-Birkenau<\/strong> es donde se encuentra el campo de concentraci\u00f3n m\u00e1s cruel de los nazis. Alrededor de 1,1 millones de personas murieron en \u00e9l. No solo gracias a las c\u00e1maras de gas Zyklon B, sino tambi\u00e9n al hambre, las ejecuciones, las enfermedades e incluso los experimentos m\u00e9dicos. <\/span><\/span><\/p>\n<p><span class=\"JLqJ4b ChMk0b\" data-language-for-alternatives=\"es\" data-language-to-translate-into=\"en\" data-phrase-index=\"1\"><span class=\"JLqJ4b\" data-language-for-alternatives=\"es\" data-language-to-translate-into=\"en\" data-phrase-index=\"2\">Realmente es uno de los lugares m\u00e1s l\u00fagubres e interesantes para visitar si quieres ver c\u00f3mo era la vida de un prisionero jud\u00edo. <\/span><\/span><\/p>\n<p><span class=\"JLqJ4b ChMk0b\" data-language-for-alternatives=\"es\" data-language-to-translate-into=\"en\" data-phrase-index=\"1\"><span class=\"JLqJ4b\" data-language-for-alternatives=\"es\" data-language-to-translate-into=\"en\" data-phrase-index=\"2\">Este tour tiene una duraci\u00f3n de 7 horas, incluido el tiempo de traslado en su propio veh\u00edculo de lujo con conductor. Una vez en Auschwitz, se encontrar\u00e1 con su gu\u00eda tur\u00edstico proporcionado por el campo de concentraci\u00f3n. No podemos organizar un gu\u00eda privado dentro del campamento. Los recorridos en el interior son en grupos.<\/span><\/span><\/p>\n<h2>Puntos emblem\u00e1ticos y de inter\u00e9s en el Tour Privado a Auschwitz desde Cracovia<\/h2>\n<p>Te recogeremos en un punto de encuentro previamente acordado. Este puede ser su hotel, centro de convenciones o su restaurante favorito. Desde all\u00ed partiremos hacia Auschwitz. Este es el lugar de Polonia que fue elegido para construir los campos de concentraci\u00f3n m\u00e1s terror\u00edficos de la historia.<\/p>\n<p>En realidad, <strong>Auschwitz<\/strong> comprende tres campos de concentraci\u00f3n en toda su extensi\u00f3n.<\/p>\n<p>El primero fue construido con el prop\u00f3sito de albergar a los presos pol\u00edticos. Pero esto fue cambiando con el tiempo, como su gu\u00eda le explicar\u00e1 con m\u00e1s detalle. Este complejo es donde se ubican las llamadas<em> \u201cceldas del hambre\u201d<\/em>, donde cientos de prisioneros murieron de hambre.<\/p>\n<p><strong>Auschwitz II- Birkenau<\/strong>, es el segundo complejo al que llegaremos tras recorrer una corta distancia. Todav\u00eda hoy es el sitio de los crematorios y la c\u00e1mara de gas. Este complejo fue creado con el objetivo de ser<em> \u201cla soluci\u00f3n definitiva al problema jud\u00edo\u201d<\/em>. En realidad es un complejo de muerte que congelar\u00e1 la sangre de m\u00e1s de un visitante.<\/p>\n<p><strong>Auschwitz III- Monowitz<\/strong> pr\u00e1cticamente ya no existe, pero era una prisi\u00f3n de trabajos forzados. La mayor\u00eda de la gente mor\u00eda a causa de enfermedades producidas por la crudeza de su trabajo diario.<\/p>\n<p>Es una caminata muy reflexiva, donde nos encontraremos cara a cara con lo peor que el ser humano puede generar como consecuencia del odio, el miedo y el resentimiento; pero tambi\u00e9n con el legado de quienes superaron lo peor para ense\u00f1arnos a apreciar la vida y valorar a cada individuo sin importar las peque\u00f1as diferencias.<\/p>\n<h2>Datos hist\u00f3ricos sobre Auschwitz<\/h2>\n<p>Fue el campo de concentraci\u00f3n de \u00e9lite del ej\u00e9rcito alem\u00e1n durante la Segunda Guerra Mundial, y estuvo en funcionamiento con este prop\u00f3sito hasta el 27 de enero de 1945, cuando fue tomado por el Ej\u00e9rcito Rojo y convertido temporalmente en un campo de prisioneros. <span class=\"JLqJ4b ChMk0b\" data-language-for-alternatives=\"es\" data-language-to-translate-into=\"en\" data-phrase-index=\"1\">Luego lo tom\u00f3 el gobierno polaco que lo convirti\u00f3 en lo que es hoy, un museo que busca recordarnos el camino que nunca debemos tomar de nuevo como especie humana. Por este motivo fue convertida en <strong>Patrimonio de la Humanidad por la UNESCO<\/strong> en 1979. <\/span><\/p>\n<p><span class=\"JLqJ4b ChMk0b\" data-language-for-alternatives=\"es\" data-language-to-translate-into=\"en\" data-phrase-index=\"1\"><span class=\"JLqJ4b\" data-language-for-alternatives=\"es\" data-language-to-translate-into=\"en\" data-phrase-index=\"3\">\u00a1Eche un vistazo a nuestros otros tours privados de Cracovia <a href=\"https:\/\/tourtravelandmore.com\/es\/ciudad\/polonia-es\/cracovia-es\/\">aqu\u00ed<\/a>!<\/span><\/span><\/p>\n","protected":false},"excerpt":{"rendered":"<p>Visita<b><i> Auschwitz-Birkenau <\/i><\/b>en esta <strong><em>excursi\u00f3n privada<\/em> desde<i><\/i><\/strong><b><i> Cracovia<\/i><\/b>,<span style=\"font-weight: 400;\"> donde se encuentra el antiguo campo de concentraci\u00f3n, donde perdieron la vida alrededor de 1,1 millones de personas, no solo gracias a la c\u00e1mara del gas Zyklon B, sino tambi\u00e9n por hambruna, ejecuciones, enfermedades y hasta experimentos m\u00e9dicos.<\/span><\/p>\n","protected":false},"featured_media":79709,"comment_status":"open","ping_status":"closed","template":"","meta":{"_acf_changed":false},"product_brand":[],"product_cat":[2206,2213,2216,2219],"product_tag":[],"class_list":{"0":"post-79691","1":"product","2":"type-product","3":"status-publish","4":"has-post-thumbnail","6":"product_cat-polonia-es","7":"product_cat-cracovia-es","8":"product_cat-cracovia-actividades-es","9":"product_cat-cracovia-rutas-turisticas-privadas-es","11":"first","12":"instock","13":"shipping-taxable","14":"purchasable","15":"product-type-simple"},"acf":[],"yoast_head":"<!-- This site is optimized with the Yoast SEO Premium plugin v25.3.1 (Yoast SEO v25.3.1) - https:\/\/yoast.com\/wordpress\/plugins\/seo\/ -->\n<title>\u27a1\ufe0f Tour Privado a Auschwitz desde Cracovia con chofer privado | Tour Travel &amp; More<\/title>\n<meta name=\"description\" content=\"Visite el sitio donde uno de los cap\u00edtulos m\u00e1s oscuros de la Segunda Guerra Mundial sucedi\u00f3 con nuestro Tour Privado a Auschwitz \u2705\" \/>\n<meta name=\"robots\" content=\"index, follow, max-snippet:-1, max-image-preview:large, max-video-preview:-1\" \/>\n<link rel=\"canonical\" href=\"https:\/\/tourtravelandmore.com\/es\/tours\/polonia-es\/cracovia-es\/cracovia-actividades-es\/tour-privado-a-auschwitz-desde-cracovia\/\" \/>\n<meta property=\"og:locale\" content=\"es_ES\" \/>\n<meta property=\"og:type\" content=\"article\" \/>\n<meta property=\"og:title\" content=\"Tour Privado a Auschwitz desde Cracovia\" \/>\n<meta property=\"og:description\" content=\"Visite el sitio donde uno de los cap\u00edtulos m\u00e1s oscuros de la Segunda Guerra Mundial sucedi\u00f3 con nuestro Tour Privado a Auschwitz \u2705\" \/>\n<meta property=\"og:url\" content=\"https:\/\/tourtravelandmore.com\/es\/tours\/polonia-es\/cracovia-es\/cracovia-actividades-es\/tour-privado-a-auschwitz-desde-cracovia\/\" \/>\n<meta property=\"og:site_name\" content=\"Tour Travel And More\" \/>\n<meta property=\"article:publisher\" content=\"https:\/\/www.facebook.com\/tourtravelandmore\/\" \/>\n<meta property=\"article:modified_time\" content=\"2024-01-15T10:18:30+00:00\" \/>\n<meta property=\"og:image\" content=\"https:\/\/tourtravelandmore.com\/wp-content\/uploads\/2020\/05\/Auschwitz_I_22_May_2010-1024x685.jpg\" \/>\n\t<meta property=\"og:image:width\" content=\"1024\" \/>\n\t<meta property=\"og:image:height\" content=\"685\" \/>\n\t<meta property=\"og:image:type\" content=\"image\/jpeg\" \/>\n<meta name=\"twitter:card\" content=\"summary_large_image\" \/>\n<meta name=\"twitter:site\" content=\"@TourTravel_More\" \/>\n<meta name=\"twitter:label1\" content=\"Tiempo de lectura\" \/>\n\t<meta name=\"twitter:data1\" content=\"3 minutos\" \/>\n<script type=\"application\/ld+json\" class=\"yoast-schema-graph\">{\"@context\":\"https:\/\/schema.org\",\"@graph\":[{\"@type\":\"WebPage\",\"@id\":\"https:\/\/tourtravelandmore.com\/es\/tours\/polonia-es\/cracovia-es\/cracovia-actividades-es\/tour-privado-a-auschwitz-desde-cracovia\/\",\"url\":\"https:\/\/tourtravelandmore.com\/es\/tours\/polonia-es\/cracovia-es\/cracovia-actividades-es\/tour-privado-a-auschwitz-desde-cracovia\/\",\"name\":\"\u27a1\ufe0f Tour Privado a Auschwitz desde Cracovia con chofer privado | Tour Travel & More\",\"isPartOf\":{\"@id\":\"https:\/\/tourtravelandmore.com\/es\/#website\"},\"primaryImageOfPage\":{\"@id\":\"https:\/\/tourtravelandmore.com\/es\/tours\/polonia-es\/cracovia-es\/cracovia-actividades-es\/tour-privado-a-auschwitz-desde-cracovia\/#primaryimage\"},\"image\":{\"@id\":\"https:\/\/tourtravelandmore.com\/es\/tours\/polonia-es\/cracovia-es\/cracovia-actividades-es\/tour-privado-a-auschwitz-desde-cracovia\/#primaryimage\"},\"thumbnailUrl\":\"https:\/\/tourtravelandmore.com\/wp-content\/uploads\/2020\/05\/Auschwitz_I_22_May_2010.jpg\",\"datePublished\":\"2020-05-12T09:46:35+00:00\",\"dateModified\":\"2024-01-15T10:18:30+00:00\",\"description\":\"Visite el sitio donde uno de los cap\u00edtulos m\u00e1s oscuros de la Segunda Guerra Mundial sucedi\u00f3 con nuestro Tour Privado a Auschwitz \u2705\",\"breadcrumb\":{\"@id\":\"https:\/\/tourtravelandmore.com\/es\/tours\/polonia-es\/cracovia-es\/cracovia-actividades-es\/tour-privado-a-auschwitz-desde-cracovia\/#breadcrumb\"},\"inLanguage\":\"es\",\"potentialAction\":[{\"@type\":\"ReadAction\",\"target\":[\"https:\/\/tourtravelandmore.com\/es\/tours\/polonia-es\/cracovia-es\/cracovia-actividades-es\/tour-privado-a-auschwitz-desde-cracovia\/\"]}]},{\"@type\":\"ImageObject\",\"inLanguage\":\"es\",\"@id\":\"https:\/\/tourtravelandmore.com\/es\/tours\/polonia-es\/cracovia-es\/cracovia-actividades-es\/tour-privado-a-auschwitz-desde-cracovia\/#primaryimage\",\"url\":\"https:\/\/tourtravelandmore.com\/wp-content\/uploads\/2020\/05\/Auschwitz_I_22_May_2010.jpg\",\"contentUrl\":\"https:\/\/tourtravelandmore.com\/wp-content\/uploads\/2020\/05\/Auschwitz_I_22_May_2010.jpg\",\"width\":2560,\"height\":1714},{\"@type\":\"BreadcrumbList\",\"@id\":\"https:\/\/tourtravelandmore.com\/es\/tours\/polonia-es\/cracovia-es\/cracovia-actividades-es\/tour-privado-a-auschwitz-desde-cracovia\/#breadcrumb\",\"itemListElement\":[{\"@type\":\"ListItem\",\"position\":1,\"name\":\"Home\",\"item\":\"https:\/\/tourtravelandmore.com\/es\/\"},{\"@type\":\"ListItem\",\"position\":2,\"name\":\"Tours\",\"item\":\"https:\/\/tourtravelandmore.com\/es\/tours\/\"},{\"@type\":\"ListItem\",\"position\":3,\"name\":\"Tour Privado a Auschwitz desde Cracovia\"}]},{\"@type\":\"WebSite\",\"@id\":\"https:\/\/tourtravelandmore.com\/es\/#website\",\"url\":\"https:\/\/tourtravelandmore.com\/es\/\",\"name\":\"Tour Travel And More\",\"description\":\"Private sightseeing tours and luxury transfers in Spain\",\"publisher\":{\"@id\":\"https:\/\/tourtravelandmore.com\/es\/#organization\"},\"potentialAction\":[{\"@type\":\"SearchAction\",\"target\":{\"@type\":\"EntryPoint\",\"urlTemplate\":\"https:\/\/tourtravelandmore.com\/es\/?s={search_term_string}\"},\"query-input\":{\"@type\":\"PropertyValueSpecification\",\"valueRequired\":true,\"valueName\":\"search_term_string\"}}],\"inLanguage\":\"es\"},{\"@type\":\"Organization\",\"@id\":\"https:\/\/tourtravelandmore.com\/es\/#organization\",\"name\":\"Tour Travel And More\",\"url\":\"https:\/\/tourtravelandmore.com\/es\/\",\"logo\":{\"@type\":\"ImageObject\",\"inLanguage\":\"es\",\"@id\":\"https:\/\/tourtravelandmore.com\/es\/#\/schema\/logo\/image\/\",\"url\":\"https:\/\/tourtravelandmore.com\/wp-content\/uploads\/2022\/12\/cropped-logo-cabecera-new.png\",\"contentUrl\":\"https:\/\/tourtravelandmore.com\/wp-content\/uploads\/2022\/12\/cropped-logo-cabecera-new.png\",\"width\":430,\"height\":61,\"caption\":\"Tour Travel And More\"},\"image\":{\"@id\":\"https:\/\/tourtravelandmore.com\/es\/#\/schema\/logo\/image\/\"},\"sameAs\":[\"https:\/\/www.facebook.com\/tourtravelandmore\/\",\"https:\/\/x.com\/TourTravel_More\"]}]}<\/script>\n<!-- \/ Yoast SEO Premium plugin. -->","yoast_head_json":{"title":"\u27a1\ufe0f Tour Privado a Auschwitz desde Cracovia con chofer privado | Tour Travel & More","description":"Visite el sitio donde uno de los cap\u00edtulos m\u00e1s oscuros de la Segunda Guerra Mundial sucedi\u00f3 con nuestro Tour Privado a Auschwitz \u2705","robots":{"index":"index","follow":"follow","max-snippet":"max-snippet:-1","max-image-preview":"max-image-preview:large","max-video-preview":"max-video-preview:-1"},"canonical":"https:\/\/tourtravelandmore.com\/es\/tours\/polonia-es\/cracovia-es\/cracovia-actividades-es\/tour-privado-a-auschwitz-desde-cracovia\/","og_locale":"es_ES","og_type":"article","og_title":"Tour Privado a Auschwitz desde Cracovia","og_description":"Visite el sitio donde uno de los cap\u00edtulos m\u00e1s oscuros de la Segunda Guerra Mundial sucedi\u00f3 con nuestro Tour Privado a Auschwitz \u2705","og_url":"https:\/\/tourtravelandmore.com\/es\/tours\/polonia-es\/cracovia-es\/cracovia-actividades-es\/tour-privado-a-auschwitz-desde-cracovia\/","og_site_name":"Tour Travel And More","article_publisher":"https:\/\/www.facebook.com\/tourtravelandmore\/","article_modified_time":"2024-01-15T10:18:30+00:00","og_image":[{"width":1024,"height":685,"url":"https:\/\/tourtravelandmore.com\/wp-content\/uploads\/2020\/05\/Auschwitz_I_22_May_2010-1024x685.jpg","type":"image\/jpeg"}],"twitter_card":"summary_large_image","twitter_site":"@TourTravel_More","twitter_misc":{"Tiempo de lectura":"3 minutos"},"schema":{"@context":"https:\/\/schema.org","@graph":[{"@type":"WebPage","@id":"https:\/\/tourtravelandmore.com\/es\/tours\/polonia-es\/cracovia-es\/cracovia-actividades-es\/tour-privado-a-auschwitz-desde-cracovia\/","url":"https:\/\/tourtravelandmore.com\/es\/tours\/polonia-es\/cracovia-es\/cracovia-actividades-es\/tour-privado-a-auschwitz-desde-cracovia\/","name":"\u27a1\ufe0f Tour Privado a Auschwitz desde Cracovia con chofer privado | Tour Travel & More","isPartOf":{"@id":"https:\/\/tourtravelandmore.com\/es\/#website"},"primaryImageOfPage":{"@id":"https:\/\/tourtravelandmore.com\/es\/tours\/polonia-es\/cracovia-es\/cracovia-actividades-es\/tour-privado-a-auschwitz-desde-cracovia\/#primaryimage"},"image":{"@id":"https:\/\/tourtravelandmore.com\/es\/tours\/polonia-es\/cracovia-es\/cracovia-actividades-es\/tour-privado-a-auschwitz-desde-cracovia\/#primaryimage"},"thumbnailUrl":"https:\/\/tourtravelandmore.com\/wp-content\/uploads\/2020\/05\/Auschwitz_I_22_May_2010.jpg","datePublished":"2020-05-12T09:46:35+00:00","dateModified":"2024-01-15T10:18:30+00:00","description":"Visite el sitio donde uno de los cap\u00edtulos m\u00e1s oscuros de la Segunda Guerra Mundial sucedi\u00f3 con nuestro Tour Privado a Auschwitz \u2705","breadcrumb":{"@id":"https:\/\/tourtravelandmore.com\/es\/tours\/polonia-es\/cracovia-es\/cracovia-actividades-es\/tour-privado-a-auschwitz-desde-cracovia\/#breadcrumb"},"inLanguage":"es","potentialAction":[{"@type":"ReadAction","target":["https:\/\/tourtravelandmore.com\/es\/tours\/polonia-es\/cracovia-es\/cracovia-actividades-es\/tour-privado-a-auschwitz-desde-cracovia\/"]}]},{"@type":"ImageObject","inLanguage":"es","@id":"https:\/\/tourtravelandmore.com\/es\/tours\/polonia-es\/cracovia-es\/cracovia-actividades-es\/tour-privado-a-auschwitz-desde-cracovia\/#primaryimage","url":"https:\/\/tourtravelandmore.com\/wp-content\/uploads\/2020\/05\/Auschwitz_I_22_May_2010.jpg","contentUrl":"https:\/\/tourtravelandmore.com\/wp-content\/uploads\/2020\/05\/Auschwitz_I_22_May_2010.jpg","width":2560,"height":1714},{"@type":"BreadcrumbList","@id":"https:\/\/tourtravelandmore.com\/es\/tours\/polonia-es\/cracovia-es\/cracovia-actividades-es\/tour-privado-a-auschwitz-desde-cracovia\/#breadcrumb","itemListElement":[{"@type":"ListItem","position":1,"name":"Home","item":"https:\/\/tourtravelandmore.com\/es\/"},{"@type":"ListItem","position":2,"name":"Tours","item":"https:\/\/tourtravelandmore.com\/es\/tours\/"},{"@type":"ListItem","position":3,"name":"Tour Privado a Auschwitz desde Cracovia"}]},{"@type":"WebSite","@id":"https:\/\/tourtravelandmore.com\/es\/#website","url":"https:\/\/tourtravelandmore.com\/es\/","name":"Tour Travel And More","description":"Private sightseeing tours and luxury transfers in Spain","publisher":{"@id":"https:\/\/tourtravelandmore.com\/es\/#organization"},"potentialAction":[{"@type":"SearchAction","target":{"@type":"EntryPoint","urlTemplate":"https:\/\/tourtravelandmore.com\/es\/?s={search_term_string}"},"query-input":{"@type":"PropertyValueSpecification","valueRequired":true,"valueName":"search_term_string"}}],"inLanguage":"es"},{"@type":"Organization","@id":"https:\/\/tourtravelandmore.com\/es\/#organization","name":"Tour Travel And More","url":"https:\/\/tourtravelandmore.com\/es\/","logo":{"@type":"ImageObject","inLanguage":"es","@id":"https:\/\/tourtravelandmore.com\/es\/#\/schema\/logo\/image\/","url":"https:\/\/tourtravelandmore.com\/wp-content\/uploads\/2022\/12\/cropped-logo-cabecera-new.png","contentUrl":"https:\/\/tourtravelandmore.com\/wp-content\/uploads\/2022\/12\/cropped-logo-cabecera-new.png","width":430,"height":61,"caption":"Tour Travel And More"},"image":{"@id":"https:\/\/tourtravelandmore.com\/es\/#\/schema\/logo\/image\/"},"sameAs":["https:\/\/www.facebook.com\/tourtravelandmore\/","https:\/\/x.com\/TourTravel_More"]}]}},"_links":{"self":[{"href":"https:\/\/tourtravelandmore.com\/es\/wp-json\/wp\/v2\/product\/79691","targetHints":{"allow":["GET"]}}],"collection":[{"href":"https:\/\/tourtravelandmore.com\/es\/wp-json\/wp\/v2\/product"}],"about":[{"href":"https:\/\/tourtravelandmore.com\/es\/wp-json\/wp\/v2\/types\/product"}],"replies":[{"embeddable":true,"href":"https:\/\/tourtravelandmore.com\/es\/wp-json\/wp\/v2\/comments?post=79691"}],"wp:featuredmedia":[{"embeddable":true,"href":"https:\/\/tourtravelandmore.com\/es\/wp-json\/wp\/v2\/media\/79709"}],"wp:attachment":[{"href":"https:\/\/tourtravelandmore.com\/es\/wp-json\/wp\/v2\/media?parent=79691"}],"wp:term":[{"taxonomy":"product_brand","embeddable":true,"href":"https:\/\/tourtravelandmore.com\/es\/wp-json\/wp\/v2\/product_brand?post=79691"},{"taxonomy":"product_cat","embeddable":true,"href":"https:\/\/tourtravelandmore.com\/es\/wp-json\/wp\/v2\/product_cat?post=79691"},{"taxonomy":"product_tag","embeddable":true,"href":"https:\/\/tourtravelandmore.com\/es\/wp-json\/wp\/v2\/product_tag?post=79691"}],"curies":[{"name":"wp","href":"https:\/\/api.w.org\/{rel}","templated":true}]}}