{"id":78626,"date":"2020-03-18T13:51:59","date_gmt":"2020-03-18T12:52:01","guid":{"rendered":"https:\/\/tourtravelandmore.com\/?post_type=product&#038;p=78626"},"modified":"2024-10-31T17:25:05","modified_gmt":"2024-10-31T16:25:05","slug":"tour-privado-a-trier-desde-luxemburgo","status":"publish","type":"product","link":"https:\/\/tourtravelandmore.com\/es\/tours\/luxemburgo\/luxemburgo-es-luxemburgo\/tour-privado-a-trier-desde-luxemburgo\/","title":{"rendered":"Tour Privado a Trier desde Luxemburgo"},"content":{"rendered":"<h2 id=\"tw-target-text\" class=\"tw-data-text tw-text-large XcVN5d tw-ta\" dir=\"ltr\" data-placeholder=\"Traducci\u00f3n\"><span lang=\"es\">Descripci\u00f3n<\/span><\/h2>\n<p>Si te gusta el turismo hist\u00f3rico, entonces te encantar\u00e1 este <strong>Tour Privado a por Trier desde Luxemburgo<\/strong>. <span class=\"JLqJ4b ChMk0b\" data-language-for-alternatives=\"es\" data-language-to-translate-into=\"en\" data-phrase-index=\"1\">Es la ciudad m\u00e1s antigua de Alemania y al lado de Constantinopla (hoy Estambul). Fue una de las dos capitales m\u00e1s importantes de la Antigua Roma. <\/span><\/p>\n<p><span class=\"JLqJ4b ChMk0b\" data-language-for-alternatives=\"es\" data-language-to-translate-into=\"en\" data-phrase-index=\"1\"><span class=\"JLqJ4b\" data-language-for-alternatives=\"es\" data-language-to-translate-into=\"en\" data-phrase-index=\"3\">Si decide tomar este Tour Privado a Trier desde Luxemburgo con nosotros, disfrutar\u00e1 de su propio veh\u00edculo privado y conductor. La compa\u00f1\u00eda de un gu\u00eda biling\u00fce que conoce la historia, costumbres y arquitectura de Trier y adem\u00e1s disfrutar\u00e1 de los 9 patrimonios hist\u00f3ricos protegidos por este hermoso pueblo. <\/span><\/span><\/p>\n<p><span class=\"JLqJ4b ChMk0b\" data-language-for-alternatives=\"es\" data-language-to-translate-into=\"en\" data-phrase-index=\"1\"><span class=\"JLqJ4b\" data-language-for-alternatives=\"es\" data-language-to-translate-into=\"en\" data-phrase-index=\"3\">Si est\u00e1s en Luxemburgo, no pierdas la oportunidad de conocer esta pintoresca ciudad. Est\u00e1 a solo una hora en coche de la capital del Gran Ducado.<\/span><\/span><\/p>\n<h2>Puntos emblem\u00e1ticos y de inter\u00e9s<\/h2>\n<p>Lo recogeremos en el punto de encuentro que elija en la ciudad de Luxemburgo. Dentro del veh\u00edculo privado estar\u00e1 su gu\u00eda, quien le dar\u00e1 la bienvenida al recorrido y le har\u00e1 un resumen de la historia de Trier. Disfrute de los sitios que puedes visitar, este es el momento ideal para que indiques qu\u00e9 te gustar\u00eda hacer en la antigua ciudad romana.<\/p>\n<p>Sabr\u00e1 que ha llegado a su destino cuando note la <strong>Puerta Negra<\/strong>. Es la entrada de estilo romano m\u00e1s grande del mundo. Aqu\u00ed nos detendremos para que puedas admirar lo impresionante de la construcci\u00f3n y tomar varias fotograf\u00edas de la fachada. Luego nos dirigiremos al casco antiguo para llegar a la <strong>Bas\u00edlica de Constantino<\/strong>, cuya b\u00f3veda alberga el trono de este emperador.<\/p>\n<p>Tambi\u00e9n tendremos la oportunidad de visitar el <strong>Anfiteatro Romano<\/strong> que data del siglo II. Aqu\u00ed se llevaron a cabo ejecuciones frente a una audiencia de 20 mil personas. Otra joya escondida dentro de la ciudad es la <strong>Catedral de San Pedro<\/strong> donde a\u00fan se conservan altares, muros y tumbas del siglo X. Si eres uno de los valientes que se atreve a bajar sus escaleras, entonces tendr\u00e1s la oportunidad de conocer al guardi\u00e1n del lugar.<\/p>\n<p>El \u00faltimo lugar que visitaremos ser\u00e1 la <strong>Plaza del Mercado<\/strong>. El lugar ideal para comer, realizar las t\u00edpicas compras de souvenirs y admirar la vida tranquila de los lugare\u00f1os. Tomar\u00e1s una foto con la <strong>Fuente de San Pedro<\/strong> al fondo.<\/p>\n<p>Luego lo llevaremos de regreso a su hotel o lugar de elecci\u00f3n. Aqu\u00ed es donde terminar\u00e1 este Tour Privado a Trier desde Luxemburgo.<\/p>\n<h2>Datos curiosos de Trier<\/h2>\n<p>Dependiendo del idioma que hable, ya sea alem\u00e1n, espa\u00f1ol o franc\u00e9s, el nombre de la ciudad cambiar\u00e1. <span class=\"JLqJ4b ChMk0b\" data-language-for-alternatives=\"es\" data-language-to-translate-into=\"en\" data-phrase-index=\"1\">Para los primeros, el lugar se llama Trier, tal y como hemos escrito a lo largo de este resumen del recorrido. Sin embargo, en espa\u00f1ol debes pronunciar Tr\u00e9veris y en franc\u00e9s Tr\u00e9ves. Adem\u00e1s de este cambio de nombre, Trier tambi\u00e9n es famosa por ser la \u00fanica ciudad de Alemania que limita con 4 pa\u00edses. Esto ser\u00eda: Luxemburgo, B\u00e9lgica, Francia y Suiza. <\/span><\/p>\n<p><span class=\"JLqJ4b ChMk0b\" data-language-for-alternatives=\"es\" data-language-to-translate-into=\"en\" data-phrase-index=\"1\"><span class=\"JLqJ4b\" data-language-for-alternatives=\"es\" data-language-to-translate-into=\"en\" data-phrase-index=\"5\">El \u00faltimo dato que queremos se\u00f1alar es que aunque es un pueblo peque\u00f1o. En \u00e9l se guardan muchos vestigios de la historia de la humanidad, por ello la UNESCO decidi\u00f3 nombrarlo<strong> Patrimonio Cultural de la Humanidad<\/strong>, ya que en sus calles hay pinturas, esculturas y edificios que f\u00e1cilmente pueden haber visto la luz desde el a\u00f1o 180 d.C. <\/span><\/span><\/p>\n<p><a href=\"\/?product_cat=luxemburgo-es\"><span class=\"JLqJ4b ChMk0b\" data-language-for-alternatives=\"es\" data-language-to-translate-into=\"en\" data-phrase-index=\"1\"><span class=\"JLqJ4b\" data-language-for-alternatives=\"es\" data-language-to-translate-into=\"en\" data-phrase-index=\"5\">Consulte los otros tours privados que ofrecemos en el pa\u00eds de Luxemburgo.<\/span><\/span><\/a><\/p>\n","protected":false},"excerpt":{"rendered":"<p>Disfrute explorando los lugares m\u00e1s hermosos de<strong> Trier<\/strong> y sus encantadoras estructuras, en este <strong>tour de d\u00eda completo totalmente personalizado<\/strong>. Su gu\u00eda oficial privado\u00a0junto a su chofer privado los llevaran a conocer los lugares mas importantes tales como\u00a0<strong>Basilica de Constantino, la Catedral de San Pedro<\/strong>\u00a0y muchos m\u00e1s.<\/p>\n<p>&nbsp;<\/p>\n","protected":false},"featured_media":78637,"comment_status":"open","ping_status":"closed","template":"","meta":{"_acf_changed":false},"product_brand":[],"product_cat":[2133,2136,2135],"product_tag":[],"class_list":{"0":"post-78626","1":"product","2":"type-product","3":"status-publish","4":"has-post-thumbnail","6":"product_cat-luxemburgo-es-luxemburgo","7":"product_cat-actividades-es","8":"product_cat-excursiones-es","10":"first","11":"instock","12":"shipping-taxable","13":"purchasable","14":"product-type-simple"},"acf":[],"yoast_head":"<!-- This site is optimized with the Yoast SEO Premium plugin v25.3.1 (Yoast SEO v25.3.1) - https:\/\/yoast.com\/wordpress\/plugins\/seo\/ -->\n<title>Tour Privado a Trier desde Luxemburgo en veh\u00edculo privado<\/title>\n<meta name=\"description\" content=\"Tour Privado de dia completo a Trier. Conozca los lugares mas emblematicos de la ciudad alemana junto con su gu\u00eda oficial y chofer privado.\" \/>\n<meta name=\"robots\" content=\"index, follow, max-snippet:-1, max-image-preview:large, max-video-preview:-1\" \/>\n<link rel=\"canonical\" href=\"https:\/\/tourtravelandmore.com\/es\/tours\/luxemburgo\/luxemburgo-es-luxemburgo\/tour-privado-a-trier-desde-luxemburgo\/\" \/>\n<meta property=\"og:locale\" content=\"es_ES\" \/>\n<meta property=\"og:type\" content=\"article\" \/>\n<meta property=\"og:title\" content=\"Tour Privado a Trier desde Luxemburgo\" \/>\n<meta property=\"og:description\" content=\"Tour Privado de dia completo a Trier. Conozca los lugares mas emblematicos de la ciudad alemana junto con su gu\u00eda oficial y chofer privado.\" \/>\n<meta property=\"og:url\" content=\"https:\/\/tourtravelandmore.com\/es\/tours\/luxemburgo\/luxemburgo-es-luxemburgo\/tour-privado-a-trier-desde-luxemburgo\/\" \/>\n<meta property=\"og:site_name\" content=\"Tour Travel And More\" \/>\n<meta property=\"article:publisher\" content=\"https:\/\/www.facebook.com\/tourtravelandmore\/\" \/>\n<meta property=\"article:modified_time\" content=\"2024-10-31T16:25:05+00:00\" \/>\n<meta property=\"og:image\" content=\"https:\/\/tourtravelandmore.com\/wp-content\/uploads\/2020\/03\/trier-1-1024x683.jpg\" \/>\n\t<meta property=\"og:image:width\" content=\"1024\" \/>\n\t<meta property=\"og:image:height\" content=\"683\" \/>\n\t<meta property=\"og:image:type\" content=\"image\/jpeg\" \/>\n<meta name=\"twitter:card\" content=\"summary_large_image\" \/>\n<meta name=\"twitter:site\" content=\"@TourTravel_More\" \/>\n<meta name=\"twitter:label1\" content=\"Tiempo de lectura\" \/>\n\t<meta name=\"twitter:data1\" content=\"3 minutos\" \/>\n<script type=\"application\/ld+json\" class=\"yoast-schema-graph\">{\"@context\":\"https:\/\/schema.org\",\"@graph\":[{\"@type\":\"WebPage\",\"@id\":\"https:\/\/tourtravelandmore.com\/es\/tours\/luxemburgo\/luxemburgo-es-luxemburgo\/tour-privado-a-trier-desde-luxemburgo\/\",\"url\":\"https:\/\/tourtravelandmore.com\/es\/tours\/luxemburgo\/luxemburgo-es-luxemburgo\/tour-privado-a-trier-desde-luxemburgo\/\",\"name\":\"Tour Privado a Trier desde Luxemburgo en veh\u00edculo privado\",\"isPartOf\":{\"@id\":\"https:\/\/tourtravelandmore.com\/es\/#website\"},\"primaryImageOfPage\":{\"@id\":\"https:\/\/tourtravelandmore.com\/es\/tours\/luxemburgo\/luxemburgo-es-luxemburgo\/tour-privado-a-trier-desde-luxemburgo\/#primaryimage\"},\"image\":{\"@id\":\"https:\/\/tourtravelandmore.com\/es\/tours\/luxemburgo\/luxemburgo-es-luxemburgo\/tour-privado-a-trier-desde-luxemburgo\/#primaryimage\"},\"thumbnailUrl\":\"https:\/\/tourtravelandmore.com\/wp-content\/uploads\/2020\/03\/trier-1.jpg\",\"datePublished\":\"2020-03-18T12:52:01+00:00\",\"dateModified\":\"2024-10-31T16:25:05+00:00\",\"description\":\"Tour Privado de dia completo a Trier. Conozca los lugares mas emblematicos de la ciudad alemana junto con su gu\u00eda oficial y chofer privado.\",\"breadcrumb\":{\"@id\":\"https:\/\/tourtravelandmore.com\/es\/tours\/luxemburgo\/luxemburgo-es-luxemburgo\/tour-privado-a-trier-desde-luxemburgo\/#breadcrumb\"},\"inLanguage\":\"es\",\"potentialAction\":[{\"@type\":\"ReadAction\",\"target\":[\"https:\/\/tourtravelandmore.com\/es\/tours\/luxemburgo\/luxemburgo-es-luxemburgo\/tour-privado-a-trier-desde-luxemburgo\/\"]}]},{\"@type\":\"ImageObject\",\"inLanguage\":\"es\",\"@id\":\"https:\/\/tourtravelandmore.com\/es\/tours\/luxemburgo\/luxemburgo-es-luxemburgo\/tour-privado-a-trier-desde-luxemburgo\/#primaryimage\",\"url\":\"https:\/\/tourtravelandmore.com\/wp-content\/uploads\/2020\/03\/trier-1.jpg\",\"contentUrl\":\"https:\/\/tourtravelandmore.com\/wp-content\/uploads\/2020\/03\/trier-1.jpg\",\"width\":2560,\"height\":1706,\"caption\":\"{{de|Trier, Dom mit Fahnenschmuck anl\u00e4\u00dflich der Heilig Rock Tage}}{{en|Germany, Trier, cathedral}}\"},{\"@type\":\"BreadcrumbList\",\"@id\":\"https:\/\/tourtravelandmore.com\/es\/tours\/luxemburgo\/luxemburgo-es-luxemburgo\/tour-privado-a-trier-desde-luxemburgo\/#breadcrumb\",\"itemListElement\":[{\"@type\":\"ListItem\",\"position\":1,\"name\":\"Home\",\"item\":\"https:\/\/tourtravelandmore.com\/es\/\"},{\"@type\":\"ListItem\",\"position\":2,\"name\":\"Tours\",\"item\":\"https:\/\/tourtravelandmore.com\/es\/tours\/\"},{\"@type\":\"ListItem\",\"position\":3,\"name\":\"Tour Privado a Trier desde Luxemburgo\"}]},{\"@type\":\"WebSite\",\"@id\":\"https:\/\/tourtravelandmore.com\/es\/#website\",\"url\":\"https:\/\/tourtravelandmore.com\/es\/\",\"name\":\"Tour Travel And More\",\"description\":\"Private sightseeing tours and luxury transfers in Spain\",\"publisher\":{\"@id\":\"https:\/\/tourtravelandmore.com\/es\/#organization\"},\"potentialAction\":[{\"@type\":\"SearchAction\",\"target\":{\"@type\":\"EntryPoint\",\"urlTemplate\":\"https:\/\/tourtravelandmore.com\/es\/?s={search_term_string}\"},\"query-input\":{\"@type\":\"PropertyValueSpecification\",\"valueRequired\":true,\"valueName\":\"search_term_string\"}}],\"inLanguage\":\"es\"},{\"@type\":\"Organization\",\"@id\":\"https:\/\/tourtravelandmore.com\/es\/#organization\",\"name\":\"Tour Travel And More\",\"url\":\"https:\/\/tourtravelandmore.com\/es\/\",\"logo\":{\"@type\":\"ImageObject\",\"inLanguage\":\"es\",\"@id\":\"https:\/\/tourtravelandmore.com\/es\/#\/schema\/logo\/image\/\",\"url\":\"https:\/\/tourtravelandmore.com\/wp-content\/uploads\/2022\/12\/cropped-logo-cabecera-new.png\",\"contentUrl\":\"https:\/\/tourtravelandmore.com\/wp-content\/uploads\/2022\/12\/cropped-logo-cabecera-new.png\",\"width\":430,\"height\":61,\"caption\":\"Tour Travel And More\"},\"image\":{\"@id\":\"https:\/\/tourtravelandmore.com\/es\/#\/schema\/logo\/image\/\"},\"sameAs\":[\"https:\/\/www.facebook.com\/tourtravelandmore\/\",\"https:\/\/x.com\/TourTravel_More\"]}]}<\/script>\n<!-- \/ Yoast SEO Premium plugin. -->","yoast_head_json":{"title":"Tour Privado a Trier desde Luxemburgo en veh\u00edculo privado","description":"Tour Privado de dia completo a Trier. Conozca los lugares mas emblematicos de la ciudad alemana junto con su gu\u00eda oficial y chofer privado.","robots":{"index":"index","follow":"follow","max-snippet":"max-snippet:-1","max-image-preview":"max-image-preview:large","max-video-preview":"max-video-preview:-1"},"canonical":"https:\/\/tourtravelandmore.com\/es\/tours\/luxemburgo\/luxemburgo-es-luxemburgo\/tour-privado-a-trier-desde-luxemburgo\/","og_locale":"es_ES","og_type":"article","og_title":"Tour Privado a Trier desde Luxemburgo","og_description":"Tour Privado de dia completo a Trier. Conozca los lugares mas emblematicos de la ciudad alemana junto con su gu\u00eda oficial y chofer privado.","og_url":"https:\/\/tourtravelandmore.com\/es\/tours\/luxemburgo\/luxemburgo-es-luxemburgo\/tour-privado-a-trier-desde-luxemburgo\/","og_site_name":"Tour Travel And More","article_publisher":"https:\/\/www.facebook.com\/tourtravelandmore\/","article_modified_time":"2024-10-31T16:25:05+00:00","og_image":[{"width":1024,"height":683,"url":"https:\/\/tourtravelandmore.com\/wp-content\/uploads\/2020\/03\/trier-1-1024x683.jpg","type":"image\/jpeg"}],"twitter_card":"summary_large_image","twitter_site":"@TourTravel_More","twitter_misc":{"Tiempo de lectura":"3 minutos"},"schema":{"@context":"https:\/\/schema.org","@graph":[{"@type":"WebPage","@id":"https:\/\/tourtravelandmore.com\/es\/tours\/luxemburgo\/luxemburgo-es-luxemburgo\/tour-privado-a-trier-desde-luxemburgo\/","url":"https:\/\/tourtravelandmore.com\/es\/tours\/luxemburgo\/luxemburgo-es-luxemburgo\/tour-privado-a-trier-desde-luxemburgo\/","name":"Tour Privado a Trier desde Luxemburgo en veh\u00edculo privado","isPartOf":{"@id":"https:\/\/tourtravelandmore.com\/es\/#website"},"primaryImageOfPage":{"@id":"https:\/\/tourtravelandmore.com\/es\/tours\/luxemburgo\/luxemburgo-es-luxemburgo\/tour-privado-a-trier-desde-luxemburgo\/#primaryimage"},"image":{"@id":"https:\/\/tourtravelandmore.com\/es\/tours\/luxemburgo\/luxemburgo-es-luxemburgo\/tour-privado-a-trier-desde-luxemburgo\/#primaryimage"},"thumbnailUrl":"https:\/\/tourtravelandmore.com\/wp-content\/uploads\/2020\/03\/trier-1.jpg","datePublished":"2020-03-18T12:52:01+00:00","dateModified":"2024-10-31T16:25:05+00:00","description":"Tour Privado de dia completo a Trier. Conozca los lugares mas emblematicos de la ciudad alemana junto con su gu\u00eda oficial y chofer privado.","breadcrumb":{"@id":"https:\/\/tourtravelandmore.com\/es\/tours\/luxemburgo\/luxemburgo-es-luxemburgo\/tour-privado-a-trier-desde-luxemburgo\/#breadcrumb"},"inLanguage":"es","potentialAction":[{"@type":"ReadAction","target":["https:\/\/tourtravelandmore.com\/es\/tours\/luxemburgo\/luxemburgo-es-luxemburgo\/tour-privado-a-trier-desde-luxemburgo\/"]}]},{"@type":"ImageObject","inLanguage":"es","@id":"https:\/\/tourtravelandmore.com\/es\/tours\/luxemburgo\/luxemburgo-es-luxemburgo\/tour-privado-a-trier-desde-luxemburgo\/#primaryimage","url":"https:\/\/tourtravelandmore.com\/wp-content\/uploads\/2020\/03\/trier-1.jpg","contentUrl":"https:\/\/tourtravelandmore.com\/wp-content\/uploads\/2020\/03\/trier-1.jpg","width":2560,"height":1706,"caption":"{{de|Trier, Dom mit Fahnenschmuck anl\u00e4\u00dflich der Heilig Rock Tage}}{{en|Germany, Trier, cathedral}}"},{"@type":"BreadcrumbList","@id":"https:\/\/tourtravelandmore.com\/es\/tours\/luxemburgo\/luxemburgo-es-luxemburgo\/tour-privado-a-trier-desde-luxemburgo\/#breadcrumb","itemListElement":[{"@type":"ListItem","position":1,"name":"Home","item":"https:\/\/tourtravelandmore.com\/es\/"},{"@type":"ListItem","position":2,"name":"Tours","item":"https:\/\/tourtravelandmore.com\/es\/tours\/"},{"@type":"ListItem","position":3,"name":"Tour Privado a Trier desde Luxemburgo"}]},{"@type":"WebSite","@id":"https:\/\/tourtravelandmore.com\/es\/#website","url":"https:\/\/tourtravelandmore.com\/es\/","name":"Tour Travel And More","description":"Private sightseeing tours and luxury transfers in Spain","publisher":{"@id":"https:\/\/tourtravelandmore.com\/es\/#organization"},"potentialAction":[{"@type":"SearchAction","target":{"@type":"EntryPoint","urlTemplate":"https:\/\/tourtravelandmore.com\/es\/?s={search_term_string}"},"query-input":{"@type":"PropertyValueSpecification","valueRequired":true,"valueName":"search_term_string"}}],"inLanguage":"es"},{"@type":"Organization","@id":"https:\/\/tourtravelandmore.com\/es\/#organization","name":"Tour Travel And More","url":"https:\/\/tourtravelandmore.com\/es\/","logo":{"@type":"ImageObject","inLanguage":"es","@id":"https:\/\/tourtravelandmore.com\/es\/#\/schema\/logo\/image\/","url":"https:\/\/tourtravelandmore.com\/wp-content\/uploads\/2022\/12\/cropped-logo-cabecera-new.png","contentUrl":"https:\/\/tourtravelandmore.com\/wp-content\/uploads\/2022\/12\/cropped-logo-cabecera-new.png","width":430,"height":61,"caption":"Tour Travel And More"},"image":{"@id":"https:\/\/tourtravelandmore.com\/es\/#\/schema\/logo\/image\/"},"sameAs":["https:\/\/www.facebook.com\/tourtravelandmore\/","https:\/\/x.com\/TourTravel_More"]}]}},"_links":{"self":[{"href":"https:\/\/tourtravelandmore.com\/es\/wp-json\/wp\/v2\/product\/78626","targetHints":{"allow":["GET"]}}],"collection":[{"href":"https:\/\/tourtravelandmore.com\/es\/wp-json\/wp\/v2\/product"}],"about":[{"href":"https:\/\/tourtravelandmore.com\/es\/wp-json\/wp\/v2\/types\/product"}],"replies":[{"embeddable":true,"href":"https:\/\/tourtravelandmore.com\/es\/wp-json\/wp\/v2\/comments?post=78626"}],"wp:featuredmedia":[{"embeddable":true,"href":"https:\/\/tourtravelandmore.com\/es\/wp-json\/wp\/v2\/media\/78637"}],"wp:attachment":[{"href":"https:\/\/tourtravelandmore.com\/es\/wp-json\/wp\/v2\/media?parent=78626"}],"wp:term":[{"taxonomy":"product_brand","embeddable":true,"href":"https:\/\/tourtravelandmore.com\/es\/wp-json\/wp\/v2\/product_brand?post=78626"},{"taxonomy":"product_cat","embeddable":true,"href":"https:\/\/tourtravelandmore.com\/es\/wp-json\/wp\/v2\/product_cat?post=78626"},{"taxonomy":"product_tag","embeddable":true,"href":"https:\/\/tourtravelandmore.com\/es\/wp-json\/wp\/v2\/product_tag?post=78626"}],"curies":[{"name":"wp","href":"https:\/\/api.w.org\/{rel}","templated":true}]}}