{"id":65782,"date":"2019-09-07T23:38:22","date_gmt":"2019-09-07T21:38:22","guid":{"rendered":"https:\/\/tourtravelandmore.com\/?post_type=product&#038;p=65782"},"modified":"2022-11-15T20:29:16","modified_gmt":"2022-11-15T19:29:16","slug":"tour-privado-de-nuremberg-desde-munich","status":"publish","type":"product","link":"https:\/\/tourtravelandmore.com\/es\/tours\/alemania-es\/munich-es\/tour-privado-de-nuremberg-desde-munich\/","title":{"rendered":"Tour Privado a N\u00faremberg desde Munich"},"content":{"rendered":"<h2><strong>Descripci\u00f3n del Tour Privado a N\u00faremberg desde M\u00fanich<\/strong><\/h2>\n<p>Admire la gran arquitectura y el casco hist\u00f3rico de <strong>N\u00faremberg<\/strong> durante este <strong>tour privado a N\u00faremberg desde M\u00fanich<\/strong>. Tendr\u00e1 un <strong>conductor\/gu\u00eda privado<\/strong> a su completa disposici\u00f3n en un <strong>veh\u00edculo privado de lujo<\/strong>.<\/p>\n<p><strong>N\u00faremberg<\/strong> es una ciudad ubicada al norte de Baviera. Se distingue por su arquitectura medieval, como las fortificaciones y torres de piedra de su Casco Antiguo (Altstadt).<\/p>\n<p>Esta incre\u00edble ciudad es una de las m\u00e1s bellas de Alemania. Tiene una arquitectura \u00fanica y una muralla medieval que rodea el casco antiguo.<\/p>\n<p>Con este tour privado de N\u00faremberg desde M\u00fanich, tendr\u00e1 la oportunidad de admirar una ciudad \u00fanica junto con un conductor \/ gu\u00eda profesional.<\/p>\n<p>Tenemos m\u00faltiples opciones de tours privados en y desde M\u00fanich, eche un vistazo a <a href=\"https:\/\/tourtravelandmore.com\/es\/ciudad\/alemania-es\/munich-es\/\">nuestra lista de tours privados<\/a>.<\/p>\n<h2><strong>Puntos de inter\u00e9s en el Tour Privado a N\u00faremberg desde M\u00fanich<\/strong><\/h2>\n<p>En primer lugar, su conductor\/gu\u00eda privado lo recoger\u00e1 de su hotel o lugar de elecci\u00f3n en M\u00fanich.<\/p>\n<p><strong>N\u00faremberg<\/strong> es conocida por ser el epicentro de la Campa\u00f1a de Propaganda Nazi y, parad\u00f3jicamente, el sitio principal de los Juicios Nazis. A su llegada, ser\u00e1 testigo de una de las vistas urbanas m\u00e1s hermosas que muestran sus casas medievales y estructuras g\u00f3ticas.<\/p>\n<p>Entre los sitios que visitar\u00e1, le ofrecemos:<\/p>\n<ul>\n<li><a href=\"https:\/\/www.kaiserburg-nuernberg.de\">Castillo de Nuremberg, Kaiserburg<\/a><\/li>\n<li><strong>Germanisches National Museum<\/strong><\/li>\n<li><strong>Palacio de Justicia<\/strong><\/li>\n<li><strong>Popa de Zum Guldenen<\/strong><\/li>\n<li><strong>Museo del Transporte<\/strong><\/li>\n<li><strong>Iglesia de San Lorenzo<\/strong><\/li>\n<li><strong>Iglesia de San Sebaldus<\/strong><\/li>\n<li><strong>Museo del Juguete<\/strong><\/li>\n<li><strong>Museo Neues<\/strong><\/li>\n<li><strong>Turm der Sinne<\/strong><\/li>\n<li><strong>Sch\u00f6ner Brunnen<\/strong><\/li>\n<li><strong>Frauenkirche<\/strong><\/li>\n<li>\u00a1Y muchos m\u00e1s lugares en este tour privado!<\/li>\n<\/ul>\n<p>Durante este tour privado tambi\u00e9n har\u00e1s una parada para almorzar en un restaurante t\u00edpico de la zona. En caso de que lo prefiera, podemos hacer una reserva solo para usted y su grupo.<\/p>\n<p>Este es un ejemplo de las mejores cosas para visitar y ver en 10 horas en el tour privado a N\u00faremberg. Al ser un tour privado, podemos personalizar el recorrido para que se ajuste a sus necesidades exactas. Estamos especializados en tours privados y para que disfrutes de una estad\u00eda \u00fanica. Disfruta de lo mejor de la ciudad con <strong>Tour Travel &amp; More<\/strong>.<\/p>\n<p>Finalmente, su conductor\/gu\u00eda privado lo llevar\u00e1 de regreso a su hotel o punto de partida en M\u00fanich.<\/p>\n","protected":false},"excerpt":{"rendered":"<p>Disfrute de uno de nuestros tours <strong>&#8220;Best Seller&#8221;<\/strong> desde <strong>Munich<\/strong> y admire la incre\u00edble ciudad de <strong>N\u00faremberg<\/strong> junto con un conductor\/gu\u00eda profesional. Conduce por los lugares y monumentos m\u00e1s importantes, como el <strong>Castillo de N\u00faremberg<\/strong>, <strong>el Palacio de Justicia<\/strong>, la <strong>Iglesia de San Lorenzo<\/strong> y \u00a1mucho m\u00e1s!.<\/p>\n","protected":false},"featured_media":65872,"comment_status":"open","ping_status":"closed","template":"","meta":{"_acf_changed":false},"product_brand":[],"product_cat":[456,457,459,458],"product_tag":[],"class_list":{"0":"post-65782","1":"product","2":"type-product","3":"status-publish","4":"has-post-thumbnail","6":"product_cat-munich-es","7":"product_cat-munich-actividades-es","8":"product_cat-munich-rutas-turisticas-privadas-es","9":"product_cat-munich-excursiones-es","11":"first","12":"instock","13":"shipping-taxable","14":"purchasable","15":"product-type-simple"},"acf":[],"yoast_head":"<!-- This site is optimized with the Yoast SEO Premium plugin v25.3.1 (Yoast SEO v25.3.1) - https:\/\/yoast.com\/wordpress\/plugins\/seo\/ -->\n<title>Tour Privado a N\u00faremberg desde Munich con chofer\/gu\u00eda | TTM<\/title>\n<meta name=\"description\" content=\"Tour privado a N\u00faremberg con chofer\/gu\u00eda oficial. Conozca sus lugares m\u00e1s emblem\u00e1ticos en un veh\u00edculo privado desde la ciudad de Munich \u2705\" \/>\n<meta name=\"robots\" content=\"index, follow, max-snippet:-1, max-image-preview:large, max-video-preview:-1\" \/>\n<link rel=\"canonical\" href=\"https:\/\/tourtravelandmore.com\/es\/tours\/alemania-es\/munich-es\/tour-privado-de-nuremberg-desde-munich\/\" \/>\n<meta property=\"og:locale\" content=\"es_ES\" \/>\n<meta property=\"og:type\" content=\"article\" \/>\n<meta property=\"og:title\" content=\"Tour Privado a N\u00faremberg desde Munich\" \/>\n<meta property=\"og:description\" content=\"Tour privado a N\u00faremberg con chofer\/gu\u00eda oficial. Conozca sus lugares m\u00e1s emblem\u00e1ticos en un veh\u00edculo privado desde la ciudad de Munich \u2705\" \/>\n<meta property=\"og:url\" content=\"https:\/\/tourtravelandmore.com\/es\/tours\/alemania-es\/munich-es\/tour-privado-de-nuremberg-desde-munich\/\" \/>\n<meta property=\"og:site_name\" content=\"Tour Travel And More\" \/>\n<meta property=\"article:publisher\" content=\"https:\/\/www.facebook.com\/tourtravelandmore\/\" \/>\n<meta property=\"article:modified_time\" content=\"2022-11-15T19:29:16+00:00\" \/>\n<meta property=\"og:image\" content=\"https:\/\/tourtravelandmore.com\/wp-content\/uploads\/2019\/09\/nuremberg.4.jpg\" \/>\n\t<meta property=\"og:image:width\" content=\"960\" \/>\n\t<meta property=\"og:image:height\" content=\"628\" \/>\n\t<meta property=\"og:image:type\" content=\"image\/jpeg\" \/>\n<meta name=\"twitter:card\" content=\"summary_large_image\" \/>\n<meta name=\"twitter:site\" content=\"@TourTravel_More\" \/>\n<meta name=\"twitter:label1\" content=\"Tiempo de lectura\" \/>\n\t<meta name=\"twitter:data1\" content=\"2 minutos\" \/>\n<script type=\"application\/ld+json\" class=\"yoast-schema-graph\">{\"@context\":\"https:\/\/schema.org\",\"@graph\":[{\"@type\":\"WebPage\",\"@id\":\"https:\/\/tourtravelandmore.com\/es\/tours\/alemania-es\/munich-es\/tour-privado-de-nuremberg-desde-munich\/\",\"url\":\"https:\/\/tourtravelandmore.com\/es\/tours\/alemania-es\/munich-es\/tour-privado-de-nuremberg-desde-munich\/\",\"name\":\"Tour Privado a N\u00faremberg desde Munich con chofer\/gu\u00eda | TTM\",\"isPartOf\":{\"@id\":\"https:\/\/tourtravelandmore.com\/es\/#website\"},\"primaryImageOfPage\":{\"@id\":\"https:\/\/tourtravelandmore.com\/es\/tours\/alemania-es\/munich-es\/tour-privado-de-nuremberg-desde-munich\/#primaryimage\"},\"image\":{\"@id\":\"https:\/\/tourtravelandmore.com\/es\/tours\/alemania-es\/munich-es\/tour-privado-de-nuremberg-desde-munich\/#primaryimage\"},\"thumbnailUrl\":\"https:\/\/tourtravelandmore.com\/wp-content\/uploads\/2019\/09\/nuremberg.4.jpg\",\"datePublished\":\"2019-09-07T21:38:22+00:00\",\"dateModified\":\"2022-11-15T19:29:16+00:00\",\"description\":\"Tour privado a N\u00faremberg con chofer\/gu\u00eda oficial. Conozca sus lugares m\u00e1s emblem\u00e1ticos en un veh\u00edculo privado desde la ciudad de Munich \u2705\",\"breadcrumb\":{\"@id\":\"https:\/\/tourtravelandmore.com\/es\/tours\/alemania-es\/munich-es\/tour-privado-de-nuremberg-desde-munich\/#breadcrumb\"},\"inLanguage\":\"es\",\"potentialAction\":[{\"@type\":\"ReadAction\",\"target\":[\"https:\/\/tourtravelandmore.com\/es\/tours\/alemania-es\/munich-es\/tour-privado-de-nuremberg-desde-munich\/\"]}]},{\"@type\":\"ImageObject\",\"inLanguage\":\"es\",\"@id\":\"https:\/\/tourtravelandmore.com\/es\/tours\/alemania-es\/munich-es\/tour-privado-de-nuremberg-desde-munich\/#primaryimage\",\"url\":\"https:\/\/tourtravelandmore.com\/wp-content\/uploads\/2019\/09\/nuremberg.4.jpg\",\"contentUrl\":\"https:\/\/tourtravelandmore.com\/wp-content\/uploads\/2019\/09\/nuremberg.4.jpg\",\"width\":960,\"height\":628},{\"@type\":\"BreadcrumbList\",\"@id\":\"https:\/\/tourtravelandmore.com\/es\/tours\/alemania-es\/munich-es\/tour-privado-de-nuremberg-desde-munich\/#breadcrumb\",\"itemListElement\":[{\"@type\":\"ListItem\",\"position\":1,\"name\":\"Home\",\"item\":\"https:\/\/tourtravelandmore.com\/es\/\"},{\"@type\":\"ListItem\",\"position\":2,\"name\":\"Tours\",\"item\":\"https:\/\/tourtravelandmore.com\/es\/tours\/\"},{\"@type\":\"ListItem\",\"position\":3,\"name\":\"Tour Privado a N\u00faremberg desde Munich\"}]},{\"@type\":\"WebSite\",\"@id\":\"https:\/\/tourtravelandmore.com\/es\/#website\",\"url\":\"https:\/\/tourtravelandmore.com\/es\/\",\"name\":\"Tour Travel And More\",\"description\":\"Private sightseeing tours and luxury transfers in Spain\",\"publisher\":{\"@id\":\"https:\/\/tourtravelandmore.com\/es\/#organization\"},\"potentialAction\":[{\"@type\":\"SearchAction\",\"target\":{\"@type\":\"EntryPoint\",\"urlTemplate\":\"https:\/\/tourtravelandmore.com\/es\/?s={search_term_string}\"},\"query-input\":{\"@type\":\"PropertyValueSpecification\",\"valueRequired\":true,\"valueName\":\"search_term_string\"}}],\"inLanguage\":\"es\"},{\"@type\":\"Organization\",\"@id\":\"https:\/\/tourtravelandmore.com\/es\/#organization\",\"name\":\"Tour Travel And More\",\"url\":\"https:\/\/tourtravelandmore.com\/es\/\",\"logo\":{\"@type\":\"ImageObject\",\"inLanguage\":\"es\",\"@id\":\"https:\/\/tourtravelandmore.com\/es\/#\/schema\/logo\/image\/\",\"url\":\"https:\/\/tourtravelandmore.com\/wp-content\/uploads\/2022\/12\/cropped-logo-cabecera-new.png\",\"contentUrl\":\"https:\/\/tourtravelandmore.com\/wp-content\/uploads\/2022\/12\/cropped-logo-cabecera-new.png\",\"width\":430,\"height\":61,\"caption\":\"Tour Travel And More\"},\"image\":{\"@id\":\"https:\/\/tourtravelandmore.com\/es\/#\/schema\/logo\/image\/\"},\"sameAs\":[\"https:\/\/www.facebook.com\/tourtravelandmore\/\",\"https:\/\/x.com\/TourTravel_More\"]}]}<\/script>\n<!-- \/ Yoast SEO Premium plugin. -->","yoast_head_json":{"title":"Tour Privado a N\u00faremberg desde Munich con chofer\/gu\u00eda | TTM","description":"Tour privado a N\u00faremberg con chofer\/gu\u00eda oficial. Conozca sus lugares m\u00e1s emblem\u00e1ticos en un veh\u00edculo privado desde la ciudad de Munich \u2705","robots":{"index":"index","follow":"follow","max-snippet":"max-snippet:-1","max-image-preview":"max-image-preview:large","max-video-preview":"max-video-preview:-1"},"canonical":"https:\/\/tourtravelandmore.com\/es\/tours\/alemania-es\/munich-es\/tour-privado-de-nuremberg-desde-munich\/","og_locale":"es_ES","og_type":"article","og_title":"Tour Privado a N\u00faremberg desde Munich","og_description":"Tour privado a N\u00faremberg con chofer\/gu\u00eda oficial. Conozca sus lugares m\u00e1s emblem\u00e1ticos en un veh\u00edculo privado desde la ciudad de Munich \u2705","og_url":"https:\/\/tourtravelandmore.com\/es\/tours\/alemania-es\/munich-es\/tour-privado-de-nuremberg-desde-munich\/","og_site_name":"Tour Travel And More","article_publisher":"https:\/\/www.facebook.com\/tourtravelandmore\/","article_modified_time":"2022-11-15T19:29:16+00:00","og_image":[{"width":960,"height":628,"url":"https:\/\/tourtravelandmore.com\/wp-content\/uploads\/2019\/09\/nuremberg.4.jpg","type":"image\/jpeg"}],"twitter_card":"summary_large_image","twitter_site":"@TourTravel_More","twitter_misc":{"Tiempo de lectura":"2 minutos"},"schema":{"@context":"https:\/\/schema.org","@graph":[{"@type":"WebPage","@id":"https:\/\/tourtravelandmore.com\/es\/tours\/alemania-es\/munich-es\/tour-privado-de-nuremberg-desde-munich\/","url":"https:\/\/tourtravelandmore.com\/es\/tours\/alemania-es\/munich-es\/tour-privado-de-nuremberg-desde-munich\/","name":"Tour Privado a N\u00faremberg desde Munich con chofer\/gu\u00eda | TTM","isPartOf":{"@id":"https:\/\/tourtravelandmore.com\/es\/#website"},"primaryImageOfPage":{"@id":"https:\/\/tourtravelandmore.com\/es\/tours\/alemania-es\/munich-es\/tour-privado-de-nuremberg-desde-munich\/#primaryimage"},"image":{"@id":"https:\/\/tourtravelandmore.com\/es\/tours\/alemania-es\/munich-es\/tour-privado-de-nuremberg-desde-munich\/#primaryimage"},"thumbnailUrl":"https:\/\/tourtravelandmore.com\/wp-content\/uploads\/2019\/09\/nuremberg.4.jpg","datePublished":"2019-09-07T21:38:22+00:00","dateModified":"2022-11-15T19:29:16+00:00","description":"Tour privado a N\u00faremberg con chofer\/gu\u00eda oficial. Conozca sus lugares m\u00e1s emblem\u00e1ticos en un veh\u00edculo privado desde la ciudad de Munich \u2705","breadcrumb":{"@id":"https:\/\/tourtravelandmore.com\/es\/tours\/alemania-es\/munich-es\/tour-privado-de-nuremberg-desde-munich\/#breadcrumb"},"inLanguage":"es","potentialAction":[{"@type":"ReadAction","target":["https:\/\/tourtravelandmore.com\/es\/tours\/alemania-es\/munich-es\/tour-privado-de-nuremberg-desde-munich\/"]}]},{"@type":"ImageObject","inLanguage":"es","@id":"https:\/\/tourtravelandmore.com\/es\/tours\/alemania-es\/munich-es\/tour-privado-de-nuremberg-desde-munich\/#primaryimage","url":"https:\/\/tourtravelandmore.com\/wp-content\/uploads\/2019\/09\/nuremberg.4.jpg","contentUrl":"https:\/\/tourtravelandmore.com\/wp-content\/uploads\/2019\/09\/nuremberg.4.jpg","width":960,"height":628},{"@type":"BreadcrumbList","@id":"https:\/\/tourtravelandmore.com\/es\/tours\/alemania-es\/munich-es\/tour-privado-de-nuremberg-desde-munich\/#breadcrumb","itemListElement":[{"@type":"ListItem","position":1,"name":"Home","item":"https:\/\/tourtravelandmore.com\/es\/"},{"@type":"ListItem","position":2,"name":"Tours","item":"https:\/\/tourtravelandmore.com\/es\/tours\/"},{"@type":"ListItem","position":3,"name":"Tour Privado a N\u00faremberg desde Munich"}]},{"@type":"WebSite","@id":"https:\/\/tourtravelandmore.com\/es\/#website","url":"https:\/\/tourtravelandmore.com\/es\/","name":"Tour Travel And More","description":"Private sightseeing tours and luxury transfers in Spain","publisher":{"@id":"https:\/\/tourtravelandmore.com\/es\/#organization"},"potentialAction":[{"@type":"SearchAction","target":{"@type":"EntryPoint","urlTemplate":"https:\/\/tourtravelandmore.com\/es\/?s={search_term_string}"},"query-input":{"@type":"PropertyValueSpecification","valueRequired":true,"valueName":"search_term_string"}}],"inLanguage":"es"},{"@type":"Organization","@id":"https:\/\/tourtravelandmore.com\/es\/#organization","name":"Tour Travel And More","url":"https:\/\/tourtravelandmore.com\/es\/","logo":{"@type":"ImageObject","inLanguage":"es","@id":"https:\/\/tourtravelandmore.com\/es\/#\/schema\/logo\/image\/","url":"https:\/\/tourtravelandmore.com\/wp-content\/uploads\/2022\/12\/cropped-logo-cabecera-new.png","contentUrl":"https:\/\/tourtravelandmore.com\/wp-content\/uploads\/2022\/12\/cropped-logo-cabecera-new.png","width":430,"height":61,"caption":"Tour Travel And More"},"image":{"@id":"https:\/\/tourtravelandmore.com\/es\/#\/schema\/logo\/image\/"},"sameAs":["https:\/\/www.facebook.com\/tourtravelandmore\/","https:\/\/x.com\/TourTravel_More"]}]}},"_links":{"self":[{"href":"https:\/\/tourtravelandmore.com\/es\/wp-json\/wp\/v2\/product\/65782","targetHints":{"allow":["GET"]}}],"collection":[{"href":"https:\/\/tourtravelandmore.com\/es\/wp-json\/wp\/v2\/product"}],"about":[{"href":"https:\/\/tourtravelandmore.com\/es\/wp-json\/wp\/v2\/types\/product"}],"replies":[{"embeddable":true,"href":"https:\/\/tourtravelandmore.com\/es\/wp-json\/wp\/v2\/comments?post=65782"}],"wp:featuredmedia":[{"embeddable":true,"href":"https:\/\/tourtravelandmore.com\/es\/wp-json\/wp\/v2\/media\/65872"}],"wp:attachment":[{"href":"https:\/\/tourtravelandmore.com\/es\/wp-json\/wp\/v2\/media?parent=65782"}],"wp:term":[{"taxonomy":"product_brand","embeddable":true,"href":"https:\/\/tourtravelandmore.com\/es\/wp-json\/wp\/v2\/product_brand?post=65782"},{"taxonomy":"product_cat","embeddable":true,"href":"https:\/\/tourtravelandmore.com\/es\/wp-json\/wp\/v2\/product_cat?post=65782"},{"taxonomy":"product_tag","embeddable":true,"href":"https:\/\/tourtravelandmore.com\/es\/wp-json\/wp\/v2\/product_tag?post=65782"}],"curies":[{"name":"wp","href":"https:\/\/api.w.org\/{rel}","templated":true}]}}