{"id":27921,"date":"2018-10-18T18:05:38","date_gmt":"2018-10-18T16:05:40","guid":{"rendered":"http:\/\/tourtravelandmore.com\/es\/tours\/amsterdam-es\/tour-privado-a-la-haya-desde-amsterdam\/"},"modified":"2024-01-12T11:43:08","modified_gmt":"2024-01-12T10:43:08","slug":"tour-privado-a-la-haya-desde-amsterdam","status":"publish","type":"product","link":"https:\/\/tourtravelandmore.com\/es\/tours\/paises-bajos-es\/amsterdam-es\/tour-privado-a-la-haya-desde-amsterdam\/","title":{"rendered":"Tour Privado a La Haya desde Amsterdam"},"content":{"rendered":"<h2><strong>Descripci\u00f3n Tour Privado a La Haya desde \u00c1msterdam<\/strong><\/h2>\n<p><span style=\"font-weight: 400;\">La Haya es una de las ciudades m\u00e1s imponentes e importantes de toda Europa. Si est\u00e1s de paseo por \u00c1msterdam, puedes contratar nuestro <\/span><b>Tour Privado a La Haya desde \u00c1msterdam<\/b><span style=\"font-weight: 400;\">, en el cual estar\u00e1s acompa\u00f1ado de un gu\u00eda privado que te narrar\u00e1 los datos hist\u00f3ricos m\u00e1s importantes de la famosa \u201cCiudad de la Corte\u201d.\u00a0<\/span><\/p>\n<p><span style=\"font-weight: 400;\">El objetivo es que el paseo se ajuste a tus necesidades e intereses.\u00a0<\/span><\/p>\n<p><span style=\"font-weight: 400;\">Te<\/span><b> trasladaremos en un c\u00f3modo coche hasta la Haya<\/b><span style=\"font-weight: 400;\">, la cual se sit\u00faa a 1 hora de \u00c1msterdam.\u00a0<\/span><\/p>\n<p><span style=\"font-weight: 400;\">Una vez en la ciudad, recorrer\u00e1s los edificios y monumentos m\u00e1s emblem\u00e1ticos de la urbe para sumergirte en la historia que envuelve a esta m\u00e1gica metr\u00f3poli se\u00f1orial.<\/span><\/p>\n<p><b>El recorrido tiene una duraci\u00f3n de 6 horas.<\/b><span style=\"font-weight: 400;\"> Cada momento del paseo est\u00e1 planificado para que descubras todos los rincones de la Haya, como El Binnenhof, la Sede del Parlamento, Panorama Mesdag, Playa Scheveningen, Canales de La Haya, Madurodam, entre muchos otros lugares m\u00e1s.\u00a0<\/span><\/p>\n<p><span style=\"font-weight: 400;\">Tambi\u00e9n, ver\u00e1s el edificio en donde funciona la Corte Internacional de Justicia, y la Corte Penal Internacional.\u00a0<\/span><\/p>\n<p><span style=\"font-weight: 400;\">El gu\u00eda te acompa\u00f1ar\u00e1 durante 2 horas. Despu\u00e9s dispondr\u00e1s de un tiempo libre para que te sumerjas por completo en la vida de la ciudad.\u00a0<\/span><\/p>\n<p><span style=\"font-weight: 400;\">Ser\u00e1 una excursi\u00f3n guiada en donde se mezclar\u00e1n la historia, la elegancia y la majestuosidad de la Haya, a trav\u00e9s de sus amplias avenidas, su imponente arquitectura y su gran cantidad de \u00e1reas verdes.\u00a0<\/span><\/p>\n<h2><strong>Puntos de inter\u00e9s en este tour privado<\/strong><\/h2>\n<p><span style=\"font-weight: 400;\">La visita guiada a la Haya desde \u00c1msterdam te har\u00e1 ver la ciudad desde otro punto de vista. Puesto que el gu\u00eda te llevar\u00e1 de la mano en un recorrido por la historia de sus edificios, calles y monumentos.\u00a0<\/span><\/p>\n<p><span style=\"font-weight: 400;\">Entre algunos de los monumentos que ver\u00e1s se encuentran los siguientes:\u00a0<\/span><\/p>\n<h3><span style=\"font-weight: 400; color: #d3af37;\">Parlamento Holand\u00e9s<\/span><\/h3>\n<p><span style=\"font-weight: 400;\">Tambi\u00e9n se le denomina el Binnenhof, y se trata de uno de los edificios m\u00e1s majestuosos e importantes de la ciudad.\u00a0<\/span><\/p>\n<p><span style=\"font-weight: 400;\">Dentro de \u00e9l est\u00e1n la c\u00e9lebre Sala de los Caballeros, la cual es reconocida en todo el mundo como una de las elegantes de toda Europa.\u00a0<\/span><\/p>\n<h3><span style=\"font-weight: 400; color: #d3af37;\">El Palacio Internacional de la Paz<\/span><\/h3>\n<p><span style=\"font-weight: 400;\">Este es el edificio que acoge al Tribunal Internacional de Justicia. Por eso, a sus alrededores ver\u00e1s mucho movimiento parlamentario.\u00a0<\/span><\/p>\n<p><span style=\"font-weight: 400;\">Se trata de uno de los puntos recomendados para visitar, y en el que podr\u00e1s tomar imponentes fotograf\u00edas como recuerdo de esta zona emblematica de la ciudad.\u00a0<\/span><\/p>\n<h3><span style=\"font-weight: 400; color: #d3af37;\">Scheveningen<\/span><\/h3>\n<p><span style=\"font-weight: 400;\">Este barrio costero forma parte de los 8 distritos de la ciudad, y es muy conocido porque fue inmortalizado en una de las grandes obras de Vincent Van Gogh.<\/span><\/p>\n<p><span style=\"font-weight: 400;\">Era una antigua zona pesquera que se ha convertido en la actualidad en una hermosa zona tur\u00edstica.\u00a0<\/span><\/p>\n<h3><span style=\"font-weight: 400; color: #d3af37;\">Palacio Noordeinde<\/span><\/h3>\n<p><span style=\"font-weight: 400;\">En este tour privado por la Haya tambi\u00e9n ver\u00e1s el Palacio Noordeinde, el cual es uno de los 4 palacios oficiales en los que se hospeda la familia Real Neerlandesa, y que tambi\u00e9n sirve como sitio de trabajo para los monarcas.\u00a0<\/span><\/p>\n<p><span style=\"font-weight: 400;\">Quedar\u00e1s impresionado con la elegancia de su arquitectura y con lo imponente de sus muros y ventanales.\u00a0<\/span><\/p>\n<p><span style=\"font-weight: 400;\">Adem\u00e1s de estos fascinantes lugares, en nuestro tour guiado vas a poder visitar:\u00a0<\/span><\/p>\n<ul>\n<li style=\"font-weight: 400;\" aria-level=\"1\"><strong>Madurodam<\/strong><\/li>\n<li style=\"font-weight: 400;\" aria-level=\"1\"><strong>Gevangenpoort<\/strong><\/li>\n<li style=\"font-weight: 400;\" aria-level=\"1\"><strong>Canales de La Haya<\/strong><\/li>\n<li style=\"font-weight: 400;\" aria-level=\"1\"><strong>Entre muchos otros sitios m\u00e1s.\u00a0<\/strong><\/li>\n<\/ul>\n<p><span style=\"font-weight: 400;\">Al finalizar la excursi\u00f3n, el coche te llevar\u00e1 de vuelta hasta \u00c1msterdam para que puedas retomar las fuerzas y contin\u00faes con tu visita tur\u00edstica.\u00a0<\/span><\/p>\n<p><span style=\"font-weight: 400;\">Si es de tu gusto, puedes contratar un paquete m\u00e1s completo con el <\/span><a href=\"https:\/\/tourtravelandmore.com\/es\/tours\/paises-bajos-es\/amsterdam-es\/tour-privado-a-la-haya-y-rotterdam\/\"><b>Tour por La Haya y Rotterdam<\/b><\/a><span style=\"font-weight: 400;\">, y esta forma comparar el incre\u00edble estilo de vida de estas 2 grandes ciudades de los Pa\u00edses Bajos.\u00a0<\/span><\/p>\n","protected":false},"excerpt":{"rendered":"<p><span style=\"font-weight: 400;\">Explora por completo la ciudad de La Haya junto a un gu\u00eda experto en un coche privado. Ser\u00e1 una excursi\u00f3n en donde podr\u00e1s admirar de cerca el<strong> Tribunal Internacional de Justicia, el Palacio Noordeinde, Gevangenpoort y muchos otros lugares atractivos.<\/strong> El tour incluye retorno a casa para que descanses y recuperes las fuerzas nuevamente en \u00c1msterdam. <\/span><\/p>\n","protected":false},"featured_media":114086,"comment_status":"open","ping_status":"closed","template":"","meta":{"_acf_changed":false},"product_brand":[],"product_cat":[975,976,977,985,986,987,990,991,992],"product_tag":[],"class_list":{"0":"post-27921","1":"product","2":"type-product","3":"status-publish","4":"has-post-thumbnail","6":"product_cat-amsterdam-es","7":"product_cat-amsterdam-actividades-es","8":"product_cat-amsterdam-rutas-turisticas-privadas-es","9":"product_cat-rotterdam-es","10":"product_cat-rotterdam-actividades-es","11":"product_cat-rotterdam-rutas-turisticas-privadas-es-es","12":"product_cat-la-haya-es","13":"product_cat-la-haya-actividades-es","14":"product_cat-la-haya-rutas-turisticas-privadas-es","16":"first","17":"instock","18":"shipping-taxable","19":"purchasable","20":"product-type-simple"},"acf":[],"yoast_head":"<!-- This site is optimized with the Yoast SEO Premium plugin v25.3.1 (Yoast SEO v25.3.1) - https:\/\/yoast.com\/wordpress\/plugins\/seo\/ -->\n<title>\u27a1\ufe0f Tour Privado a La Haya desde \u00c1msterdam con gu\u00eda y coche privado | Tour Travel &amp; More<\/title>\n<meta name=\"description\" content=\"\u00bfQuieres conocer la ciudad Sede del gobierno de los Pa\u00edses Bajos? T\u00f3mese unas horas para recorrer la imponente ciudad de La Haya \u2705\" \/>\n<meta name=\"robots\" content=\"index, follow, max-snippet:-1, max-image-preview:large, max-video-preview:-1\" \/>\n<link rel=\"canonical\" href=\"https:\/\/tourtravelandmore.com\/es\/tours\/paises-bajos-es\/amsterdam-es\/tour-privado-a-la-haya-desde-amsterdam\/\" \/>\n<meta property=\"og:locale\" content=\"es_ES\" \/>\n<meta property=\"og:type\" content=\"article\" \/>\n<meta property=\"og:title\" content=\"Tour Privado a La Haya desde Amsterdam\" \/>\n<meta property=\"og:description\" content=\"\u00bfQuieres conocer la ciudad Sede del gobierno de los Pa\u00edses Bajos? T\u00f3mese unas horas para recorrer la imponente ciudad de La Haya \u2705\" \/>\n<meta property=\"og:url\" content=\"https:\/\/tourtravelandmore.com\/es\/tours\/paises-bajos-es\/amsterdam-es\/tour-privado-a-la-haya-desde-amsterdam\/\" \/>\n<meta property=\"og:site_name\" content=\"Tour Travel And More\" \/>\n<meta property=\"article:publisher\" content=\"https:\/\/www.facebook.com\/tourtravelandmore\/\" \/>\n<meta property=\"article:modified_time\" content=\"2024-01-12T10:43:08+00:00\" \/>\n<meta property=\"og:image\" content=\"https:\/\/tourtravelandmore.com\/wp-content\/uploads\/2018\/10\/image48.jpg\" \/>\n\t<meta property=\"og:image:width\" content=\"782\" \/>\n\t<meta property=\"og:image:height\" content=\"497\" \/>\n\t<meta property=\"og:image:type\" content=\"image\/jpeg\" \/>\n<meta name=\"twitter:card\" content=\"summary_large_image\" \/>\n<meta name=\"twitter:site\" content=\"@TourTravel_More\" \/>\n<meta name=\"twitter:label1\" content=\"Tiempo de lectura\" \/>\n\t<meta name=\"twitter:data1\" content=\"3 minutos\" \/>\n<script type=\"application\/ld+json\" class=\"yoast-schema-graph\">{\"@context\":\"https:\/\/schema.org\",\"@graph\":[{\"@type\":\"WebPage\",\"@id\":\"https:\/\/tourtravelandmore.com\/es\/tours\/paises-bajos-es\/amsterdam-es\/tour-privado-a-la-haya-desde-amsterdam\/\",\"url\":\"https:\/\/tourtravelandmore.com\/es\/tours\/paises-bajos-es\/amsterdam-es\/tour-privado-a-la-haya-desde-amsterdam\/\",\"name\":\"\u27a1\ufe0f Tour Privado a La Haya desde \u00c1msterdam con gu\u00eda y coche privado | Tour Travel & More\",\"isPartOf\":{\"@id\":\"https:\/\/tourtravelandmore.com\/es\/#website\"},\"primaryImageOfPage\":{\"@id\":\"https:\/\/tourtravelandmore.com\/es\/tours\/paises-bajos-es\/amsterdam-es\/tour-privado-a-la-haya-desde-amsterdam\/#primaryimage\"},\"image\":{\"@id\":\"https:\/\/tourtravelandmore.com\/es\/tours\/paises-bajos-es\/amsterdam-es\/tour-privado-a-la-haya-desde-amsterdam\/#primaryimage\"},\"thumbnailUrl\":\"https:\/\/tourtravelandmore.com\/wp-content\/uploads\/2018\/10\/image48.jpg\",\"datePublished\":\"2018-10-18T16:05:40+00:00\",\"dateModified\":\"2024-01-12T10:43:08+00:00\",\"description\":\"\u00bfQuieres conocer la ciudad Sede del gobierno de los Pa\u00edses Bajos? T\u00f3mese unas horas para recorrer la imponente ciudad de La Haya \u2705\",\"breadcrumb\":{\"@id\":\"https:\/\/tourtravelandmore.com\/es\/tours\/paises-bajos-es\/amsterdam-es\/tour-privado-a-la-haya-desde-amsterdam\/#breadcrumb\"},\"inLanguage\":\"es\",\"potentialAction\":[{\"@type\":\"ReadAction\",\"target\":[\"https:\/\/tourtravelandmore.com\/es\/tours\/paises-bajos-es\/amsterdam-es\/tour-privado-a-la-haya-desde-amsterdam\/\"]}]},{\"@type\":\"ImageObject\",\"inLanguage\":\"es\",\"@id\":\"https:\/\/tourtravelandmore.com\/es\/tours\/paises-bajos-es\/amsterdam-es\/tour-privado-a-la-haya-desde-amsterdam\/#primaryimage\",\"url\":\"https:\/\/tourtravelandmore.com\/wp-content\/uploads\/2018\/10\/image48.jpg\",\"contentUrl\":\"https:\/\/tourtravelandmore.com\/wp-content\/uploads\/2018\/10\/image48.jpg\",\"width\":782,\"height\":497},{\"@type\":\"BreadcrumbList\",\"@id\":\"https:\/\/tourtravelandmore.com\/es\/tours\/paises-bajos-es\/amsterdam-es\/tour-privado-a-la-haya-desde-amsterdam\/#breadcrumb\",\"itemListElement\":[{\"@type\":\"ListItem\",\"position\":1,\"name\":\"Home\",\"item\":\"https:\/\/tourtravelandmore.com\/es\/\"},{\"@type\":\"ListItem\",\"position\":2,\"name\":\"Tours\",\"item\":\"https:\/\/tourtravelandmore.com\/es\/tours\/\"},{\"@type\":\"ListItem\",\"position\":3,\"name\":\"Tour Privado a La Haya desde Amsterdam\"}]},{\"@type\":\"WebSite\",\"@id\":\"https:\/\/tourtravelandmore.com\/es\/#website\",\"url\":\"https:\/\/tourtravelandmore.com\/es\/\",\"name\":\"Tour Travel And More\",\"description\":\"Private sightseeing tours and luxury transfers in Spain\",\"publisher\":{\"@id\":\"https:\/\/tourtravelandmore.com\/es\/#organization\"},\"potentialAction\":[{\"@type\":\"SearchAction\",\"target\":{\"@type\":\"EntryPoint\",\"urlTemplate\":\"https:\/\/tourtravelandmore.com\/es\/?s={search_term_string}\"},\"query-input\":{\"@type\":\"PropertyValueSpecification\",\"valueRequired\":true,\"valueName\":\"search_term_string\"}}],\"inLanguage\":\"es\"},{\"@type\":\"Organization\",\"@id\":\"https:\/\/tourtravelandmore.com\/es\/#organization\",\"name\":\"Tour Travel And More\",\"url\":\"https:\/\/tourtravelandmore.com\/es\/\",\"logo\":{\"@type\":\"ImageObject\",\"inLanguage\":\"es\",\"@id\":\"https:\/\/tourtravelandmore.com\/es\/#\/schema\/logo\/image\/\",\"url\":\"https:\/\/tourtravelandmore.com\/wp-content\/uploads\/2022\/12\/cropped-logo-cabecera-new.png\",\"contentUrl\":\"https:\/\/tourtravelandmore.com\/wp-content\/uploads\/2022\/12\/cropped-logo-cabecera-new.png\",\"width\":430,\"height\":61,\"caption\":\"Tour Travel And More\"},\"image\":{\"@id\":\"https:\/\/tourtravelandmore.com\/es\/#\/schema\/logo\/image\/\"},\"sameAs\":[\"https:\/\/www.facebook.com\/tourtravelandmore\/\",\"https:\/\/x.com\/TourTravel_More\"]}]}<\/script>\n<!-- \/ Yoast SEO Premium plugin. -->","yoast_head_json":{"title":"\u27a1\ufe0f Tour Privado a La Haya desde \u00c1msterdam con gu\u00eda y coche privado | Tour Travel & More","description":"\u00bfQuieres conocer la ciudad Sede del gobierno de los Pa\u00edses Bajos? T\u00f3mese unas horas para recorrer la imponente ciudad de La Haya \u2705","robots":{"index":"index","follow":"follow","max-snippet":"max-snippet:-1","max-image-preview":"max-image-preview:large","max-video-preview":"max-video-preview:-1"},"canonical":"https:\/\/tourtravelandmore.com\/es\/tours\/paises-bajos-es\/amsterdam-es\/tour-privado-a-la-haya-desde-amsterdam\/","og_locale":"es_ES","og_type":"article","og_title":"Tour Privado a La Haya desde Amsterdam","og_description":"\u00bfQuieres conocer la ciudad Sede del gobierno de los Pa\u00edses Bajos? T\u00f3mese unas horas para recorrer la imponente ciudad de La Haya \u2705","og_url":"https:\/\/tourtravelandmore.com\/es\/tours\/paises-bajos-es\/amsterdam-es\/tour-privado-a-la-haya-desde-amsterdam\/","og_site_name":"Tour Travel And More","article_publisher":"https:\/\/www.facebook.com\/tourtravelandmore\/","article_modified_time":"2024-01-12T10:43:08+00:00","og_image":[{"width":782,"height":497,"url":"https:\/\/tourtravelandmore.com\/wp-content\/uploads\/2018\/10\/image48.jpg","type":"image\/jpeg"}],"twitter_card":"summary_large_image","twitter_site":"@TourTravel_More","twitter_misc":{"Tiempo de lectura":"3 minutos"},"schema":{"@context":"https:\/\/schema.org","@graph":[{"@type":"WebPage","@id":"https:\/\/tourtravelandmore.com\/es\/tours\/paises-bajos-es\/amsterdam-es\/tour-privado-a-la-haya-desde-amsterdam\/","url":"https:\/\/tourtravelandmore.com\/es\/tours\/paises-bajos-es\/amsterdam-es\/tour-privado-a-la-haya-desde-amsterdam\/","name":"\u27a1\ufe0f Tour Privado a La Haya desde \u00c1msterdam con gu\u00eda y coche privado | Tour Travel & More","isPartOf":{"@id":"https:\/\/tourtravelandmore.com\/es\/#website"},"primaryImageOfPage":{"@id":"https:\/\/tourtravelandmore.com\/es\/tours\/paises-bajos-es\/amsterdam-es\/tour-privado-a-la-haya-desde-amsterdam\/#primaryimage"},"image":{"@id":"https:\/\/tourtravelandmore.com\/es\/tours\/paises-bajos-es\/amsterdam-es\/tour-privado-a-la-haya-desde-amsterdam\/#primaryimage"},"thumbnailUrl":"https:\/\/tourtravelandmore.com\/wp-content\/uploads\/2018\/10\/image48.jpg","datePublished":"2018-10-18T16:05:40+00:00","dateModified":"2024-01-12T10:43:08+00:00","description":"\u00bfQuieres conocer la ciudad Sede del gobierno de los Pa\u00edses Bajos? T\u00f3mese unas horas para recorrer la imponente ciudad de La Haya \u2705","breadcrumb":{"@id":"https:\/\/tourtravelandmore.com\/es\/tours\/paises-bajos-es\/amsterdam-es\/tour-privado-a-la-haya-desde-amsterdam\/#breadcrumb"},"inLanguage":"es","potentialAction":[{"@type":"ReadAction","target":["https:\/\/tourtravelandmore.com\/es\/tours\/paises-bajos-es\/amsterdam-es\/tour-privado-a-la-haya-desde-amsterdam\/"]}]},{"@type":"ImageObject","inLanguage":"es","@id":"https:\/\/tourtravelandmore.com\/es\/tours\/paises-bajos-es\/amsterdam-es\/tour-privado-a-la-haya-desde-amsterdam\/#primaryimage","url":"https:\/\/tourtravelandmore.com\/wp-content\/uploads\/2018\/10\/image48.jpg","contentUrl":"https:\/\/tourtravelandmore.com\/wp-content\/uploads\/2018\/10\/image48.jpg","width":782,"height":497},{"@type":"BreadcrumbList","@id":"https:\/\/tourtravelandmore.com\/es\/tours\/paises-bajos-es\/amsterdam-es\/tour-privado-a-la-haya-desde-amsterdam\/#breadcrumb","itemListElement":[{"@type":"ListItem","position":1,"name":"Home","item":"https:\/\/tourtravelandmore.com\/es\/"},{"@type":"ListItem","position":2,"name":"Tours","item":"https:\/\/tourtravelandmore.com\/es\/tours\/"},{"@type":"ListItem","position":3,"name":"Tour Privado a La Haya desde Amsterdam"}]},{"@type":"WebSite","@id":"https:\/\/tourtravelandmore.com\/es\/#website","url":"https:\/\/tourtravelandmore.com\/es\/","name":"Tour Travel And More","description":"Private sightseeing tours and luxury transfers in Spain","publisher":{"@id":"https:\/\/tourtravelandmore.com\/es\/#organization"},"potentialAction":[{"@type":"SearchAction","target":{"@type":"EntryPoint","urlTemplate":"https:\/\/tourtravelandmore.com\/es\/?s={search_term_string}"},"query-input":{"@type":"PropertyValueSpecification","valueRequired":true,"valueName":"search_term_string"}}],"inLanguage":"es"},{"@type":"Organization","@id":"https:\/\/tourtravelandmore.com\/es\/#organization","name":"Tour Travel And More","url":"https:\/\/tourtravelandmore.com\/es\/","logo":{"@type":"ImageObject","inLanguage":"es","@id":"https:\/\/tourtravelandmore.com\/es\/#\/schema\/logo\/image\/","url":"https:\/\/tourtravelandmore.com\/wp-content\/uploads\/2022\/12\/cropped-logo-cabecera-new.png","contentUrl":"https:\/\/tourtravelandmore.com\/wp-content\/uploads\/2022\/12\/cropped-logo-cabecera-new.png","width":430,"height":61,"caption":"Tour Travel And More"},"image":{"@id":"https:\/\/tourtravelandmore.com\/es\/#\/schema\/logo\/image\/"},"sameAs":["https:\/\/www.facebook.com\/tourtravelandmore\/","https:\/\/x.com\/TourTravel_More"]}]}},"_links":{"self":[{"href":"https:\/\/tourtravelandmore.com\/es\/wp-json\/wp\/v2\/product\/27921","targetHints":{"allow":["GET"]}}],"collection":[{"href":"https:\/\/tourtravelandmore.com\/es\/wp-json\/wp\/v2\/product"}],"about":[{"href":"https:\/\/tourtravelandmore.com\/es\/wp-json\/wp\/v2\/types\/product"}],"replies":[{"embeddable":true,"href":"https:\/\/tourtravelandmore.com\/es\/wp-json\/wp\/v2\/comments?post=27921"}],"wp:featuredmedia":[{"embeddable":true,"href":"https:\/\/tourtravelandmore.com\/es\/wp-json\/wp\/v2\/media\/114086"}],"wp:attachment":[{"href":"https:\/\/tourtravelandmore.com\/es\/wp-json\/wp\/v2\/media?parent=27921"}],"wp:term":[{"taxonomy":"product_brand","embeddable":true,"href":"https:\/\/tourtravelandmore.com\/es\/wp-json\/wp\/v2\/product_brand?post=27921"},{"taxonomy":"product_cat","embeddable":true,"href":"https:\/\/tourtravelandmore.com\/es\/wp-json\/wp\/v2\/product_cat?post=27921"},{"taxonomy":"product_tag","embeddable":true,"href":"https:\/\/tourtravelandmore.com\/es\/wp-json\/wp\/v2\/product_tag?post=27921"}],"curies":[{"name":"wp","href":"https:\/\/api.w.org\/{rel}","templated":true}]}}