{"id":19009,"date":"2018-03-09T14:46:34","date_gmt":"2018-03-09T13:46:38","guid":{"rendered":"http:\/\/tourtravelandmore.com\/es\/tours\/monaco-es\/tour-privado-de-riviera-francesa-chofer-guia-en-ingles\/"},"modified":"2022-08-15T09:39:47","modified_gmt":"2022-08-15T07:39:47","slug":"tour-privado-de-la-costa-azultourt","status":"publish","type":"product","link":"https:\/\/tourtravelandmore.com\/es\/tours\/francia\/monaco-es\/tour-privado-de-la-costa-azultourt\/","title":{"rendered":"Tour Privado de la Riviera Francesa con chofer\/gu\u00eda privado"},"content":{"rendered":"<h2><strong>Descripci\u00f3n del Tour Privado de la Riviera Francesa con chofer\/gu\u00eda privado<\/strong><\/h2>\n<p>Descubre los sitios m\u00e1s emblem\u00e1ticos de la regi\u00f3n con nuestro tour privado de la costa azul. Visita <strong>Niza, Eze, M\u00f3naco, Cannes y Saint Paul de Vence<\/strong> junto a un chofer\/gu\u00eda privado, quien le ense\u00f1ar\u00e1 los sitios m\u00e1s bonitos de la regi\u00f3n.<\/p>\n<p>El horario y sitio de recogida de su tour privado es adaptable a su deseo personal. Ofrecemos servicios de recogida privada desde M\u00f3naco, Cannes, Niza, el puerto Villefranche sur mer y alrededores.<\/p>\n<p>Este\u00a0<strong>tour privado<\/strong> es personalizable y usted podr\u00e1 organizarlo a medida. Puede hacerlo contactando con nosotros, un miembro de nuestro equipo de expertos le ayudar\u00e1 a diagramar un itinerario personalizado. Aqu\u00ed os dejamos un ejemplo de itinerario, el tour ser\u00e1 personalizado para que puedan visitar los sitios que desee ver en la maravillosa <strong>riviera francesa<\/strong>.<\/p>\n<h2><strong>Puntos de inter\u00e9s en el Tour Privado de la Riviera Francesa con chofer\/gu\u00eda privado<\/strong><\/h2>\n<p>Su chofer\/gu\u00eda le recoger\u00e1 en su hotel o lugar indicado, al horario elegido por vosotros. A continuaci\u00f3n comienzar\u00e1 su tour privado de la costa azul. Durante la primera parte del itinerario visitar\u00e1n los sitios m\u00e1s emblem\u00e1ticos de <strong>M\u00f3naco<\/strong>. All\u00ed podr\u00e1n visitar el palacio del pr\u00edncipe y su colecci\u00f3n de autos antiguos, seguir la ruta que hace el grand prix anual de F1, y ver sus hermosas casas y apartamentos. Luego seguir\u00e1n la ruta Grande Corniche hasta llegar a <strong>Eze<\/strong>, un peque\u00f1o pueblo situado a 427 metros sobre el nivel del mar. All\u00ed podr\u00e1n visitar el <a href=\"https:\/\/www.fragonard.com\/en\/factories\/eze\">laboratorio\/f\u00e1brica de Fragonard.<\/a>\u00a0 La tercera parada ser\u00e1 en <strong>Niza, la capital de la riviera francesa<\/strong>. All\u00ed visitar\u00e1n los sitios m\u00e1s importantes de la ciudad; como la ciudad vieja, la catedral de San Nicol\u00e1s (iglesia ortodoxa rusa que fue declarado como monumento nacional de Francia), la <strong>promenade des anglais<\/strong>\u00a0y les ponchettes, entre otros puntos de la ciudad. Si est\u00e1is interesado en visitar museos, como el Matisse o el Chagall, por favor h\u00e1ganoslo saber para acordar una visita guiada y las entradas.<br \/>\nVisitar\u00e1n el monte Boron, donde podr\u00e1n disfrutar de una vista privilegiada de la bah\u00eda de Villefranche.<br \/>\nLuego el tour continuar\u00e1 en <strong>Cannes<\/strong>, all\u00ed podr\u00e1 disfrutar de una caminata por la rambla de la ciudad y ver las hermosas edificaciones que posee la ciudad y su centro. Por \u00faltimo visitar\u00e1 el maravilloso pueblo medieval de <strong>Saint Paul de Vence<\/strong>. Este hermoso pueblo de monta\u00f1a es tambi\u00e9n conocido como el pueblo de los artistas. All\u00ed se encuentra uno de los museos m\u00e1s aclamados de Francia, la fundaci\u00f3n Maeght.<\/p>\n<p>Contar\u00e1n con su veh\u00edculo privado y chofer\/gu\u00eda durante la total duraci\u00f3n del tour. Recordar que este tour es personalizable y se puede ajustar a sus propios deseos e intereses. Por supuesto tendr\u00e1n tiempo libre durante su tour para degustar la maravillosa gastronom\u00eda local.<\/p>\n<p>La duraci\u00f3n de este tour es de 8 horas desde que los recogemos en su hotel hasta el retorno al mismo. Pero no dud\u00e9is en contactarnos si quer\u00e9is una duraci\u00f3n mayor o menor del tour.<\/p>\n","protected":false},"excerpt":{"rendered":"<p>Disfruta de este\u00a0<strong>tour privado<\/strong> a medida <strong>desde M\u00f3naco<\/strong> y visita la capital de la regi\u00f3n, <strong>Niza<\/strong>,\u00a0<strong>Eze<\/strong>, donde podr\u00e1n visitar el laboratorio de la\u00a0<strong>perfumer\u00eda Fragonard<\/strong>, el principado de\u00a0<strong>M\u00f3naco<\/strong>, la glamourosa ciudad de <strong>Cannes<\/strong>\u00a0y el hermoso pueblo medieval\u00a0<strong>Saint Paul de Vence<\/strong>. Toma la oportunidad de visitar y conocer la regi\u00f3n junto a un chofer\/guia privado, experto conocedor de la regi\u00f3n.<\/p>\n","protected":false},"featured_media":18854,"comment_status":"open","ping_status":"closed","template":"","meta":{"_acf_changed":false},"product_brand":[],"product_cat":[488,830,580,581,582],"product_tag":[],"class_list":{"0":"post-19009","1":"product","2":"type-product","3":"status-publish","4":"has-post-thumbnail","6":"product_cat-monaco-es","7":"product_cat-monaco-top-ventas-es","8":"product_cat-monaco-actividades-es","9":"product_cat-monaco-excursiones-es","10":"product_cat-monaco-excursiones-privadas-cruceros-es","12":"first","13":"instock","14":"shipping-taxable","15":"purchasable","16":"product-type-simple"},"acf":[],"yoast_head":"<!-- This site is optimized with the Yoast SEO Premium plugin v25.3.1 (Yoast SEO v25.3.1) - https:\/\/yoast.com\/wordpress\/plugins\/seo\/ -->\n<title>Tour Privado de la Costa Az\u00fal desde Monaco con chofer\/gu\u00eda privado | Tour Travel &amp; More<\/title>\n<meta name=\"description\" content=\"Tour privado de la costa azul desde M\u00f3naco con chofer\/gu\u00eda en veh\u00edculo privado de lujo. Visita los sitios m\u00e1s emblem\u00e1ticos de la riviera francesa! \u2705\" \/>\n<meta name=\"robots\" content=\"index, follow, max-snippet:-1, max-image-preview:large, max-video-preview:-1\" \/>\n<link rel=\"canonical\" href=\"https:\/\/tourtravelandmore.com\/es\/tours\/francia\/monaco-es\/tour-privado-de-la-costa-azultourt\/\" \/>\n<meta property=\"og:locale\" content=\"es_ES\" \/>\n<meta property=\"og:type\" content=\"article\" \/>\n<meta property=\"og:title\" content=\"Tour Privado de la Riviera Francesa con chofer\/gu\u00eda privado\" \/>\n<meta property=\"og:description\" content=\"Tour privado de la costa azul desde M\u00f3naco con chofer\/gu\u00eda en veh\u00edculo privado de lujo. Visita los sitios m\u00e1s emblem\u00e1ticos de la riviera francesa! \u2705\" \/>\n<meta property=\"og:url\" content=\"https:\/\/tourtravelandmore.com\/es\/tours\/francia\/monaco-es\/tour-privado-de-la-costa-azultourt\/\" \/>\n<meta property=\"og:site_name\" content=\"Tour Travel And More\" \/>\n<meta property=\"article:publisher\" content=\"https:\/\/www.facebook.com\/tourtravelandmore\/\" \/>\n<meta property=\"article:modified_time\" content=\"2022-08-15T07:39:47+00:00\" \/>\n<meta property=\"og:image\" content=\"https:\/\/tourtravelandmore.com\/wp-content\/uploads\/2018\/03\/SaintPauldeVence-1.jpg\" \/>\n\t<meta property=\"og:image:width\" content=\"1024\" \/>\n\t<meta property=\"og:image:height\" content=\"537\" \/>\n\t<meta property=\"og:image:type\" content=\"image\/jpeg\" \/>\n<meta name=\"twitter:card\" content=\"summary_large_image\" \/>\n<meta name=\"twitter:site\" content=\"@TourTravel_More\" \/>\n<meta name=\"twitter:label1\" content=\"Tiempo de lectura\" \/>\n\t<meta name=\"twitter:data1\" content=\"3 minutos\" \/>\n<script type=\"application\/ld+json\" class=\"yoast-schema-graph\">{\"@context\":\"https:\/\/schema.org\",\"@graph\":[{\"@type\":\"WebPage\",\"@id\":\"https:\/\/tourtravelandmore.com\/es\/tours\/francia\/monaco-es\/tour-privado-de-la-costa-azultourt\/\",\"url\":\"https:\/\/tourtravelandmore.com\/es\/tours\/francia\/monaco-es\/tour-privado-de-la-costa-azultourt\/\",\"name\":\"Tour Privado de la Costa Az\u00fal desde Monaco con chofer\/gu\u00eda privado | Tour Travel & More\",\"isPartOf\":{\"@id\":\"https:\/\/tourtravelandmore.com\/es\/#website\"},\"primaryImageOfPage\":{\"@id\":\"https:\/\/tourtravelandmore.com\/es\/tours\/francia\/monaco-es\/tour-privado-de-la-costa-azultourt\/#primaryimage\"},\"image\":{\"@id\":\"https:\/\/tourtravelandmore.com\/es\/tours\/francia\/monaco-es\/tour-privado-de-la-costa-azultourt\/#primaryimage\"},\"thumbnailUrl\":\"https:\/\/tourtravelandmore.com\/wp-content\/uploads\/2018\/03\/SaintPauldeVence-1.jpg\",\"datePublished\":\"2018-03-09T13:46:38+00:00\",\"dateModified\":\"2022-08-15T07:39:47+00:00\",\"description\":\"Tour privado de la costa azul desde M\u00f3naco con chofer\/gu\u00eda en veh\u00edculo privado de lujo. Visita los sitios m\u00e1s emblem\u00e1ticos de la riviera francesa! \u2705\",\"breadcrumb\":{\"@id\":\"https:\/\/tourtravelandmore.com\/es\/tours\/francia\/monaco-es\/tour-privado-de-la-costa-azultourt\/#breadcrumb\"},\"inLanguage\":\"es\",\"potentialAction\":[{\"@type\":\"ReadAction\",\"target\":[\"https:\/\/tourtravelandmore.com\/es\/tours\/francia\/monaco-es\/tour-privado-de-la-costa-azultourt\/\"]}]},{\"@type\":\"ImageObject\",\"inLanguage\":\"es\",\"@id\":\"https:\/\/tourtravelandmore.com\/es\/tours\/francia\/monaco-es\/tour-privado-de-la-costa-azultourt\/#primaryimage\",\"url\":\"https:\/\/tourtravelandmore.com\/wp-content\/uploads\/2018\/03\/SaintPauldeVence-1.jpg\",\"contentUrl\":\"https:\/\/tourtravelandmore.com\/wp-content\/uploads\/2018\/03\/SaintPauldeVence-1.jpg\",\"width\":1024,\"height\":537},{\"@type\":\"BreadcrumbList\",\"@id\":\"https:\/\/tourtravelandmore.com\/es\/tours\/francia\/monaco-es\/tour-privado-de-la-costa-azultourt\/#breadcrumb\",\"itemListElement\":[{\"@type\":\"ListItem\",\"position\":1,\"name\":\"Home\",\"item\":\"https:\/\/tourtravelandmore.com\/es\/\"},{\"@type\":\"ListItem\",\"position\":2,\"name\":\"Tours\",\"item\":\"https:\/\/tourtravelandmore.com\/es\/tours\/\"},{\"@type\":\"ListItem\",\"position\":3,\"name\":\"Tour Privado de la Riviera Francesa con chofer\/gu\u00eda privado\"}]},{\"@type\":\"WebSite\",\"@id\":\"https:\/\/tourtravelandmore.com\/es\/#website\",\"url\":\"https:\/\/tourtravelandmore.com\/es\/\",\"name\":\"Tour Travel And More\",\"description\":\"Private sightseeing tours and luxury transfers in Spain\",\"publisher\":{\"@id\":\"https:\/\/tourtravelandmore.com\/es\/#organization\"},\"potentialAction\":[{\"@type\":\"SearchAction\",\"target\":{\"@type\":\"EntryPoint\",\"urlTemplate\":\"https:\/\/tourtravelandmore.com\/es\/?s={search_term_string}\"},\"query-input\":{\"@type\":\"PropertyValueSpecification\",\"valueRequired\":true,\"valueName\":\"search_term_string\"}}],\"inLanguage\":\"es\"},{\"@type\":\"Organization\",\"@id\":\"https:\/\/tourtravelandmore.com\/es\/#organization\",\"name\":\"Tour Travel And More\",\"url\":\"https:\/\/tourtravelandmore.com\/es\/\",\"logo\":{\"@type\":\"ImageObject\",\"inLanguage\":\"es\",\"@id\":\"https:\/\/tourtravelandmore.com\/es\/#\/schema\/logo\/image\/\",\"url\":\"https:\/\/tourtravelandmore.com\/wp-content\/uploads\/2022\/12\/cropped-logo-cabecera-new.png\",\"contentUrl\":\"https:\/\/tourtravelandmore.com\/wp-content\/uploads\/2022\/12\/cropped-logo-cabecera-new.png\",\"width\":430,\"height\":61,\"caption\":\"Tour Travel And More\"},\"image\":{\"@id\":\"https:\/\/tourtravelandmore.com\/es\/#\/schema\/logo\/image\/\"},\"sameAs\":[\"https:\/\/www.facebook.com\/tourtravelandmore\/\",\"https:\/\/x.com\/TourTravel_More\"]}]}<\/script>\n<!-- \/ Yoast SEO Premium plugin. -->","yoast_head_json":{"title":"Tour Privado de la Costa Az\u00fal desde Monaco con chofer\/gu\u00eda privado | Tour Travel & More","description":"Tour privado de la costa azul desde M\u00f3naco con chofer\/gu\u00eda en veh\u00edculo privado de lujo. Visita los sitios m\u00e1s emblem\u00e1ticos de la riviera francesa! \u2705","robots":{"index":"index","follow":"follow","max-snippet":"max-snippet:-1","max-image-preview":"max-image-preview:large","max-video-preview":"max-video-preview:-1"},"canonical":"https:\/\/tourtravelandmore.com\/es\/tours\/francia\/monaco-es\/tour-privado-de-la-costa-azultourt\/","og_locale":"es_ES","og_type":"article","og_title":"Tour Privado de la Riviera Francesa con chofer\/gu\u00eda privado","og_description":"Tour privado de la costa azul desde M\u00f3naco con chofer\/gu\u00eda en veh\u00edculo privado de lujo. Visita los sitios m\u00e1s emblem\u00e1ticos de la riviera francesa! \u2705","og_url":"https:\/\/tourtravelandmore.com\/es\/tours\/francia\/monaco-es\/tour-privado-de-la-costa-azultourt\/","og_site_name":"Tour Travel And More","article_publisher":"https:\/\/www.facebook.com\/tourtravelandmore\/","article_modified_time":"2022-08-15T07:39:47+00:00","og_image":[{"width":1024,"height":537,"url":"https:\/\/tourtravelandmore.com\/wp-content\/uploads\/2018\/03\/SaintPauldeVence-1.jpg","type":"image\/jpeg"}],"twitter_card":"summary_large_image","twitter_site":"@TourTravel_More","twitter_misc":{"Tiempo de lectura":"3 minutos"},"schema":{"@context":"https:\/\/schema.org","@graph":[{"@type":"WebPage","@id":"https:\/\/tourtravelandmore.com\/es\/tours\/francia\/monaco-es\/tour-privado-de-la-costa-azultourt\/","url":"https:\/\/tourtravelandmore.com\/es\/tours\/francia\/monaco-es\/tour-privado-de-la-costa-azultourt\/","name":"Tour Privado de la Costa Az\u00fal desde Monaco con chofer\/gu\u00eda privado | Tour Travel & More","isPartOf":{"@id":"https:\/\/tourtravelandmore.com\/es\/#website"},"primaryImageOfPage":{"@id":"https:\/\/tourtravelandmore.com\/es\/tours\/francia\/monaco-es\/tour-privado-de-la-costa-azultourt\/#primaryimage"},"image":{"@id":"https:\/\/tourtravelandmore.com\/es\/tours\/francia\/monaco-es\/tour-privado-de-la-costa-azultourt\/#primaryimage"},"thumbnailUrl":"https:\/\/tourtravelandmore.com\/wp-content\/uploads\/2018\/03\/SaintPauldeVence-1.jpg","datePublished":"2018-03-09T13:46:38+00:00","dateModified":"2022-08-15T07:39:47+00:00","description":"Tour privado de la costa azul desde M\u00f3naco con chofer\/gu\u00eda en veh\u00edculo privado de lujo. Visita los sitios m\u00e1s emblem\u00e1ticos de la riviera francesa! \u2705","breadcrumb":{"@id":"https:\/\/tourtravelandmore.com\/es\/tours\/francia\/monaco-es\/tour-privado-de-la-costa-azultourt\/#breadcrumb"},"inLanguage":"es","potentialAction":[{"@type":"ReadAction","target":["https:\/\/tourtravelandmore.com\/es\/tours\/francia\/monaco-es\/tour-privado-de-la-costa-azultourt\/"]}]},{"@type":"ImageObject","inLanguage":"es","@id":"https:\/\/tourtravelandmore.com\/es\/tours\/francia\/monaco-es\/tour-privado-de-la-costa-azultourt\/#primaryimage","url":"https:\/\/tourtravelandmore.com\/wp-content\/uploads\/2018\/03\/SaintPauldeVence-1.jpg","contentUrl":"https:\/\/tourtravelandmore.com\/wp-content\/uploads\/2018\/03\/SaintPauldeVence-1.jpg","width":1024,"height":537},{"@type":"BreadcrumbList","@id":"https:\/\/tourtravelandmore.com\/es\/tours\/francia\/monaco-es\/tour-privado-de-la-costa-azultourt\/#breadcrumb","itemListElement":[{"@type":"ListItem","position":1,"name":"Home","item":"https:\/\/tourtravelandmore.com\/es\/"},{"@type":"ListItem","position":2,"name":"Tours","item":"https:\/\/tourtravelandmore.com\/es\/tours\/"},{"@type":"ListItem","position":3,"name":"Tour Privado de la Riviera Francesa con chofer\/gu\u00eda privado"}]},{"@type":"WebSite","@id":"https:\/\/tourtravelandmore.com\/es\/#website","url":"https:\/\/tourtravelandmore.com\/es\/","name":"Tour Travel And More","description":"Private sightseeing tours and luxury transfers in Spain","publisher":{"@id":"https:\/\/tourtravelandmore.com\/es\/#organization"},"potentialAction":[{"@type":"SearchAction","target":{"@type":"EntryPoint","urlTemplate":"https:\/\/tourtravelandmore.com\/es\/?s={search_term_string}"},"query-input":{"@type":"PropertyValueSpecification","valueRequired":true,"valueName":"search_term_string"}}],"inLanguage":"es"},{"@type":"Organization","@id":"https:\/\/tourtravelandmore.com\/es\/#organization","name":"Tour Travel And More","url":"https:\/\/tourtravelandmore.com\/es\/","logo":{"@type":"ImageObject","inLanguage":"es","@id":"https:\/\/tourtravelandmore.com\/es\/#\/schema\/logo\/image\/","url":"https:\/\/tourtravelandmore.com\/wp-content\/uploads\/2022\/12\/cropped-logo-cabecera-new.png","contentUrl":"https:\/\/tourtravelandmore.com\/wp-content\/uploads\/2022\/12\/cropped-logo-cabecera-new.png","width":430,"height":61,"caption":"Tour Travel And More"},"image":{"@id":"https:\/\/tourtravelandmore.com\/es\/#\/schema\/logo\/image\/"},"sameAs":["https:\/\/www.facebook.com\/tourtravelandmore\/","https:\/\/x.com\/TourTravel_More"]}]}},"_links":{"self":[{"href":"https:\/\/tourtravelandmore.com\/es\/wp-json\/wp\/v2\/product\/19009","targetHints":{"allow":["GET"]}}],"collection":[{"href":"https:\/\/tourtravelandmore.com\/es\/wp-json\/wp\/v2\/product"}],"about":[{"href":"https:\/\/tourtravelandmore.com\/es\/wp-json\/wp\/v2\/types\/product"}],"replies":[{"embeddable":true,"href":"https:\/\/tourtravelandmore.com\/es\/wp-json\/wp\/v2\/comments?post=19009"}],"wp:featuredmedia":[{"embeddable":true,"href":"https:\/\/tourtravelandmore.com\/es\/wp-json\/wp\/v2\/media\/18854"}],"wp:attachment":[{"href":"https:\/\/tourtravelandmore.com\/es\/wp-json\/wp\/v2\/media?parent=19009"}],"wp:term":[{"taxonomy":"product_brand","embeddable":true,"href":"https:\/\/tourtravelandmore.com\/es\/wp-json\/wp\/v2\/product_brand?post=19009"},{"taxonomy":"product_cat","embeddable":true,"href":"https:\/\/tourtravelandmore.com\/es\/wp-json\/wp\/v2\/product_cat?post=19009"},{"taxonomy":"product_tag","embeddable":true,"href":"https:\/\/tourtravelandmore.com\/es\/wp-json\/wp\/v2\/product_tag?post=19009"}],"curies":[{"name":"wp","href":"https:\/\/api.w.org\/{rel}","templated":true}]}}