{"id":164890,"date":"2023-04-29T08:38:12","date_gmt":"2023-04-29T06:38:12","guid":{"rendered":"https:\/\/tourtravelandmore.com\/tours\/sin%20categor\u00eda\/ruta-2-la-cerdanya\/"},"modified":"2023-05-04T08:41:11","modified_gmt":"2023-05-04T06:41:11","slug":"ruta-2-la-cerdanya","status":"publish","type":"product","link":"https:\/\/tourtravelandmore.com\/es\/tours\/andorra\/andorra-la-vella\/todos-los-tours-privados\/ruta-2-la-cerdanya\/","title":{"rendered":"Excursi\u00f3n Privada por La Cerdanya."},"content":{"rendered":"<h2><b>Descripci\u00f3n de La Cerdanya Tour Privado Exclusivo<\/b><\/h2>\n<p><span style=\"font-weight: 400;\">Sum\u00e9rjase en los encantadores paisajes y la rica historia de La Cerdanya en esta inolvidable excursi\u00f3n privada de 12 horas. Viajando desde Barcelona a trav\u00e9s de Puigcerd\u00e0, Villefranche de Conflent, Mont-Louis, Font-Romeu, Ll\u00edvia, y de vuelta a BCN, explorar\u00e1 pueblos encantadores, impresionantes vistas de monta\u00f1a y atracciones culturales \u00fanicas. Por el camino, aprender\u00e1 sobre el pasado hist\u00f3rico y el presente vibrante de la regi\u00f3n con la ayuda de su gu\u00eda experto. Con un c\u00f3modo veh\u00edculo y un gu\u00eda experto durante 6 horas, este exclusivo recorrido ofrece una experiencia verdaderamente memorable.<\/span><\/p>\n<h2><b>Puntos de inter\u00e9s en La Cerdanya Tour Privado Exclusivo<\/b><\/h2>\n<p><span style=\"font-weight: 400;\">Descubra una amplia gama de atracciones en este cautivador recorrido, desde el encanto hist\u00f3rico de Puigcerd\u00e0 y Villefranche de Conflent hasta el esplendor natural de Mont-Louis y Font-Romeu. Descubra la fascinante historia de Ll\u00edvia, enclave espa\u00f1ol rodeado por Francia, y conozca el patrimonio cultural \u00fanico de la comarca de La Cerdanya. Desde antiguas fortalezas hasta pintorescos pueblos de monta\u00f1a, este recorrido ofrece una exploraci\u00f3n exhaustiva de los lugares m\u00e1s destacados y las joyas ocultas de la zona.<\/span><\/p>\n<p><b>Puigcerd\u00e0:<\/b><\/p>\n<p><span style=\"font-weight: 400;\">Situada en los pintorescos Pirineos, Puigcerd\u00e0 es conocida por su encantador centro hist\u00f3rico, el pintoresco lago de Puigcerd\u00e0 y su impresionante tel\u00f3n de fondo monta\u00f1oso. Pasee por las estrechas calles, visite las tiendas locales y aprecie la belleza id\u00edlica de esta encantadora ciudad. Su ambiente vibrante y su rica historia la convierten en una parada imprescindible en su viaje por La Cerdanya.<\/span><\/p>\n<p><b>Villefranche de Conflent:<\/b><\/p>\n<p><span style=\"font-weight: 400;\">Este pueblo medieval fortificado de los Pirineos franceses est\u00e1 declarado Patrimonio de la Humanidad por la UNESCO. Explore sus calles serpenteantes, sus murallas bien conservadas y sus cuevas subterr\u00e1neas \u00fanicas. Villefranche de Conflent ofrece una fascinante visi\u00f3n del pasado de la regi\u00f3n, as\u00ed como la oportunidad de conocer un pedazo de historia magn\u00edficamente conservado.<\/span><\/p>\n<p><b>Mont-Louis:<\/b><\/p>\n<p><span style=\"font-weight: 400;\">Enclavada en el coraz\u00f3n de los Pirineos, Mont-Louis es una hist\u00f3rica ciudad fortificada declarada Patrimonio de la Humanidad por la UNESCO. Admire la impresionante arquitectura militar dise\u00f1ada por Vauban y disfrute de las vistas panor\u00e1micas de las monta\u00f1as que la rodean. Con su rica historia y su impresionante ubicaci\u00f3n, Mont-Louis es un destino de visita obligada en este recorrido.<\/span><\/p>\n<p><b>Font-Romeu:<\/b><\/p>\n<p><span style=\"font-weight: 400;\">Conocida por su clima soleado y sus espectaculares paisajes, Font-Romeu es un destino popular entre los amantes de las actividades al aire libre. Descubra su estaci\u00f3n de esqu\u00ed, el encantador centro del pueblo y el cercano horno solar, el mayor del mundo en su g\u00e9nero. Viva la belleza de los Pirineos en esta acogedora ciudad de monta\u00f1a.<\/span><\/p>\n<p><b>Ll\u00edvia:<\/b><\/p>\n<p><span style=\"font-weight: 400;\">Ll\u00edvia, un enclave espa\u00f1ol \u00fanico rodeado por Francia, cuenta con una historia fascinante y atracciones cautivadoras. Visite la farmacia m\u00e1s antigua de Europa y explore el rico patrimonio cultural de la ciudad, que mezcla influencias espa\u00f1olas y francesas. El car\u00e1cter distintivo de Ll\u00edvia y su intrigante pasado la convierten en un punto culminante de su viaje por La Cerdanya.<\/span><\/p>\n<p><span style=\"font-weight: 400;\">Regrese a Barcelona, completando su inolvidable viaje por la impresionante regi\u00f3n de La Cerdanya. Reflexione sobre los inolvidables recuerdos y experiencias que ha acumulado a lo largo de su aventura, y atesore los conocimientos \u00fanicos adquiridos en este excepcional recorrido.<\/span><\/p>\n<p><span style=\"font-weight: 400;\">Descubra m\u00e1s fascinantes tours privados ofrecidos por Tour Travel and More<\/span><a href=\"https:\/\/tourtravelandmore.com\/es\/ciudad\/andorra\/\"><span style=\"font-weight: 400;\">, incluyendo una gama de exclusivos tours en Andorra<\/span><\/a><span style=\"font-weight: 400;\">. Visite el sitio web de la empresa para explorar la lista completa de viajes disponibles y crear su itinerario de viaje perfecto.<\/span><\/p>\n","protected":false},"excerpt":{"rendered":"<p><span style=\"font-weight: 400;\">Experimente los encantadores paisajes y la rica historia de La Cerdanya en este exclusivo tour privado de 12 horas desde Barcelona, visitando Puigcerd\u00e0, Villefranche de Conflent, Mont-Louis, Font-Romeu y Ll\u00edvia.<\/span><\/p>\n","protected":false},"featured_media":164878,"comment_status":"open","ping_status":"closed","template":"","meta":{"_acf_changed":false},"product_brand":[],"product_cat":[4373,4390,4395,69,266,267],"product_tag":[],"class_list":{"0":"post-164890","1":"product","2":"type-product","3":"status-publish","4":"has-post-thumbnail","6":"product_cat-andorra","7":"product_cat-andorra-la-vella","8":"product_cat-todos-los-tours-privados","9":"product_cat-barcelona-es","10":"product_cat-barcelona-actividades-es","11":"product_cat-barcelona-excursiones-es","13":"first","14":"instock","15":"shipping-taxable","16":"purchasable","17":"product-type-simple"},"acf":[],"yoast_head":"<!-- This site is optimized with the Yoast SEO Premium plugin v25.3.1 (Yoast SEO v25.3.1) - https:\/\/yoast.com\/wordpress\/plugins\/seo\/ -->\n<title>\u27a1\ufe0f Ruta 2: La Cerdanya - Un tour privado por pueblos con encanto y paisajes impresionantes<\/title>\n<meta name=\"description\" content=\"Emb\u00e1rquese en una cautivadora excursi\u00f3n privada de 12 horas por La Cerdanya, visitando Puigcerd\u00e0, Villefranche de Conflent, Mont-Louis, Font-Romeu y Ll\u00edvia. Explore la historia \u00fanica de la regi\u00f3n y sus impresionantes paisajes con un gu\u00eda experto. \u00a1Reserve ahora! \u2705\" \/>\n<meta name=\"robots\" content=\"index, follow, max-snippet:-1, max-image-preview:large, max-video-preview:-1\" \/>\n<link rel=\"canonical\" href=\"https:\/\/tourtravelandmore.com\/es\/tours\/andorra\/andorra-la-vella\/todos-los-tours-privados\/ruta-2-la-cerdanya\/\" \/>\n<meta property=\"og:locale\" content=\"es_ES\" \/>\n<meta property=\"og:type\" content=\"article\" \/>\n<meta property=\"og:title\" content=\"Excursi\u00f3n Privada por La Cerdanya.\" \/>\n<meta property=\"og:description\" content=\"Emb\u00e1rquese en una cautivadora excursi\u00f3n privada de 12 horas por La Cerdanya, visitando Puigcerd\u00e0, Villefranche de Conflent, Mont-Louis, Font-Romeu y Ll\u00edvia. Explore la historia \u00fanica de la regi\u00f3n y sus impresionantes paisajes con un gu\u00eda experto. \u00a1Reserve ahora! \u2705\" \/>\n<meta property=\"og:url\" content=\"https:\/\/tourtravelandmore.com\/es\/tours\/andorra\/andorra-la-vella\/todos-los-tours-privados\/ruta-2-la-cerdanya\/\" \/>\n<meta property=\"og:site_name\" content=\"Tour Travel And More\" \/>\n<meta property=\"article:publisher\" content=\"https:\/\/www.facebook.com\/tourtravelandmore\/\" \/>\n<meta property=\"article:modified_time\" content=\"2023-05-04T06:41:11+00:00\" \/>\n<meta property=\"og:image\" content=\"https:\/\/tourtravelandmore.com\/wp-content\/uploads\/2023\/04\/image3-15.jpg\" \/>\n\t<meta property=\"og:image:width\" content=\"950\" \/>\n\t<meta property=\"og:image:height\" content=\"750\" \/>\n\t<meta property=\"og:image:type\" content=\"image\/jpeg\" \/>\n<meta name=\"twitter:card\" content=\"summary_large_image\" \/>\n<meta name=\"twitter:site\" content=\"@TourTravel_More\" \/>\n<meta name=\"twitter:label1\" content=\"Tiempo de lectura\" \/>\n\t<meta name=\"twitter:data1\" content=\"3 minutos\" \/>\n<script type=\"application\/ld+json\" class=\"yoast-schema-graph\">{\"@context\":\"https:\/\/schema.org\",\"@graph\":[{\"@type\":\"WebPage\",\"@id\":\"https:\/\/tourtravelandmore.com\/es\/tours\/andorra\/andorra-la-vella\/todos-los-tours-privados\/ruta-2-la-cerdanya\/\",\"url\":\"https:\/\/tourtravelandmore.com\/es\/tours\/andorra\/andorra-la-vella\/todos-los-tours-privados\/ruta-2-la-cerdanya\/\",\"name\":\"\u27a1\ufe0f Ruta 2: La Cerdanya - Un tour privado por pueblos con encanto y paisajes impresionantes\",\"isPartOf\":{\"@id\":\"https:\/\/tourtravelandmore.com\/es\/#website\"},\"primaryImageOfPage\":{\"@id\":\"https:\/\/tourtravelandmore.com\/es\/tours\/andorra\/andorra-la-vella\/todos-los-tours-privados\/ruta-2-la-cerdanya\/#primaryimage\"},\"image\":{\"@id\":\"https:\/\/tourtravelandmore.com\/es\/tours\/andorra\/andorra-la-vella\/todos-los-tours-privados\/ruta-2-la-cerdanya\/#primaryimage\"},\"thumbnailUrl\":\"https:\/\/tourtravelandmore.com\/wp-content\/uploads\/2023\/04\/image3-15.jpg\",\"datePublished\":\"2023-04-29T06:38:12+00:00\",\"dateModified\":\"2023-05-04T06:41:11+00:00\",\"description\":\"Emb\u00e1rquese en una cautivadora excursi\u00f3n privada de 12 horas por La Cerdanya, visitando Puigcerd\u00e0, Villefranche de Conflent, Mont-Louis, Font-Romeu y Ll\u00edvia. Explore la historia \u00fanica de la regi\u00f3n y sus impresionantes paisajes con un gu\u00eda experto. \u00a1Reserve ahora! \u2705\",\"breadcrumb\":{\"@id\":\"https:\/\/tourtravelandmore.com\/es\/tours\/andorra\/andorra-la-vella\/todos-los-tours-privados\/ruta-2-la-cerdanya\/#breadcrumb\"},\"inLanguage\":\"es\",\"potentialAction\":[{\"@type\":\"ReadAction\",\"target\":[\"https:\/\/tourtravelandmore.com\/es\/tours\/andorra\/andorra-la-vella\/todos-los-tours-privados\/ruta-2-la-cerdanya\/\"]}]},{\"@type\":\"ImageObject\",\"inLanguage\":\"es\",\"@id\":\"https:\/\/tourtravelandmore.com\/es\/tours\/andorra\/andorra-la-vella\/todos-los-tours-privados\/ruta-2-la-cerdanya\/#primaryimage\",\"url\":\"https:\/\/tourtravelandmore.com\/wp-content\/uploads\/2023\/04\/image3-15.jpg\",\"contentUrl\":\"https:\/\/tourtravelandmore.com\/wp-content\/uploads\/2023\/04\/image3-15.jpg\",\"width\":950,\"height\":750},{\"@type\":\"BreadcrumbList\",\"@id\":\"https:\/\/tourtravelandmore.com\/es\/tours\/andorra\/andorra-la-vella\/todos-los-tours-privados\/ruta-2-la-cerdanya\/#breadcrumb\",\"itemListElement\":[{\"@type\":\"ListItem\",\"position\":1,\"name\":\"Home\",\"item\":\"https:\/\/tourtravelandmore.com\/es\/\"},{\"@type\":\"ListItem\",\"position\":2,\"name\":\"Tours\",\"item\":\"https:\/\/tourtravelandmore.com\/es\/tours\/\"},{\"@type\":\"ListItem\",\"position\":3,\"name\":\"Excursi\u00f3n Privada por La Cerdanya.\"}]},{\"@type\":\"WebSite\",\"@id\":\"https:\/\/tourtravelandmore.com\/es\/#website\",\"url\":\"https:\/\/tourtravelandmore.com\/es\/\",\"name\":\"Tour Travel And More\",\"description\":\"Private sightseeing tours and luxury transfers in Spain\",\"publisher\":{\"@id\":\"https:\/\/tourtravelandmore.com\/es\/#organization\"},\"potentialAction\":[{\"@type\":\"SearchAction\",\"target\":{\"@type\":\"EntryPoint\",\"urlTemplate\":\"https:\/\/tourtravelandmore.com\/es\/?s={search_term_string}\"},\"query-input\":{\"@type\":\"PropertyValueSpecification\",\"valueRequired\":true,\"valueName\":\"search_term_string\"}}],\"inLanguage\":\"es\"},{\"@type\":\"Organization\",\"@id\":\"https:\/\/tourtravelandmore.com\/es\/#organization\",\"name\":\"Tour Travel And More\",\"url\":\"https:\/\/tourtravelandmore.com\/es\/\",\"logo\":{\"@type\":\"ImageObject\",\"inLanguage\":\"es\",\"@id\":\"https:\/\/tourtravelandmore.com\/es\/#\/schema\/logo\/image\/\",\"url\":\"https:\/\/tourtravelandmore.com\/wp-content\/uploads\/2022\/12\/cropped-logo-cabecera-new.png\",\"contentUrl\":\"https:\/\/tourtravelandmore.com\/wp-content\/uploads\/2022\/12\/cropped-logo-cabecera-new.png\",\"width\":430,\"height\":61,\"caption\":\"Tour Travel And More\"},\"image\":{\"@id\":\"https:\/\/tourtravelandmore.com\/es\/#\/schema\/logo\/image\/\"},\"sameAs\":[\"https:\/\/www.facebook.com\/tourtravelandmore\/\",\"https:\/\/x.com\/TourTravel_More\"]}]}<\/script>\n<!-- \/ Yoast SEO Premium plugin. -->","yoast_head_json":{"title":"\u27a1\ufe0f Ruta 2: La Cerdanya - Un tour privado por pueblos con encanto y paisajes impresionantes","description":"Emb\u00e1rquese en una cautivadora excursi\u00f3n privada de 12 horas por La Cerdanya, visitando Puigcerd\u00e0, Villefranche de Conflent, Mont-Louis, Font-Romeu y Ll\u00edvia. Explore la historia \u00fanica de la regi\u00f3n y sus impresionantes paisajes con un gu\u00eda experto. \u00a1Reserve ahora! \u2705","robots":{"index":"index","follow":"follow","max-snippet":"max-snippet:-1","max-image-preview":"max-image-preview:large","max-video-preview":"max-video-preview:-1"},"canonical":"https:\/\/tourtravelandmore.com\/es\/tours\/andorra\/andorra-la-vella\/todos-los-tours-privados\/ruta-2-la-cerdanya\/","og_locale":"es_ES","og_type":"article","og_title":"Excursi\u00f3n Privada por La Cerdanya.","og_description":"Emb\u00e1rquese en una cautivadora excursi\u00f3n privada de 12 horas por La Cerdanya, visitando Puigcerd\u00e0, Villefranche de Conflent, Mont-Louis, Font-Romeu y Ll\u00edvia. Explore la historia \u00fanica de la regi\u00f3n y sus impresionantes paisajes con un gu\u00eda experto. \u00a1Reserve ahora! \u2705","og_url":"https:\/\/tourtravelandmore.com\/es\/tours\/andorra\/andorra-la-vella\/todos-los-tours-privados\/ruta-2-la-cerdanya\/","og_site_name":"Tour Travel And More","article_publisher":"https:\/\/www.facebook.com\/tourtravelandmore\/","article_modified_time":"2023-05-04T06:41:11+00:00","og_image":[{"width":950,"height":750,"url":"https:\/\/tourtravelandmore.com\/wp-content\/uploads\/2023\/04\/image3-15.jpg","type":"image\/jpeg"}],"twitter_card":"summary_large_image","twitter_site":"@TourTravel_More","twitter_misc":{"Tiempo de lectura":"3 minutos"},"schema":{"@context":"https:\/\/schema.org","@graph":[{"@type":"WebPage","@id":"https:\/\/tourtravelandmore.com\/es\/tours\/andorra\/andorra-la-vella\/todos-los-tours-privados\/ruta-2-la-cerdanya\/","url":"https:\/\/tourtravelandmore.com\/es\/tours\/andorra\/andorra-la-vella\/todos-los-tours-privados\/ruta-2-la-cerdanya\/","name":"\u27a1\ufe0f Ruta 2: La Cerdanya - Un tour privado por pueblos con encanto y paisajes impresionantes","isPartOf":{"@id":"https:\/\/tourtravelandmore.com\/es\/#website"},"primaryImageOfPage":{"@id":"https:\/\/tourtravelandmore.com\/es\/tours\/andorra\/andorra-la-vella\/todos-los-tours-privados\/ruta-2-la-cerdanya\/#primaryimage"},"image":{"@id":"https:\/\/tourtravelandmore.com\/es\/tours\/andorra\/andorra-la-vella\/todos-los-tours-privados\/ruta-2-la-cerdanya\/#primaryimage"},"thumbnailUrl":"https:\/\/tourtravelandmore.com\/wp-content\/uploads\/2023\/04\/image3-15.jpg","datePublished":"2023-04-29T06:38:12+00:00","dateModified":"2023-05-04T06:41:11+00:00","description":"Emb\u00e1rquese en una cautivadora excursi\u00f3n privada de 12 horas por La Cerdanya, visitando Puigcerd\u00e0, Villefranche de Conflent, Mont-Louis, Font-Romeu y Ll\u00edvia. Explore la historia \u00fanica de la regi\u00f3n y sus impresionantes paisajes con un gu\u00eda experto. \u00a1Reserve ahora! \u2705","breadcrumb":{"@id":"https:\/\/tourtravelandmore.com\/es\/tours\/andorra\/andorra-la-vella\/todos-los-tours-privados\/ruta-2-la-cerdanya\/#breadcrumb"},"inLanguage":"es","potentialAction":[{"@type":"ReadAction","target":["https:\/\/tourtravelandmore.com\/es\/tours\/andorra\/andorra-la-vella\/todos-los-tours-privados\/ruta-2-la-cerdanya\/"]}]},{"@type":"ImageObject","inLanguage":"es","@id":"https:\/\/tourtravelandmore.com\/es\/tours\/andorra\/andorra-la-vella\/todos-los-tours-privados\/ruta-2-la-cerdanya\/#primaryimage","url":"https:\/\/tourtravelandmore.com\/wp-content\/uploads\/2023\/04\/image3-15.jpg","contentUrl":"https:\/\/tourtravelandmore.com\/wp-content\/uploads\/2023\/04\/image3-15.jpg","width":950,"height":750},{"@type":"BreadcrumbList","@id":"https:\/\/tourtravelandmore.com\/es\/tours\/andorra\/andorra-la-vella\/todos-los-tours-privados\/ruta-2-la-cerdanya\/#breadcrumb","itemListElement":[{"@type":"ListItem","position":1,"name":"Home","item":"https:\/\/tourtravelandmore.com\/es\/"},{"@type":"ListItem","position":2,"name":"Tours","item":"https:\/\/tourtravelandmore.com\/es\/tours\/"},{"@type":"ListItem","position":3,"name":"Excursi\u00f3n Privada por La Cerdanya."}]},{"@type":"WebSite","@id":"https:\/\/tourtravelandmore.com\/es\/#website","url":"https:\/\/tourtravelandmore.com\/es\/","name":"Tour Travel And More","description":"Private sightseeing tours and luxury transfers in Spain","publisher":{"@id":"https:\/\/tourtravelandmore.com\/es\/#organization"},"potentialAction":[{"@type":"SearchAction","target":{"@type":"EntryPoint","urlTemplate":"https:\/\/tourtravelandmore.com\/es\/?s={search_term_string}"},"query-input":{"@type":"PropertyValueSpecification","valueRequired":true,"valueName":"search_term_string"}}],"inLanguage":"es"},{"@type":"Organization","@id":"https:\/\/tourtravelandmore.com\/es\/#organization","name":"Tour Travel And More","url":"https:\/\/tourtravelandmore.com\/es\/","logo":{"@type":"ImageObject","inLanguage":"es","@id":"https:\/\/tourtravelandmore.com\/es\/#\/schema\/logo\/image\/","url":"https:\/\/tourtravelandmore.com\/wp-content\/uploads\/2022\/12\/cropped-logo-cabecera-new.png","contentUrl":"https:\/\/tourtravelandmore.com\/wp-content\/uploads\/2022\/12\/cropped-logo-cabecera-new.png","width":430,"height":61,"caption":"Tour Travel And More"},"image":{"@id":"https:\/\/tourtravelandmore.com\/es\/#\/schema\/logo\/image\/"},"sameAs":["https:\/\/www.facebook.com\/tourtravelandmore\/","https:\/\/x.com\/TourTravel_More"]}]}},"_links":{"self":[{"href":"https:\/\/tourtravelandmore.com\/es\/wp-json\/wp\/v2\/product\/164890","targetHints":{"allow":["GET"]}}],"collection":[{"href":"https:\/\/tourtravelandmore.com\/es\/wp-json\/wp\/v2\/product"}],"about":[{"href":"https:\/\/tourtravelandmore.com\/es\/wp-json\/wp\/v2\/types\/product"}],"replies":[{"embeddable":true,"href":"https:\/\/tourtravelandmore.com\/es\/wp-json\/wp\/v2\/comments?post=164890"}],"wp:featuredmedia":[{"embeddable":true,"href":"https:\/\/tourtravelandmore.com\/es\/wp-json\/wp\/v2\/media\/164878"}],"wp:attachment":[{"href":"https:\/\/tourtravelandmore.com\/es\/wp-json\/wp\/v2\/media?parent=164890"}],"wp:term":[{"taxonomy":"product_brand","embeddable":true,"href":"https:\/\/tourtravelandmore.com\/es\/wp-json\/wp\/v2\/product_brand?post=164890"},{"taxonomy":"product_cat","embeddable":true,"href":"https:\/\/tourtravelandmore.com\/es\/wp-json\/wp\/v2\/product_cat?post=164890"},{"taxonomy":"product_tag","embeddable":true,"href":"https:\/\/tourtravelandmore.com\/es\/wp-json\/wp\/v2\/product_tag?post=164890"}],"curies":[{"name":"wp","href":"https:\/\/api.w.org\/{rel}","templated":true}]}}