{"id":156196,"date":"2023-03-08T15:16:17","date_gmt":"2023-03-08T14:16:20","guid":{"rendered":"https:\/\/tourtravelandmore.com\/?post_type=product&#038;p=156196"},"modified":"2024-03-11T09:25:49","modified_gmt":"2024-03-11T08:25:49","slug":"excursion-privada-a-interlaken-y-grindelwald-desde-zurich","status":"publish","type":"product","link":"https:\/\/tourtravelandmore.com\/es\/tours\/suiza-es\/zurich-es\/zurich-excursiones-es\/excursion-privada-a-interlaken-y-grindelwald-desde-zurich\/","title":{"rendered":"Excursi\u00f3n privada a Interlaken y Grindelwald desde Z\u00farich"},"content":{"rendered":"<h2 id=\"tw-target-text\" class=\"tw-data-text tw-text-large XcVN5d tw-ta\" dir=\"ltr\" data-placeholder=\"Traducci\u00f3n\"><strong><span lang=\"es\">Descripci\u00f3n de la Excursi\u00f3n\u00a0privada a Interlaken y Grindelwald desde Z\u00farich<\/span><\/strong><\/h2>\n<p>Venga con nosotros y disfrute de esta <strong>excursi\u00f3n privada a Interlaken y Grindelwald desde Z\u00farich. <\/strong><\/p>\n<p>Nuestro tour est\u00e1 dise\u00f1ado para <strong>1 a<\/strong> <strong>15 personas,<\/strong> y nos embarcaremos en un viaje a dos de los destinos m\u00e1s bellos de <strong>Suiza.<\/strong> Nuestra excursi\u00f3n est\u00e1 dirigida por un <strong>gu\u00eda<\/strong> profesional privado que le proporcionar\u00e1 una experiencia informativa y entretenida. Viajaremos en un c\u00f3modo <strong>veh\u00edculo<\/strong> privado para garantizar una experiencia personalizada e \u00edntima.<\/p>\n<p><strong>Interlaken<\/strong> es una pintoresca ciudad <strong>suiza<\/strong> situada entre dos lagos, con impresionantes vistas de los <strong>Alpes suizos. Grindelwald<\/strong> es un pueblo de monta\u00f1a situado en el coraz\u00f3n de la regi\u00f3n de <strong>Jungfrau,<\/strong> que ofrece impresionantes vistas de las <strong>monta\u00f1as<\/strong> y <strong>glaciares<\/strong> circundantes. Nuestro tour combina lo mejor de ambos destinos, proporcionando una experiencia \u00fanica e inolvidable.<\/p>\n<p><span class=\"JLqJ4b\" data-language-for-alternatives=\"es\" data-language-to-translate-into=\"en\" data-phrase-index=\"1\"><span class=\"JLqJ4b ChMk0b\" data-language-for-alternatives=\"es\" data-language-to-translate-into=\"en\" data-phrase-index=\"2\">Disfrute de lo mejor de la ciudad y tambi\u00e9n tenga algo de tiempo libre para pasear por su cuenta. En <strong>Tour Travel &amp; More<\/strong> estamos a tu disposici\u00f3n para hacer de esta experiencia una experiencia totalmente \u00fanica.<\/span><\/span><\/p>\n<h2><strong>Puntos emblem\u00e1ticos y de inter\u00e9s en la Excursi\u00f3n\u00a0privada a Interlaken y Grindelwald desde Z\u00farich<\/strong><\/h2>\n<p>En primer <strong>lugar<\/strong> visitaremos Interlaken. Nuestra primera parada ser\u00e1 en Interlaken, donde exploraremos la encantadora ciudad y sus numerosas tiendas y caf\u00e9s. Tambi\u00e9n visitaremos el <strong>H\u00f6heweg,<\/strong> un popular paseo mar\u00edtimo que ofrece impresionantes vistas de las monta\u00f1as y lagos circundantes.<\/p>\n<p>A continuaci\u00f3n, nos dirigiremos al <strong>lago<\/strong> de <strong>Brienz.<\/strong> Veremos la costa del <strong>lago Brienz,<\/strong> que ofrece unas vistas espectaculares de los Alpes suizos y la campi\u00f1a circundante.<\/p>\n<p><strong>Grindelwald:<\/strong> Nuestra siguiente parada ser\u00e1 en <strong>Grindelwald,<\/strong> donde haremos un viaje en telef\u00e9rico hasta la cima de la monta\u00f1a. El viaje ofrece unas vistas impresionantes de las monta\u00f1as y glaciares circundantes.<\/p>\n<p><strong>Primer Acantilado:<\/strong> Visitaremos el First Cliff Walk, un puente colgante que ofrece una experiencia emocionante e impresionantes vistas de las monta\u00f1as y valles circundantes.<\/p>\n<p>En conclusi\u00f3n, esta <strong>excursi\u00f3n privada a Interlaken y Grindelwald desde Z\u00farich<\/strong> ofrece una experiencia \u00fanica e inolvidable que combina exploraci\u00f3n cultural, impresionantes paisajes de monta\u00f1a y emocionantes actividades. Nuestro gu\u00eda experto y el veh\u00edculo privado garantizan una experiencia personalizada y c\u00f3moda para usted y su grupo. As\u00ed que si\u00e9ntese, rel\u00e1jese y d\u00e9jenos llevarle en un viaje que nunca olvidar\u00e1.<\/p>\n<p>No se pierda nuestros otros tours privados en <strong><a href=\"https:\/\/tourtravelandmore.com\/es\/ciudad\/suiza-es\/zurich-es\/\">Z\u00farich<\/a><\/strong>. Ofrecemos tours privados para usted en cualquier lugar.<\/p>\n","protected":false},"excerpt":{"rendered":"<p>Venga con nosotros y disfrute de esta <strong>excursi\u00f3n privada a Interlaken y Grindelwald desde Z\u00farich. Interlaken<\/strong> es una pintoresca ciudad suiza situada entre dos lagos, con impresionantes vistas de los Alpes suizos.<\/p>\n<p>&nbsp;<\/p>\n<p>&nbsp;<\/p>\n","protected":false},"featured_media":156218,"comment_status":"open","ping_status":"closed","template":"","meta":{"_acf_changed":false},"product_brand":[],"product_cat":[1697,1698,1703,1702,1706,1726,1722],"product_tag":[],"class_list":{"0":"post-156196","1":"product","2":"type-product","3":"status-publish","4":"has-post-thumbnail","6":"product_cat-suiza-es","7":"product_cat-lucerna-es","8":"product_cat-lucerna-actividades-es","9":"product_cat-lucerna-excursiones-es","10":"product_cat-zurich-es","11":"product_cat-zurich-actividades-es","12":"product_cat-zurich-excursiones-es","14":"first","15":"instock","16":"shipping-taxable","17":"purchasable","18":"product-type-simple"},"acf":[],"yoast_head":"<!-- This site is optimized with the Yoast SEO Premium plugin v25.3.1 (Yoast SEO v25.3.1) - https:\/\/yoast.com\/wordpress\/plugins\/seo\/ -->\n<title>\u27a1\ufe0f Excursi\u00f3n privada a Interlaken y Grindelwald desde Z\u00farich | TTM<\/title>\n<meta name=\"description\" content=\"Excursi\u00f3n privada a Interlaken y Grindelwald desde Z\u00farich Disfrute de Interlaken y Grindelwald y conozca sus monumentos y paisajes emblem\u00e1ticos junto a su gu\u00eda \u2705\" \/>\n<meta name=\"robots\" content=\"index, follow, max-snippet:-1, max-image-preview:large, max-video-preview:-1\" \/>\n<link rel=\"canonical\" href=\"https:\/\/tourtravelandmore.com\/es\/tours\/suiza-es\/zurich-es\/zurich-excursiones-es\/excursion-privada-a-interlaken-y-grindelwald-desde-zurich\/\" \/>\n<meta property=\"og:locale\" content=\"es_ES\" \/>\n<meta property=\"og:type\" content=\"article\" \/>\n<meta property=\"og:title\" content=\"Excursi\u00f3n privada a Interlaken y Grindelwald desde Z\u00farich\" \/>\n<meta property=\"og:description\" content=\"Excursi\u00f3n privada a Interlaken y Grindelwald desde Z\u00farich Disfrute de Interlaken y Grindelwald y conozca sus monumentos y paisajes emblem\u00e1ticos junto a su gu\u00eda \u2705\" \/>\n<meta property=\"og:url\" content=\"https:\/\/tourtravelandmore.com\/es\/tours\/suiza-es\/zurich-es\/zurich-excursiones-es\/excursion-privada-a-interlaken-y-grindelwald-desde-zurich\/\" \/>\n<meta property=\"og:site_name\" content=\"Tour Travel And More\" \/>\n<meta property=\"article:publisher\" content=\"https:\/\/www.facebook.com\/tourtravelandmore\/\" \/>\n<meta property=\"article:modified_time\" content=\"2024-03-11T08:25:49+00:00\" \/>\n<meta property=\"og:image\" content=\"https:\/\/tourtravelandmore.com\/wp-content\/uploads\/2023\/03\/pexels-sharafath-athimannil-2404956-scaled.jpg\" \/>\n\t<meta property=\"og:image:width\" content=\"2560\" \/>\n\t<meta property=\"og:image:height\" content=\"1707\" \/>\n\t<meta property=\"og:image:type\" content=\"image\/jpeg\" \/>\n<meta name=\"twitter:card\" content=\"summary_large_image\" \/>\n<meta name=\"twitter:site\" content=\"@TourTravel_More\" \/>\n<meta name=\"twitter:label1\" content=\"Tiempo de lectura\" \/>\n\t<meta name=\"twitter:data1\" content=\"2 minutos\" \/>\n<script type=\"application\/ld+json\" class=\"yoast-schema-graph\">{\"@context\":\"https:\/\/schema.org\",\"@graph\":[{\"@type\":\"WebPage\",\"@id\":\"https:\/\/tourtravelandmore.com\/es\/tours\/suiza-es\/zurich-es\/zurich-excursiones-es\/excursion-privada-a-interlaken-y-grindelwald-desde-zurich\/\",\"url\":\"https:\/\/tourtravelandmore.com\/es\/tours\/suiza-es\/zurich-es\/zurich-excursiones-es\/excursion-privada-a-interlaken-y-grindelwald-desde-zurich\/\",\"name\":\"\u27a1\ufe0f Excursi\u00f3n privada a Interlaken y Grindelwald desde Z\u00farich | TTM\",\"isPartOf\":{\"@id\":\"https:\/\/tourtravelandmore.com\/es\/#website\"},\"primaryImageOfPage\":{\"@id\":\"https:\/\/tourtravelandmore.com\/es\/tours\/suiza-es\/zurich-es\/zurich-excursiones-es\/excursion-privada-a-interlaken-y-grindelwald-desde-zurich\/#primaryimage\"},\"image\":{\"@id\":\"https:\/\/tourtravelandmore.com\/es\/tours\/suiza-es\/zurich-es\/zurich-excursiones-es\/excursion-privada-a-interlaken-y-grindelwald-desde-zurich\/#primaryimage\"},\"thumbnailUrl\":\"https:\/\/tourtravelandmore.com\/wp-content\/uploads\/2023\/03\/pexels-sharafath-athimannil-2404956-scaled.jpg\",\"datePublished\":\"2023-03-08T14:16:20+00:00\",\"dateModified\":\"2024-03-11T08:25:49+00:00\",\"description\":\"Excursi\u00f3n privada a Interlaken y Grindelwald desde Z\u00farich Disfrute de Interlaken y Grindelwald y conozca sus monumentos y paisajes emblem\u00e1ticos junto a su gu\u00eda \u2705\",\"breadcrumb\":{\"@id\":\"https:\/\/tourtravelandmore.com\/es\/tours\/suiza-es\/zurich-es\/zurich-excursiones-es\/excursion-privada-a-interlaken-y-grindelwald-desde-zurich\/#breadcrumb\"},\"inLanguage\":\"es\",\"potentialAction\":[{\"@type\":\"ReadAction\",\"target\":[\"https:\/\/tourtravelandmore.com\/es\/tours\/suiza-es\/zurich-es\/zurich-excursiones-es\/excursion-privada-a-interlaken-y-grindelwald-desde-zurich\/\"]}]},{\"@type\":\"ImageObject\",\"inLanguage\":\"es\",\"@id\":\"https:\/\/tourtravelandmore.com\/es\/tours\/suiza-es\/zurich-es\/zurich-excursiones-es\/excursion-privada-a-interlaken-y-grindelwald-desde-zurich\/#primaryimage\",\"url\":\"https:\/\/tourtravelandmore.com\/wp-content\/uploads\/2023\/03\/pexels-sharafath-athimannil-2404956-scaled.jpg\",\"contentUrl\":\"https:\/\/tourtravelandmore.com\/wp-content\/uploads\/2023\/03\/pexels-sharafath-athimannil-2404956-scaled.jpg\",\"width\":2560,\"height\":1707},{\"@type\":\"BreadcrumbList\",\"@id\":\"https:\/\/tourtravelandmore.com\/es\/tours\/suiza-es\/zurich-es\/zurich-excursiones-es\/excursion-privada-a-interlaken-y-grindelwald-desde-zurich\/#breadcrumb\",\"itemListElement\":[{\"@type\":\"ListItem\",\"position\":1,\"name\":\"Home\",\"item\":\"https:\/\/tourtravelandmore.com\/es\/\"},{\"@type\":\"ListItem\",\"position\":2,\"name\":\"Tours\",\"item\":\"https:\/\/tourtravelandmore.com\/es\/tours\/\"},{\"@type\":\"ListItem\",\"position\":3,\"name\":\"Excursi\u00f3n privada a Interlaken y Grindelwald desde Z\u00farich\"}]},{\"@type\":\"WebSite\",\"@id\":\"https:\/\/tourtravelandmore.com\/es\/#website\",\"url\":\"https:\/\/tourtravelandmore.com\/es\/\",\"name\":\"Tour Travel And More\",\"description\":\"Private sightseeing tours and luxury transfers in Spain\",\"publisher\":{\"@id\":\"https:\/\/tourtravelandmore.com\/es\/#organization\"},\"potentialAction\":[{\"@type\":\"SearchAction\",\"target\":{\"@type\":\"EntryPoint\",\"urlTemplate\":\"https:\/\/tourtravelandmore.com\/es\/?s={search_term_string}\"},\"query-input\":{\"@type\":\"PropertyValueSpecification\",\"valueRequired\":true,\"valueName\":\"search_term_string\"}}],\"inLanguage\":\"es\"},{\"@type\":\"Organization\",\"@id\":\"https:\/\/tourtravelandmore.com\/es\/#organization\",\"name\":\"Tour Travel And More\",\"url\":\"https:\/\/tourtravelandmore.com\/es\/\",\"logo\":{\"@type\":\"ImageObject\",\"inLanguage\":\"es\",\"@id\":\"https:\/\/tourtravelandmore.com\/es\/#\/schema\/logo\/image\/\",\"url\":\"https:\/\/tourtravelandmore.com\/wp-content\/uploads\/2022\/12\/cropped-logo-cabecera-new.png\",\"contentUrl\":\"https:\/\/tourtravelandmore.com\/wp-content\/uploads\/2022\/12\/cropped-logo-cabecera-new.png\",\"width\":430,\"height\":61,\"caption\":\"Tour Travel And More\"},\"image\":{\"@id\":\"https:\/\/tourtravelandmore.com\/es\/#\/schema\/logo\/image\/\"},\"sameAs\":[\"https:\/\/www.facebook.com\/tourtravelandmore\/\",\"https:\/\/x.com\/TourTravel_More\"]}]}<\/script>\n<!-- \/ Yoast SEO Premium plugin. -->","yoast_head_json":{"title":"\u27a1\ufe0f Excursi\u00f3n privada a Interlaken y Grindelwald desde Z\u00farich | TTM","description":"Excursi\u00f3n privada a Interlaken y Grindelwald desde Z\u00farich Disfrute de Interlaken y Grindelwald y conozca sus monumentos y paisajes emblem\u00e1ticos junto a su gu\u00eda \u2705","robots":{"index":"index","follow":"follow","max-snippet":"max-snippet:-1","max-image-preview":"max-image-preview:large","max-video-preview":"max-video-preview:-1"},"canonical":"https:\/\/tourtravelandmore.com\/es\/tours\/suiza-es\/zurich-es\/zurich-excursiones-es\/excursion-privada-a-interlaken-y-grindelwald-desde-zurich\/","og_locale":"es_ES","og_type":"article","og_title":"Excursi\u00f3n privada a Interlaken y Grindelwald desde Z\u00farich","og_description":"Excursi\u00f3n privada a Interlaken y Grindelwald desde Z\u00farich Disfrute de Interlaken y Grindelwald y conozca sus monumentos y paisajes emblem\u00e1ticos junto a su gu\u00eda \u2705","og_url":"https:\/\/tourtravelandmore.com\/es\/tours\/suiza-es\/zurich-es\/zurich-excursiones-es\/excursion-privada-a-interlaken-y-grindelwald-desde-zurich\/","og_site_name":"Tour Travel And More","article_publisher":"https:\/\/www.facebook.com\/tourtravelandmore\/","article_modified_time":"2024-03-11T08:25:49+00:00","og_image":[{"width":2560,"height":1707,"url":"https:\/\/tourtravelandmore.com\/wp-content\/uploads\/2023\/03\/pexels-sharafath-athimannil-2404956-scaled.jpg","type":"image\/jpeg"}],"twitter_card":"summary_large_image","twitter_site":"@TourTravel_More","twitter_misc":{"Tiempo de lectura":"2 minutos"},"schema":{"@context":"https:\/\/schema.org","@graph":[{"@type":"WebPage","@id":"https:\/\/tourtravelandmore.com\/es\/tours\/suiza-es\/zurich-es\/zurich-excursiones-es\/excursion-privada-a-interlaken-y-grindelwald-desde-zurich\/","url":"https:\/\/tourtravelandmore.com\/es\/tours\/suiza-es\/zurich-es\/zurich-excursiones-es\/excursion-privada-a-interlaken-y-grindelwald-desde-zurich\/","name":"\u27a1\ufe0f Excursi\u00f3n privada a Interlaken y Grindelwald desde Z\u00farich | TTM","isPartOf":{"@id":"https:\/\/tourtravelandmore.com\/es\/#website"},"primaryImageOfPage":{"@id":"https:\/\/tourtravelandmore.com\/es\/tours\/suiza-es\/zurich-es\/zurich-excursiones-es\/excursion-privada-a-interlaken-y-grindelwald-desde-zurich\/#primaryimage"},"image":{"@id":"https:\/\/tourtravelandmore.com\/es\/tours\/suiza-es\/zurich-es\/zurich-excursiones-es\/excursion-privada-a-interlaken-y-grindelwald-desde-zurich\/#primaryimage"},"thumbnailUrl":"https:\/\/tourtravelandmore.com\/wp-content\/uploads\/2023\/03\/pexels-sharafath-athimannil-2404956-scaled.jpg","datePublished":"2023-03-08T14:16:20+00:00","dateModified":"2024-03-11T08:25:49+00:00","description":"Excursi\u00f3n privada a Interlaken y Grindelwald desde Z\u00farich Disfrute de Interlaken y Grindelwald y conozca sus monumentos y paisajes emblem\u00e1ticos junto a su gu\u00eda \u2705","breadcrumb":{"@id":"https:\/\/tourtravelandmore.com\/es\/tours\/suiza-es\/zurich-es\/zurich-excursiones-es\/excursion-privada-a-interlaken-y-grindelwald-desde-zurich\/#breadcrumb"},"inLanguage":"es","potentialAction":[{"@type":"ReadAction","target":["https:\/\/tourtravelandmore.com\/es\/tours\/suiza-es\/zurich-es\/zurich-excursiones-es\/excursion-privada-a-interlaken-y-grindelwald-desde-zurich\/"]}]},{"@type":"ImageObject","inLanguage":"es","@id":"https:\/\/tourtravelandmore.com\/es\/tours\/suiza-es\/zurich-es\/zurich-excursiones-es\/excursion-privada-a-interlaken-y-grindelwald-desde-zurich\/#primaryimage","url":"https:\/\/tourtravelandmore.com\/wp-content\/uploads\/2023\/03\/pexels-sharafath-athimannil-2404956-scaled.jpg","contentUrl":"https:\/\/tourtravelandmore.com\/wp-content\/uploads\/2023\/03\/pexels-sharafath-athimannil-2404956-scaled.jpg","width":2560,"height":1707},{"@type":"BreadcrumbList","@id":"https:\/\/tourtravelandmore.com\/es\/tours\/suiza-es\/zurich-es\/zurich-excursiones-es\/excursion-privada-a-interlaken-y-grindelwald-desde-zurich\/#breadcrumb","itemListElement":[{"@type":"ListItem","position":1,"name":"Home","item":"https:\/\/tourtravelandmore.com\/es\/"},{"@type":"ListItem","position":2,"name":"Tours","item":"https:\/\/tourtravelandmore.com\/es\/tours\/"},{"@type":"ListItem","position":3,"name":"Excursi\u00f3n privada a Interlaken y Grindelwald desde Z\u00farich"}]},{"@type":"WebSite","@id":"https:\/\/tourtravelandmore.com\/es\/#website","url":"https:\/\/tourtravelandmore.com\/es\/","name":"Tour Travel And More","description":"Private sightseeing tours and luxury transfers in Spain","publisher":{"@id":"https:\/\/tourtravelandmore.com\/es\/#organization"},"potentialAction":[{"@type":"SearchAction","target":{"@type":"EntryPoint","urlTemplate":"https:\/\/tourtravelandmore.com\/es\/?s={search_term_string}"},"query-input":{"@type":"PropertyValueSpecification","valueRequired":true,"valueName":"search_term_string"}}],"inLanguage":"es"},{"@type":"Organization","@id":"https:\/\/tourtravelandmore.com\/es\/#organization","name":"Tour Travel And More","url":"https:\/\/tourtravelandmore.com\/es\/","logo":{"@type":"ImageObject","inLanguage":"es","@id":"https:\/\/tourtravelandmore.com\/es\/#\/schema\/logo\/image\/","url":"https:\/\/tourtravelandmore.com\/wp-content\/uploads\/2022\/12\/cropped-logo-cabecera-new.png","contentUrl":"https:\/\/tourtravelandmore.com\/wp-content\/uploads\/2022\/12\/cropped-logo-cabecera-new.png","width":430,"height":61,"caption":"Tour Travel And More"},"image":{"@id":"https:\/\/tourtravelandmore.com\/es\/#\/schema\/logo\/image\/"},"sameAs":["https:\/\/www.facebook.com\/tourtravelandmore\/","https:\/\/x.com\/TourTravel_More"]}]}},"_links":{"self":[{"href":"https:\/\/tourtravelandmore.com\/es\/wp-json\/wp\/v2\/product\/156196","targetHints":{"allow":["GET"]}}],"collection":[{"href":"https:\/\/tourtravelandmore.com\/es\/wp-json\/wp\/v2\/product"}],"about":[{"href":"https:\/\/tourtravelandmore.com\/es\/wp-json\/wp\/v2\/types\/product"}],"replies":[{"embeddable":true,"href":"https:\/\/tourtravelandmore.com\/es\/wp-json\/wp\/v2\/comments?post=156196"}],"wp:featuredmedia":[{"embeddable":true,"href":"https:\/\/tourtravelandmore.com\/es\/wp-json\/wp\/v2\/media\/156218"}],"wp:attachment":[{"href":"https:\/\/tourtravelandmore.com\/es\/wp-json\/wp\/v2\/media?parent=156196"}],"wp:term":[{"taxonomy":"product_brand","embeddable":true,"href":"https:\/\/tourtravelandmore.com\/es\/wp-json\/wp\/v2\/product_brand?post=156196"},{"taxonomy":"product_cat","embeddable":true,"href":"https:\/\/tourtravelandmore.com\/es\/wp-json\/wp\/v2\/product_cat?post=156196"},{"taxonomy":"product_tag","embeddable":true,"href":"https:\/\/tourtravelandmore.com\/es\/wp-json\/wp\/v2\/product_tag?post=156196"}],"curies":[{"name":"wp","href":"https:\/\/api.w.org\/{rel}","templated":true}]}}