{"id":11734,"date":"2017-04-05T11:56:54","date_gmt":"2017-04-05T11:03:54","guid":{"rendered":"http:\/\/tourtravelandmore.com\/es\/?post_type=product&#038;p=11734"},"modified":"2022-11-15T20:28:16","modified_gmt":"2022-11-15T19:28:16","slug":"tour-privado-campo-concentracion-dachau-memorial-munich","status":"publish","type":"product","link":"https:\/\/tourtravelandmore.com\/es\/tours\/alemania-es\/munich-es\/tour-privado-campo-concentracion-dachau-memorial-munich\/","title":{"rendered":"Tour Privado al Campo de Concentraci\u00f3n Dachau"},"content":{"rendered":"<h2><strong>Descripci\u00f3n del Tour Privado al Campo de Concentraci\u00f3n Dachau<\/strong><\/h2>\n<p>Estar en <strong>M\u00fanich<\/strong> durante unos d\u00edas te da la oportunidad de conocer un poco de la historia nazi. Disfrute de este <strong>tour privado al Campo de Concentraci\u00f3n Dachau<\/strong> c\u00f3modo en su <strong>veh\u00edculo privado de lujo con conductor separado<\/strong>. Tambi\u00e9n tendr\u00e1 a su total disposici\u00f3n un <strong>gu\u00eda tur\u00edstico oficial privado<\/strong> en el idioma elegido por usted.<\/p>\n<p>Para rematar su experiencia, nos reuniremos con usted en su hotel o lugar de elecci\u00f3n en M\u00fanich a su hora deseada.<\/p>\n<p><strong>M\u00fanich<\/strong> es uno de los estados federales m\u00e1s grandes de Alemania y se encuentra al sur del pa\u00eds. Tambi\u00e9n es la tercera ciudad m\u00e1s grande en habitantes de Alemania despu\u00e9s de Berl\u00edn y Hamburgo. Puede encontrar el r\u00edo Isar en el norte de los Alpes b\u00e1varos.<\/p>\n<p>Como se trata de una experiencia privada, podr\u00e1 personalizar cada parte de este recorrido. Si tiene algo en mente, h\u00e1ganoslo saber y organizaremos todo por usted.<\/p>\n<p>Otro posible tour desde M\u00fanich, podr\u00eda ser nuestro <a href=\"https:\/\/tourtravelandmore.com\/es\/tours\/alemania-es\/munich-es\/tour-privado-al-castillo-neuschwanstein-desde-munich\/\">tour privado a Neuschwanstein<\/a>, \u00a1echa un vistazo!.<\/p>\n<h2><strong>Puntos de inter\u00e9s del Tour Privado al Campo de Concentraci\u00f3n Dachau<\/strong><\/h2>\n<p>En primer lugar, su conductor privado y su gu\u00eda tur\u00edstico oficial lo recoger\u00e1n en el lugar deseado en M\u00fanich. El viaje desde M\u00fanich hasta el campo de concentraci\u00f3n Dachau es de aproximadamente 35 minutos y lo mismo para regresar.<\/p>\n<p>Disfrute de este tour privado de medio d\u00eda al memorial del campo de concentraci\u00f3n de Dachau. <strong>Dachau<\/strong> fue el primer campo de concentraci\u00f3n nazi en Alemania durante la Segunda Guerra Mundial y el Holocausto. Fue un modelo para todos los dem\u00e1s campos. Por eso es un gran recorrido para conocer este monumento hist\u00f3rico. Podr\u00e1 ver varias partes de la instalaci\u00f3n e incluso explorar su museo.<\/p>\n<p>Su gu\u00eda tur\u00edstico oficial privado le explicar\u00e1 la historia de este lugar que hoy en d\u00eda es un monumento conmemorativo.<\/p>\n<p>Un dato interesante del <a href=\"https:\/\/www.kz-gedenkstaette-dachau.de\/en\/\">campo de concentraci\u00f3n de Dachau<\/a> es que fue construido sobre una f\u00e1brica de p\u00f3lvora en desuso.<\/p>\n<p>Podemos organizar la duraci\u00f3n exacta del recorrido para que se adapte a sus necesidades personales. Podemos ofrecer horas extra o incluso convertirlo en una experiencia de d\u00eda completo. H\u00e1ganos saber cu\u00e1nto tiempo le gustar\u00eda disfruta de este tour privado.<\/p>\n<p>Finalmente, cuando finalice el recorrido, su gu\u00eda tur\u00edstico oficial privado y chofer lo llevar\u00e1 de regreso a su hotel o sitio de elecci\u00f3n en M\u00fanich.<\/p>\n","protected":false},"excerpt":{"rendered":"<p>Disfrute de esta <strong>excursi\u00f3n privada de medio d\u00eda al Campo de Concentraci\u00f3n de Dachau desde M\u00fanich<\/strong> y conozca la historia de este lugar. No pierda la oportunidad de conocer Dachau junto a su gu\u00eda tur\u00edstico oficial privado, c\u00f3modamente en su veh\u00edculo de lujo privado con un chofer independiente. La recogida y devoluci\u00f3n ser\u00e1 en su lugar a elecci\u00f3n en M\u00fanich.<\/p>\n","protected":false},"featured_media":11678,"comment_status":"open","ping_status":"closed","template":"","meta":{"_acf_changed":false},"product_brand":[],"product_cat":[456,457,459,458],"product_tag":[],"class_list":{"0":"post-11734","1":"product","2":"type-product","3":"status-publish","4":"has-post-thumbnail","6":"product_cat-munich-es","7":"product_cat-munich-actividades-es","8":"product_cat-munich-rutas-turisticas-privadas-es","9":"product_cat-munich-excursiones-es","11":"first","12":"instock","13":"shipping-taxable","14":"purchasable","15":"product-type-simple"},"acf":[],"yoast_head":"<!-- This site is optimized with the Yoast SEO Premium plugin v25.3.1 (Yoast SEO v25.3.1) - https:\/\/yoast.com\/wordpress\/plugins\/seo\/ -->\n<title>Tour Privado al Campo de Concentraci\u00f3n Dachau Memorial | TTM<\/title>\n<meta name=\"description\" content=\"Tour privado desde Munich al Campo de Concentraci\u00f3n Dachau. Veh\u00edculo privado de lujo con chofer y gu\u00eda oficial privado a su total disposici\u00f3n \u2705\" \/>\n<meta name=\"robots\" content=\"index, follow, max-snippet:-1, max-image-preview:large, max-video-preview:-1\" \/>\n<link rel=\"canonical\" href=\"https:\/\/tourtravelandmore.com\/es\/tours\/alemania-es\/munich-es\/tour-privado-campo-concentracion-dachau-memorial-munich\/\" \/>\n<meta property=\"og:locale\" content=\"es_ES\" \/>\n<meta property=\"og:type\" content=\"article\" \/>\n<meta property=\"og:title\" content=\"Tour Privado al Campo de Concentraci\u00f3n Dachau\" \/>\n<meta property=\"og:description\" content=\"Tour privado desde Munich al Campo de Concentraci\u00f3n Dachau. Veh\u00edculo privado de lujo con chofer y gu\u00eda oficial privado a su total disposici\u00f3n \u2705\" \/>\n<meta property=\"og:url\" content=\"https:\/\/tourtravelandmore.com\/es\/tours\/alemania-es\/munich-es\/tour-privado-campo-concentracion-dachau-memorial-munich\/\" \/>\n<meta property=\"og:site_name\" content=\"Tour Travel And More\" \/>\n<meta property=\"article:publisher\" content=\"https:\/\/www.facebook.com\/tourtravelandmore\/\" \/>\n<meta property=\"article:modified_time\" content=\"2022-11-15T19:28:16+00:00\" \/>\n<meta property=\"og:image\" content=\"https:\/\/tourtravelandmore.com\/wp-content\/uploads\/2017\/04\/dachau-concentration.jpg\" \/>\n\t<meta property=\"og:image:width\" content=\"550\" \/>\n\t<meta property=\"og:image:height\" content=\"412\" \/>\n\t<meta property=\"og:image:type\" content=\"image\/jpeg\" \/>\n<meta name=\"twitter:card\" content=\"summary_large_image\" \/>\n<meta name=\"twitter:site\" content=\"@TourTravel_More\" \/>\n<meta name=\"twitter:label1\" content=\"Tiempo de lectura\" \/>\n\t<meta name=\"twitter:data1\" content=\"2 minutos\" \/>\n<script type=\"application\/ld+json\" class=\"yoast-schema-graph\">{\"@context\":\"https:\/\/schema.org\",\"@graph\":[{\"@type\":\"WebPage\",\"@id\":\"https:\/\/tourtravelandmore.com\/es\/tours\/alemania-es\/munich-es\/tour-privado-campo-concentracion-dachau-memorial-munich\/\",\"url\":\"https:\/\/tourtravelandmore.com\/es\/tours\/alemania-es\/munich-es\/tour-privado-campo-concentracion-dachau-memorial-munich\/\",\"name\":\"Tour Privado al Campo de Concentraci\u00f3n Dachau Memorial | TTM\",\"isPartOf\":{\"@id\":\"https:\/\/tourtravelandmore.com\/es\/#website\"},\"primaryImageOfPage\":{\"@id\":\"https:\/\/tourtravelandmore.com\/es\/tours\/alemania-es\/munich-es\/tour-privado-campo-concentracion-dachau-memorial-munich\/#primaryimage\"},\"image\":{\"@id\":\"https:\/\/tourtravelandmore.com\/es\/tours\/alemania-es\/munich-es\/tour-privado-campo-concentracion-dachau-memorial-munich\/#primaryimage\"},\"thumbnailUrl\":\"https:\/\/tourtravelandmore.com\/wp-content\/uploads\/2017\/04\/dachau-concentration.jpg\",\"datePublished\":\"2017-04-05T11:03:54+00:00\",\"dateModified\":\"2022-11-15T19:28:16+00:00\",\"description\":\"Tour privado desde Munich al Campo de Concentraci\u00f3n Dachau. Veh\u00edculo privado de lujo con chofer y gu\u00eda oficial privado a su total disposici\u00f3n \u2705\",\"breadcrumb\":{\"@id\":\"https:\/\/tourtravelandmore.com\/es\/tours\/alemania-es\/munich-es\/tour-privado-campo-concentracion-dachau-memorial-munich\/#breadcrumb\"},\"inLanguage\":\"es\",\"potentialAction\":[{\"@type\":\"ReadAction\",\"target\":[\"https:\/\/tourtravelandmore.com\/es\/tours\/alemania-es\/munich-es\/tour-privado-campo-concentracion-dachau-memorial-munich\/\"]}]},{\"@type\":\"ImageObject\",\"inLanguage\":\"es\",\"@id\":\"https:\/\/tourtravelandmore.com\/es\/tours\/alemania-es\/munich-es\/tour-privado-campo-concentracion-dachau-memorial-munich\/#primaryimage\",\"url\":\"https:\/\/tourtravelandmore.com\/wp-content\/uploads\/2017\/04\/dachau-concentration.jpg\",\"contentUrl\":\"https:\/\/tourtravelandmore.com\/wp-content\/uploads\/2017\/04\/dachau-concentration.jpg\",\"width\":550,\"height\":412},{\"@type\":\"BreadcrumbList\",\"@id\":\"https:\/\/tourtravelandmore.com\/es\/tours\/alemania-es\/munich-es\/tour-privado-campo-concentracion-dachau-memorial-munich\/#breadcrumb\",\"itemListElement\":[{\"@type\":\"ListItem\",\"position\":1,\"name\":\"Home\",\"item\":\"https:\/\/tourtravelandmore.com\/es\/\"},{\"@type\":\"ListItem\",\"position\":2,\"name\":\"Tours\",\"item\":\"https:\/\/tourtravelandmore.com\/es\/tours\/\"},{\"@type\":\"ListItem\",\"position\":3,\"name\":\"Tour Privado al Campo de Concentraci\u00f3n Dachau\"}]},{\"@type\":\"WebSite\",\"@id\":\"https:\/\/tourtravelandmore.com\/es\/#website\",\"url\":\"https:\/\/tourtravelandmore.com\/es\/\",\"name\":\"Tour Travel And More\",\"description\":\"Private sightseeing tours and luxury transfers in Spain\",\"publisher\":{\"@id\":\"https:\/\/tourtravelandmore.com\/es\/#organization\"},\"potentialAction\":[{\"@type\":\"SearchAction\",\"target\":{\"@type\":\"EntryPoint\",\"urlTemplate\":\"https:\/\/tourtravelandmore.com\/es\/?s={search_term_string}\"},\"query-input\":{\"@type\":\"PropertyValueSpecification\",\"valueRequired\":true,\"valueName\":\"search_term_string\"}}],\"inLanguage\":\"es\"},{\"@type\":\"Organization\",\"@id\":\"https:\/\/tourtravelandmore.com\/es\/#organization\",\"name\":\"Tour Travel And More\",\"url\":\"https:\/\/tourtravelandmore.com\/es\/\",\"logo\":{\"@type\":\"ImageObject\",\"inLanguage\":\"es\",\"@id\":\"https:\/\/tourtravelandmore.com\/es\/#\/schema\/logo\/image\/\",\"url\":\"https:\/\/tourtravelandmore.com\/wp-content\/uploads\/2022\/12\/cropped-logo-cabecera-new.png\",\"contentUrl\":\"https:\/\/tourtravelandmore.com\/wp-content\/uploads\/2022\/12\/cropped-logo-cabecera-new.png\",\"width\":430,\"height\":61,\"caption\":\"Tour Travel And More\"},\"image\":{\"@id\":\"https:\/\/tourtravelandmore.com\/es\/#\/schema\/logo\/image\/\"},\"sameAs\":[\"https:\/\/www.facebook.com\/tourtravelandmore\/\",\"https:\/\/x.com\/TourTravel_More\"]}]}<\/script>\n<!-- \/ Yoast SEO Premium plugin. -->","yoast_head_json":{"title":"Tour Privado al Campo de Concentraci\u00f3n Dachau Memorial | TTM","description":"Tour privado desde Munich al Campo de Concentraci\u00f3n Dachau. Veh\u00edculo privado de lujo con chofer y gu\u00eda oficial privado a su total disposici\u00f3n \u2705","robots":{"index":"index","follow":"follow","max-snippet":"max-snippet:-1","max-image-preview":"max-image-preview:large","max-video-preview":"max-video-preview:-1"},"canonical":"https:\/\/tourtravelandmore.com\/es\/tours\/alemania-es\/munich-es\/tour-privado-campo-concentracion-dachau-memorial-munich\/","og_locale":"es_ES","og_type":"article","og_title":"Tour Privado al Campo de Concentraci\u00f3n Dachau","og_description":"Tour privado desde Munich al Campo de Concentraci\u00f3n Dachau. Veh\u00edculo privado de lujo con chofer y gu\u00eda oficial privado a su total disposici\u00f3n \u2705","og_url":"https:\/\/tourtravelandmore.com\/es\/tours\/alemania-es\/munich-es\/tour-privado-campo-concentracion-dachau-memorial-munich\/","og_site_name":"Tour Travel And More","article_publisher":"https:\/\/www.facebook.com\/tourtravelandmore\/","article_modified_time":"2022-11-15T19:28:16+00:00","og_image":[{"width":550,"height":412,"url":"https:\/\/tourtravelandmore.com\/wp-content\/uploads\/2017\/04\/dachau-concentration.jpg","type":"image\/jpeg"}],"twitter_card":"summary_large_image","twitter_site":"@TourTravel_More","twitter_misc":{"Tiempo de lectura":"2 minutos"},"schema":{"@context":"https:\/\/schema.org","@graph":[{"@type":"WebPage","@id":"https:\/\/tourtravelandmore.com\/es\/tours\/alemania-es\/munich-es\/tour-privado-campo-concentracion-dachau-memorial-munich\/","url":"https:\/\/tourtravelandmore.com\/es\/tours\/alemania-es\/munich-es\/tour-privado-campo-concentracion-dachau-memorial-munich\/","name":"Tour Privado al Campo de Concentraci\u00f3n Dachau Memorial | TTM","isPartOf":{"@id":"https:\/\/tourtravelandmore.com\/es\/#website"},"primaryImageOfPage":{"@id":"https:\/\/tourtravelandmore.com\/es\/tours\/alemania-es\/munich-es\/tour-privado-campo-concentracion-dachau-memorial-munich\/#primaryimage"},"image":{"@id":"https:\/\/tourtravelandmore.com\/es\/tours\/alemania-es\/munich-es\/tour-privado-campo-concentracion-dachau-memorial-munich\/#primaryimage"},"thumbnailUrl":"https:\/\/tourtravelandmore.com\/wp-content\/uploads\/2017\/04\/dachau-concentration.jpg","datePublished":"2017-04-05T11:03:54+00:00","dateModified":"2022-11-15T19:28:16+00:00","description":"Tour privado desde Munich al Campo de Concentraci\u00f3n Dachau. Veh\u00edculo privado de lujo con chofer y gu\u00eda oficial privado a su total disposici\u00f3n \u2705","breadcrumb":{"@id":"https:\/\/tourtravelandmore.com\/es\/tours\/alemania-es\/munich-es\/tour-privado-campo-concentracion-dachau-memorial-munich\/#breadcrumb"},"inLanguage":"es","potentialAction":[{"@type":"ReadAction","target":["https:\/\/tourtravelandmore.com\/es\/tours\/alemania-es\/munich-es\/tour-privado-campo-concentracion-dachau-memorial-munich\/"]}]},{"@type":"ImageObject","inLanguage":"es","@id":"https:\/\/tourtravelandmore.com\/es\/tours\/alemania-es\/munich-es\/tour-privado-campo-concentracion-dachau-memorial-munich\/#primaryimage","url":"https:\/\/tourtravelandmore.com\/wp-content\/uploads\/2017\/04\/dachau-concentration.jpg","contentUrl":"https:\/\/tourtravelandmore.com\/wp-content\/uploads\/2017\/04\/dachau-concentration.jpg","width":550,"height":412},{"@type":"BreadcrumbList","@id":"https:\/\/tourtravelandmore.com\/es\/tours\/alemania-es\/munich-es\/tour-privado-campo-concentracion-dachau-memorial-munich\/#breadcrumb","itemListElement":[{"@type":"ListItem","position":1,"name":"Home","item":"https:\/\/tourtravelandmore.com\/es\/"},{"@type":"ListItem","position":2,"name":"Tours","item":"https:\/\/tourtravelandmore.com\/es\/tours\/"},{"@type":"ListItem","position":3,"name":"Tour Privado al Campo de Concentraci\u00f3n Dachau"}]},{"@type":"WebSite","@id":"https:\/\/tourtravelandmore.com\/es\/#website","url":"https:\/\/tourtravelandmore.com\/es\/","name":"Tour Travel And More","description":"Private sightseeing tours and luxury transfers in Spain","publisher":{"@id":"https:\/\/tourtravelandmore.com\/es\/#organization"},"potentialAction":[{"@type":"SearchAction","target":{"@type":"EntryPoint","urlTemplate":"https:\/\/tourtravelandmore.com\/es\/?s={search_term_string}"},"query-input":{"@type":"PropertyValueSpecification","valueRequired":true,"valueName":"search_term_string"}}],"inLanguage":"es"},{"@type":"Organization","@id":"https:\/\/tourtravelandmore.com\/es\/#organization","name":"Tour Travel And More","url":"https:\/\/tourtravelandmore.com\/es\/","logo":{"@type":"ImageObject","inLanguage":"es","@id":"https:\/\/tourtravelandmore.com\/es\/#\/schema\/logo\/image\/","url":"https:\/\/tourtravelandmore.com\/wp-content\/uploads\/2022\/12\/cropped-logo-cabecera-new.png","contentUrl":"https:\/\/tourtravelandmore.com\/wp-content\/uploads\/2022\/12\/cropped-logo-cabecera-new.png","width":430,"height":61,"caption":"Tour Travel And More"},"image":{"@id":"https:\/\/tourtravelandmore.com\/es\/#\/schema\/logo\/image\/"},"sameAs":["https:\/\/www.facebook.com\/tourtravelandmore\/","https:\/\/x.com\/TourTravel_More"]}]}},"_links":{"self":[{"href":"https:\/\/tourtravelandmore.com\/es\/wp-json\/wp\/v2\/product\/11734","targetHints":{"allow":["GET"]}}],"collection":[{"href":"https:\/\/tourtravelandmore.com\/es\/wp-json\/wp\/v2\/product"}],"about":[{"href":"https:\/\/tourtravelandmore.com\/es\/wp-json\/wp\/v2\/types\/product"}],"replies":[{"embeddable":true,"href":"https:\/\/tourtravelandmore.com\/es\/wp-json\/wp\/v2\/comments?post=11734"}],"wp:featuredmedia":[{"embeddable":true,"href":"https:\/\/tourtravelandmore.com\/es\/wp-json\/wp\/v2\/media\/11678"}],"wp:attachment":[{"href":"https:\/\/tourtravelandmore.com\/es\/wp-json\/wp\/v2\/media?parent=11734"}],"wp:term":[{"taxonomy":"product_brand","embeddable":true,"href":"https:\/\/tourtravelandmore.com\/es\/wp-json\/wp\/v2\/product_brand?post=11734"},{"taxonomy":"product_cat","embeddable":true,"href":"https:\/\/tourtravelandmore.com\/es\/wp-json\/wp\/v2\/product_cat?post=11734"},{"taxonomy":"product_tag","embeddable":true,"href":"https:\/\/tourtravelandmore.com\/es\/wp-json\/wp\/v2\/product_tag?post=11734"}],"curies":[{"name":"wp","href":"https:\/\/api.w.org\/{rel}","templated":true}]}}